{"id":50,"date":"2012-08-08T15:20:42","date_gmt":"2012-08-08T13:20:42","guid":{"rendered":"http:\/\/wp.kristdemokraterna.se\/ale\/?page_id=50"},"modified":"2021-02-25T09:01:25","modified_gmt":"2021-02-25T08:01:25","slug":"vitsippspriset-2006","status":"publish","type":"page","link":"https:\/\/wp.kristdemokraterna.se\/ale\/vitsippspriset\/vitsippspriset-2006\/","title":{"rendered":"Vitsippspriset 2006"},"content":{"rendered":"<div align=\"left\">\n<div id=\"attachment_51\" style=\"width: 853px\" class=\"wp-caption aligncenter\"><a href=\"http:\/\/wp.kristdemokraterna.se\/ale\/files\/2012\/08\/Vitsippspriset2006.jpg\"><img loading=\"lazy\" decoding=\"async\" aria-describedby=\"caption-attachment-51\" class=\"size-full wp-image-51\" title=\"Vitsippspriset 2006\" src=\"http:\/\/wp.kristdemokraterna.se\/ale\/files\/2012\/08\/Vitsippspriset2006.jpg\" alt=\"Gehard Sager\" width=\"843\" height=\"565\" \/><\/a><p id=\"caption-attachment-51\" class=\"wp-caption-text\">Foto: Alekuriren<\/p><\/div>\n<p><strong>Priset gick till Gerhard Sager, Skepplanda, med f\u00f6ljande motivering:<\/strong><\/p>\n<\/div>\n<blockquote>\n<div align=\"left\">&#8221;Gerhard Sager har under mer \u00e4n 40 \u00e5r varit ledare inom fotbollen med m\u00e5nga uppdrag i den egna f\u00f6reningen Skepplanda BTK, V\u00e4sterg\u00f6tlands Fotbollsf\u00f6rbund, Svenska Fotbollsf\u00f6rbundet och p\u00e5 senare tid i UEFA. Nyligen skrev han \u201dSila snacket\u201d som tar upp spr\u00e5kbruket som f\u00f6rr\u00e5ats inom hela samh\u00e4llet. Syftet med boken \u00e4r att vi skall f\u00f6rst\u00e5 hur kr\u00e4nkande en ful verbal tackling kan k\u00e4nnas s\u00e4rskilt f\u00f6r en ung person. Vi vill uppm\u00e4rksamma denna f\u00f6red\u00f6mliga och osj\u00e4lviska insats genom att tilldela Gerhard Sager \u00e5rets Vitsippspris.&#8221;<\/div>\n<\/blockquote>\n<p>&nbsp;<\/p>\n<div align=\"left\"><\/div>\n<div align=\"left\">L\u00e4s artikel fr\u00e5n Alekuriren h\u00e4r:<\/div>\n<div align=\"left\"><a href=\"http:\/\/wp.kristdemokraterna.se\/ale\/files\/2012\/08\/Vitsippspriset2006.pdf\">Vitsippspriset 2006<\/a><\/div>\n","protected":false},"excerpt":{"rendered":"<p>Priset gick till Gerhard Sager, Skepplanda, med f\u00f6ljande motivering: &#8221;Gerhard Sager har under mer \u00e4n 40 \u00e5r varit ledare inom fotbollen med m\u00e5nga uppdrag i den egna f\u00f6reningen Skepplanda BTK, V\u00e4sterg\u00f6tlands Fotbollsf\u00f6rbund, Svenska Fotbollsf\u00f6rbundet och p\u00e5 senare tid i UEFA. Nyligen skrev han \u201dSila snacket\u201d som tar upp spr\u00e5kbruket som f\u00f6rr\u00e5ats inom hela samh\u00e4llet. Syftet <a class=\"read-more-link\" href=\"https:\/\/wp.kristdemokraterna.se\/ale\/vitsippspriset\/vitsippspriset-2006\/\">Read More<\/a><\/p>\n","protected":false},"author":23,"featured_media":0,"parent":15,"menu_order":10,"comment_status":"closed","ping_status":"closed","template":"","meta":{"_acf_changed":false,"footnotes":""},"class_list":["post-50","page","type-page","status-publish","hentry"],"acf":[],"yoast_head":"<!-- This site is optimized with the Yoast SEO plugin v27.4 - https:\/\/yoast.com\/product\/yoast-seo-wordpress\/ -->\n<title>Vitsippspriset 2006 - Ale<\/title>\n<meta name=\"robots\" content=\"index, follow, max-snippet:-1, max-image-preview:large, max-video-preview:-1\" \/>\n<link rel=\"canonical\" href=\"https:\/\/wp.kristdemokraterna.se\/ale\/vitsippspriset\/vitsippspriset-2006\/\" \/>\n<meta property=\"og:locale\" content=\"sv_SE\" \/>\n<meta property=\"og:type\" content=\"article\" \/>\n<meta property=\"og:title\" content=\"Vitsippspriset 2006 - Ale\" \/>\n<meta property=\"og:description\" content=\"Priset gick till Gerhard Sager, Skepplanda, med f\u00f6ljande motivering: &#8221;Gerhard Sager har under mer \u00e4n 40 \u00e5r varit ledare inom fotbollen med m\u00e5nga uppdrag i den egna f\u00f6reningen Skepplanda BTK, V\u00e4sterg\u00f6tlands Fotbollsf\u00f6rbund, Svenska Fotbollsf\u00f6rbundet och p\u00e5 senare tid i UEFA. Nyligen skrev han \u201dSila snacket\u201d som tar upp spr\u00e5kbruket som f\u00f6rr\u00e5ats inom hela samh\u00e4llet. Syftet Read More\" \/>\n<meta property=\"og:url\" content=\"https:\/\/wp.kristdemokraterna.se\/ale\/vitsippspriset\/vitsippspriset-2006\/\" \/>\n<meta property=\"og:site_name\" content=\"Ale\" \/>\n<meta property=\"article:modified_time\" content=\"2021-02-25T08:01:25+00:00\" \/>\n<meta property=\"og:image\" content=\"http:\/\/wp.kristdemokraterna.se\/ale\/files\/2012\/08\/Vitsippspriset2006.jpg\" \/>\n<meta name=\"twitter:card\" content=\"summary_large_image\" \/>\n<meta name=\"twitter:label1\" content=\"Ber\u00e4knad l\u00e4stid\" \/>\n\t<meta name=\"twitter:data1\" content=\"1 minut\" \/>\n<script type=\"application\/ld+json\" class=\"yoast-schema-graph\">{\"@context\":\"https:\\\/\\\/schema.org\",\"@graph\":[{\"@type\":\"WebPage\",\"@id\":\"https:\\\/\\\/wp.kristdemokraterna.se\\\/ale\\\/vitsippspriset\\\/vitsippspriset-2006\\\/\",\"url\":\"https:\\\/\\\/wp.kristdemokraterna.se\\\/ale\\\/vitsippspriset\\\/vitsippspriset-2006\\\/\",\"name\":\"Vitsippspriset 2006 - Ale\",\"isPartOf\":{\"@id\":\"https:\\\/\\\/wp.kristdemokraterna.se\\\/ale\\\/#website\"},\"primaryImageOfPage\":{\"@id\":\"https:\\\/\\\/wp.kristdemokraterna.se\\\/ale\\\/vitsippspriset\\\/vitsippspriset-2006\\\/#primaryimage\"},\"image\":{\"@id\":\"https:\\\/\\\/wp.kristdemokraterna.se\\\/ale\\\/vitsippspriset\\\/vitsippspriset-2006\\\/#primaryimage\"},\"thumbnailUrl\":\"http:\\\/\\\/wp.kristdemokraterna.se\\\/ale\\\/files\\\/2012\\\/08\\\/Vitsippspriset2006.jpg\",\"datePublished\":\"2012-08-08T13:20:42+00:00\",\"dateModified\":\"2021-02-25T08:01:25+00:00\",\"breadcrumb\":{\"@id\":\"https:\\\/\\\/wp.kristdemokraterna.se\\\/ale\\\/vitsippspriset\\\/vitsippspriset-2006\\\/#breadcrumb\"},\"inLanguage\":\"sv-SE\",\"potentialAction\":[{\"@type\":\"ReadAction\",\"target\":[\"https:\\\/\\\/wp.kristdemokraterna.se\\\/ale\\\/vitsippspriset\\\/vitsippspriset-2006\\\/\"]}]},{\"@type\":\"ImageObject\",\"inLanguage\":\"sv-SE\",\"@id\":\"https:\\\/\\\/wp.kristdemokraterna.se\\\/ale\\\/vitsippspriset\\\/vitsippspriset-2006\\\/#primaryimage\",\"url\":\"http:\\\/\\\/wp.kristdemokraterna.se\\\/ale\\\/files\\\/2012\\\/08\\\/Vitsippspriset2006.jpg\",\"contentUrl\":\"http:\\\/\\\/wp.kristdemokraterna.se\\\/ale\\\/files\\\/2012\\\/08\\\/Vitsippspriset2006.jpg\"},{\"@type\":\"BreadcrumbList\",\"@id\":\"https:\\\/\\\/wp.kristdemokraterna.se\\\/ale\\\/vitsippspriset\\\/vitsippspriset-2006\\\/#breadcrumb\",\"itemListElement\":[{\"@type\":\"ListItem\",\"position\":1,\"name\":\"Hem\",\"item\":\"https:\\\/\\\/wp.kristdemokraterna.se\\\/ale\\\/\"},{\"@type\":\"ListItem\",\"position\":2,\"name\":\"Vitsippspriset\",\"item\":\"https:\\\/\\\/wp.kristdemokraterna.se\\\/ale\\\/vitsippspriset\\\/\"},{\"@type\":\"ListItem\",\"position\":3,\"name\":\"Vitsippspriset 2006\"}]},{\"@type\":\"WebSite\",\"@id\":\"https:\\\/\\\/wp.kristdemokraterna.se\\\/ale\\\/#website\",\"url\":\"https:\\\/\\\/wp.kristdemokraterna.se\\\/ale\\\/\",\"name\":\"Ale\",\"description\":\"Ale\",\"inLanguage\":\"sv-SE\"}]}<\/script>\n<!-- \/ Yoast SEO plugin. -->","yoast_head_json":{"title":"Vitsippspriset 2006 - Ale","robots":{"index":"index","follow":"follow","max-snippet":"max-snippet:-1","max-image-preview":"max-image-preview:large","max-video-preview":"max-video-preview:-1"},"canonical":"https:\/\/wp.kristdemokraterna.se\/ale\/vitsippspriset\/vitsippspriset-2006\/","og_locale":"sv_SE","og_type":"article","og_title":"Vitsippspriset 2006 - Ale","og_description":"Priset gick till Gerhard Sager, Skepplanda, med f\u00f6ljande motivering: &#8221;Gerhard Sager har under mer \u00e4n 40 \u00e5r varit ledare inom fotbollen med m\u00e5nga uppdrag i den egna f\u00f6reningen Skepplanda BTK, V\u00e4sterg\u00f6tlands Fotbollsf\u00f6rbund, Svenska Fotbollsf\u00f6rbundet och p\u00e5 senare tid i UEFA. Nyligen skrev han \u201dSila snacket\u201d som tar upp spr\u00e5kbruket som f\u00f6rr\u00e5ats inom hela samh\u00e4llet. Syftet Read More","og_url":"https:\/\/wp.kristdemokraterna.se\/ale\/vitsippspriset\/vitsippspriset-2006\/","og_site_name":"Ale","article_modified_time":"2021-02-25T08:01:25+00:00","og_image":[{"url":"http:\/\/wp.kristdemokraterna.se\/ale\/files\/2012\/08\/Vitsippspriset2006.jpg","type":"","width":"","height":""}],"twitter_card":"summary_large_image","twitter_misc":{"Ber\u00e4knad l\u00e4stid":"1 minut"},"schema":{"@context":"https:\/\/schema.org","@graph":[{"@type":"WebPage","@id":"https:\/\/wp.kristdemokraterna.se\/ale\/vitsippspriset\/vitsippspriset-2006\/","url":"https:\/\/wp.kristdemokraterna.se\/ale\/vitsippspriset\/vitsippspriset-2006\/","name":"Vitsippspriset 2006 - Ale","isPartOf":{"@id":"https:\/\/wp.kristdemokraterna.se\/ale\/#website"},"primaryImageOfPage":{"@id":"https:\/\/wp.kristdemokraterna.se\/ale\/vitsippspriset\/vitsippspriset-2006\/#primaryimage"},"image":{"@id":"https:\/\/wp.kristdemokraterna.se\/ale\/vitsippspriset\/vitsippspriset-2006\/#primaryimage"},"thumbnailUrl":"http:\/\/wp.kristdemokraterna.se\/ale\/files\/2012\/08\/Vitsippspriset2006.jpg","datePublished":"2012-08-08T13:20:42+00:00","dateModified":"2021-02-25T08:01:25+00:00","breadcrumb":{"@id":"https:\/\/wp.kristdemokraterna.se\/ale\/vitsippspriset\/vitsippspriset-2006\/#breadcrumb"},"inLanguage":"sv-SE","potentialAction":[{"@type":"ReadAction","target":["https:\/\/wp.kristdemokraterna.se\/ale\/vitsippspriset\/vitsippspriset-2006\/"]}]},{"@type":"ImageObject","inLanguage":"sv-SE","@id":"https:\/\/wp.kristdemokraterna.se\/ale\/vitsippspriset\/vitsippspriset-2006\/#primaryimage","url":"http:\/\/wp.kristdemokraterna.se\/ale\/files\/2012\/08\/Vitsippspriset2006.jpg","contentUrl":"http:\/\/wp.kristdemokraterna.se\/ale\/files\/2012\/08\/Vitsippspriset2006.jpg"},{"@type":"BreadcrumbList","@id":"https:\/\/wp.kristdemokraterna.se\/ale\/vitsippspriset\/vitsippspriset-2006\/#breadcrumb","itemListElement":[{"@type":"ListItem","position":1,"name":"Hem","item":"https:\/\/wp.kristdemokraterna.se\/ale\/"},{"@type":"ListItem","position":2,"name":"Vitsippspriset","item":"https:\/\/wp.kristdemokraterna.se\/ale\/vitsippspriset\/"},{"@type":"ListItem","position":3,"name":"Vitsippspriset 2006"}]},{"@type":"WebSite","@id":"https:\/\/wp.kristdemokraterna.se\/ale\/#website","url":"https:\/\/wp.kristdemokraterna.se\/ale\/","name":"Ale","description":"Ale","inLanguage":"sv-SE"}]}},"_links":{"self":[{"href":"https:\/\/wp.kristdemokraterna.se\/ale\/wp-json\/wp\/v2\/pages\/50","targetHints":{"allow":["GET"]}}],"collection":[{"href":"https:\/\/wp.kristdemokraterna.se\/ale\/wp-json\/wp\/v2\/pages"}],"about":[{"href":"https:\/\/wp.kristdemokraterna.se\/ale\/wp-json\/wp\/v2\/types\/page"}],"author":[{"embeddable":true,"href":"https:\/\/wp.kristdemokraterna.se\/ale\/wp-json\/wp\/v2\/users\/23"}],"replies":[{"embeddable":true,"href":"https:\/\/wp.kristdemokraterna.se\/ale\/wp-json\/wp\/v2\/comments?post=50"}],"version-history":[{"count":6,"href":"https:\/\/wp.kristdemokraterna.se\/ale\/wp-json\/wp\/v2\/pages\/50\/revisions"}],"predecessor-version":[{"id":600,"href":"https:\/\/wp.kristdemokraterna.se\/ale\/wp-json\/wp\/v2\/pages\/50\/revisions\/600"}],"up":[{"embeddable":true,"href":"https:\/\/wp.kristdemokraterna.se\/ale\/wp-json\/wp\/v2\/pages\/15"}],"wp:attachment":[{"href":"https:\/\/wp.kristdemokraterna.se\/ale\/wp-json\/wp\/v2\/media?parent=50"}],"curies":[{"name":"wp","href":"https:\/\/api.w.org\/{rel}","templated":true}]}}