{"id":67,"date":"2012-08-09T09:59:57","date_gmt":"2012-08-09T07:59:57","guid":{"rendered":"http:\/\/wp.kristdemokraterna.se\/ale\/?page_id=67"},"modified":"2021-02-25T09:02:03","modified_gmt":"2021-02-25T08:02:03","slug":"vitsippspriset-2009","status":"publish","type":"page","link":"https:\/\/wp.kristdemokraterna.se\/ale\/vitsippspriset\/vitsippspriset-2009\/","title":{"rendered":"Vitsippspriset 2009"},"content":{"rendered":"<div align=\"left\">\n<div id=\"attachment_68\" style=\"width: 746px\" class=\"wp-caption aligncenter\"><a href=\"http:\/\/wp.kristdemokraterna.se\/ale\/files\/2012\/08\/Vitsippspriset2009.jpg\"><img loading=\"lazy\" decoding=\"async\" aria-describedby=\"caption-attachment-68\" class=\"size-full wp-image-68\" title=\"Vitsippspriset2009\" src=\"http:\/\/wp.kristdemokraterna.se\/ale\/files\/2012\/08\/Vitsippspriset2009.jpg\" alt=\"\" width=\"736\" height=\"480\" \/><\/a><p id=\"caption-attachment-68\" class=\"wp-caption-text\">Foto: Alekuriren<\/p><\/div>\n<p><strong>Priset har Kristdemokraterna beslutat tilldela Bengt Larsson och M\u00e4rit Nilvall.<\/strong><\/p>\n<\/div>\n<blockquote>\n<div align=\"left\">&#8221;Bengt Larsson och M\u00e4rit Nilvall kom f\u00f6r n\u00e5gra \u00e5r sedan i kontakt med personer som var dementa. De funderade p\u00e5 hur man skulle kunna hj\u00e4lpa dessa och deras anh\u00f6riga som ofta bar p\u00e5 en stor b\u00f6rda. De kom d\u00e5 p\u00e5 id\u00e9n att starta en f\u00f6rening, Ale Demensf\u00f6rening. De var bra p\u00e5 att v\u00e4rva medlemmar. F\u00f6reningen har nu 74 medlemmar. Styrelsen \u00e4r mycket aktiv och har v\u00e4rvat sponsorer bland de lokala f\u00f6retagen. P\u00e5 s\u00e5 s\u00e4tt kan f\u00f6reningen ordna utflykter och m\u00f6ten f\u00f6r de dementa och deras anh\u00f6riga. F\u00f6r dessa idella insatser vill vi tilldela Bengt Larsson och M\u00e4rt Nilvall \u00e5rets Vitsippspris.&#8221;<\/div>\n<div align=\"left\"><\/div>\n<\/blockquote>\n<p>&nbsp;<\/p>\n<div align=\"left\">L\u00e4s artikel fr\u00e5n Alekuriren h\u00e4r:<\/div>\n<div align=\"left\"><a href=\"http:\/\/wp.kristdemokraterna.se\/ale\/files\/2012\/08\/Vitsippspriset2009.pdf\">Vitsippspriset 2009<\/a><\/div>\n","protected":false},"excerpt":{"rendered":"<p>Priset har Kristdemokraterna beslutat tilldela Bengt Larsson och M\u00e4rit Nilvall. &#8221;Bengt Larsson och M\u00e4rit Nilvall kom f\u00f6r n\u00e5gra \u00e5r sedan i kontakt med personer som var dementa. De funderade p\u00e5 hur man skulle kunna hj\u00e4lpa dessa och deras anh\u00f6riga som ofta bar p\u00e5 en stor b\u00f6rda. De kom d\u00e5 p\u00e5 id\u00e9n att starta en f\u00f6rening, <a class=\"read-more-link\" href=\"https:\/\/wp.kristdemokraterna.se\/ale\/vitsippspriset\/vitsippspriset-2009\/\">Read More<\/a><\/p>\n","protected":false},"author":23,"featured_media":0,"parent":15,"menu_order":13,"comment_status":"closed","ping_status":"closed","template":"","meta":{"_acf_changed":false,"footnotes":""},"class_list":["post-67","page","type-page","status-publish","hentry"],"acf":[],"yoast_head":"<!-- This site is optimized with the Yoast SEO plugin v27.4 - https:\/\/yoast.com\/product\/yoast-seo-wordpress\/ -->\n<title>Vitsippspriset 2009 - Ale<\/title>\n<meta name=\"robots\" content=\"index, follow, max-snippet:-1, max-image-preview:large, max-video-preview:-1\" \/>\n<link rel=\"canonical\" href=\"https:\/\/wp.kristdemokraterna.se\/ale\/vitsippspriset\/vitsippspriset-2009\/\" \/>\n<meta property=\"og:locale\" content=\"sv_SE\" \/>\n<meta property=\"og:type\" content=\"article\" \/>\n<meta property=\"og:title\" content=\"Vitsippspriset 2009 - Ale\" \/>\n<meta property=\"og:description\" content=\"Priset har Kristdemokraterna beslutat tilldela Bengt Larsson och M\u00e4rit Nilvall. &#8221;Bengt Larsson och M\u00e4rit Nilvall kom f\u00f6r n\u00e5gra \u00e5r sedan i kontakt med personer som var dementa. De funderade p\u00e5 hur man skulle kunna hj\u00e4lpa dessa och deras anh\u00f6riga som ofta bar p\u00e5 en stor b\u00f6rda. De kom d\u00e5 p\u00e5 id\u00e9n att starta en f\u00f6rening, Read More\" \/>\n<meta property=\"og:url\" content=\"https:\/\/wp.kristdemokraterna.se\/ale\/vitsippspriset\/vitsippspriset-2009\/\" \/>\n<meta property=\"og:site_name\" content=\"Ale\" \/>\n<meta property=\"article:modified_time\" content=\"2021-02-25T08:02:03+00:00\" \/>\n<meta property=\"og:image\" content=\"http:\/\/wp.kristdemokraterna.se\/ale\/files\/2012\/08\/Vitsippspriset2009.jpg\" \/>\n<meta name=\"twitter:card\" content=\"summary_large_image\" \/>\n<meta name=\"twitter:label1\" content=\"Ber\u00e4knad l\u00e4stid\" \/>\n\t<meta name=\"twitter:data1\" content=\"1 minut\" \/>\n<script type=\"application\/ld+json\" class=\"yoast-schema-graph\">{\"@context\":\"https:\\\/\\\/schema.org\",\"@graph\":[{\"@type\":\"WebPage\",\"@id\":\"https:\\\/\\\/wp.kristdemokraterna.se\\\/ale\\\/vitsippspriset\\\/vitsippspriset-2009\\\/\",\"url\":\"https:\\\/\\\/wp.kristdemokraterna.se\\\/ale\\\/vitsippspriset\\\/vitsippspriset-2009\\\/\",\"name\":\"Vitsippspriset 2009 - Ale\",\"isPartOf\":{\"@id\":\"https:\\\/\\\/wp.kristdemokraterna.se\\\/ale\\\/#website\"},\"primaryImageOfPage\":{\"@id\":\"https:\\\/\\\/wp.kristdemokraterna.se\\\/ale\\\/vitsippspriset\\\/vitsippspriset-2009\\\/#primaryimage\"},\"image\":{\"@id\":\"https:\\\/\\\/wp.kristdemokraterna.se\\\/ale\\\/vitsippspriset\\\/vitsippspriset-2009\\\/#primaryimage\"},\"thumbnailUrl\":\"http:\\\/\\\/wp.kristdemokraterna.se\\\/ale\\\/files\\\/2012\\\/08\\\/Vitsippspriset2009.jpg\",\"datePublished\":\"2012-08-09T07:59:57+00:00\",\"dateModified\":\"2021-02-25T08:02:03+00:00\",\"breadcrumb\":{\"@id\":\"https:\\\/\\\/wp.kristdemokraterna.se\\\/ale\\\/vitsippspriset\\\/vitsippspriset-2009\\\/#breadcrumb\"},\"inLanguage\":\"sv-SE\",\"potentialAction\":[{\"@type\":\"ReadAction\",\"target\":[\"https:\\\/\\\/wp.kristdemokraterna.se\\\/ale\\\/vitsippspriset\\\/vitsippspriset-2009\\\/\"]}]},{\"@type\":\"ImageObject\",\"inLanguage\":\"sv-SE\",\"@id\":\"https:\\\/\\\/wp.kristdemokraterna.se\\\/ale\\\/vitsippspriset\\\/vitsippspriset-2009\\\/#primaryimage\",\"url\":\"http:\\\/\\\/wp.kristdemokraterna.se\\\/ale\\\/files\\\/2012\\\/08\\\/Vitsippspriset2009.jpg\",\"contentUrl\":\"http:\\\/\\\/wp.kristdemokraterna.se\\\/ale\\\/files\\\/2012\\\/08\\\/Vitsippspriset2009.jpg\"},{\"@type\":\"BreadcrumbList\",\"@id\":\"https:\\\/\\\/wp.kristdemokraterna.se\\\/ale\\\/vitsippspriset\\\/vitsippspriset-2009\\\/#breadcrumb\",\"itemListElement\":[{\"@type\":\"ListItem\",\"position\":1,\"name\":\"Hem\",\"item\":\"https:\\\/\\\/wp.kristdemokraterna.se\\\/ale\\\/\"},{\"@type\":\"ListItem\",\"position\":2,\"name\":\"Vitsippspriset\",\"item\":\"https:\\\/\\\/wp.kristdemokraterna.se\\\/ale\\\/vitsippspriset\\\/\"},{\"@type\":\"ListItem\",\"position\":3,\"name\":\"Vitsippspriset 2009\"}]},{\"@type\":\"WebSite\",\"@id\":\"https:\\\/\\\/wp.kristdemokraterna.se\\\/ale\\\/#website\",\"url\":\"https:\\\/\\\/wp.kristdemokraterna.se\\\/ale\\\/\",\"name\":\"Ale\",\"description\":\"Ale\",\"inLanguage\":\"sv-SE\"}]}<\/script>\n<!-- \/ Yoast SEO plugin. -->","yoast_head_json":{"title":"Vitsippspriset 2009 - Ale","robots":{"index":"index","follow":"follow","max-snippet":"max-snippet:-1","max-image-preview":"max-image-preview:large","max-video-preview":"max-video-preview:-1"},"canonical":"https:\/\/wp.kristdemokraterna.se\/ale\/vitsippspriset\/vitsippspriset-2009\/","og_locale":"sv_SE","og_type":"article","og_title":"Vitsippspriset 2009 - Ale","og_description":"Priset har Kristdemokraterna beslutat tilldela Bengt Larsson och M\u00e4rit Nilvall. &#8221;Bengt Larsson och M\u00e4rit Nilvall kom f\u00f6r n\u00e5gra \u00e5r sedan i kontakt med personer som var dementa. De funderade p\u00e5 hur man skulle kunna hj\u00e4lpa dessa och deras anh\u00f6riga som ofta bar p\u00e5 en stor b\u00f6rda. De kom d\u00e5 p\u00e5 id\u00e9n att starta en f\u00f6rening, Read More","og_url":"https:\/\/wp.kristdemokraterna.se\/ale\/vitsippspriset\/vitsippspriset-2009\/","og_site_name":"Ale","article_modified_time":"2021-02-25T08:02:03+00:00","og_image":[{"url":"http:\/\/wp.kristdemokraterna.se\/ale\/files\/2012\/08\/Vitsippspriset2009.jpg","type":"","width":"","height":""}],"twitter_card":"summary_large_image","twitter_misc":{"Ber\u00e4knad l\u00e4stid":"1 minut"},"schema":{"@context":"https:\/\/schema.org","@graph":[{"@type":"WebPage","@id":"https:\/\/wp.kristdemokraterna.se\/ale\/vitsippspriset\/vitsippspriset-2009\/","url":"https:\/\/wp.kristdemokraterna.se\/ale\/vitsippspriset\/vitsippspriset-2009\/","name":"Vitsippspriset 2009 - Ale","isPartOf":{"@id":"https:\/\/wp.kristdemokraterna.se\/ale\/#website"},"primaryImageOfPage":{"@id":"https:\/\/wp.kristdemokraterna.se\/ale\/vitsippspriset\/vitsippspriset-2009\/#primaryimage"},"image":{"@id":"https:\/\/wp.kristdemokraterna.se\/ale\/vitsippspriset\/vitsippspriset-2009\/#primaryimage"},"thumbnailUrl":"http:\/\/wp.kristdemokraterna.se\/ale\/files\/2012\/08\/Vitsippspriset2009.jpg","datePublished":"2012-08-09T07:59:57+00:00","dateModified":"2021-02-25T08:02:03+00:00","breadcrumb":{"@id":"https:\/\/wp.kristdemokraterna.se\/ale\/vitsippspriset\/vitsippspriset-2009\/#breadcrumb"},"inLanguage":"sv-SE","potentialAction":[{"@type":"ReadAction","target":["https:\/\/wp.kristdemokraterna.se\/ale\/vitsippspriset\/vitsippspriset-2009\/"]}]},{"@type":"ImageObject","inLanguage":"sv-SE","@id":"https:\/\/wp.kristdemokraterna.se\/ale\/vitsippspriset\/vitsippspriset-2009\/#primaryimage","url":"http:\/\/wp.kristdemokraterna.se\/ale\/files\/2012\/08\/Vitsippspriset2009.jpg","contentUrl":"http:\/\/wp.kristdemokraterna.se\/ale\/files\/2012\/08\/Vitsippspriset2009.jpg"},{"@type":"BreadcrumbList","@id":"https:\/\/wp.kristdemokraterna.se\/ale\/vitsippspriset\/vitsippspriset-2009\/#breadcrumb","itemListElement":[{"@type":"ListItem","position":1,"name":"Hem","item":"https:\/\/wp.kristdemokraterna.se\/ale\/"},{"@type":"ListItem","position":2,"name":"Vitsippspriset","item":"https:\/\/wp.kristdemokraterna.se\/ale\/vitsippspriset\/"},{"@type":"ListItem","position":3,"name":"Vitsippspriset 2009"}]},{"@type":"WebSite","@id":"https:\/\/wp.kristdemokraterna.se\/ale\/#website","url":"https:\/\/wp.kristdemokraterna.se\/ale\/","name":"Ale","description":"Ale","inLanguage":"sv-SE"}]}},"_links":{"self":[{"href":"https:\/\/wp.kristdemokraterna.se\/ale\/wp-json\/wp\/v2\/pages\/67","targetHints":{"allow":["GET"]}}],"collection":[{"href":"https:\/\/wp.kristdemokraterna.se\/ale\/wp-json\/wp\/v2\/pages"}],"about":[{"href":"https:\/\/wp.kristdemokraterna.se\/ale\/wp-json\/wp\/v2\/types\/page"}],"author":[{"embeddable":true,"href":"https:\/\/wp.kristdemokraterna.se\/ale\/wp-json\/wp\/v2\/users\/23"}],"replies":[{"embeddable":true,"href":"https:\/\/wp.kristdemokraterna.se\/ale\/wp-json\/wp\/v2\/comments?post=67"}],"version-history":[{"count":5,"href":"https:\/\/wp.kristdemokraterna.se\/ale\/wp-json\/wp\/v2\/pages\/67\/revisions"}],"predecessor-version":[{"id":606,"href":"https:\/\/wp.kristdemokraterna.se\/ale\/wp-json\/wp\/v2\/pages\/67\/revisions\/606"}],"up":[{"embeddable":true,"href":"https:\/\/wp.kristdemokraterna.se\/ale\/wp-json\/wp\/v2\/pages\/15"}],"wp:attachment":[{"href":"https:\/\/wp.kristdemokraterna.se\/ale\/wp-json\/wp\/v2\/media?parent=67"}],"curies":[{"name":"wp","href":"https:\/\/api.w.org\/{rel}","templated":true}]}}