{"id":76,"date":"2012-08-09T10:10:34","date_gmt":"2012-08-09T08:10:34","guid":{"rendered":"http:\/\/wp.kristdemokraterna.se\/ale\/?page_id=76"},"modified":"2021-02-25T09:02:40","modified_gmt":"2021-02-25T08:02:40","slug":"vitsippspriset-2011","status":"publish","type":"page","link":"https:\/\/wp.kristdemokraterna.se\/ale\/vitsippspriset\/vitsippspriset-2011\/","title":{"rendered":"Vitsippspriset 2011"},"content":{"rendered":"<div align=\"left\">\n<div id=\"attachment_77\" style=\"width: 786px\" class=\"wp-caption aligncenter\"><a href=\"http:\/\/wp.kristdemokraterna.se\/ale\/files\/2012\/08\/Vitsippspriset2011.jpg\"><img loading=\"lazy\" decoding=\"async\" aria-describedby=\"caption-attachment-77\" class=\"size-full wp-image-77\" title=\"Vitsippspriset2011\" src=\"http:\/\/wp.kristdemokraterna.se\/ale\/files\/2012\/08\/Vitsippspriset2011.jpg\" alt=\"\" width=\"776\" height=\"517\" \/><\/a><p id=\"caption-attachment-77\" class=\"wp-caption-text\">Foto: Alekuriren<\/p><\/div>\n<p><strong>Priset har Kristdemokraterna i Ale beslutat att tilldela Kristina Ekstrand med f\u00f6ljande motivering:<\/strong><\/p>\n<\/div>\n<blockquote>\n<div align=\"left\">&#8221;Kristina \u00e4r med sitt brinnande engagemang en av kommunens st\u00f6rsta ideella sj\u00e4lar inom v\u00e4lg\u00f6renhetsarbetet. Under m\u00e5nga \u00e5r har vi m\u00f6tt henne hos R\u00f6da Korset eller som engagerad i Ale Lions eller med b\u00f6ssan i hand som en sammanh\u00e5llande l\u00e4nk f\u00f6r insamlingen till V\u00e4rldens barn<\/div>\n<div align=\"left\">Vi vill uppm\u00e4rksamma dessa ideella och osj\u00e4lviska insatser genom att tilldela 2011-\u00e5rs Vitsippspris till Kristina Ekstrand.&#8221;<\/div>\n<div align=\"left\"><\/div>\n<\/blockquote>\n<p>&nbsp;<\/p>\n<div align=\"left\">L\u00e4s artikel fr\u00e5n Alekuriren h\u00e4r:<\/div>\n<div align=\"left\"><a href=\"http:\/\/wp.kristdemokraterna.se\/ale\/files\/2012\/08\/Vitsippspriset%202011.pdf\">Vitsippspriset 2011<\/a><\/div>\n","protected":false},"excerpt":{"rendered":"<p>Priset har Kristdemokraterna i Ale beslutat att tilldela Kristina Ekstrand med f\u00f6ljande motivering: &#8221;Kristina \u00e4r med sitt brinnande engagemang en av kommunens st\u00f6rsta ideella sj\u00e4lar inom v\u00e4lg\u00f6renhetsarbetet. Under m\u00e5nga \u00e5r har vi m\u00f6tt henne hos R\u00f6da Korset eller som engagerad i Ale Lions eller med b\u00f6ssan i hand som en sammanh\u00e5llande l\u00e4nk f\u00f6r insamlingen till <a class=\"read-more-link\" href=\"https:\/\/wp.kristdemokraterna.se\/ale\/vitsippspriset\/vitsippspriset-2011\/\">Read More<\/a><\/p>\n","protected":false},"author":23,"featured_media":0,"parent":15,"menu_order":15,"comment_status":"closed","ping_status":"closed","template":"","meta":{"_acf_changed":false,"footnotes":""},"class_list":["post-76","page","type-page","status-publish","hentry"],"acf":[],"yoast_head":"<!-- This site is optimized with the Yoast SEO plugin v27.4 - https:\/\/yoast.com\/product\/yoast-seo-wordpress\/ -->\n<title>Vitsippspriset 2011 - Ale<\/title>\n<meta name=\"robots\" content=\"index, follow, max-snippet:-1, max-image-preview:large, max-video-preview:-1\" \/>\n<link rel=\"canonical\" href=\"https:\/\/wp.kristdemokraterna.se\/ale\/vitsippspriset\/vitsippspriset-2011\/\" \/>\n<meta property=\"og:locale\" content=\"sv_SE\" \/>\n<meta property=\"og:type\" content=\"article\" \/>\n<meta property=\"og:title\" content=\"Vitsippspriset 2011 - Ale\" \/>\n<meta property=\"og:description\" content=\"Priset har Kristdemokraterna i Ale beslutat att tilldela Kristina Ekstrand med f\u00f6ljande motivering: &#8221;Kristina \u00e4r med sitt brinnande engagemang en av kommunens st\u00f6rsta ideella sj\u00e4lar inom v\u00e4lg\u00f6renhetsarbetet. Under m\u00e5nga \u00e5r har vi m\u00f6tt henne hos R\u00f6da Korset eller som engagerad i Ale Lions eller med b\u00f6ssan i hand som en sammanh\u00e5llande l\u00e4nk f\u00f6r insamlingen till Read More\" \/>\n<meta property=\"og:url\" content=\"https:\/\/wp.kristdemokraterna.se\/ale\/vitsippspriset\/vitsippspriset-2011\/\" \/>\n<meta property=\"og:site_name\" content=\"Ale\" \/>\n<meta property=\"article:modified_time\" content=\"2021-02-25T08:02:40+00:00\" \/>\n<meta property=\"og:image\" content=\"http:\/\/wp.kristdemokraterna.se\/ale\/files\/2012\/08\/Vitsippspriset2011.jpg\" \/>\n<meta name=\"twitter:card\" content=\"summary_large_image\" \/>\n<meta name=\"twitter:label1\" content=\"Ber\u00e4knad l\u00e4stid\" \/>\n\t<meta name=\"twitter:data1\" content=\"1 minut\" \/>\n<script type=\"application\/ld+json\" class=\"yoast-schema-graph\">{\"@context\":\"https:\\\/\\\/schema.org\",\"@graph\":[{\"@type\":\"WebPage\",\"@id\":\"https:\\\/\\\/wp.kristdemokraterna.se\\\/ale\\\/vitsippspriset\\\/vitsippspriset-2011\\\/\",\"url\":\"https:\\\/\\\/wp.kristdemokraterna.se\\\/ale\\\/vitsippspriset\\\/vitsippspriset-2011\\\/\",\"name\":\"Vitsippspriset 2011 - Ale\",\"isPartOf\":{\"@id\":\"https:\\\/\\\/wp.kristdemokraterna.se\\\/ale\\\/#website\"},\"primaryImageOfPage\":{\"@id\":\"https:\\\/\\\/wp.kristdemokraterna.se\\\/ale\\\/vitsippspriset\\\/vitsippspriset-2011\\\/#primaryimage\"},\"image\":{\"@id\":\"https:\\\/\\\/wp.kristdemokraterna.se\\\/ale\\\/vitsippspriset\\\/vitsippspriset-2011\\\/#primaryimage\"},\"thumbnailUrl\":\"http:\\\/\\\/wp.kristdemokraterna.se\\\/ale\\\/files\\\/2012\\\/08\\\/Vitsippspriset2011.jpg\",\"datePublished\":\"2012-08-09T08:10:34+00:00\",\"dateModified\":\"2021-02-25T08:02:40+00:00\",\"breadcrumb\":{\"@id\":\"https:\\\/\\\/wp.kristdemokraterna.se\\\/ale\\\/vitsippspriset\\\/vitsippspriset-2011\\\/#breadcrumb\"},\"inLanguage\":\"sv-SE\",\"potentialAction\":[{\"@type\":\"ReadAction\",\"target\":[\"https:\\\/\\\/wp.kristdemokraterna.se\\\/ale\\\/vitsippspriset\\\/vitsippspriset-2011\\\/\"]}]},{\"@type\":\"ImageObject\",\"inLanguage\":\"sv-SE\",\"@id\":\"https:\\\/\\\/wp.kristdemokraterna.se\\\/ale\\\/vitsippspriset\\\/vitsippspriset-2011\\\/#primaryimage\",\"url\":\"http:\\\/\\\/wp.kristdemokraterna.se\\\/ale\\\/files\\\/2012\\\/08\\\/Vitsippspriset2011.jpg\",\"contentUrl\":\"http:\\\/\\\/wp.kristdemokraterna.se\\\/ale\\\/files\\\/2012\\\/08\\\/Vitsippspriset2011.jpg\"},{\"@type\":\"BreadcrumbList\",\"@id\":\"https:\\\/\\\/wp.kristdemokraterna.se\\\/ale\\\/vitsippspriset\\\/vitsippspriset-2011\\\/#breadcrumb\",\"itemListElement\":[{\"@type\":\"ListItem\",\"position\":1,\"name\":\"Hem\",\"item\":\"https:\\\/\\\/wp.kristdemokraterna.se\\\/ale\\\/\"},{\"@type\":\"ListItem\",\"position\":2,\"name\":\"Vitsippspriset\",\"item\":\"https:\\\/\\\/wp.kristdemokraterna.se\\\/ale\\\/vitsippspriset\\\/\"},{\"@type\":\"ListItem\",\"position\":3,\"name\":\"Vitsippspriset 2011\"}]},{\"@type\":\"WebSite\",\"@id\":\"https:\\\/\\\/wp.kristdemokraterna.se\\\/ale\\\/#website\",\"url\":\"https:\\\/\\\/wp.kristdemokraterna.se\\\/ale\\\/\",\"name\":\"Ale\",\"description\":\"Ale\",\"inLanguage\":\"sv-SE\"}]}<\/script>\n<!-- \/ Yoast SEO plugin. -->","yoast_head_json":{"title":"Vitsippspriset 2011 - Ale","robots":{"index":"index","follow":"follow","max-snippet":"max-snippet:-1","max-image-preview":"max-image-preview:large","max-video-preview":"max-video-preview:-1"},"canonical":"https:\/\/wp.kristdemokraterna.se\/ale\/vitsippspriset\/vitsippspriset-2011\/","og_locale":"sv_SE","og_type":"article","og_title":"Vitsippspriset 2011 - Ale","og_description":"Priset har Kristdemokraterna i Ale beslutat att tilldela Kristina Ekstrand med f\u00f6ljande motivering: &#8221;Kristina \u00e4r med sitt brinnande engagemang en av kommunens st\u00f6rsta ideella sj\u00e4lar inom v\u00e4lg\u00f6renhetsarbetet. Under m\u00e5nga \u00e5r har vi m\u00f6tt henne hos R\u00f6da Korset eller som engagerad i Ale Lions eller med b\u00f6ssan i hand som en sammanh\u00e5llande l\u00e4nk f\u00f6r insamlingen till Read More","og_url":"https:\/\/wp.kristdemokraterna.se\/ale\/vitsippspriset\/vitsippspriset-2011\/","og_site_name":"Ale","article_modified_time":"2021-02-25T08:02:40+00:00","og_image":[{"url":"http:\/\/wp.kristdemokraterna.se\/ale\/files\/2012\/08\/Vitsippspriset2011.jpg","type":"","width":"","height":""}],"twitter_card":"summary_large_image","twitter_misc":{"Ber\u00e4knad l\u00e4stid":"1 minut"},"schema":{"@context":"https:\/\/schema.org","@graph":[{"@type":"WebPage","@id":"https:\/\/wp.kristdemokraterna.se\/ale\/vitsippspriset\/vitsippspriset-2011\/","url":"https:\/\/wp.kristdemokraterna.se\/ale\/vitsippspriset\/vitsippspriset-2011\/","name":"Vitsippspriset 2011 - Ale","isPartOf":{"@id":"https:\/\/wp.kristdemokraterna.se\/ale\/#website"},"primaryImageOfPage":{"@id":"https:\/\/wp.kristdemokraterna.se\/ale\/vitsippspriset\/vitsippspriset-2011\/#primaryimage"},"image":{"@id":"https:\/\/wp.kristdemokraterna.se\/ale\/vitsippspriset\/vitsippspriset-2011\/#primaryimage"},"thumbnailUrl":"http:\/\/wp.kristdemokraterna.se\/ale\/files\/2012\/08\/Vitsippspriset2011.jpg","datePublished":"2012-08-09T08:10:34+00:00","dateModified":"2021-02-25T08:02:40+00:00","breadcrumb":{"@id":"https:\/\/wp.kristdemokraterna.se\/ale\/vitsippspriset\/vitsippspriset-2011\/#breadcrumb"},"inLanguage":"sv-SE","potentialAction":[{"@type":"ReadAction","target":["https:\/\/wp.kristdemokraterna.se\/ale\/vitsippspriset\/vitsippspriset-2011\/"]}]},{"@type":"ImageObject","inLanguage":"sv-SE","@id":"https:\/\/wp.kristdemokraterna.se\/ale\/vitsippspriset\/vitsippspriset-2011\/#primaryimage","url":"http:\/\/wp.kristdemokraterna.se\/ale\/files\/2012\/08\/Vitsippspriset2011.jpg","contentUrl":"http:\/\/wp.kristdemokraterna.se\/ale\/files\/2012\/08\/Vitsippspriset2011.jpg"},{"@type":"BreadcrumbList","@id":"https:\/\/wp.kristdemokraterna.se\/ale\/vitsippspriset\/vitsippspriset-2011\/#breadcrumb","itemListElement":[{"@type":"ListItem","position":1,"name":"Hem","item":"https:\/\/wp.kristdemokraterna.se\/ale\/"},{"@type":"ListItem","position":2,"name":"Vitsippspriset","item":"https:\/\/wp.kristdemokraterna.se\/ale\/vitsippspriset\/"},{"@type":"ListItem","position":3,"name":"Vitsippspriset 2011"}]},{"@type":"WebSite","@id":"https:\/\/wp.kristdemokraterna.se\/ale\/#website","url":"https:\/\/wp.kristdemokraterna.se\/ale\/","name":"Ale","description":"Ale","inLanguage":"sv-SE"}]}},"_links":{"self":[{"href":"https:\/\/wp.kristdemokraterna.se\/ale\/wp-json\/wp\/v2\/pages\/76","targetHints":{"allow":["GET"]}}],"collection":[{"href":"https:\/\/wp.kristdemokraterna.se\/ale\/wp-json\/wp\/v2\/pages"}],"about":[{"href":"https:\/\/wp.kristdemokraterna.se\/ale\/wp-json\/wp\/v2\/types\/page"}],"author":[{"embeddable":true,"href":"https:\/\/wp.kristdemokraterna.se\/ale\/wp-json\/wp\/v2\/users\/23"}],"replies":[{"embeddable":true,"href":"https:\/\/wp.kristdemokraterna.se\/ale\/wp-json\/wp\/v2\/comments?post=76"}],"version-history":[{"count":4,"href":"https:\/\/wp.kristdemokraterna.se\/ale\/wp-json\/wp\/v2\/pages\/76\/revisions"}],"predecessor-version":[{"id":610,"href":"https:\/\/wp.kristdemokraterna.se\/ale\/wp-json\/wp\/v2\/pages\/76\/revisions\/610"}],"up":[{"embeddable":true,"href":"https:\/\/wp.kristdemokraterna.se\/ale\/wp-json\/wp\/v2\/pages\/15"}],"wp:attachment":[{"href":"https:\/\/wp.kristdemokraterna.se\/ale\/wp-json\/wp\/v2\/media?parent=76"}],"curies":[{"name":"wp","href":"https:\/\/api.w.org\/{rel}","templated":true}]}}