{"version":"1.0","provider_name":"Kristdemokraterna Alvesta","provider_url":"https:\/\/wp.kristdemokraterna.se\/alvesta","title":"Svenska b\u00f6nder beh\u00f6vs nu mer \u00e4n n\u00e5gonsin. - Kristdemokraterna Alvesta","type":"rich","width":600,"height":338,"html":"<blockquote class=\"wp-embedded-content\" data-secret=\"JlFkjDQIN5\"><a href=\"https:\/\/wp.kristdemokraterna.se\/alvesta\/svenska-bonder-behovs-nu-mer-an-nagonsin\/\">Svenska b\u00f6nder beh\u00f6vs nu mer \u00e4n n\u00e5gonsin.<\/a><\/blockquote><iframe sandbox=\"allow-scripts\" security=\"restricted\" src=\"https:\/\/wp.kristdemokraterna.se\/alvesta\/svenska-bonder-behovs-nu-mer-an-nagonsin\/embed\/#?secret=JlFkjDQIN5\" width=\"600\" height=\"338\" title=\"\u201dSvenska b\u00f6nder beh\u00f6vs nu mer \u00e4n n\u00e5gonsin.\u201d &ndash; Kristdemokraterna Alvesta\" data-secret=\"JlFkjDQIN5\" frameborder=\"0\" marginwidth=\"0\" marginheight=\"0\" scrolling=\"no\" class=\"wp-embedded-content\"><\/iframe><script type=\"text\/javascript\">\n\/* <![CDATA[ *\/\n\/*! This file is auto-generated *\/\n!function(d,l){\"use strict\";l.querySelector&&d.addEventListener&&\"undefined\"!=typeof URL&&(d.wp=d.wp||{},d.wp.receiveEmbedMessage||(d.wp.receiveEmbedMessage=function(e){var t=e.data;if((t||t.secret||t.message||t.value)&&!\/[^a-zA-Z0-9]\/.test(t.secret)){for(var s,r,n,a=l.querySelectorAll('iframe[data-secret=\"'+t.secret+'\"]'),o=l.querySelectorAll('blockquote[data-secret=\"'+t.secret+'\"]'),c=new RegExp(\"^https?:$\",\"i\"),i=0;i<o.length;i++)o[i].style.display=\"none\";for(i=0;i<a.length;i++)s=a[i],e.source===s.contentWindow&&(s.removeAttribute(\"style\"),\"height\"===t.message?(1e3<(r=parseInt(t.value,10))?r=1e3:~~r<200&&(r=200),s.height=r):\"link\"===t.message&&(r=new URL(s.getAttribute(\"src\")),n=new URL(t.value),c.test(n.protocol))&&n.host===r.host&&l.activeElement===s&&(d.top.location.href=t.value))}},d.addEventListener(\"message\",d.wp.receiveEmbedMessage,!1),l.addEventListener(\"DOMContentLoaded\",function(){for(var e,t,s=l.querySelectorAll(\"iframe.wp-embedded-content\"),r=0;r<s.length;r++)(t=(e=s[r]).getAttribute(\"data-secret\"))||(t=Math.random().toString(36).substring(2,12),e.src+=\"#?secret=\"+t,e.setAttribute(\"data-secret\",t)),e.contentWindow.postMessage({message:\"ready\",secret:t},\"*\")},!1)))}(window,document);\n\/\/# sourceURL=https:\/\/wp.kristdemokraterna.se\/alvesta\/wp-includes\/js\/wp-embed.min.js\n\/* ]]> *\/\n<\/script>\n","description":"Ute p\u00e5 mina resor i Sverige tr\u00e4ffar vi m\u00e5nga som \u00e4r genuint oroliga. Med r\u00e4tta. F\u00f6r elr\u00e4kningen, f\u00f6r de skenande br\u00e4nslepriserna. \u00c5kerier som tvingats st\u00e4nga ner delar eller hela sin verksamhet p\u00e5 grund av de h\u00f6ga kostnaderna. Lantbrukare som genom generationer brukat jorden, men som nu k\u00e4nner att det inte fungerar l\u00e4ngre. I de orostider Read More"}