{"id":125,"date":"2020-08-28T11:00:12","date_gmt":"2020-08-28T09:00:12","guid":{"rendered":"http:\/\/wp.kristdemokraterna.se\/alvesta\/?page_id=125"},"modified":"2021-03-16T02:27:19","modified_gmt":"2021-03-16T01:27:19","slug":"motioner","status":"publish","type":"page","link":"https:\/\/wp.kristdemokraterna.se\/alvesta\/motioner\/","title":{"rendered":"Motioner"},"content":{"rendered":"<p><strong>Motion om V\u00e5rdserviceteam<\/strong><\/p>\n<p>Undersk\u00f6terskor Alvesta kommun har h\u00f6g arbetsbelastning och har idag ibland sv\u00e5rt att hinna med att utf\u00f6ra alla insatser t.ex. utevistelser f\u00f6r omsorgstagarna. Att st\u00e4da de \u00e4ldres l\u00e4genheter\/hus tar idag stor del av arbetsdagen f\u00f6r Undersk\u00f6terskor i Kommunen. D\u00e4rf\u00f6r f\u00f6resl\u00e5r vi Kristdemokrater i Alvesta kommun att kommunen ska erbjuda se som st\u00e5r l\u00e5ngt ifr\u00e5n arbetsmarknaden av olika anledningar, anst\u00e4llning i ett V\u00e5rdserviceteam som kan avlasta Undersk\u00f6terskor med arbetsuppgifter som inte kr\u00e4ver Undersk\u00f6terskeutbildning, t.ex. st\u00e4da omsorgstagarnas l\u00e4genheter och ta ut dem p\u00e5 promenader och ge dem social tid.<\/p>\n<p>___________________________________________________________________<\/p>\n<p><strong>Motion om Barnomsorgspeng<\/strong><\/p>\n<p>Vi Kristdemokrater vill att det skall finnas m\u00f6jlighet f\u00f6r f\u00f6r\u00e4ldrar som vill vara hemma med sitt barn upp till att barnet fyller 3 \u00e5r att kunna f\u00e5 barnomsorgspeng p\u00e5 6000,00 per bar och m\u00e5nad. Detta kommer att r\u00e4knas som inkomst och vara pensionsgrundande. Detta skulle ocks\u00e5 l\u00e4tta p\u00e5 trycket till den nu h\u00e5rt anstr\u00e4ngda f\u00f6rskolan. Med stora barngrupper och problem med bemanningen av utbildade F\u00f6rskoll\u00e4rare och barnsk\u00f6tare. Samtidigt skulle f\u00f6r\u00e4ldrar som \u00f6nskar f\u00e5 mer tid med sina barn under de f\u00f6rsta \u00e5ren f\u00e5 m\u00f6jlighet till det genom ett ekonomiskt st\u00f6d<\/p>\n<p>___________________________________________________________________<\/p>\n<p><strong>Motion om Introduktionsanst\u00e4llningar<\/strong><\/p>\n<p>Det beh\u00f6vs fler enkla jobb p\u00e5 Svensk arbetsmarknad. En anledning till det \u00e4r att det kommit m\u00e5nga flyktingar till kommunen som endast g\u00e5tt n\u00e5gra f\u00e5 \u00e5r i skola eller aldrig g\u00e5tt i n\u00e5gon skola alls och \u00e4r analfabeter. N\u00e4r de f\u00e5tt uppeh\u00e5llstillst\u00e5nd i Sverige tar det d\u00e4rf\u00f6r mycket l\u00e5ng tid f\u00f6r dem att komma ut p\u00e5 arbetsmarknaden. D\u00e4rf\u00f6r vill Kristdemokraterna i Alvesta kommun inf\u00f6ra en ny anst\u00e4llningsform &#8211; introduktions- anst\u00e4llningar. En introduktionsanst\u00e4llning skall vara som en vanlig anst\u00e4llning med den skillnaden att ing\u00e5ngsl\u00f6nen f\u00e5r vara 75% av l\u00e4gsta l\u00f6n eller ing\u00e5ngsl\u00f6n enligt kollektivavtal.<\/p>\n<p>Detta bygger p\u00e5 att 25% av arbetstiden f\u00f6rv\u00e4ntas g\u00e5 \u00e5t till att praktiskt l\u00e4ra sig jobbet &#8211; p\u00e5 jobbet. Introduktionsanst\u00e4llningar \u00e4r ingen arbetsmarknads\u00e5tg\u00e4rd.<br \/>\n___________________________________________________________________<\/p>\n<p><strong>Motion om krav f\u00f6r f\u00f6rs\u00f6rjningsst\u00f6d<\/strong><\/p>\n<p>I Alvesta kommun lever idag ca 10% av inv\u00e5narna p\u00e5 f\u00f6rs\u00f6rjningsst\u00f6d. Det \u00e4r en mycket h\u00f6g siffra. J\u00e4mf\u00f6rt med V\u00e4xj\u00f6 kommun som har 5%. Vi har idag barn som aldrig har f\u00e5tt se sina f\u00f6r\u00e4ldrar g\u00e5 till ett arbete. Vi Kristdemokrater vill bryta utanf\u00f6rskap och passivitet genom att ett motkrav st\u00e4lls f\u00f6r att f\u00e5 F\u00f6rs\u00f6rjningsst\u00f6d. Arbete skall motsvara 20 timmar per vecka och omfatta den som mottar f\u00f6rs\u00f6rjnings- st\u00f6d (tidigare socialbidrag) p.g.a. l\u00e5ngvarig arbetsl\u00f6shet och som har haft f\u00f6rs\u00f6rjningsst\u00f6d i minst 3 m\u00e5nader. Arbetskravet skall vara oavl\u00f6nat samh\u00e4llsnyttigt arbete och kan utf\u00f6ras inom ideella f\u00f6reningar &#8211; hj\u00e4lporganisationer eller kommunal verksamhet. Arbetskravet skall inte omfatta personer som mottar f\u00f6rs\u00f6rjningsst\u00f6d p.g.a. sjukdom eller som uppb\u00e4r annan aktivitet t.ex de som har ett arbete &#8211; personer som tar ut f\u00f6r\u00e4ldrapeng eller personer som genomg\u00e5r praktik.<\/p>\n<p>___________________________________________________________________<\/p>\n<p><strong>Motion om fler vuxna p\u00e5 skolg\u00e5rden<\/strong><\/p>\n<p>Mobbning och utanf\u00f6rskap i skolan \u00e4r ett stort problem f\u00f6r m\u00e5nga elever och m\u00e5nga elever k\u00e4nner inte att de kan prata med n\u00e5gon vuxen p\u00e5 skolan om det. En del k\u00e4nner inte att l\u00e4rarna bryr sig om att agera fast de ser n\u00e4r n\u00e5gon blir illa behandlad enligt f\u00e4rsk rapport fr\u00e5n FRIENDS.SE. Vi anser att alla som jobbar p\u00e5 skolan har en viktig roll i att skapa en trygg skolmilj\u00f6 f\u00f6r eleverna och finnas d\u00e4r n\u00e4r utsatta elever m\u00e5r d\u00e5ligt. Att de kan k\u00e4nna tillit till de vuxna och kan s\u00f6ka st\u00f6r och hj\u00e4lp. Att vuxna agerar n\u00e4r kr\u00e4nkningar uppst\u00e5r men ocks\u00e5 arbetar f\u00f6rebyggande t.ex med att anordna dagar i skolan som \u00e4r inriktade p\u00e5 hur man \u00e4r en bra kompis\/klasskamrat t.ex genom att barnen f\u00e5r g\u00f6ra rollspel och f\u00e5r lyssna p\u00e5 f\u00f6rel\u00e4sare som tar upp \u00e4mne och f\u00e5 lyssna p\u00e5 n\u00e5gon nu vuxen som blivit mobbad som barn.<\/p>\n<p>Att f\u00e5 l\u00e4ra sig att man skall behandla andra som man sj\u00e4lv vill bli behandlad. Vi tro att fler vuxna ute p\u00e5 skolg\u00e5rdarna, \u00e4ven h\u00f6gstadiet kan skapa en tryggar milj\u00f6 f\u00f6r eleverna.<\/p>\n<p><strong>D\u00e4rf\u00f6r f\u00f6resl\u00e5r Kristdemokraterna i Alvesta kommun:<\/strong><\/p>\n<p>Att Fritidsledare\/Socialpedagoger skall finnas ute p\u00e5 alla rasterna, p\u00e5 alla skolor, som kan leka med barnen. Vi f\u00f6resl\u00e5r ocks\u00e5 att kommunen erbjuder pigga pension\u00e4rer att vara &#8221;Rastvakter&#8221; p\u00e5 skolorna och d\u00e5 f\u00e5 gratis fika\/lunch p\u00e5 skolan som &#8221;betalning&#8221;.<\/p>\n<p>Vi f\u00f6resl\u00e5r att de \u00e4ven skall finnas p\u00e5 kommunens h\u00f6gstadieskolor.<br \/>\n___________________________________________________________________<\/p>\n<p><strong>Motion om Sj\u00f6parken i Alvesta<\/strong><\/p>\n<p>Vi Kristdemokrater i Alvesta vill utveckla Sj\u00f6parken till Alvestas st\u00f6rsta rekreationsomr\u00e5de dit Alvestas befolkning g\u00e4rna v\u00e4ljer att vistas p\u00e5 lediga stunder och \u00e4ven t\u00e5gresen\u00e4rer. Vi vill inte att man bygger fler bost\u00e4der h\u00e4r utan endast att Caf\u00e9 och Restaurang, g\u00e4rna i 2 v\u00e5ningar med stor ballong. Med uteservering och vacker sj\u00f6utsikt skulle g\u00f6ra Restaurangen till Alvestas b\u00e4sta l\u00e4ge. En Restaurang som serverar fiskr\u00e4tter och\u00a0 vegetariska r\u00e4tter skulle passa bra h\u00e4r och ett Caf\u00e9 som s\u00e4ljer fika och glass. Vi vill att b\u00e5tbryggor anl\u00e4ggs och n\u00e5gra fiskebodar i anslutning till b\u00e5tbryggorna skulle bli ett vackert inslag i milj\u00f6n. Man skulle kunna ha uthyrning av kanoter och t.o.m. en turistb\u00e5t som k\u00f6r turer p\u00e5 sj\u00f6n till Huseby sommartid. om sj\u00f6djupet till\u00e5ter. En liten badstrand och lekpark f\u00f6r barnen skulle kunna anl\u00e4ggas nedanf\u00f6r villorna p\u00e5 Timmerv\u00e4gen. Ute gym f\u00f6r vuxna och beachvolleyboll plan skulle bli trevliga inslag i parken.<\/p>\n<p>Detta \u00e4r v\u00e5r vision f\u00f6r Sj\u00f6parken i Alvesta.<\/p>\n<div dir=\"auto\">\n<div dir=\"auto\"><\/div>\n<div dir=\"auto\" style=\"text-align: center\"><\/div>\n<\/div>\n<div dir=\"auto\"><\/div>\n","protected":false},"excerpt":{"rendered":"<p>Motion om V\u00e5rdserviceteam Undersk\u00f6terskor Alvesta kommun har h\u00f6g arbetsbelastning och har idag ibland sv\u00e5rt att hinna med att utf\u00f6ra alla insatser t.ex. utevistelser f\u00f6r omsorgstagarna. Att st\u00e4da de \u00e4ldres l\u00e4genheter\/hus tar idag stor del av arbetsdagen f\u00f6r Undersk\u00f6terskor i Kommunen. D\u00e4rf\u00f6r f\u00f6resl\u00e5r vi Kristdemokrater i Alvesta kommun att kommunen ska erbjuda se som st\u00e5r l\u00e5ngt <a class=\"read-more-link\" href=\"https:\/\/wp.kristdemokraterna.se\/alvesta\/motioner\/\">Read More<\/a><\/p>\n","protected":false},"author":443,"featured_media":0,"parent":0,"menu_order":2,"comment_status":"closed","ping_status":"closed","template":"page.php","meta":{"_acf_changed":false,"footnotes":""},"class_list":["post-125","page","type-page","status-publish","hentry"],"acf":[],"yoast_head":"<!-- This site is optimized with the Yoast SEO plugin v27.4 - https:\/\/yoast.com\/product\/yoast-seo-wordpress\/ -->\n<title>Motioner - Kristdemokraterna Alvesta<\/title>\n<meta name=\"robots\" content=\"index, follow, max-snippet:-1, max-image-preview:large, max-video-preview:-1\" \/>\n<link rel=\"canonical\" href=\"https:\/\/wp.kristdemokraterna.se\/alvesta\/motioner\/\" \/>\n<meta property=\"og:locale\" content=\"sv_SE\" \/>\n<meta property=\"og:type\" content=\"article\" \/>\n<meta property=\"og:title\" content=\"Motioner - Kristdemokraterna Alvesta\" \/>\n<meta property=\"og:description\" content=\"Motion om V\u00e5rdserviceteam Undersk\u00f6terskor Alvesta kommun har h\u00f6g arbetsbelastning och har idag ibland sv\u00e5rt att hinna med att utf\u00f6ra alla insatser t.ex. utevistelser f\u00f6r omsorgstagarna. Att st\u00e4da de \u00e4ldres l\u00e4genheter\/hus tar idag stor del av arbetsdagen f\u00f6r Undersk\u00f6terskor i Kommunen. D\u00e4rf\u00f6r f\u00f6resl\u00e5r vi Kristdemokrater i Alvesta kommun att kommunen ska erbjuda se som st\u00e5r l\u00e5ngt Read More\" \/>\n<meta property=\"og:url\" content=\"https:\/\/wp.kristdemokraterna.se\/alvesta\/motioner\/\" \/>\n<meta property=\"og:site_name\" content=\"Kristdemokraterna Alvesta\" \/>\n<meta property=\"article:modified_time\" content=\"2021-03-16T01:27:19+00:00\" \/>\n<meta name=\"twitter:card\" content=\"summary_large_image\" \/>\n<meta name=\"twitter:label1\" content=\"Ber\u00e4knad l\u00e4stid\" \/>\n\t<meta name=\"twitter:data1\" content=\"4 minuter\" \/>\n<script type=\"application\/ld+json\" class=\"yoast-schema-graph\">{\"@context\":\"https:\\\/\\\/schema.org\",\"@graph\":[{\"@type\":\"WebPage\",\"@id\":\"https:\\\/\\\/wp.kristdemokraterna.se\\\/alvesta\\\/motioner\\\/\",\"url\":\"https:\\\/\\\/wp.kristdemokraterna.se\\\/alvesta\\\/motioner\\\/\",\"name\":\"Motioner - Kristdemokraterna Alvesta\",\"isPartOf\":{\"@id\":\"https:\\\/\\\/wp.kristdemokraterna.se\\\/alvesta\\\/#website\"},\"datePublished\":\"2020-08-28T09:00:12+00:00\",\"dateModified\":\"2021-03-16T01:27:19+00:00\",\"breadcrumb\":{\"@id\":\"https:\\\/\\\/wp.kristdemokraterna.se\\\/alvesta\\\/motioner\\\/#breadcrumb\"},\"inLanguage\":\"sv-SE\",\"potentialAction\":[{\"@type\":\"ReadAction\",\"target\":[\"https:\\\/\\\/wp.kristdemokraterna.se\\\/alvesta\\\/motioner\\\/\"]}]},{\"@type\":\"BreadcrumbList\",\"@id\":\"https:\\\/\\\/wp.kristdemokraterna.se\\\/alvesta\\\/motioner\\\/#breadcrumb\",\"itemListElement\":[{\"@type\":\"ListItem\",\"position\":1,\"name\":\"Hem\",\"item\":\"https:\\\/\\\/wp.kristdemokraterna.se\\\/alvesta\\\/\"},{\"@type\":\"ListItem\",\"position\":2,\"name\":\"Motioner\"}]},{\"@type\":\"WebSite\",\"@id\":\"https:\\\/\\\/wp.kristdemokraterna.se\\\/alvesta\\\/#website\",\"url\":\"https:\\\/\\\/wp.kristdemokraterna.se\\\/alvesta\\\/\",\"name\":\"Kristdemokraterna Alvesta\",\"description\":\"En till Kristdemokraterna webbplats\",\"inLanguage\":\"sv-SE\"}]}<\/script>\n<!-- \/ Yoast SEO plugin. -->","yoast_head_json":{"title":"Motioner - Kristdemokraterna Alvesta","robots":{"index":"index","follow":"follow","max-snippet":"max-snippet:-1","max-image-preview":"max-image-preview:large","max-video-preview":"max-video-preview:-1"},"canonical":"https:\/\/wp.kristdemokraterna.se\/alvesta\/motioner\/","og_locale":"sv_SE","og_type":"article","og_title":"Motioner - Kristdemokraterna Alvesta","og_description":"Motion om V\u00e5rdserviceteam Undersk\u00f6terskor Alvesta kommun har h\u00f6g arbetsbelastning och har idag ibland sv\u00e5rt att hinna med att utf\u00f6ra alla insatser t.ex. utevistelser f\u00f6r omsorgstagarna. Att st\u00e4da de \u00e4ldres l\u00e4genheter\/hus tar idag stor del av arbetsdagen f\u00f6r Undersk\u00f6terskor i Kommunen. D\u00e4rf\u00f6r f\u00f6resl\u00e5r vi Kristdemokrater i Alvesta kommun att kommunen ska erbjuda se som st\u00e5r l\u00e5ngt Read More","og_url":"https:\/\/wp.kristdemokraterna.se\/alvesta\/motioner\/","og_site_name":"Kristdemokraterna Alvesta","article_modified_time":"2021-03-16T01:27:19+00:00","twitter_card":"summary_large_image","twitter_misc":{"Ber\u00e4knad l\u00e4stid":"4 minuter"},"schema":{"@context":"https:\/\/schema.org","@graph":[{"@type":"WebPage","@id":"https:\/\/wp.kristdemokraterna.se\/alvesta\/motioner\/","url":"https:\/\/wp.kristdemokraterna.se\/alvesta\/motioner\/","name":"Motioner - Kristdemokraterna Alvesta","isPartOf":{"@id":"https:\/\/wp.kristdemokraterna.se\/alvesta\/#website"},"datePublished":"2020-08-28T09:00:12+00:00","dateModified":"2021-03-16T01:27:19+00:00","breadcrumb":{"@id":"https:\/\/wp.kristdemokraterna.se\/alvesta\/motioner\/#breadcrumb"},"inLanguage":"sv-SE","potentialAction":[{"@type":"ReadAction","target":["https:\/\/wp.kristdemokraterna.se\/alvesta\/motioner\/"]}]},{"@type":"BreadcrumbList","@id":"https:\/\/wp.kristdemokraterna.se\/alvesta\/motioner\/#breadcrumb","itemListElement":[{"@type":"ListItem","position":1,"name":"Hem","item":"https:\/\/wp.kristdemokraterna.se\/alvesta\/"},{"@type":"ListItem","position":2,"name":"Motioner"}]},{"@type":"WebSite","@id":"https:\/\/wp.kristdemokraterna.se\/alvesta\/#website","url":"https:\/\/wp.kristdemokraterna.se\/alvesta\/","name":"Kristdemokraterna Alvesta","description":"En till Kristdemokraterna webbplats","inLanguage":"sv-SE"}]}},"_links":{"self":[{"href":"https:\/\/wp.kristdemokraterna.se\/alvesta\/wp-json\/wp\/v2\/pages\/125","targetHints":{"allow":["GET"]}}],"collection":[{"href":"https:\/\/wp.kristdemokraterna.se\/alvesta\/wp-json\/wp\/v2\/pages"}],"about":[{"href":"https:\/\/wp.kristdemokraterna.se\/alvesta\/wp-json\/wp\/v2\/types\/page"}],"author":[{"embeddable":true,"href":"https:\/\/wp.kristdemokraterna.se\/alvesta\/wp-json\/wp\/v2\/users\/443"}],"replies":[{"embeddable":true,"href":"https:\/\/wp.kristdemokraterna.se\/alvesta\/wp-json\/wp\/v2\/comments?post=125"}],"version-history":[{"count":55,"href":"https:\/\/wp.kristdemokraterna.se\/alvesta\/wp-json\/wp\/v2\/pages\/125\/revisions"}],"predecessor-version":[{"id":1478,"href":"https:\/\/wp.kristdemokraterna.se\/alvesta\/wp-json\/wp\/v2\/pages\/125\/revisions\/1478"}],"wp:attachment":[{"href":"https:\/\/wp.kristdemokraterna.se\/alvesta\/wp-json\/wp\/v2\/media?parent=125"}],"curies":[{"name":"wp","href":"https:\/\/api.w.org\/{rel}","templated":true}]}}