{"id":352,"date":"2017-12-01T09:56:02","date_gmt":"2017-12-01T08:56:02","guid":{"rendered":"http:\/\/wp.kristdemokraterna.se\/aneby\/?page_id=352"},"modified":"2020-09-18T13:51:23","modified_gmt":"2020-09-18T11:51:23","slug":"kontakta-oss","status":"publish","type":"page","link":"https:\/\/wp.kristdemokraterna.se\/aneby\/kontakta-oss\/","title":{"rendered":"Kontakta oss!"},"content":{"rendered":"<h2><strong>Partiavdelningsstyrelse<\/strong><\/h2>\n<p>Martin Rydholm<br \/>\nPartiavdelningsordf\u00f6rande<\/p>\n<p>Maria Lundblom B\u00e4ckstr\u00f6m<br \/>\n1:e vice partiavdelningsordf\u00f6rande<\/p>\n<p>Berndt Dahnson<br \/>\nPartiavdelningsstyrelseledamot<\/p>\n<p>Irene Oskarsson<br \/>\nSekreterare Partiavdelningsstyrelseledamot<\/p>\n<p>Marie Persson<br \/>\nPartiavdelningsstyrelseledamot<\/p>\n<p>J\u00f6rgen Sv\u00e4rd<br \/>\nKass\u00f6r Partiavdelningsstyrelseledamot<\/p>\n<h2><strong>Lokala politiker<\/strong><\/h2>\n<p>Irene Oskarsson<br \/>\nKommunfullm\u00e4ktige, gruppledare<\/p>\n<p>Margareta Wier<br \/>\nKommunfullm\u00e4ktige, ledamot<\/p>\n<p>Berndt Dahnson<br \/>\nKommunfullm\u00e4ktige, ledamot<\/p>\n<p>Maria Lundblom B\u00e4ckstr\u00f6m<br \/>\nKommunfullm\u00e4ktige, ledamot<\/p>\n<p>J\u00f6rgen Sv\u00e4rd<br \/>\nKommunfullm\u00e4ktige, ledamot<\/p>\n<p>Henning L\u00f6\u00f6v<br \/>\nKommunfullm\u00e4ktige, ers\u00e4ttare<\/p>\n<p>Linus B\u00e4ckstr\u00f6m<\/p>\n<p>Kommunfullm\u00e4ktige, ers\u00e4ttare<\/p>\n<p>Marie Persson<\/p>\n<p>Kommunfullm\u00e4ktige , ers\u00e4ttare<\/p>\n","protected":false},"excerpt":{"rendered":"<p>Partiavdelningsstyrelse Martin Rydholm Partiavdelningsordf\u00f6rande Maria Lundblom B\u00e4ckstr\u00f6m 1:e vice partiavdelningsordf\u00f6rande Berndt Dahnson Partiavdelningsstyrelseledamot Irene Oskarsson Sekreterare Partiavdelningsstyrelseledamot Marie Persson Partiavdelningsstyrelseledamot J\u00f6rgen Sv\u00e4rd Kass\u00f6r Partiavdelningsstyrelseledamot Lokala politiker Irene Oskarsson Kommunfullm\u00e4ktige, gruppledare Margareta Wier Kommunfullm\u00e4ktige, ledamot Berndt Dahnson Kommunfullm\u00e4ktige, ledamot Maria Lundblom B\u00e4ckstr\u00f6m Kommunfullm\u00e4ktige, ledamot J\u00f6rgen Sv\u00e4rd Kommunfullm\u00e4ktige, ledamot Henning L\u00f6\u00f6v Kommunfullm\u00e4ktige, ers\u00e4ttare Linus B\u00e4ckstr\u00f6m Kommunfullm\u00e4ktige, ers\u00e4ttare <a class=\"read-more-link\" href=\"https:\/\/wp.kristdemokraterna.se\/aneby\/kontakta-oss\/\">L\u00e4s mer<\/a><\/p>\n","protected":false},"author":487,"featured_media":0,"parent":0,"menu_order":0,"comment_status":"closed","ping_status":"closed","template":"page.php","meta":{"_acf_changed":false,"footnotes":""},"class_list":["post-352","page","type-page","status-publish","hentry"],"acf":[],"yoast_head":"<!-- This site is optimized with the Yoast SEO plugin v27.5 - https:\/\/yoast.com\/product\/yoast-seo-wordpress\/ -->\n<title>Kontakta oss! - Kristdemokraterna i Aneby<\/title>\n<meta name=\"robots\" content=\"index, follow, max-snippet:-1, max-image-preview:large, max-video-preview:-1\" \/>\n<link rel=\"canonical\" href=\"https:\/\/wp.kristdemokraterna.se\/aneby\/kontakta-oss\/\" \/>\n<meta property=\"og:locale\" content=\"sv_SE\" \/>\n<meta property=\"og:type\" content=\"article\" \/>\n<meta property=\"og:title\" content=\"Kontakta oss! - Kristdemokraterna i Aneby\" \/>\n<meta property=\"og:description\" content=\"Partiavdelningsstyrelse Martin Rydholm Partiavdelningsordf\u00f6rande Maria Lundblom B\u00e4ckstr\u00f6m 1:e vice partiavdelningsordf\u00f6rande Berndt Dahnson Partiavdelningsstyrelseledamot Irene Oskarsson Sekreterare Partiavdelningsstyrelseledamot Marie Persson Partiavdelningsstyrelseledamot J\u00f6rgen Sv\u00e4rd Kass\u00f6r Partiavdelningsstyrelseledamot Lokala politiker Irene Oskarsson Kommunfullm\u00e4ktige, gruppledare Margareta Wier Kommunfullm\u00e4ktige, ledamot Berndt Dahnson Kommunfullm\u00e4ktige, ledamot Maria Lundblom B\u00e4ckstr\u00f6m Kommunfullm\u00e4ktige, ledamot J\u00f6rgen Sv\u00e4rd Kommunfullm\u00e4ktige, ledamot Henning L\u00f6\u00f6v Kommunfullm\u00e4ktige, ers\u00e4ttare Linus B\u00e4ckstr\u00f6m Kommunfullm\u00e4ktige, ers\u00e4ttare L\u00e4s mer\" \/>\n<meta property=\"og:url\" content=\"https:\/\/wp.kristdemokraterna.se\/aneby\/kontakta-oss\/\" \/>\n<meta property=\"og:site_name\" content=\"Kristdemokraterna i Aneby\" \/>\n<meta property=\"article:modified_time\" content=\"2020-09-18T11:51:23+00:00\" \/>\n<meta name=\"twitter:card\" content=\"summary_large_image\" \/>\n<script type=\"application\/ld+json\" class=\"yoast-schema-graph\">{\"@context\":\"https:\\\/\\\/schema.org\",\"@graph\":[{\"@type\":\"WebPage\",\"@id\":\"https:\\\/\\\/wp.kristdemokraterna.se\\\/aneby\\\/kontakta-oss\\\/\",\"url\":\"https:\\\/\\\/wp.kristdemokraterna.se\\\/aneby\\\/kontakta-oss\\\/\",\"name\":\"Kontakta oss! - Kristdemokraterna i Aneby\",\"isPartOf\":{\"@id\":\"https:\\\/\\\/wp.kristdemokraterna.se\\\/aneby\\\/#website\"},\"datePublished\":\"2017-12-01T08:56:02+00:00\",\"dateModified\":\"2020-09-18T11:51:23+00:00\",\"breadcrumb\":{\"@id\":\"https:\\\/\\\/wp.kristdemokraterna.se\\\/aneby\\\/kontakta-oss\\\/#breadcrumb\"},\"inLanguage\":\"sv-SE\",\"potentialAction\":[{\"@type\":\"ReadAction\",\"target\":[\"https:\\\/\\\/wp.kristdemokraterna.se\\\/aneby\\\/kontakta-oss\\\/\"]}]},{\"@type\":\"BreadcrumbList\",\"@id\":\"https:\\\/\\\/wp.kristdemokraterna.se\\\/aneby\\\/kontakta-oss\\\/#breadcrumb\",\"itemListElement\":[{\"@type\":\"ListItem\",\"position\":1,\"name\":\"Hem\",\"item\":\"https:\\\/\\\/wp.kristdemokraterna.se\\\/aneby\\\/\"},{\"@type\":\"ListItem\",\"position\":2,\"name\":\"Kontakta oss!\"}]},{\"@type\":\"WebSite\",\"@id\":\"https:\\\/\\\/wp.kristdemokraterna.se\\\/aneby\\\/#website\",\"url\":\"https:\\\/\\\/wp.kristdemokraterna.se\\\/aneby\\\/\",\"name\":\"Kristdemokraterna i Aneby\",\"description\":\"En till Kristdemokraterna webbplats\",\"inLanguage\":\"sv-SE\"}]}<\/script>\n<!-- \/ Yoast SEO plugin. -->","yoast_head_json":{"title":"Kontakta oss! - Kristdemokraterna i Aneby","robots":{"index":"index","follow":"follow","max-snippet":"max-snippet:-1","max-image-preview":"max-image-preview:large","max-video-preview":"max-video-preview:-1"},"canonical":"https:\/\/wp.kristdemokraterna.se\/aneby\/kontakta-oss\/","og_locale":"sv_SE","og_type":"article","og_title":"Kontakta oss! - Kristdemokraterna i Aneby","og_description":"Partiavdelningsstyrelse Martin Rydholm Partiavdelningsordf\u00f6rande Maria Lundblom B\u00e4ckstr\u00f6m 1:e vice partiavdelningsordf\u00f6rande Berndt Dahnson Partiavdelningsstyrelseledamot Irene Oskarsson Sekreterare Partiavdelningsstyrelseledamot Marie Persson Partiavdelningsstyrelseledamot J\u00f6rgen Sv\u00e4rd Kass\u00f6r Partiavdelningsstyrelseledamot Lokala politiker Irene Oskarsson Kommunfullm\u00e4ktige, gruppledare Margareta Wier Kommunfullm\u00e4ktige, ledamot Berndt Dahnson Kommunfullm\u00e4ktige, ledamot Maria Lundblom B\u00e4ckstr\u00f6m Kommunfullm\u00e4ktige, ledamot J\u00f6rgen Sv\u00e4rd Kommunfullm\u00e4ktige, ledamot Henning L\u00f6\u00f6v Kommunfullm\u00e4ktige, ers\u00e4ttare Linus B\u00e4ckstr\u00f6m Kommunfullm\u00e4ktige, ers\u00e4ttare L\u00e4s mer","og_url":"https:\/\/wp.kristdemokraterna.se\/aneby\/kontakta-oss\/","og_site_name":"Kristdemokraterna i Aneby","article_modified_time":"2020-09-18T11:51:23+00:00","twitter_card":"summary_large_image","schema":{"@context":"https:\/\/schema.org","@graph":[{"@type":"WebPage","@id":"https:\/\/wp.kristdemokraterna.se\/aneby\/kontakta-oss\/","url":"https:\/\/wp.kristdemokraterna.se\/aneby\/kontakta-oss\/","name":"Kontakta oss! - Kristdemokraterna i Aneby","isPartOf":{"@id":"https:\/\/wp.kristdemokraterna.se\/aneby\/#website"},"datePublished":"2017-12-01T08:56:02+00:00","dateModified":"2020-09-18T11:51:23+00:00","breadcrumb":{"@id":"https:\/\/wp.kristdemokraterna.se\/aneby\/kontakta-oss\/#breadcrumb"},"inLanguage":"sv-SE","potentialAction":[{"@type":"ReadAction","target":["https:\/\/wp.kristdemokraterna.se\/aneby\/kontakta-oss\/"]}]},{"@type":"BreadcrumbList","@id":"https:\/\/wp.kristdemokraterna.se\/aneby\/kontakta-oss\/#breadcrumb","itemListElement":[{"@type":"ListItem","position":1,"name":"Hem","item":"https:\/\/wp.kristdemokraterna.se\/aneby\/"},{"@type":"ListItem","position":2,"name":"Kontakta oss!"}]},{"@type":"WebSite","@id":"https:\/\/wp.kristdemokraterna.se\/aneby\/#website","url":"https:\/\/wp.kristdemokraterna.se\/aneby\/","name":"Kristdemokraterna i Aneby","description":"En till Kristdemokraterna webbplats","inLanguage":"sv-SE"}]}},"_links":{"self":[{"href":"https:\/\/wp.kristdemokraterna.se\/aneby\/wp-json\/wp\/v2\/pages\/352","targetHints":{"allow":["GET"]}}],"collection":[{"href":"https:\/\/wp.kristdemokraterna.se\/aneby\/wp-json\/wp\/v2\/pages"}],"about":[{"href":"https:\/\/wp.kristdemokraterna.se\/aneby\/wp-json\/wp\/v2\/types\/page"}],"author":[{"embeddable":true,"href":"https:\/\/wp.kristdemokraterna.se\/aneby\/wp-json\/wp\/v2\/users\/487"}],"replies":[{"embeddable":true,"href":"https:\/\/wp.kristdemokraterna.se\/aneby\/wp-json\/wp\/v2\/comments?post=352"}],"version-history":[{"count":7,"href":"https:\/\/wp.kristdemokraterna.se\/aneby\/wp-json\/wp\/v2\/pages\/352\/revisions"}],"predecessor-version":[{"id":515,"href":"https:\/\/wp.kristdemokraterna.se\/aneby\/wp-json\/wp\/v2\/pages\/352\/revisions\/515"}],"wp:attachment":[{"href":"https:\/\/wp.kristdemokraterna.se\/aneby\/wp-json\/wp\/v2\/media?parent=352"}],"curies":[{"name":"wp","href":"https:\/\/api.w.org\/{rel}","templated":true}]}}