{"version":"1.0","provider_name":"Kristdemokraterna | B\u00e5stad","provider_url":"https:\/\/wp.kristdemokraterna.se\/bastad","title":"F\u00f6r ett v\u00e4rdigt \u00e5ldrande - Kristdemokraterna | B\u00e5stad","type":"rich","width":600,"height":338,"html":"<blockquote class=\"wp-embedded-content\" data-secret=\"BnPyST1eXT\"><a href=\"https:\/\/wp.kristdemokraterna.se\/bastad\/for-ett-vardigt-aldrande\/\">F\u00f6r ett v\u00e4rdigt \u00e5ldrande<\/a><\/blockquote><iframe sandbox=\"allow-scripts\" security=\"restricted\" src=\"https:\/\/wp.kristdemokraterna.se\/bastad\/for-ett-vardigt-aldrande\/embed\/#?secret=BnPyST1eXT\" width=\"600\" height=\"338\" title=\"\u201dF\u00f6r ett v\u00e4rdigt \u00e5ldrande\u201d &ndash; Kristdemokraterna | B\u00e5stad\" data-secret=\"BnPyST1eXT\" frameborder=\"0\" marginwidth=\"0\" marginheight=\"0\" scrolling=\"no\" class=\"wp-embedded-content\"><\/iframe><script type=\"text\/javascript\">\n\/* <![CDATA[ *\/\n\/*! This file is auto-generated *\/\n!function(d,l){\"use strict\";l.querySelector&&d.addEventListener&&\"undefined\"!=typeof URL&&(d.wp=d.wp||{},d.wp.receiveEmbedMessage||(d.wp.receiveEmbedMessage=function(e){var t=e.data;if((t||t.secret||t.message||t.value)&&!\/[^a-zA-Z0-9]\/.test(t.secret)){for(var s,r,n,a=l.querySelectorAll('iframe[data-secret=\"'+t.secret+'\"]'),o=l.querySelectorAll('blockquote[data-secret=\"'+t.secret+'\"]'),c=new RegExp(\"^https?:$\",\"i\"),i=0;i<o.length;i++)o[i].style.display=\"none\";for(i=0;i<a.length;i++)s=a[i],e.source===s.contentWindow&&(s.removeAttribute(\"style\"),\"height\"===t.message?(1e3<(r=parseInt(t.value,10))?r=1e3:~~r<200&&(r=200),s.height=r):\"link\"===t.message&&(r=new URL(s.getAttribute(\"src\")),n=new URL(t.value),c.test(n.protocol))&&n.host===r.host&&l.activeElement===s&&(d.top.location.href=t.value))}},d.addEventListener(\"message\",d.wp.receiveEmbedMessage,!1),l.addEventListener(\"DOMContentLoaded\",function(){for(var e,t,s=l.querySelectorAll(\"iframe.wp-embedded-content\"),r=0;r<s.length;r++)(t=(e=s[r]).getAttribute(\"data-secret\"))||(t=Math.random().toString(36).substring(2,12),e.src+=\"#?secret=\"+t,e.setAttribute(\"data-secret\",t)),e.contentWindow.postMessage({message:\"ready\",secret:t},\"*\")},!1)))}(window,document);\n\/\/# sourceURL=https:\/\/wp.kristdemokraterna.se\/bastad\/wp-includes\/js\/wp-embed.min.js\n\/* ]]> *\/\n<\/script>\n","thumbnail_url":"https:\/\/wp.kristdemokraterna.se\/bastad\/files\/2015\/04\/bastadhd2.jpg","thumbnail_width":980,"thumbnail_height":240,"description":"\u00c4ldrefr\u00e5gorna \u00e4r h\u00f6gprioriterade f\u00f6r oss. Vi st\u00e4ller h\u00f6ga krav p\u00e5 en trygg och v\u00e4rdig \u00e4ldreomsorg. Vi vill att Bj\u00e4res \u00e4ldre ska ges m\u00f6jlighet och valfrihet att bo kvar p\u00e5 de orter d\u00e4r man levt och verkat &#8211; inte bara om man kommer fr\u00e5n kommunens st\u00f6rsta orter. Vi vill \u00f6ppna fler platser p\u00e5 kommunens korttidsboenden och L\u00e4s mer"}