{"version":"1.0","provider_name":"Kristdemokraterna Borl\u00e4nge","provider_url":"https:\/\/wp.kristdemokraterna.se\/borlange","title":"Vad vill vi i v\u00e5r kommun - Kristdemokraterna Borl\u00e4nge","type":"rich","width":600,"height":338,"html":"<blockquote class=\"wp-embedded-content\" data-secret=\"vQ886rqR4u\"><a href=\"https:\/\/wp.kristdemokraterna.se\/borlange\/i-var-kommun\/\">Vad vill vi i v\u00e5r kommun<\/a><\/blockquote><iframe sandbox=\"allow-scripts\" security=\"restricted\" src=\"https:\/\/wp.kristdemokraterna.se\/borlange\/i-var-kommun\/embed\/#?secret=vQ886rqR4u\" width=\"600\" height=\"338\" title=\"\u201dVad vill vi i v\u00e5r kommun\u201d &ndash; Kristdemokraterna Borl\u00e4nge\" data-secret=\"vQ886rqR4u\" frameborder=\"0\" marginwidth=\"0\" marginheight=\"0\" scrolling=\"no\" class=\"wp-embedded-content\"><\/iframe><script type=\"text\/javascript\">\n\/* <![CDATA[ *\/\n\/*! This file is auto-generated *\/\n!function(d,l){\"use strict\";l.querySelector&&d.addEventListener&&\"undefined\"!=typeof URL&&(d.wp=d.wp||{},d.wp.receiveEmbedMessage||(d.wp.receiveEmbedMessage=function(e){var t=e.data;if((t||t.secret||t.message||t.value)&&!\/[^a-zA-Z0-9]\/.test(t.secret)){for(var s,r,n,a=l.querySelectorAll('iframe[data-secret=\"'+t.secret+'\"]'),o=l.querySelectorAll('blockquote[data-secret=\"'+t.secret+'\"]'),c=new RegExp(\"^https?:$\",\"i\"),i=0;i<o.length;i++)o[i].style.display=\"none\";for(i=0;i<a.length;i++)s=a[i],e.source===s.contentWindow&&(s.removeAttribute(\"style\"),\"height\"===t.message?(1e3<(r=parseInt(t.value,10))?r=1e3:~~r<200&&(r=200),s.height=r):\"link\"===t.message&&(r=new URL(s.getAttribute(\"src\")),n=new URL(t.value),c.test(n.protocol))&&n.host===r.host&&l.activeElement===s&&(d.top.location.href=t.value))}},d.addEventListener(\"message\",d.wp.receiveEmbedMessage,!1),l.addEventListener(\"DOMContentLoaded\",function(){for(var e,t,s=l.querySelectorAll(\"iframe.wp-embedded-content\"),r=0;r<s.length;r++)(t=(e=s[r]).getAttribute(\"data-secret\"))||(t=Math.random().toString(36).substring(2,12),e.src+=\"#?secret=\"+t,e.setAttribute(\"data-secret\",t)),e.contentWindow.postMessage({message:\"ready\",secret:t},\"*\")},!1)))}(window,document);\n\/\/# sourceURL=https:\/\/wp.kristdemokraterna.se\/borlange\/wp-includes\/js\/wp-embed.min.js\n\/* ]]> *\/\n<\/script>\n","thumbnail_url":null,"thumbnail_width":null,"thumbnail_height":null,"description":"Redo f\u00f6r nyt\u00e4nkande och trygghet \u2013\u00a0F\u00f6r hela Borl\u00e4nges b\u00e4sta.\u00a0 Kristdemokraterna \u00e4r redo, vi st\u00e5r f\u00f6r ett ledarskap med stort engagemang och fram\u00e5tanda.\u00a0 Vi ser verkligheten f\u00f6r vad den \u00e4r och t\u00e4nker inte l\u00e4gga dimrid\u00e5er eller f\u00f6rsk\u00f6na. Vi har p\u00e5 v\u00e5ra valsedlar nya kandidater som bidrar med f\u00f6rnyelse och nyt\u00e4nkande men ocks\u00e5 flera personer med erfarenhet L\u00e4s mer"}