{"id":269,"date":"2017-11-29T16:48:28","date_gmt":"2017-11-29T15:48:28","guid":{"rendered":"https:\/\/wp.kristdemokraterna.se\/borlange\/?page_id=269"},"modified":"2023-04-09T19:03:51","modified_gmt":"2023-04-09T17:03:51","slug":"textsida-med-vanster-sidebar","status":"publish","type":"page","link":"https:\/\/wp.kristdemokraterna.se\/borlange\/textsida-med-vanster-sidebar\/","title":{"rendered":"V\u00e5r partiavdelning"},"content":{"rendered":"<h4>Styrelse<\/h4>\n<p><a href=\"https:\/\/wp.kristdemokraterna.se\/borlange\/files\/2022\/06\/samuelno\u0308jd-scaled-e1661155953266.jpeg\"><img loading=\"lazy\" decoding=\"async\" class=\"alignnone size-medium wp-image-566\" src=\"https:\/\/wp.kristdemokraterna.se\/borlange\/files\/2022\/06\/samuelno\u0308jd-scaled-e1661155953266-300x300.jpeg\" alt=\"\" width=\"300\" height=\"300\" srcset=\"https:\/\/wp.kristdemokraterna.se\/borlange\/files\/2022\/06\/samuelno\u0308jd-scaled-e1661155953266-300x300.jpeg 300w, https:\/\/wp.kristdemokraterna.se\/borlange\/files\/2022\/06\/samuelno\u0308jd-scaled-e1661155953266-1024x1024.jpeg 1024w, https:\/\/wp.kristdemokraterna.se\/borlange\/files\/2022\/06\/samuelno\u0308jd-scaled-e1661155953266-150x150.jpeg 150w, https:\/\/wp.kristdemokraterna.se\/borlange\/files\/2022\/06\/samuelno\u0308jd-scaled-e1661155953266-768x768.jpeg 768w, https:\/\/wp.kristdemokraterna.se\/borlange\/files\/2022\/06\/samuelno\u0308jd-scaled-e1661155953266-1536x1536.jpeg 1536w, https:\/\/wp.kristdemokraterna.se\/borlange\/files\/2022\/06\/samuelno\u0308jd-scaled-e1661155953266-200x200.jpeg 200w, https:\/\/wp.kristdemokraterna.se\/borlange\/files\/2022\/06\/samuelno\u0308jd-scaled-e1661155953266-370x370.jpeg 370w, https:\/\/wp.kristdemokraterna.se\/borlange\/files\/2022\/06\/samuelno\u0308jd-scaled-e1661155953266-90x90.jpeg 90w, https:\/\/wp.kristdemokraterna.se\/borlange\/files\/2022\/06\/samuelno\u0308jd-scaled-e1661155953266-770x770.jpeg 770w, https:\/\/wp.kristdemokraterna.se\/borlange\/files\/2022\/06\/samuelno\u0308jd-scaled-e1661155953266-450x450.jpeg 450w, https:\/\/wp.kristdemokraterna.se\/borlange\/files\/2022\/06\/samuelno\u0308jd-scaled-e1661155953266-280x280.jpeg 280w, https:\/\/wp.kristdemokraterna.se\/borlange\/files\/2022\/06\/samuelno\u0308jd-scaled-e1661155953266-340x340.jpeg 340w, https:\/\/wp.kristdemokraterna.se\/borlange\/files\/2022\/06\/samuelno\u0308jd-scaled-e1661155953266-56x56.jpeg 56w, https:\/\/wp.kristdemokraterna.se\/borlange\/files\/2022\/06\/samuelno\u0308jd-scaled-e1661155953266.jpeg 1708w\" sizes=\"auto, (max-width: 300px) 100vw, 300px\" \/><\/a><\/p>\n<p>Samuel Hedstr\u00f6m, ordf\u00f6rande<br \/>\nMail: Samuel.hedstrom1967@gmail.com<br \/>\nTel: 076-769 42 33<\/p>\n<p>Hans Holm\u00e9n, 1:e vice ordf\u00f6rande<br \/>\nKrister Svensson, ledamot<br \/>\nElin \u00c5hman, ledamot<br \/>\nHelen Henriksson, ledamot<br \/>\nDennis Gottberg, ledamot<br \/>\nFredrik Bergqvist, ledamot<\/p>\n<h4>Kommunfullm\u00e4ktige<\/h4>\n<p>Samuel Hedstr\u00f6m, ledamot<br \/>\nJonas Hillerstr\u00f6m, ledamot<br \/>\nSonja Johansson, ledamot<br \/>\nElin \u00c5hman, ledamot<\/p>\n<h4>L\u00e4s mer <a href=\"https:\/\/kristdemokraterna.se\/vart-parti\/foretradare\/kd-lokalt\/dalarna\/borlange\">h\u00e4r<\/a><\/h4>\n<p>&nbsp;<\/p>\n","protected":false},"excerpt":{"rendered":"<p>Styrelse Samuel Hedstr\u00f6m, ordf\u00f6rande Mail: Samuel.hedstrom1967@gmail.com Tel: 076-769 42 33 Hans Holm\u00e9n, 1:e vice ordf\u00f6rande Krister Svensson, ledamot Elin \u00c5hman, ledamot Helen Henriksson, ledamot Dennis Gottberg, ledamot Fredrik Bergqvist, ledamot Kommunfullm\u00e4ktige Samuel Hedstr\u00f6m, ledamot Jonas Hillerstr\u00f6m, ledamot Sonja Johansson, ledamot Elin \u00c5hman, ledamot L\u00e4s mer h\u00e4r &nbsp;<\/p>\n","protected":false},"author":21,"featured_media":714,"parent":0,"menu_order":0,"comment_status":"closed","ping_status":"closed","template":"page.php","meta":{"_acf_changed":false,"footnotes":""},"class_list":["post-269","page","type-page","status-publish","hentry"],"acf":[],"yoast_head":"<!-- This site is optimized with the Yoast SEO plugin v27.4 - https:\/\/yoast.com\/product\/yoast-seo-wordpress\/ -->\n<title>V\u00e5r partiavdelning - Kristdemokraterna Borl\u00e4nge<\/title>\n<meta name=\"robots\" content=\"index, follow, max-snippet:-1, max-image-preview:large, max-video-preview:-1\" \/>\n<link rel=\"canonical\" href=\"https:\/\/wp.kristdemokraterna.se\/borlange\/textsida-med-vanster-sidebar\/\" \/>\n<meta property=\"og:locale\" content=\"sv_SE\" \/>\n<meta property=\"og:type\" content=\"article\" \/>\n<meta property=\"og:title\" content=\"V\u00e5r partiavdelning - Kristdemokraterna Borl\u00e4nge\" \/>\n<meta property=\"og:description\" content=\"Styrelse Samuel Hedstr\u00f6m, ordf\u00f6rande Mail: Samuel.hedstrom1967@gmail.com Tel: 076-769 42 33 Hans Holm\u00e9n, 1:e vice ordf\u00f6rande Krister Svensson, ledamot Elin \u00c5hman, ledamot Helen Henriksson, ledamot Dennis Gottberg, ledamot Fredrik Bergqvist, ledamot Kommunfullm\u00e4ktige Samuel Hedstr\u00f6m, ledamot Jonas Hillerstr\u00f6m, ledamot Sonja Johansson, ledamot Elin \u00c5hman, ledamot L\u00e4s mer h\u00e4r &nbsp;\" \/>\n<meta property=\"og:url\" content=\"https:\/\/wp.kristdemokraterna.se\/borlange\/textsida-med-vanster-sidebar\/\" \/>\n<meta property=\"og:site_name\" content=\"Kristdemokraterna Borl\u00e4nge\" \/>\n<meta property=\"article:modified_time\" content=\"2023-04-09T17:03:51+00:00\" \/>\n<meta name=\"twitter:card\" content=\"summary_large_image\" \/>\n<meta name=\"twitter:label1\" content=\"Ber\u00e4knad l\u00e4stid\" \/>\n\t<meta name=\"twitter:data1\" content=\"1 minut\" \/>\n<script type=\"application\/ld+json\" class=\"yoast-schema-graph\">{\"@context\":\"https:\\\/\\\/schema.org\",\"@graph\":[{\"@type\":\"WebPage\",\"@id\":\"https:\\\/\\\/wp.kristdemokraterna.se\\\/borlange\\\/textsida-med-vanster-sidebar\\\/\",\"url\":\"https:\\\/\\\/wp.kristdemokraterna.se\\\/borlange\\\/textsida-med-vanster-sidebar\\\/\",\"name\":\"V\u00e5r partiavdelning - Kristdemokraterna Borl\u00e4nge\",\"isPartOf\":{\"@id\":\"https:\\\/\\\/wp.kristdemokraterna.se\\\/borlange\\\/#website\"},\"primaryImageOfPage\":{\"@id\":\"https:\\\/\\\/wp.kristdemokraterna.se\\\/borlange\\\/textsida-med-vanster-sidebar\\\/#primaryimage\"},\"image\":{\"@id\":\"https:\\\/\\\/wp.kristdemokraterna.se\\\/borlange\\\/textsida-med-vanster-sidebar\\\/#primaryimage\"},\"thumbnailUrl\":\"\",\"datePublished\":\"2017-11-29T15:48:28+00:00\",\"dateModified\":\"2023-04-09T17:03:51+00:00\",\"breadcrumb\":{\"@id\":\"https:\\\/\\\/wp.kristdemokraterna.se\\\/borlange\\\/textsida-med-vanster-sidebar\\\/#breadcrumb\"},\"inLanguage\":\"sv-SE\",\"potentialAction\":[{\"@type\":\"ReadAction\",\"target\":[\"https:\\\/\\\/wp.kristdemokraterna.se\\\/borlange\\\/textsida-med-vanster-sidebar\\\/\"]}]},{\"@type\":\"ImageObject\",\"inLanguage\":\"sv-SE\",\"@id\":\"https:\\\/\\\/wp.kristdemokraterna.se\\\/borlange\\\/textsida-med-vanster-sidebar\\\/#primaryimage\",\"url\":\"\",\"contentUrl\":\"\"},{\"@type\":\"BreadcrumbList\",\"@id\":\"https:\\\/\\\/wp.kristdemokraterna.se\\\/borlange\\\/textsida-med-vanster-sidebar\\\/#breadcrumb\",\"itemListElement\":[{\"@type\":\"ListItem\",\"position\":1,\"name\":\"Hem\",\"item\":\"https:\\\/\\\/wp.kristdemokraterna.se\\\/borlange\\\/\"},{\"@type\":\"ListItem\",\"position\":2,\"name\":\"V\u00e5r partiavdelning\"}]},{\"@type\":\"WebSite\",\"@id\":\"https:\\\/\\\/wp.kristdemokraterna.se\\\/borlange\\\/#website\",\"url\":\"https:\\\/\\\/wp.kristdemokraterna.se\\\/borlange\\\/\",\"name\":\"Kristdemokraterna Borl\u00e4nge\",\"description\":\"Redo f\u00f6r nyt\u00e4nkande och trygghet - F\u00f6r hela Borl\u00e4nges b\u00e4sta\",\"inLanguage\":\"sv-SE\"}]}<\/script>\n<!-- \/ Yoast SEO plugin. -->","yoast_head_json":{"title":"V\u00e5r partiavdelning - Kristdemokraterna Borl\u00e4nge","robots":{"index":"index","follow":"follow","max-snippet":"max-snippet:-1","max-image-preview":"max-image-preview:large","max-video-preview":"max-video-preview:-1"},"canonical":"https:\/\/wp.kristdemokraterna.se\/borlange\/textsida-med-vanster-sidebar\/","og_locale":"sv_SE","og_type":"article","og_title":"V\u00e5r partiavdelning - Kristdemokraterna Borl\u00e4nge","og_description":"Styrelse Samuel Hedstr\u00f6m, ordf\u00f6rande Mail: Samuel.hedstrom1967@gmail.com Tel: 076-769 42 33 Hans Holm\u00e9n, 1:e vice ordf\u00f6rande Krister Svensson, ledamot Elin \u00c5hman, ledamot Helen Henriksson, ledamot Dennis Gottberg, ledamot Fredrik Bergqvist, ledamot Kommunfullm\u00e4ktige Samuel Hedstr\u00f6m, ledamot Jonas Hillerstr\u00f6m, ledamot Sonja Johansson, ledamot Elin \u00c5hman, ledamot L\u00e4s mer h\u00e4r &nbsp;","og_url":"https:\/\/wp.kristdemokraterna.se\/borlange\/textsida-med-vanster-sidebar\/","og_site_name":"Kristdemokraterna Borl\u00e4nge","article_modified_time":"2023-04-09T17:03:51+00:00","twitter_card":"summary_large_image","twitter_misc":{"Ber\u00e4knad l\u00e4stid":"1 minut"},"schema":{"@context":"https:\/\/schema.org","@graph":[{"@type":"WebPage","@id":"https:\/\/wp.kristdemokraterna.se\/borlange\/textsida-med-vanster-sidebar\/","url":"https:\/\/wp.kristdemokraterna.se\/borlange\/textsida-med-vanster-sidebar\/","name":"V\u00e5r partiavdelning - Kristdemokraterna Borl\u00e4nge","isPartOf":{"@id":"https:\/\/wp.kristdemokraterna.se\/borlange\/#website"},"primaryImageOfPage":{"@id":"https:\/\/wp.kristdemokraterna.se\/borlange\/textsida-med-vanster-sidebar\/#primaryimage"},"image":{"@id":"https:\/\/wp.kristdemokraterna.se\/borlange\/textsida-med-vanster-sidebar\/#primaryimage"},"thumbnailUrl":"","datePublished":"2017-11-29T15:48:28+00:00","dateModified":"2023-04-09T17:03:51+00:00","breadcrumb":{"@id":"https:\/\/wp.kristdemokraterna.se\/borlange\/textsida-med-vanster-sidebar\/#breadcrumb"},"inLanguage":"sv-SE","potentialAction":[{"@type":"ReadAction","target":["https:\/\/wp.kristdemokraterna.se\/borlange\/textsida-med-vanster-sidebar\/"]}]},{"@type":"ImageObject","inLanguage":"sv-SE","@id":"https:\/\/wp.kristdemokraterna.se\/borlange\/textsida-med-vanster-sidebar\/#primaryimage","url":"","contentUrl":""},{"@type":"BreadcrumbList","@id":"https:\/\/wp.kristdemokraterna.se\/borlange\/textsida-med-vanster-sidebar\/#breadcrumb","itemListElement":[{"@type":"ListItem","position":1,"name":"Hem","item":"https:\/\/wp.kristdemokraterna.se\/borlange\/"},{"@type":"ListItem","position":2,"name":"V\u00e5r partiavdelning"}]},{"@type":"WebSite","@id":"https:\/\/wp.kristdemokraterna.se\/borlange\/#website","url":"https:\/\/wp.kristdemokraterna.se\/borlange\/","name":"Kristdemokraterna Borl\u00e4nge","description":"Redo f\u00f6r nyt\u00e4nkande och trygghet - F\u00f6r hela Borl\u00e4nges b\u00e4sta","inLanguage":"sv-SE"}]}},"_links":{"self":[{"href":"https:\/\/wp.kristdemokraterna.se\/borlange\/wp-json\/wp\/v2\/pages\/269","targetHints":{"allow":["GET"]}}],"collection":[{"href":"https:\/\/wp.kristdemokraterna.se\/borlange\/wp-json\/wp\/v2\/pages"}],"about":[{"href":"https:\/\/wp.kristdemokraterna.se\/borlange\/wp-json\/wp\/v2\/types\/page"}],"author":[{"embeddable":true,"href":"https:\/\/wp.kristdemokraterna.se\/borlange\/wp-json\/wp\/v2\/users\/21"}],"replies":[{"embeddable":true,"href":"https:\/\/wp.kristdemokraterna.se\/borlange\/wp-json\/wp\/v2\/comments?post=269"}],"version-history":[{"count":19,"href":"https:\/\/wp.kristdemokraterna.se\/borlange\/wp-json\/wp\/v2\/pages\/269\/revisions"}],"predecessor-version":[{"id":585,"href":"https:\/\/wp.kristdemokraterna.se\/borlange\/wp-json\/wp\/v2\/pages\/269\/revisions\/585"}],"wp:featuredmedia":[{"embeddable":true,"href":"https:\/\/wp.kristdemokraterna.se\/borlange\/wp-json\/"}],"wp:attachment":[{"href":"https:\/\/wp.kristdemokraterna.se\/borlange\/wp-json\/wp\/v2\/media?parent=269"}],"curies":[{"name":"wp","href":"https:\/\/api.w.org\/{rel}","templated":true}]}}