{"version":"1.0","provider_name":"Bo Rudolfsson","provider_url":"https:\/\/wp.kristdemokraterna.se\/borudolfsson","title":"Sm\u00e5kommuner i \u00d6rebro l\u00e4n \u201dsnuvad\u201d av staten - Bo Rudolfsson","type":"rich","width":600,"height":338,"html":"<blockquote class=\"wp-embedded-content\" data-secret=\"eM39Bb5SHH\"><a href=\"https:\/\/wp.kristdemokraterna.se\/borudolfsson\/smakommuner-i-orebro-lan-snuvad-av-staten\/\">Sm\u00e5kommuner i \u00d6rebro l\u00e4n \u201dsnuvad\u201d av staten<\/a><\/blockquote><iframe sandbox=\"allow-scripts\" security=\"restricted\" src=\"https:\/\/wp.kristdemokraterna.se\/borudolfsson\/smakommuner-i-orebro-lan-snuvad-av-staten\/embed\/#?secret=eM39Bb5SHH\" width=\"600\" height=\"338\" title=\"\u201dSm\u00e5kommuner i \u00d6rebro l\u00e4n \u201dsnuvad\u201d av staten\u201d &ndash; Bo Rudolfsson\" data-secret=\"eM39Bb5SHH\" frameborder=\"0\" marginwidth=\"0\" marginheight=\"0\" scrolling=\"no\" class=\"wp-embedded-content\"><\/iframe><script type=\"text\/javascript\">\n\/* <![CDATA[ *\/\n\/*! This file is auto-generated *\/\n!function(d,l){\"use strict\";l.querySelector&&d.addEventListener&&\"undefined\"!=typeof URL&&(d.wp=d.wp||{},d.wp.receiveEmbedMessage||(d.wp.receiveEmbedMessage=function(e){var t=e.data;if((t||t.secret||t.message||t.value)&&!\/[^a-zA-Z0-9]\/.test(t.secret)){for(var s,r,n,a=l.querySelectorAll('iframe[data-secret=\"'+t.secret+'\"]'),o=l.querySelectorAll('blockquote[data-secret=\"'+t.secret+'\"]'),c=new RegExp(\"^https?:$\",\"i\"),i=0;i<o.length;i++)o[i].style.display=\"none\";for(i=0;i<a.length;i++)s=a[i],e.source===s.contentWindow&&(s.removeAttribute(\"style\"),\"height\"===t.message?(1e3<(r=parseInt(t.value,10))?r=1e3:~~r<200&&(r=200),s.height=r):\"link\"===t.message&&(r=new URL(s.getAttribute(\"src\")),n=new URL(t.value),c.test(n.protocol))&&n.host===r.host&&l.activeElement===s&&(d.top.location.href=t.value))}},d.addEventListener(\"message\",d.wp.receiveEmbedMessage,!1),l.addEventListener(\"DOMContentLoaded\",function(){for(var e,t,s=l.querySelectorAll(\"iframe.wp-embedded-content\"),r=0;r<s.length;r++)(t=(e=s[r]).getAttribute(\"data-secret\"))||(t=Math.random().toString(36).substring(2,12),e.src+=\"#?secret=\"+t,e.setAttribute(\"data-secret\",t)),e.contentWindow.postMessage({message:\"ready\",secret:t},\"*\")},!1)))}(window,document);\n\/\/# sourceURL=https:\/\/wp.kristdemokraterna.se\/borudolfsson\/wp-includes\/js\/wp-embed.min.js\n\/* ]]> *\/\n<\/script>\n","description":"Som kommunf\u00f6retr\u00e4dare i n\u00e5gra av l\u00e4nets mindre kommuner har vi m\u00e5nga olika erfarenheter av staten, det vill s\u00e4ga olika statliga myndigheter och ytterst regeringen som ansvarig f\u00f6r statens verksamheter. Vi har alla under de senaste \u00e5ren drabbats av att F\u00f6rs\u00e4kringskassan l\u00e4gger ned eller minskar verksamheten i kommunen, att arbetsf\u00f6rmedlingen l\u00e4gger ned eller minskar, att posten Read More"}