{"version":"1.0","provider_name":"Conny Br\u00e4nnberg","provider_url":"https:\/\/wp.kristdemokraterna.se\/brannberg","title":"Ebba har haft sitt sommartal - Conny Br\u00e4nnberg","type":"rich","width":600,"height":338,"html":"<blockquote class=\"wp-embedded-content\" data-secret=\"QxHM5TDy8L\"><a href=\"https:\/\/wp.kristdemokraterna.se\/brannberg\/ebba-har-haft-sitt-sommartal\/\">Ebba har haft sitt sommartal<\/a><\/blockquote><iframe sandbox=\"allow-scripts\" security=\"restricted\" src=\"https:\/\/wp.kristdemokraterna.se\/brannberg\/ebba-har-haft-sitt-sommartal\/embed\/#?secret=QxHM5TDy8L\" width=\"600\" height=\"338\" title=\"\u201dEbba har haft sitt sommartal\u201d &ndash; Conny Br\u00e4nnberg\" data-secret=\"QxHM5TDy8L\" frameborder=\"0\" marginwidth=\"0\" marginheight=\"0\" scrolling=\"no\" class=\"wp-embedded-content\"><\/iframe><script type=\"text\/javascript\">\n\/* <![CDATA[ *\/\n\/*! This file is auto-generated *\/\n!function(d,l){\"use strict\";l.querySelector&&d.addEventListener&&\"undefined\"!=typeof URL&&(d.wp=d.wp||{},d.wp.receiveEmbedMessage||(d.wp.receiveEmbedMessage=function(e){var t=e.data;if((t||t.secret||t.message||t.value)&&!\/[^a-zA-Z0-9]\/.test(t.secret)){for(var s,r,n,a=l.querySelectorAll('iframe[data-secret=\"'+t.secret+'\"]'),o=l.querySelectorAll('blockquote[data-secret=\"'+t.secret+'\"]'),c=new RegExp(\"^https?:$\",\"i\"),i=0;i<o.length;i++)o[i].style.display=\"none\";for(i=0;i<a.length;i++)s=a[i],e.source===s.contentWindow&&(s.removeAttribute(\"style\"),\"height\"===t.message?(1e3<(r=parseInt(t.value,10))?r=1e3:~~r<200&&(r=200),s.height=r):\"link\"===t.message&&(r=new URL(s.getAttribute(\"src\")),n=new URL(t.value),c.test(n.protocol))&&n.host===r.host&&l.activeElement===s&&(d.top.location.href=t.value))}},d.addEventListener(\"message\",d.wp.receiveEmbedMessage,!1),l.addEventListener(\"DOMContentLoaded\",function(){for(var e,t,s=l.querySelectorAll(\"iframe.wp-embedded-content\"),r=0;r<s.length;r++)(t=(e=s[r]).getAttribute(\"data-secret\"))||(t=Math.random().toString(36).substring(2,12),e.src+=\"#?secret=\"+t,e.setAttribute(\"data-secret\",t)),e.contentWindow.postMessage({message:\"ready\",secret:t},\"*\")},!1)))}(window,document);\n\/\/# sourceURL=https:\/\/wp.kristdemokraterna.se\/brannberg\/wp-includes\/js\/wp-embed.min.js\n\/* ]]> *\/\n<\/script>\n","description":"Kristdemokrater \u00e4r ute och kampanjar runt om i landet. Ambitionen \u00e4r att \u00f6ka representationen i de olika politiska f\u00f6rsamlingarna. I g\u00e5r h\u00f6ll Ebba Busch sitt sommartal och markerade d\u00e5 att valr\u00f6relsen \u00e4r verkligen ig\u00e5ng. Nu f\u00f6rbereds f\u00f6r upps\u00e4ttning av affischer, filmer \u00e4r producerade och m\u00e4ngder av olika texter har tagits fram. Ambitionen \u00e4r att Kristdemokraterna Read More"}