{"version":"1.0","provider_name":"Conny Br\u00e4nnberg","provider_url":"https:\/\/wp.kristdemokraterna.se\/brannberg","title":"Skapa inte en konstn\u00e4rlig regionarrest - Conny Br\u00e4nnberg","type":"rich","width":600,"height":338,"html":"<blockquote class=\"wp-embedded-content\" data-secret=\"VvFbg7dSfY\"><a href=\"https:\/\/wp.kristdemokraterna.se\/brannberg\/skapa-inte-en-konstnarlig-regionarrest\/\">Skapa inte en konstn\u00e4rlig regionarrest<\/a><\/blockquote><iframe sandbox=\"allow-scripts\" security=\"restricted\" src=\"https:\/\/wp.kristdemokraterna.se\/brannberg\/skapa-inte-en-konstnarlig-regionarrest\/embed\/#?secret=VvFbg7dSfY\" width=\"600\" height=\"338\" title=\"\u201dSkapa inte en konstn\u00e4rlig regionarrest\u201d &ndash; Conny Br\u00e4nnberg\" data-secret=\"VvFbg7dSfY\" frameborder=\"0\" marginwidth=\"0\" marginheight=\"0\" scrolling=\"no\" class=\"wp-embedded-content\"><\/iframe><script type=\"text\/javascript\">\n\/* <![CDATA[ *\/\n\/*! This file is auto-generated *\/\n!function(d,l){\"use strict\";l.querySelector&&d.addEventListener&&\"undefined\"!=typeof URL&&(d.wp=d.wp||{},d.wp.receiveEmbedMessage||(d.wp.receiveEmbedMessage=function(e){var t=e.data;if((t||t.secret||t.message||t.value)&&!\/[^a-zA-Z0-9]\/.test(t.secret)){for(var s,r,n,a=l.querySelectorAll('iframe[data-secret=\"'+t.secret+'\"]'),o=l.querySelectorAll('blockquote[data-secret=\"'+t.secret+'\"]'),c=new RegExp(\"^https?:$\",\"i\"),i=0;i<o.length;i++)o[i].style.display=\"none\";for(i=0;i<a.length;i++)s=a[i],e.source===s.contentWindow&&(s.removeAttribute(\"style\"),\"height\"===t.message?(1e3<(r=parseInt(t.value,10))?r=1e3:~~r<200&&(r=200),s.height=r):\"link\"===t.message&&(r=new URL(s.getAttribute(\"src\")),n=new URL(t.value),c.test(n.protocol))&&n.host===r.host&&l.activeElement===s&&(d.top.location.href=t.value))}},d.addEventListener(\"message\",d.wp.receiveEmbedMessage,!1),l.addEventListener(\"DOMContentLoaded\",function(){for(var e,t,s=l.querySelectorAll(\"iframe.wp-embedded-content\"),r=0;r<s.length;r++)(t=(e=s[r]).getAttribute(\"data-secret\"))||(t=Math.random().toString(36).substring(2,12),e.src+=\"#?secret=\"+t,e.setAttribute(\"data-secret\",t)),e.contentWindow.postMessage({message:\"ready\",secret:t},\"*\")},!1)))}(window,document);\n\/\/# sourceURL=https:\/\/wp.kristdemokraterna.se\/brannberg\/wp-includes\/js\/wp-embed.min.js\n\/* ]]> *\/\n<\/script>\n","description":"Jag h\u00e4vdar kulturens egenv\u00e4rde men ocks\u00e5 principen om arml\u00e4ngds avst\u00e5nd. Jag \u00e4r oroad \u00f6ver att politiker st\u00e4ller allt f\u00f6r m\u00e5nga krav p\u00e5 kulturpolitiken. De senaste \u00e5ren har en rad perspektiv kr\u00e4vts och den rapport som MYKA (Myndigheten f\u00f6r Kulturanalys) kom med i somras pekar p\u00e5 att konstens frihet hotas. Denna l\u00e4nk \u00e4r till en debattartikel Read More"}