{"version":"1.0","provider_name":"Conny Br\u00e4nnberg","provider_url":"https:\/\/wp.kristdemokraterna.se\/brannberg","title":"Vi satsar p\u00e5 v\u00e5rden - Conny Br\u00e4nnberg","type":"rich","width":600,"height":338,"html":"<blockquote class=\"wp-embedded-content\" data-secret=\"l8v2Us599R\"><a href=\"https:\/\/wp.kristdemokraterna.se\/brannberg\/vi-satsar-pa-varden\/\">Vi satsar p\u00e5 v\u00e5rden<\/a><\/blockquote><iframe sandbox=\"allow-scripts\" security=\"restricted\" src=\"https:\/\/wp.kristdemokraterna.se\/brannberg\/vi-satsar-pa-varden\/embed\/#?secret=l8v2Us599R\" width=\"600\" height=\"338\" title=\"\u201dVi satsar p\u00e5 v\u00e5rden\u201d &ndash; Conny Br\u00e4nnberg\" data-secret=\"l8v2Us599R\" frameborder=\"0\" marginwidth=\"0\" marginheight=\"0\" scrolling=\"no\" class=\"wp-embedded-content\"><\/iframe><script type=\"text\/javascript\">\n\/* <![CDATA[ *\/\n\/*! This file is auto-generated *\/\n!function(d,l){\"use strict\";l.querySelector&&d.addEventListener&&\"undefined\"!=typeof URL&&(d.wp=d.wp||{},d.wp.receiveEmbedMessage||(d.wp.receiveEmbedMessage=function(e){var t=e.data;if((t||t.secret||t.message||t.value)&&!\/[^a-zA-Z0-9]\/.test(t.secret)){for(var s,r,n,a=l.querySelectorAll('iframe[data-secret=\"'+t.secret+'\"]'),o=l.querySelectorAll('blockquote[data-secret=\"'+t.secret+'\"]'),c=new RegExp(\"^https?:$\",\"i\"),i=0;i<o.length;i++)o[i].style.display=\"none\";for(i=0;i<a.length;i++)s=a[i],e.source===s.contentWindow&&(s.removeAttribute(\"style\"),\"height\"===t.message?(1e3<(r=parseInt(t.value,10))?r=1e3:~~r<200&&(r=200),s.height=r):\"link\"===t.message&&(r=new URL(s.getAttribute(\"src\")),n=new URL(t.value),c.test(n.protocol))&&n.host===r.host&&l.activeElement===s&&(d.top.location.href=t.value))}},d.addEventListener(\"message\",d.wp.receiveEmbedMessage,!1),l.addEventListener(\"DOMContentLoaded\",function(){for(var e,t,s=l.querySelectorAll(\"iframe.wp-embedded-content\"),r=0;r<s.length;r++)(t=(e=s[r]).getAttribute(\"data-secret\"))||(t=Math.random().toString(36).substring(2,12),e.src+=\"#?secret=\"+t,e.setAttribute(\"data-secret\",t)),e.contentWindow.postMessage({message:\"ready\",secret:t},\"*\")},!1)))}(window,document);\n\/\/# sourceURL=https:\/\/wp.kristdemokraterna.se\/brannberg\/wp-includes\/js\/wp-embed.min.js\n\/* ]]> *\/\n<\/script>\n","description":"Den 26 okt \u00e4r det Regionfullm\u00e4ktige. D\u00e5 kommer vi som \u00e4r ledning f\u00f6r regionen, Gr\u00f6nBl\u00e5 Samverkan, att f\u00f6resl\u00e5 en kompletterande budget. Den handlar om ytterligare en miljard f\u00f6r att dels st\u00e4lla om v\u00e5rden men ocks\u00e5 aktivt medverka till att korta v\u00e5rdk\u00f6erna. Denna l\u00e4nk \u00e4r till en artikel i GP d\u00e4r vi utvecklar lite mer av Read More"}