{"version":"1.0","provider_name":"Kristdemokraterna Dalarna","provider_url":"https:\/\/wp.kristdemokraterna.se\/dalarna","title":"+2,7 miljoner till f\u00f6rlossningsv\u00e5rden - Kristdemokraterna Dalarna","type":"rich","width":600,"height":338,"html":"<blockquote class=\"wp-embedded-content\" data-secret=\"Xb4P4qOZGB\"><a href=\"https:\/\/wp.kristdemokraterna.se\/dalarna\/2-7-miljoner-till-forlossningsvarden\/\">+2,7 miljoner till f\u00f6rlossningsv\u00e5rden<\/a><\/blockquote><iframe sandbox=\"allow-scripts\" security=\"restricted\" src=\"https:\/\/wp.kristdemokraterna.se\/dalarna\/2-7-miljoner-till-forlossningsvarden\/embed\/#?secret=Xb4P4qOZGB\" width=\"600\" height=\"338\" title=\"\u201d+2,7 miljoner till f\u00f6rlossningsv\u00e5rden\u201d &ndash; Kristdemokraterna Dalarna\" data-secret=\"Xb4P4qOZGB\" frameborder=\"0\" marginwidth=\"0\" marginheight=\"0\" scrolling=\"no\" class=\"wp-embedded-content\"><\/iframe><script type=\"text\/javascript\">\n\/* <![CDATA[ *\/\n\/*! This file is auto-generated *\/\n!function(d,l){\"use strict\";l.querySelector&&d.addEventListener&&\"undefined\"!=typeof URL&&(d.wp=d.wp||{},d.wp.receiveEmbedMessage||(d.wp.receiveEmbedMessage=function(e){var t=e.data;if((t||t.secret||t.message||t.value)&&!\/[^a-zA-Z0-9]\/.test(t.secret)){for(var s,r,n,a=l.querySelectorAll('iframe[data-secret=\"'+t.secret+'\"]'),o=l.querySelectorAll('blockquote[data-secret=\"'+t.secret+'\"]'),c=new RegExp(\"^https?:$\",\"i\"),i=0;i<o.length;i++)o[i].style.display=\"none\";for(i=0;i<a.length;i++)s=a[i],e.source===s.contentWindow&&(s.removeAttribute(\"style\"),\"height\"===t.message?(1e3<(r=parseInt(t.value,10))?r=1e3:~~r<200&&(r=200),s.height=r):\"link\"===t.message&&(r=new URL(s.getAttribute(\"src\")),n=new URL(t.value),c.test(n.protocol))&&n.host===r.host&&l.activeElement===s&&(d.top.location.href=t.value))}},d.addEventListener(\"message\",d.wp.receiveEmbedMessage,!1),l.addEventListener(\"DOMContentLoaded\",function(){for(var e,t,s=l.querySelectorAll(\"iframe.wp-embedded-content\"),r=0;r<s.length;r++)(t=(e=s[r]).getAttribute(\"data-secret\"))||(t=Math.random().toString(36).substring(2,12),e.src+=\"#?secret=\"+t,e.setAttribute(\"data-secret\",t)),e.contentWindow.postMessage({message:\"ready\",secret:t},\"*\")},!1)))}(window,document);\n\/\/# sourceURL=https:\/\/wp.kristdemokraterna.se\/dalarna\/wp-includes\/js\/wp-embed.min.js\n\/* ]]> *\/\n<\/script>\n","description":"F\u00f6rlossningsv\u00e5rden i Dalarna f\u00e5r 2,7 miljoner kronor extra tack vare ny regeringssatsning. Regeringen, med sjukv\u00e5rdsminister Acko Ankarberg Johansson (KD) i spetsen, avs\u00e4tter ytterligare 100 miljoner kronor till f\u00f6rlossningsv\u00e5rden. Av dessa medel g\u00e5r cirka 2,7 miljoner kronor till Region Dalarna. Det \u00e4r v\u00e4lbeh\u00f6vda pengar med tanke p\u00e5 sommarens extra personalkostnader. Under \u00e5ret har regeringen tagit initiativ Read More"}