{"version":"1.0","provider_name":"Kristdemokraterna Dalarna","provider_url":"https:\/\/wp.kristdemokraterna.se\/dalarna","title":"Tv\u00e5dagarskonferens i T\u00e4llberg om Partnerskap f\u00f6r regional innovation - Kristdemokraterna Dalarna","type":"rich","width":600,"height":338,"html":"<blockquote class=\"wp-embedded-content\" data-secret=\"tQOHJ6qkwg\"><a href=\"https:\/\/wp.kristdemokraterna.se\/dalarna\/901-2\/\">Tv\u00e5dagarskonferens i T\u00e4llberg om Partnerskap f\u00f6r regional innovation<\/a><\/blockquote><iframe sandbox=\"allow-scripts\" security=\"restricted\" src=\"https:\/\/wp.kristdemokraterna.se\/dalarna\/901-2\/embed\/#?secret=tQOHJ6qkwg\" width=\"600\" height=\"338\" title=\"\u201dTv\u00e5dagarskonferens i T\u00e4llberg om Partnerskap f\u00f6r regional innovation\u201d &ndash; Kristdemokraterna Dalarna\" data-secret=\"tQOHJ6qkwg\" frameborder=\"0\" marginwidth=\"0\" marginheight=\"0\" scrolling=\"no\" class=\"wp-embedded-content\"><\/iframe><script type=\"text\/javascript\">\n\/* <![CDATA[ *\/\n\/*! This file is auto-generated *\/\n!function(d,l){\"use strict\";l.querySelector&&d.addEventListener&&\"undefined\"!=typeof URL&&(d.wp=d.wp||{},d.wp.receiveEmbedMessage||(d.wp.receiveEmbedMessage=function(e){var t=e.data;if((t||t.secret||t.message||t.value)&&!\/[^a-zA-Z0-9]\/.test(t.secret)){for(var s,r,n,a=l.querySelectorAll('iframe[data-secret=\"'+t.secret+'\"]'),o=l.querySelectorAll('blockquote[data-secret=\"'+t.secret+'\"]'),c=new RegExp(\"^https?:$\",\"i\"),i=0;i<o.length;i++)o[i].style.display=\"none\";for(i=0;i<a.length;i++)s=a[i],e.source===s.contentWindow&&(s.removeAttribute(\"style\"),\"height\"===t.message?(1e3<(r=parseInt(t.value,10))?r=1e3:~~r<200&&(r=200),s.height=r):\"link\"===t.message&&(r=new URL(s.getAttribute(\"src\")),n=new URL(t.value),c.test(n.protocol))&&n.host===r.host&&l.activeElement===s&&(d.top.location.href=t.value))}},d.addEventListener(\"message\",d.wp.receiveEmbedMessage,!1),l.addEventListener(\"DOMContentLoaded\",function(){for(var e,t,s=l.querySelectorAll(\"iframe.wp-embedded-content\"),r=0;r<s.length;r++)(t=(e=s[r]).getAttribute(\"data-secret\"))||(t=Math.random().toString(36).substring(2,12),e.src+=\"#?secret=\"+t,e.setAttribute(\"data-secret\",t)),e.contentWindow.postMessage({message:\"ready\",secret:t},\"*\")},!1)))}(window,document);\n\/\/# sourceURL=https:\/\/wp.kristdemokraterna.se\/dalarna\/wp-includes\/js\/wp-embed.min.js\n\/* ]]> *\/\n<\/script>\n","description":"Tidigare i veckan v\u00e4lkomnade regionr\u00e5d Birgitta Sacr\u00e9deus (KD) ungef\u00e4r 150 inbjudna g\u00e4ster till en tv\u00e5dagarskonferens i T\u00e4llberg om Partnerskap f\u00f6r regional innovation. Behovet av den gr\u00f6na och digitala omst\u00e4llningen \u00e4r nya och komplexa samh\u00e4llsutmaningar som kr\u00e4ver nya arbetss\u00e4tt och nya s\u00e4tt att samverka. Det var ett genomg\u00e5ende tema under konferensens f\u00f6rsta dag och det inledningsanf\u00f6rande Read More"}