{"version":"1.0","provider_name":"Kristdemokraterna Dalarna","provider_url":"https:\/\/wp.kristdemokraterna.se\/dalarna","title":"En b\u00e4ttre m\u00f6drah\u00e4lso- och f\u00f6rlossningsv\u00e5rd i Dalarna - Kristdemokraterna Dalarna","type":"rich","width":600,"height":338,"html":"<blockquote class=\"wp-embedded-content\" data-secret=\"wrGVuNJmv9\"><a href=\"https:\/\/wp.kristdemokraterna.se\/dalarna\/en-battre-modrahalso-och-forlossningsvard-i-dalarna\/\">En b\u00e4ttre m\u00f6drah\u00e4lso- och f\u00f6rlossningsv\u00e5rd i Dalarna<\/a><\/blockquote><iframe sandbox=\"allow-scripts\" security=\"restricted\" src=\"https:\/\/wp.kristdemokraterna.se\/dalarna\/en-battre-modrahalso-och-forlossningsvard-i-dalarna\/embed\/#?secret=wrGVuNJmv9\" width=\"600\" height=\"338\" title=\"\u201dEn b\u00e4ttre m\u00f6drah\u00e4lso- och f\u00f6rlossningsv\u00e5rd i Dalarna\u201d &ndash; Kristdemokraterna Dalarna\" data-secret=\"wrGVuNJmv9\" frameborder=\"0\" marginwidth=\"0\" marginheight=\"0\" scrolling=\"no\" class=\"wp-embedded-content\"><\/iframe><script type=\"text\/javascript\">\n\/* <![CDATA[ *\/\n\/*! This file is auto-generated *\/\n!function(d,l){\"use strict\";l.querySelector&&d.addEventListener&&\"undefined\"!=typeof URL&&(d.wp=d.wp||{},d.wp.receiveEmbedMessage||(d.wp.receiveEmbedMessage=function(e){var t=e.data;if((t||t.secret||t.message||t.value)&&!\/[^a-zA-Z0-9]\/.test(t.secret)){for(var s,r,n,a=l.querySelectorAll('iframe[data-secret=\"'+t.secret+'\"]'),o=l.querySelectorAll('blockquote[data-secret=\"'+t.secret+'\"]'),c=new RegExp(\"^https?:$\",\"i\"),i=0;i<o.length;i++)o[i].style.display=\"none\";for(i=0;i<a.length;i++)s=a[i],e.source===s.contentWindow&&(s.removeAttribute(\"style\"),\"height\"===t.message?(1e3<(r=parseInt(t.value,10))?r=1e3:~~r<200&&(r=200),s.height=r):\"link\"===t.message&&(r=new URL(s.getAttribute(\"src\")),n=new URL(t.value),c.test(n.protocol))&&n.host===r.host&&l.activeElement===s&&(d.top.location.href=t.value))}},d.addEventListener(\"message\",d.wp.receiveEmbedMessage,!1),l.addEventListener(\"DOMContentLoaded\",function(){for(var e,t,s=l.querySelectorAll(\"iframe.wp-embedded-content\"),r=0;r<s.length;r++)(t=(e=s[r]).getAttribute(\"data-secret\"))||(t=Math.random().toString(36).substring(2,12),e.src+=\"#?secret=\"+t,e.setAttribute(\"data-secret\",t)),e.contentWindow.postMessage({message:\"ready\",secret:t},\"*\")},!1)))}(window,document);\n\/\/# sourceURL=https:\/\/wp.kristdemokraterna.se\/dalarna\/wp-includes\/js\/wp-embed.min.js\n\/* ]]> *\/\n<\/script>\n","description":"Tack vare regeringens landsbygdsatsning kan vi nu genomf\u00f6ra viktiga insatser f\u00f6r Dalarnas m\u00f6drah\u00e4lsov\u00e5rd och f\u00f6rlossningsv\u00e5rd. Regeringen satsar \u00f6ver 1,6 miljarder kronor p\u00e5 f\u00f6rlossningsv\u00e5rden och kvinnors h\u00e4lsa. 150 miljoner kronor avs\u00e4tts s\u00e4rskilt till m\u00f6drah\u00e4lsov\u00e5rden och f\u00f6rlossningsv\u00e5rden i regioner d\u00e4r m\u00e5nga bor p\u00e5 landsbygden. F\u00f6r Dalarna inneb\u00e4r detta 7,8 miljoner kronor extra. Pengarna ska anv\u00e4ndas till att Read More"}