{"version":"1.0","provider_name":"Kristdemokraterna Dalarna","provider_url":"https:\/\/wp.kristdemokraterna.se\/dalarna","title":"F\u00f6r barnens skull: fler och f\u00f6rst\u00e4rkta familjecentraler - Kristdemokraterna Dalarna","type":"rich","width":600,"height":338,"html":"<blockquote class=\"wp-embedded-content\" data-secret=\"8e2VOicbjB\"><a href=\"https:\/\/wp.kristdemokraterna.se\/dalarna\/for-barnens-skull-fler-och-forstarkta-familjecentraler\/\">F\u00f6r barnens skull: fler och f\u00f6rst\u00e4rkta familjecentraler<\/a><\/blockquote><iframe sandbox=\"allow-scripts\" security=\"restricted\" src=\"https:\/\/wp.kristdemokraterna.se\/dalarna\/for-barnens-skull-fler-och-forstarkta-familjecentraler\/embed\/#?secret=8e2VOicbjB\" width=\"600\" height=\"338\" title=\"\u201dF\u00f6r barnens skull: fler och f\u00f6rst\u00e4rkta familjecentraler\u201d &ndash; Kristdemokraterna Dalarna\" data-secret=\"8e2VOicbjB\" frameborder=\"0\" marginwidth=\"0\" marginheight=\"0\" scrolling=\"no\" class=\"wp-embedded-content\"><\/iframe><script type=\"text\/javascript\">\n\/* <![CDATA[ *\/\n\/*! This file is auto-generated *\/\n!function(d,l){\"use strict\";l.querySelector&&d.addEventListener&&\"undefined\"!=typeof URL&&(d.wp=d.wp||{},d.wp.receiveEmbedMessage||(d.wp.receiveEmbedMessage=function(e){var t=e.data;if((t||t.secret||t.message||t.value)&&!\/[^a-zA-Z0-9]\/.test(t.secret)){for(var s,r,n,a=l.querySelectorAll('iframe[data-secret=\"'+t.secret+'\"]'),o=l.querySelectorAll('blockquote[data-secret=\"'+t.secret+'\"]'),c=new RegExp(\"^https?:$\",\"i\"),i=0;i<o.length;i++)o[i].style.display=\"none\";for(i=0;i<a.length;i++)s=a[i],e.source===s.contentWindow&&(s.removeAttribute(\"style\"),\"height\"===t.message?(1e3<(r=parseInt(t.value,10))?r=1e3:~~r<200&&(r=200),s.height=r):\"link\"===t.message&&(r=new URL(s.getAttribute(\"src\")),n=new URL(t.value),c.test(n.protocol))&&n.host===r.host&&l.activeElement===s&&(d.top.location.href=t.value))}},d.addEventListener(\"message\",d.wp.receiveEmbedMessage,!1),l.addEventListener(\"DOMContentLoaded\",function(){for(var e,t,s=l.querySelectorAll(\"iframe.wp-embedded-content\"),r=0;r<s.length;r++)(t=(e=s[r]).getAttribute(\"data-secret\"))||(t=Math.random().toString(36).substring(2,12),e.src+=\"#?secret=\"+t,e.setAttribute(\"data-secret\",t)),e.contentWindow.postMessage({message:\"ready\",secret:t},\"*\")},!1)))}(window,document);\n\/\/# sourceURL=https:\/\/wp.kristdemokraterna.se\/dalarna\/wp-includes\/js\/wp-embed.min.js\n\/* ]]> *\/\n<\/script>\n","description":"Positivt nog blir familjecentralerna allt fler i Dalarna, nu senast i Mora innan jul, liksom runt om i landet. Genom att fungera som en ing\u00e5ng f\u00f6r att n\u00e5 f\u00f6r\u00e4ldrar och erbjuda kompletterande st\u00f6dinsatser fr\u00e4mjas trygga uppv\u00e4xtvillkor, h\u00e4lsa och utveckling f\u00f6r barn, inte minst genom tidiga och f\u00f6rebyggande insatser med st\u00f6d i f\u00f6r\u00e4ldraskapet. Syftet med verksamhetsformen Read More"}