{"version":"1.0","provider_name":"Kristdemokraterna Dalarna","provider_url":"https:\/\/wp.kristdemokraterna.se\/dalarna","title":"Invigning av v\u00e5rdcentral i Mora - Kristdemokraterna Dalarna","type":"rich","width":600,"height":338,"html":"<blockquote class=\"wp-embedded-content\" data-secret=\"yd5sUYwaTn\"><a href=\"https:\/\/wp.kristdemokraterna.se\/dalarna\/invigning-av-vardcentral-i-mora\/\">Invigning av v\u00e5rdcentral i Mora<\/a><\/blockquote><iframe sandbox=\"allow-scripts\" security=\"restricted\" src=\"https:\/\/wp.kristdemokraterna.se\/dalarna\/invigning-av-vardcentral-i-mora\/embed\/#?secret=yd5sUYwaTn\" width=\"600\" height=\"338\" title=\"\u201dInvigning av v\u00e5rdcentral i Mora\u201d &ndash; Kristdemokraterna Dalarna\" data-secret=\"yd5sUYwaTn\" frameborder=\"0\" marginwidth=\"0\" marginheight=\"0\" scrolling=\"no\" class=\"wp-embedded-content\"><\/iframe><script type=\"text\/javascript\">\n\/* <![CDATA[ *\/\n\/*! This file is auto-generated *\/\n!function(d,l){\"use strict\";l.querySelector&&d.addEventListener&&\"undefined\"!=typeof URL&&(d.wp=d.wp||{},d.wp.receiveEmbedMessage||(d.wp.receiveEmbedMessage=function(e){var t=e.data;if((t||t.secret||t.message||t.value)&&!\/[^a-zA-Z0-9]\/.test(t.secret)){for(var s,r,n,a=l.querySelectorAll('iframe[data-secret=\"'+t.secret+'\"]'),o=l.querySelectorAll('blockquote[data-secret=\"'+t.secret+'\"]'),c=new RegExp(\"^https?:$\",\"i\"),i=0;i<o.length;i++)o[i].style.display=\"none\";for(i=0;i<a.length;i++)s=a[i],e.source===s.contentWindow&&(s.removeAttribute(\"style\"),\"height\"===t.message?(1e3<(r=parseInt(t.value,10))?r=1e3:~~r<200&&(r=200),s.height=r):\"link\"===t.message&&(r=new URL(s.getAttribute(\"src\")),n=new URL(t.value),c.test(n.protocol))&&n.host===r.host&&l.activeElement===s&&(d.top.location.href=t.value))}},d.addEventListener(\"message\",d.wp.receiveEmbedMessage,!1),l.addEventListener(\"DOMContentLoaded\",function(){for(var e,t,s=l.querySelectorAll(\"iframe.wp-embedded-content\"),r=0;r<s.length;r++)(t=(e=s[r]).getAttribute(\"data-secret\"))||(t=Math.random().toString(36).substring(2,12),e.src+=\"#?secret=\"+t,e.setAttribute(\"data-secret\",t)),e.contentWindow.postMessage({message:\"ready\",secret:t},\"*\")},!1)))}(window,document);\n\/\/# sourceURL=https:\/\/wp.kristdemokraterna.se\/dalarna\/wp-includes\/js\/wp-embed.min.js\n\/* ]]> *\/\n<\/script>\n","description":"Idag invigdes \u00e4ntligen den nya v\u00e5rdcentralen, och andra nya lokaler, vid Mora lasarett. Med p\u00e5 invigningen var bland annat regionr\u00e5d Birgitta Sacr\u00e9deus (KD), tillsammans med andra representanter fr\u00e5n Samling f\u00f6r Dalarna. Det var i augusti 2020 som nybyggnationen vid Mora Lasarett p\u00e5b\u00f6rjades efter m\u00e5nga \u00e5r av tr\u00e5ngboddhet och bristande lokaler. Nu \u00e4r nybyggnationen klar och Read More"}