{"version":"1.0","provider_name":"Kristdemokraterna Dalarna","provider_url":"https:\/\/wp.kristdemokraterna.se\/dalarna","title":"Miljonsatsning p\u00e5 ambulanssjukv\u00e5rden i Dalarna - Kristdemokraterna Dalarna","type":"rich","width":600,"height":338,"html":"<blockquote class=\"wp-embedded-content\" data-secret=\"IlUBprJHi0\"><a href=\"https:\/\/wp.kristdemokraterna.se\/dalarna\/miljonsatsning-pa-ambulanssjukvarden-i-dalarna\/\">Miljonsatsning p\u00e5 ambulanssjukv\u00e5rden i Dalarna<\/a><\/blockquote><iframe sandbox=\"allow-scripts\" security=\"restricted\" src=\"https:\/\/wp.kristdemokraterna.se\/dalarna\/miljonsatsning-pa-ambulanssjukvarden-i-dalarna\/embed\/#?secret=IlUBprJHi0\" width=\"600\" height=\"338\" title=\"\u201dMiljonsatsning p\u00e5 ambulanssjukv\u00e5rden i Dalarna\u201d &ndash; Kristdemokraterna Dalarna\" data-secret=\"IlUBprJHi0\" frameborder=\"0\" marginwidth=\"0\" marginheight=\"0\" scrolling=\"no\" class=\"wp-embedded-content\"><\/iframe><script type=\"text\/javascript\">\n\/* <![CDATA[ *\/\n\/*! This file is auto-generated *\/\n!function(d,l){\"use strict\";l.querySelector&&d.addEventListener&&\"undefined\"!=typeof URL&&(d.wp=d.wp||{},d.wp.receiveEmbedMessage||(d.wp.receiveEmbedMessage=function(e){var t=e.data;if((t||t.secret||t.message||t.value)&&!\/[^a-zA-Z0-9]\/.test(t.secret)){for(var s,r,n,a=l.querySelectorAll('iframe[data-secret=\"'+t.secret+'\"]'),o=l.querySelectorAll('blockquote[data-secret=\"'+t.secret+'\"]'),c=new RegExp(\"^https?:$\",\"i\"),i=0;i<o.length;i++)o[i].style.display=\"none\";for(i=0;i<a.length;i++)s=a[i],e.source===s.contentWindow&&(s.removeAttribute(\"style\"),\"height\"===t.message?(1e3<(r=parseInt(t.value,10))?r=1e3:~~r<200&&(r=200),s.height=r):\"link\"===t.message&&(r=new URL(s.getAttribute(\"src\")),n=new URL(t.value),c.test(n.protocol))&&n.host===r.host&&l.activeElement===s&&(d.top.location.href=t.value))}},d.addEventListener(\"message\",d.wp.receiveEmbedMessage,!1),l.addEventListener(\"DOMContentLoaded\",function(){for(var e,t,s=l.querySelectorAll(\"iframe.wp-embedded-content\"),r=0;r<s.length;r++)(t=(e=s[r]).getAttribute(\"data-secret\"))||(t=Math.random().toString(36).substring(2,12),e.src+=\"#?secret=\"+t,e.setAttribute(\"data-secret\",t)),e.contentWindow.postMessage({message:\"ready\",secret:t},\"*\")},!1)))}(window,document);\n\/\/# sourceURL=https:\/\/wp.kristdemokraterna.se\/dalarna\/wp-includes\/js\/wp-embed.min.js\n\/* ]]> *\/\n<\/script>\n","description":"Nu f\u00f6resl\u00e5r Kristdemokraterna, som en del av Samling f\u00f6r Dalarna, h\u00f6jda grundl\u00f6ner f\u00f6r sjuksk\u00f6terskor inom ambulanssjukv\u00e5rden. P\u00e5 grund av en tidigare sjuksk\u00f6terskesatsning och avvecklingen av 24\/7-till\u00e4get har sjuksk\u00f6terskor inom ambulanssjukv\u00e5rden idag l\u00e4gre l\u00f6n \u00e4n sjuksk\u00f6terskor inom slutenv\u00e5rden. I syfte att \u00e5tg\u00e4rda l\u00f6neglappet och underl\u00e4tta rekryteringen f\u00f6resl\u00e5s d\u00e4rf\u00f6r grundl\u00f6ne\u00f6kningar inom ambulansen. Enligt f\u00f6rslaget, som l\u00e4ggs fram Read More"}