{"version":"1.0","provider_name":"Kristdemokraterna Dalarna","provider_url":"https:\/\/wp.kristdemokraterna.se\/dalarna","title":"Nu byggs nytt Akademiskt Tandv\u00e5rdshus i Falun - Kristdemokraterna Dalarna","type":"rich","width":600,"height":338,"html":"<blockquote class=\"wp-embedded-content\" data-secret=\"lBQaDyHYCH\"><a href=\"https:\/\/wp.kristdemokraterna.se\/dalarna\/nu-byggs-nytt-akademiskt-tandvardshus-i-falun\/\">Nu byggs nytt Akademiskt Tandv\u00e5rdshus i Falun<\/a><\/blockquote><iframe sandbox=\"allow-scripts\" security=\"restricted\" src=\"https:\/\/wp.kristdemokraterna.se\/dalarna\/nu-byggs-nytt-akademiskt-tandvardshus-i-falun\/embed\/#?secret=lBQaDyHYCH\" width=\"600\" height=\"338\" title=\"\u201dNu byggs nytt Akademiskt Tandv\u00e5rdshus i Falun\u201d &ndash; Kristdemokraterna Dalarna\" data-secret=\"lBQaDyHYCH\" frameborder=\"0\" marginwidth=\"0\" marginheight=\"0\" scrolling=\"no\" class=\"wp-embedded-content\"><\/iframe><script type=\"text\/javascript\">\n\/* <![CDATA[ *\/\n\/*! This file is auto-generated *\/\n!function(d,l){\"use strict\";l.querySelector&&d.addEventListener&&\"undefined\"!=typeof URL&&(d.wp=d.wp||{},d.wp.receiveEmbedMessage||(d.wp.receiveEmbedMessage=function(e){var t=e.data;if((t||t.secret||t.message||t.value)&&!\/[^a-zA-Z0-9]\/.test(t.secret)){for(var s,r,n,a=l.querySelectorAll('iframe[data-secret=\"'+t.secret+'\"]'),o=l.querySelectorAll('blockquote[data-secret=\"'+t.secret+'\"]'),c=new RegExp(\"^https?:$\",\"i\"),i=0;i<o.length;i++)o[i].style.display=\"none\";for(i=0;i<a.length;i++)s=a[i],e.source===s.contentWindow&&(s.removeAttribute(\"style\"),\"height\"===t.message?(1e3<(r=parseInt(t.value,10))?r=1e3:~~r<200&&(r=200),s.height=r):\"link\"===t.message&&(r=new URL(s.getAttribute(\"src\")),n=new URL(t.value),c.test(n.protocol))&&n.host===r.host&&l.activeElement===s&&(d.top.location.href=t.value))}},d.addEventListener(\"message\",d.wp.receiveEmbedMessage,!1),l.addEventListener(\"DOMContentLoaded\",function(){for(var e,t,s=l.querySelectorAll(\"iframe.wp-embedded-content\"),r=0;r<s.length;r++)(t=(e=s[r]).getAttribute(\"data-secret\"))||(t=Math.random().toString(36).substring(2,12),e.src+=\"#?secret=\"+t,e.setAttribute(\"data-secret\",t)),e.contentWindow.postMessage({message:\"ready\",secret:t},\"*\")},!1)))}(window,document);\n\/\/# sourceURL=https:\/\/wp.kristdemokraterna.se\/dalarna\/wp-includes\/js\/wp-embed.min.js\n\/* ]]> *\/\n<\/script>\n","description":"Regionstyrelsen har beslutat att byggnationen av det Akademiska Tandv\u00e5rdshuset ska forts\u00e4tta enligt plan. Huset ska inneh\u00e5lla s\u00e5v\u00e4l praktik, forskning och utbildning \u2013 vilket blir en attraktiv arbetsplats som ska st\u00e4rka regionens tandv\u00e5rd fram\u00e5t. Inr\u00e4ttandet av ett Akademiskt Tandv\u00e5rdshus inneb\u00e4r att Faluns centrala allm\u00e4ntandv\u00e5rdskliniker, specialisttandv\u00e5rd, tandtekniskt laboratorium och Folkh\u00e4lsofunktionen kommer att rymmas i samma lokaler. Ut\u00f6ver Read More"}