{"version":"1.0","provider_name":"Kristdemokraterna Dalarna","provider_url":"https:\/\/wp.kristdemokraterna.se\/dalarna","title":"Vi l\u00f6nesatsar p\u00e5 vidareutbildade undersk\u00f6terskor - Kristdemokraterna Dalarna","type":"rich","width":600,"height":338,"html":"<blockquote class=\"wp-embedded-content\" data-secret=\"a4c1walkHq\"><a href=\"https:\/\/wp.kristdemokraterna.se\/dalarna\/vi-lonesatsar-pa-vidareutbildade-underskoterskor\/\">Vi l\u00f6nesatsar p\u00e5 vidareutbildade undersk\u00f6terskor<\/a><\/blockquote><iframe sandbox=\"allow-scripts\" security=\"restricted\" src=\"https:\/\/wp.kristdemokraterna.se\/dalarna\/vi-lonesatsar-pa-vidareutbildade-underskoterskor\/embed\/#?secret=a4c1walkHq\" width=\"600\" height=\"338\" title=\"\u201dVi l\u00f6nesatsar p\u00e5 vidareutbildade undersk\u00f6terskor\u201d &ndash; Kristdemokraterna Dalarna\" data-secret=\"a4c1walkHq\" frameborder=\"0\" marginwidth=\"0\" marginheight=\"0\" scrolling=\"no\" class=\"wp-embedded-content\"><\/iframe><script type=\"text\/javascript\">\n\/* <![CDATA[ *\/\n\/*! This file is auto-generated *\/\n!function(d,l){\"use strict\";l.querySelector&&d.addEventListener&&\"undefined\"!=typeof URL&&(d.wp=d.wp||{},d.wp.receiveEmbedMessage||(d.wp.receiveEmbedMessage=function(e){var t=e.data;if((t||t.secret||t.message||t.value)&&!\/[^a-zA-Z0-9]\/.test(t.secret)){for(var s,r,n,a=l.querySelectorAll('iframe[data-secret=\"'+t.secret+'\"]'),o=l.querySelectorAll('blockquote[data-secret=\"'+t.secret+'\"]'),c=new RegExp(\"^https?:$\",\"i\"),i=0;i<o.length;i++)o[i].style.display=\"none\";for(i=0;i<a.length;i++)s=a[i],e.source===s.contentWindow&&(s.removeAttribute(\"style\"),\"height\"===t.message?(1e3<(r=parseInt(t.value,10))?r=1e3:~~r<200&&(r=200),s.height=r):\"link\"===t.message&&(r=new URL(s.getAttribute(\"src\")),n=new URL(t.value),c.test(n.protocol))&&n.host===r.host&&l.activeElement===s&&(d.top.location.href=t.value))}},d.addEventListener(\"message\",d.wp.receiveEmbedMessage,!1),l.addEventListener(\"DOMContentLoaded\",function(){for(var e,t,s=l.querySelectorAll(\"iframe.wp-embedded-content\"),r=0;r<s.length;r++)(t=(e=s[r]).getAttribute(\"data-secret\"))||(t=Math.random().toString(36).substring(2,12),e.src+=\"#?secret=\"+t,e.setAttribute(\"data-secret\",t)),e.contentWindow.postMessage({message:\"ready\",secret:t},\"*\")},!1)))}(window,document);\n\/\/# sourceURL=https:\/\/wp.kristdemokraterna.se\/dalarna\/wp-includes\/js\/wp-embed.min.js\n\/* ]]> *\/\n<\/script>\n","description":"Som ett led i undersk\u00f6terskelyftet f\u00e5r specialistutbildade undersk\u00f6terskor ett l\u00f6nep\u00e5slag p\u00e5 10 procent, vilket motsvarar cirka 2700 kronor extra i m\u00e5naden. Syftet med l\u00f6nesatsningen \u00e4r att fr\u00e4mja m\u00f6jligheten till vidareutbildning, ge fler karri\u00e4rm\u00f6jligheter och s\u00e4kerst\u00e4lla att kompetensutveckling l\u00f6nar sig. Satsningen riktar sig till anst\u00e4llda som har utbildat sig till specialistundersk\u00f6terska med yrkesh\u00f6gskoleexamen och som arbetar Read More"}