{"id":1357,"date":"2021-11-09T15:34:09","date_gmt":"2021-11-09T14:34:09","guid":{"rendered":"https:\/\/wp.kristdemokraterna.se\/danderyd\/?page_id=1357"},"modified":"2021-11-09T15:34:09","modified_gmt":"2021-11-09T14:34:09","slug":"erik-baggstrom","status":"publish","type":"page","link":"https:\/\/wp.kristdemokraterna.se\/danderyd\/erik-baggstrom\/","title":{"rendered":"Erik Baggstr\u00f6m"},"content":{"rendered":"<p><img loading=\"lazy\" decoding=\"async\" class=\"aligncenter size-medium wp-image-1138\" src=\"http:\/\/wp.kristdemokraterna.se\/danderyd\/files\/2020\/11\/image1-300x300.jpeg\" alt=\"Erik Baggstr\u00f6m\" width=\"300\" height=\"300\" \/><\/p>\n<p><strong>Sekreterare<\/strong><br \/>\nErs\u00e4ttare Byggnadsn\u00e4mnden<br \/>\nKontakt:\u00a0<a href=\"mailto:erik.baggstrom@danderyd.se\">Erik.Baggstrom@danderyd.se<\/a><\/p>\n<p><strong>Om Erik:<\/strong><br \/>\nErik Baggstr\u00f6m gick med i KD 2019 och \u00e4r idag sekreterare i KD Danderyds partiavdelning samt ers\u00e4ttare i Byggnadsn\u00e4mnden.<\/p>\n<p>Erik \u00e4r f\u00f6dd 1966 i Danderyd och har bott i kommunen under st\u00f6rre delen av sitt liv. Han har en civilingenj\u00f6rsexamen fr\u00e5n KTH och \u00e4r dessutom civilekonom fr\u00e5n Stockholms universitet. Han har jobbat m\u00e5nga \u00e5r inom industrin med f\u00f6rs\u00e4ljning och ink\u00f6p och arbetar f\u00f6r n\u00e4rvarande med upphandling och avtalsf\u00f6rvaltning inom It-omr\u00e5det p\u00e5 Region Stockholm. Han har dessutom varit engagerad inom k\u00e5rpolitiken under studie\u00e5ren och fackligt aktiv i Sveriges Ingenj\u00f6rer. Han \u00e4r gift och har tv\u00e5 barn. P\u00e5 fritiden tycker han om att vara p\u00e5 sitt sommarst\u00e4lle i Roslagen.<\/p>\n<p>Erik brinner f\u00f6r s\u00e4kerhets-, forsknings- och utbildningsfr\u00e5gor p\u00e5 riksniv\u00e5. Lokalt vill Erik bevara villastaden, v\u00e5rda gemensamma park- och skogsomr\u00e5den, h\u00e5lla kommunal- och landstingsskatten l\u00e4gst i Sverige, minska sl\u00f6seriet med offentliga medel samt bygga varsamt och vackert. Han har bl a arbetat med ett f\u00f6rslag att inr\u00e4tta ett sk\u00f6nhetsr\u00e5d i kommunen.<\/p>\n","protected":false},"excerpt":{"rendered":"<p>Sekreterare Ers\u00e4ttare Byggnadsn\u00e4mnden Kontakt:\u00a0Erik.Baggstrom@danderyd.se Om Erik: Erik Baggstr\u00f6m gick med i KD 2019 och \u00e4r idag sekreterare i KD Danderyds partiavdelning samt ers\u00e4ttare i Byggnadsn\u00e4mnden. Erik \u00e4r f\u00f6dd 1966 i Danderyd och har bott i kommunen under st\u00f6rre delen av sitt liv. Han har en civilingenj\u00f6rsexamen fr\u00e5n KTH och \u00e4r dessutom civilekonom fr\u00e5n Stockholms universitet. <a class=\"read-more-link\" href=\"https:\/\/wp.kristdemokraterna.se\/danderyd\/erik-baggstrom\/\">Read More<\/a><\/p>\n","protected":false},"author":549,"featured_media":0,"parent":0,"menu_order":0,"comment_status":"closed","ping_status":"closed","template":"","meta":{"_acf_changed":false,"footnotes":""},"class_list":["post-1357","page","type-page","status-publish","hentry"],"acf":[],"yoast_head":"<!-- This site is optimized with the Yoast SEO plugin v27.5 - https:\/\/yoast.com\/product\/yoast-seo-wordpress\/ -->\n<title>Erik Baggstr\u00f6m - Danderyd<\/title>\n<meta name=\"robots\" content=\"index, follow, max-snippet:-1, max-image-preview:large, max-video-preview:-1\" \/>\n<link rel=\"canonical\" href=\"https:\/\/wp.kristdemokraterna.se\/danderyd\/erik-baggstrom\/\" \/>\n<meta property=\"og:locale\" content=\"sv_SE\" \/>\n<meta property=\"og:type\" content=\"article\" \/>\n<meta property=\"og:title\" content=\"Erik Baggstr\u00f6m - Danderyd\" \/>\n<meta property=\"og:description\" content=\"Sekreterare Ers\u00e4ttare Byggnadsn\u00e4mnden Kontakt:\u00a0Erik.Baggstrom@danderyd.se Om Erik: Erik Baggstr\u00f6m gick med i KD 2019 och \u00e4r idag sekreterare i KD Danderyds partiavdelning samt ers\u00e4ttare i Byggnadsn\u00e4mnden. Erik \u00e4r f\u00f6dd 1966 i Danderyd och har bott i kommunen under st\u00f6rre delen av sitt liv. Han har en civilingenj\u00f6rsexamen fr\u00e5n KTH och \u00e4r dessutom civilekonom fr\u00e5n Stockholms universitet. Read More\" \/>\n<meta property=\"og:url\" content=\"https:\/\/wp.kristdemokraterna.se\/danderyd\/erik-baggstrom\/\" \/>\n<meta property=\"og:site_name\" content=\"Danderyd\" \/>\n<meta property=\"og:image\" content=\"http:\/\/wp.kristdemokraterna.se\/danderyd\/files\/2020\/11\/image1-300x300.jpeg\" \/>\n<meta name=\"twitter:card\" content=\"summary_large_image\" \/>\n<meta name=\"twitter:label1\" content=\"Ber\u00e4knad l\u00e4stid\" \/>\n\t<meta name=\"twitter:data1\" content=\"1 minut\" \/>\n<script type=\"application\/ld+json\" class=\"yoast-schema-graph\">{\"@context\":\"https:\\\/\\\/schema.org\",\"@graph\":[{\"@type\":\"WebPage\",\"@id\":\"https:\\\/\\\/wp.kristdemokraterna.se\\\/danderyd\\\/erik-baggstrom\\\/\",\"url\":\"https:\\\/\\\/wp.kristdemokraterna.se\\\/danderyd\\\/erik-baggstrom\\\/\",\"name\":\"Erik Baggstr\u00f6m - Danderyd\",\"isPartOf\":{\"@id\":\"https:\\\/\\\/wp.kristdemokraterna.se\\\/danderyd\\\/#website\"},\"primaryImageOfPage\":{\"@id\":\"https:\\\/\\\/wp.kristdemokraterna.se\\\/danderyd\\\/erik-baggstrom\\\/#primaryimage\"},\"image\":{\"@id\":\"https:\\\/\\\/wp.kristdemokraterna.se\\\/danderyd\\\/erik-baggstrom\\\/#primaryimage\"},\"thumbnailUrl\":\"http:\\\/\\\/wp.kristdemokraterna.se\\\/danderyd\\\/files\\\/2020\\\/11\\\/image1-300x300.jpeg\",\"datePublished\":\"2021-11-09T14:34:09+00:00\",\"breadcrumb\":{\"@id\":\"https:\\\/\\\/wp.kristdemokraterna.se\\\/danderyd\\\/erik-baggstrom\\\/#breadcrumb\"},\"inLanguage\":\"sv-SE\",\"potentialAction\":[{\"@type\":\"ReadAction\",\"target\":[\"https:\\\/\\\/wp.kristdemokraterna.se\\\/danderyd\\\/erik-baggstrom\\\/\"]}]},{\"@type\":\"ImageObject\",\"inLanguage\":\"sv-SE\",\"@id\":\"https:\\\/\\\/wp.kristdemokraterna.se\\\/danderyd\\\/erik-baggstrom\\\/#primaryimage\",\"url\":\"http:\\\/\\\/wp.kristdemokraterna.se\\\/danderyd\\\/files\\\/2020\\\/11\\\/image1-300x300.jpeg\",\"contentUrl\":\"http:\\\/\\\/wp.kristdemokraterna.se\\\/danderyd\\\/files\\\/2020\\\/11\\\/image1-300x300.jpeg\"},{\"@type\":\"BreadcrumbList\",\"@id\":\"https:\\\/\\\/wp.kristdemokraterna.se\\\/danderyd\\\/erik-baggstrom\\\/#breadcrumb\",\"itemListElement\":[{\"@type\":\"ListItem\",\"position\":1,\"name\":\"Hem\",\"item\":\"https:\\\/\\\/wp.kristdemokraterna.se\\\/danderyd\\\/\"},{\"@type\":\"ListItem\",\"position\":2,\"name\":\"Erik Baggstr\u00f6m\"}]},{\"@type\":\"WebSite\",\"@id\":\"https:\\\/\\\/wp.kristdemokraterna.se\\\/danderyd\\\/#website\",\"url\":\"https:\\\/\\\/wp.kristdemokraterna.se\\\/danderyd\\\/\",\"name\":\"Danderyd\",\"description\":\"&quot;Frihet, ansvar och gemenskap&quot;\",\"inLanguage\":\"sv-SE\"}]}<\/script>\n<!-- \/ Yoast SEO plugin. -->","yoast_head_json":{"title":"Erik Baggstr\u00f6m - Danderyd","robots":{"index":"index","follow":"follow","max-snippet":"max-snippet:-1","max-image-preview":"max-image-preview:large","max-video-preview":"max-video-preview:-1"},"canonical":"https:\/\/wp.kristdemokraterna.se\/danderyd\/erik-baggstrom\/","og_locale":"sv_SE","og_type":"article","og_title":"Erik Baggstr\u00f6m - Danderyd","og_description":"Sekreterare Ers\u00e4ttare Byggnadsn\u00e4mnden Kontakt:\u00a0Erik.Baggstrom@danderyd.se Om Erik: Erik Baggstr\u00f6m gick med i KD 2019 och \u00e4r idag sekreterare i KD Danderyds partiavdelning samt ers\u00e4ttare i Byggnadsn\u00e4mnden. Erik \u00e4r f\u00f6dd 1966 i Danderyd och har bott i kommunen under st\u00f6rre delen av sitt liv. Han har en civilingenj\u00f6rsexamen fr\u00e5n KTH och \u00e4r dessutom civilekonom fr\u00e5n Stockholms universitet. Read More","og_url":"https:\/\/wp.kristdemokraterna.se\/danderyd\/erik-baggstrom\/","og_site_name":"Danderyd","og_image":[{"url":"http:\/\/wp.kristdemokraterna.se\/danderyd\/files\/2020\/11\/image1-300x300.jpeg","type":"","width":"","height":""}],"twitter_card":"summary_large_image","twitter_misc":{"Ber\u00e4knad l\u00e4stid":"1 minut"},"schema":{"@context":"https:\/\/schema.org","@graph":[{"@type":"WebPage","@id":"https:\/\/wp.kristdemokraterna.se\/danderyd\/erik-baggstrom\/","url":"https:\/\/wp.kristdemokraterna.se\/danderyd\/erik-baggstrom\/","name":"Erik Baggstr\u00f6m - Danderyd","isPartOf":{"@id":"https:\/\/wp.kristdemokraterna.se\/danderyd\/#website"},"primaryImageOfPage":{"@id":"https:\/\/wp.kristdemokraterna.se\/danderyd\/erik-baggstrom\/#primaryimage"},"image":{"@id":"https:\/\/wp.kristdemokraterna.se\/danderyd\/erik-baggstrom\/#primaryimage"},"thumbnailUrl":"http:\/\/wp.kristdemokraterna.se\/danderyd\/files\/2020\/11\/image1-300x300.jpeg","datePublished":"2021-11-09T14:34:09+00:00","breadcrumb":{"@id":"https:\/\/wp.kristdemokraterna.se\/danderyd\/erik-baggstrom\/#breadcrumb"},"inLanguage":"sv-SE","potentialAction":[{"@type":"ReadAction","target":["https:\/\/wp.kristdemokraterna.se\/danderyd\/erik-baggstrom\/"]}]},{"@type":"ImageObject","inLanguage":"sv-SE","@id":"https:\/\/wp.kristdemokraterna.se\/danderyd\/erik-baggstrom\/#primaryimage","url":"http:\/\/wp.kristdemokraterna.se\/danderyd\/files\/2020\/11\/image1-300x300.jpeg","contentUrl":"http:\/\/wp.kristdemokraterna.se\/danderyd\/files\/2020\/11\/image1-300x300.jpeg"},{"@type":"BreadcrumbList","@id":"https:\/\/wp.kristdemokraterna.se\/danderyd\/erik-baggstrom\/#breadcrumb","itemListElement":[{"@type":"ListItem","position":1,"name":"Hem","item":"https:\/\/wp.kristdemokraterna.se\/danderyd\/"},{"@type":"ListItem","position":2,"name":"Erik Baggstr\u00f6m"}]},{"@type":"WebSite","@id":"https:\/\/wp.kristdemokraterna.se\/danderyd\/#website","url":"https:\/\/wp.kristdemokraterna.se\/danderyd\/","name":"Danderyd","description":"&quot;Frihet, ansvar och gemenskap&quot;","inLanguage":"sv-SE"}]}},"_links":{"self":[{"href":"https:\/\/wp.kristdemokraterna.se\/danderyd\/wp-json\/wp\/v2\/pages\/1357","targetHints":{"allow":["GET"]}}],"collection":[{"href":"https:\/\/wp.kristdemokraterna.se\/danderyd\/wp-json\/wp\/v2\/pages"}],"about":[{"href":"https:\/\/wp.kristdemokraterna.se\/danderyd\/wp-json\/wp\/v2\/types\/page"}],"author":[{"embeddable":true,"href":"https:\/\/wp.kristdemokraterna.se\/danderyd\/wp-json\/wp\/v2\/users\/549"}],"replies":[{"embeddable":true,"href":"https:\/\/wp.kristdemokraterna.se\/danderyd\/wp-json\/wp\/v2\/comments?post=1357"}],"version-history":[{"count":1,"href":"https:\/\/wp.kristdemokraterna.se\/danderyd\/wp-json\/wp\/v2\/pages\/1357\/revisions"}],"predecessor-version":[{"id":1358,"href":"https:\/\/wp.kristdemokraterna.se\/danderyd\/wp-json\/wp\/v2\/pages\/1357\/revisions\/1358"}],"wp:attachment":[{"href":"https:\/\/wp.kristdemokraterna.se\/danderyd\/wp-json\/wp\/v2\/media?parent=1357"}],"curies":[{"name":"wp","href":"https:\/\/api.w.org\/{rel}","templated":true}]}}