{"id":269,"date":"2017-11-29T16:48:28","date_gmt":"2017-11-29T15:48:28","guid":{"rendered":"http:\/\/wp.kristdemokraterna.se\/eskilstuna\/?page_id=269"},"modified":"2024-03-19T14:42:11","modified_gmt":"2024-03-19T13:42:11","slug":"textsida-med-vanster-sidebar","status":"publish","type":"page","link":"https:\/\/wp.kristdemokraterna.se\/eskilstuna\/textsida-med-vanster-sidebar\/","title":{"rendered":"V\u00e5r partiavdelning"},"content":{"rendered":"<p>H\u00e4r \u00e4r styrelsen f\u00f6r Kristdemokraterna i Eskilstuna 2024<\/p>\n<p>Tony Meshko, Eskilstuna, ordf\u00f6rande<br \/>\nMobil:<br \/>\nE-post: tony.meshko@kristdemokraterna.se<\/p>\n<p>Susanne Henning Aihonen, Eskilstuna, vice ordf\u00f6rande<\/p>\n<p>&nbsp;<\/p>\n<p>Kristina Gillberg, Eskilstuna, ledamot, kass\u00f6r<br \/>\nMobil: 070-290 15 35<br \/>\nE-post: kristina.gillberg@kristdemokraterna.se<\/p>\n<p>&nbsp;<\/p>\n","protected":false},"excerpt":{"rendered":"<p>H\u00e4r \u00e4r styrelsen f\u00f6r Kristdemokraterna i Eskilstuna 2024 Tony Meshko, Eskilstuna, ordf\u00f6rande Mobil: E-post: tony.meshko@kristdemokraterna.se Susanne Henning Aihonen, Eskilstuna, vice ordf\u00f6rande &nbsp; Kristina Gillberg, Eskilstuna, ledamot, kass\u00f6r Mobil: 070-290 15 35 E-post: kristina.gillberg@kristdemokraterna.se &nbsp;<\/p>\n","protected":false},"author":504,"featured_media":0,"parent":0,"menu_order":6,"comment_status":"closed","ping_status":"closed","template":"page.php","meta":{"_acf_changed":false,"footnotes":""},"class_list":["post-269","page","type-page","status-publish","hentry"],"acf":[],"yoast_head":"<!-- This site is optimized with the Yoast SEO plugin v27.5 - https:\/\/yoast.com\/product\/yoast-seo-wordpress\/ -->\n<title>V\u00e5r partiavdelning - KRISTDEMOKRATERNA I ESKILSTUNA<\/title>\n<meta name=\"robots\" content=\"index, follow, max-snippet:-1, max-image-preview:large, max-video-preview:-1\" \/>\n<link rel=\"canonical\" href=\"https:\/\/wp.kristdemokraterna.se\/eskilstuna\/textsida-med-vanster-sidebar\/\" \/>\n<meta property=\"og:locale\" content=\"sv_SE\" \/>\n<meta property=\"og:type\" content=\"article\" \/>\n<meta property=\"og:title\" content=\"V\u00e5r partiavdelning - KRISTDEMOKRATERNA I ESKILSTUNA\" \/>\n<meta property=\"og:description\" content=\"H\u00e4r \u00e4r styrelsen f\u00f6r Kristdemokraterna i Eskilstuna 2024 Tony Meshko, Eskilstuna, ordf\u00f6rande Mobil: E-post: tony.meshko@kristdemokraterna.se Susanne Henning Aihonen, Eskilstuna, vice ordf\u00f6rande &nbsp; Kristina Gillberg, Eskilstuna, ledamot, kass\u00f6r Mobil: 070-290 15 35 E-post: kristina.gillberg@kristdemokraterna.se &nbsp;\" \/>\n<meta property=\"og:url\" content=\"https:\/\/wp.kristdemokraterna.se\/eskilstuna\/textsida-med-vanster-sidebar\/\" \/>\n<meta property=\"og:site_name\" content=\"KRISTDEMOKRATERNA I ESKILSTUNA\" \/>\n<meta property=\"article:modified_time\" content=\"2024-03-19T13:42:11+00:00\" \/>\n<meta name=\"twitter:card\" content=\"summary_large_image\" \/>\n<meta name=\"twitter:label1\" content=\"Ber\u00e4knad l\u00e4stid\" \/>\n\t<meta name=\"twitter:data1\" content=\"1 minut\" \/>\n<script type=\"application\/ld+json\" class=\"yoast-schema-graph\">{\"@context\":\"https:\\\/\\\/schema.org\",\"@graph\":[{\"@type\":\"WebPage\",\"@id\":\"https:\\\/\\\/wp.kristdemokraterna.se\\\/eskilstuna\\\/textsida-med-vanster-sidebar\\\/\",\"url\":\"https:\\\/\\\/wp.kristdemokraterna.se\\\/eskilstuna\\\/textsida-med-vanster-sidebar\\\/\",\"name\":\"V\u00e5r partiavdelning - KRISTDEMOKRATERNA I ESKILSTUNA\",\"isPartOf\":{\"@id\":\"https:\\\/\\\/wp.kristdemokraterna.se\\\/eskilstuna\\\/#website\"},\"datePublished\":\"2017-11-29T15:48:28+00:00\",\"dateModified\":\"2024-03-19T13:42:11+00:00\",\"breadcrumb\":{\"@id\":\"https:\\\/\\\/wp.kristdemokraterna.se\\\/eskilstuna\\\/textsida-med-vanster-sidebar\\\/#breadcrumb\"},\"inLanguage\":\"sv-SE\",\"potentialAction\":[{\"@type\":\"ReadAction\",\"target\":[\"https:\\\/\\\/wp.kristdemokraterna.se\\\/eskilstuna\\\/textsida-med-vanster-sidebar\\\/\"]}]},{\"@type\":\"BreadcrumbList\",\"@id\":\"https:\\\/\\\/wp.kristdemokraterna.se\\\/eskilstuna\\\/textsida-med-vanster-sidebar\\\/#breadcrumb\",\"itemListElement\":[{\"@type\":\"ListItem\",\"position\":1,\"name\":\"Hem\",\"item\":\"https:\\\/\\\/wp.kristdemokraterna.se\\\/eskilstuna\\\/\"},{\"@type\":\"ListItem\",\"position\":2,\"name\":\"V\u00e5r partiavdelning\"}]},{\"@type\":\"WebSite\",\"@id\":\"https:\\\/\\\/wp.kristdemokraterna.se\\\/eskilstuna\\\/#website\",\"url\":\"https:\\\/\\\/wp.kristdemokraterna.se\\\/eskilstuna\\\/\",\"name\":\"KRISTDEMOKRATERNA I ESKILSTUNA\",\"description\":\"En till Kristdemokraterna webbplats\",\"inLanguage\":\"sv-SE\"}]}<\/script>\n<!-- \/ Yoast SEO plugin. -->","yoast_head_json":{"title":"V\u00e5r partiavdelning - KRISTDEMOKRATERNA I ESKILSTUNA","robots":{"index":"index","follow":"follow","max-snippet":"max-snippet:-1","max-image-preview":"max-image-preview:large","max-video-preview":"max-video-preview:-1"},"canonical":"https:\/\/wp.kristdemokraterna.se\/eskilstuna\/textsida-med-vanster-sidebar\/","og_locale":"sv_SE","og_type":"article","og_title":"V\u00e5r partiavdelning - KRISTDEMOKRATERNA I ESKILSTUNA","og_description":"H\u00e4r \u00e4r styrelsen f\u00f6r Kristdemokraterna i Eskilstuna 2024 Tony Meshko, Eskilstuna, ordf\u00f6rande Mobil: E-post: tony.meshko@kristdemokraterna.se Susanne Henning Aihonen, Eskilstuna, vice ordf\u00f6rande &nbsp; Kristina Gillberg, Eskilstuna, ledamot, kass\u00f6r Mobil: 070-290 15 35 E-post: kristina.gillberg@kristdemokraterna.se &nbsp;","og_url":"https:\/\/wp.kristdemokraterna.se\/eskilstuna\/textsida-med-vanster-sidebar\/","og_site_name":"KRISTDEMOKRATERNA I ESKILSTUNA","article_modified_time":"2024-03-19T13:42:11+00:00","twitter_card":"summary_large_image","twitter_misc":{"Ber\u00e4knad l\u00e4stid":"1 minut"},"schema":{"@context":"https:\/\/schema.org","@graph":[{"@type":"WebPage","@id":"https:\/\/wp.kristdemokraterna.se\/eskilstuna\/textsida-med-vanster-sidebar\/","url":"https:\/\/wp.kristdemokraterna.se\/eskilstuna\/textsida-med-vanster-sidebar\/","name":"V\u00e5r partiavdelning - KRISTDEMOKRATERNA I ESKILSTUNA","isPartOf":{"@id":"https:\/\/wp.kristdemokraterna.se\/eskilstuna\/#website"},"datePublished":"2017-11-29T15:48:28+00:00","dateModified":"2024-03-19T13:42:11+00:00","breadcrumb":{"@id":"https:\/\/wp.kristdemokraterna.se\/eskilstuna\/textsida-med-vanster-sidebar\/#breadcrumb"},"inLanguage":"sv-SE","potentialAction":[{"@type":"ReadAction","target":["https:\/\/wp.kristdemokraterna.se\/eskilstuna\/textsida-med-vanster-sidebar\/"]}]},{"@type":"BreadcrumbList","@id":"https:\/\/wp.kristdemokraterna.se\/eskilstuna\/textsida-med-vanster-sidebar\/#breadcrumb","itemListElement":[{"@type":"ListItem","position":1,"name":"Hem","item":"https:\/\/wp.kristdemokraterna.se\/eskilstuna\/"},{"@type":"ListItem","position":2,"name":"V\u00e5r partiavdelning"}]},{"@type":"WebSite","@id":"https:\/\/wp.kristdemokraterna.se\/eskilstuna\/#website","url":"https:\/\/wp.kristdemokraterna.se\/eskilstuna\/","name":"KRISTDEMOKRATERNA I ESKILSTUNA","description":"En till Kristdemokraterna webbplats","inLanguage":"sv-SE"}]}},"_links":{"self":[{"href":"https:\/\/wp.kristdemokraterna.se\/eskilstuna\/wp-json\/wp\/v2\/pages\/269","targetHints":{"allow":["GET"]}}],"collection":[{"href":"https:\/\/wp.kristdemokraterna.se\/eskilstuna\/wp-json\/wp\/v2\/pages"}],"about":[{"href":"https:\/\/wp.kristdemokraterna.se\/eskilstuna\/wp-json\/wp\/v2\/types\/page"}],"author":[{"embeddable":true,"href":"https:\/\/wp.kristdemokraterna.se\/eskilstuna\/wp-json\/wp\/v2\/users\/504"}],"replies":[{"embeddable":true,"href":"https:\/\/wp.kristdemokraterna.se\/eskilstuna\/wp-json\/wp\/v2\/comments?post=269"}],"version-history":[{"count":18,"href":"https:\/\/wp.kristdemokraterna.se\/eskilstuna\/wp-json\/wp\/v2\/pages\/269\/revisions"}],"predecessor-version":[{"id":660,"href":"https:\/\/wp.kristdemokraterna.se\/eskilstuna\/wp-json\/wp\/v2\/pages\/269\/revisions\/660"}],"wp:attachment":[{"href":"https:\/\/wp.kristdemokraterna.se\/eskilstuna\/wp-json\/wp\/v2\/media?parent=269"}],"curies":[{"name":"wp","href":"https:\/\/api.w.org\/{rel}","templated":true}]}}