{"version":"1.0","provider_name":"Kristdemokraterna G\u00e4vleborg","provider_url":"https:\/\/wp.kristdemokraterna.se\/gavleborg","title":"Kristdemokraterna prioriterar v\u00e5rden och \u00e4ldrefr\u00e5gor - Kristdemokraterna G\u00e4vleborg","type":"rich","width":600,"height":338,"html":"<blockquote class=\"wp-embedded-content\" data-secret=\"3TcUld8hNa\"><a href=\"https:\/\/wp.kristdemokraterna.se\/gavleborg\/kristdemokraterna-prioriterar-varden-och-aldrefragor\/\">Kristdemokraterna prioriterar v\u00e5rden och \u00e4ldrefr\u00e5gor<\/a><\/blockquote><iframe sandbox=\"allow-scripts\" security=\"restricted\" src=\"https:\/\/wp.kristdemokraterna.se\/gavleborg\/kristdemokraterna-prioriterar-varden-och-aldrefragor\/embed\/#?secret=3TcUld8hNa\" width=\"600\" height=\"338\" title=\"\u201dKristdemokraterna prioriterar v\u00e5rden och \u00e4ldrefr\u00e5gor\u201d &ndash; Kristdemokraterna G\u00e4vleborg\" data-secret=\"3TcUld8hNa\" frameborder=\"0\" marginwidth=\"0\" marginheight=\"0\" scrolling=\"no\" class=\"wp-embedded-content\"><\/iframe><script type=\"text\/javascript\">\n\/* <![CDATA[ *\/\n\/*! This file is auto-generated *\/\n!function(d,l){\"use strict\";l.querySelector&&d.addEventListener&&\"undefined\"!=typeof URL&&(d.wp=d.wp||{},d.wp.receiveEmbedMessage||(d.wp.receiveEmbedMessage=function(e){var t=e.data;if((t||t.secret||t.message||t.value)&&!\/[^a-zA-Z0-9]\/.test(t.secret)){for(var s,r,n,a=l.querySelectorAll('iframe[data-secret=\"'+t.secret+'\"]'),o=l.querySelectorAll('blockquote[data-secret=\"'+t.secret+'\"]'),c=new RegExp(\"^https?:$\",\"i\"),i=0;i<o.length;i++)o[i].style.display=\"none\";for(i=0;i<a.length;i++)s=a[i],e.source===s.contentWindow&&(s.removeAttribute(\"style\"),\"height\"===t.message?(1e3<(r=parseInt(t.value,10))?r=1e3:~~r<200&&(r=200),s.height=r):\"link\"===t.message&&(r=new URL(s.getAttribute(\"src\")),n=new URL(t.value),c.test(n.protocol))&&n.host===r.host&&l.activeElement===s&&(d.top.location.href=t.value))}},d.addEventListener(\"message\",d.wp.receiveEmbedMessage,!1),l.addEventListener(\"DOMContentLoaded\",function(){for(var e,t,s=l.querySelectorAll(\"iframe.wp-embedded-content\"),r=0;r<s.length;r++)(t=(e=s[r]).getAttribute(\"data-secret\"))||(t=Math.random().toString(36).substring(2,12),e.src+=\"#?secret=\"+t,e.setAttribute(\"data-secret\",t)),e.contentWindow.postMessage({message:\"ready\",secret:t},\"*\")},!1)))}(window,document);\n\/\/# sourceURL=https:\/\/wp.kristdemokraterna.se\/gavleborg\/wp-includes\/js\/wp-embed.min.js\n\/* ]]> *\/\n<\/script>\n","description":"Svar: \u00c4ldre patienter offras n\u00e4r KD spar p\u00e5 sjukv\u00e5rden \u2013 Ljusnan Vi st\u00e5r mitt i en sv\u00e5r situation med bland annat l\u00e5gkonjunktur, krig i n\u00e4romr\u00e5det och otrygghet vilket g\u00f6r att v\u00e4lf\u00e4rden och de goda v\u00e4rderingarna utmanas. D\u00e5 beh\u00f6vs samh\u00e4llskrafter med en trygg v\u00e4rderingskompass och politiker som v\u00e5gar prioritera. Vi kristdemokrater s\u00e4tter m\u00e4nniskov\u00e4rdet fr\u00e4mst och l\u00e4gger L\u00e4s mer"}