{"version":"1.0","provider_name":"Kristdemokraterna | Gnesta","provider_url":"https:\/\/wp.kristdemokraterna.se\/gnesta","title":"Jobb och n\u00e4ringsliv - Kristdemokraterna | Gnesta","type":"rich","width":600,"height":338,"html":"<blockquote class=\"wp-embedded-content\" data-secret=\"TMjpkMeeFV\"><a href=\"https:\/\/wp.kristdemokraterna.se\/gnesta\/jobb-och-naringsliv\/\">Jobb och n\u00e4ringsliv<\/a><\/blockquote><iframe sandbox=\"allow-scripts\" security=\"restricted\" src=\"https:\/\/wp.kristdemokraterna.se\/gnesta\/jobb-och-naringsliv\/embed\/#?secret=TMjpkMeeFV\" width=\"600\" height=\"338\" title=\"\u201dJobb och n\u00e4ringsliv\u201d &ndash; Kristdemokraterna | Gnesta\" data-secret=\"TMjpkMeeFV\" frameborder=\"0\" marginwidth=\"0\" marginheight=\"0\" scrolling=\"no\" class=\"wp-embedded-content\"><\/iframe><script type=\"text\/javascript\">\n\/* <![CDATA[ *\/\n\/*! This file is auto-generated *\/\n!function(d,l){\"use strict\";l.querySelector&&d.addEventListener&&\"undefined\"!=typeof URL&&(d.wp=d.wp||{},d.wp.receiveEmbedMessage||(d.wp.receiveEmbedMessage=function(e){var t=e.data;if((t||t.secret||t.message||t.value)&&!\/[^a-zA-Z0-9]\/.test(t.secret)){for(var s,r,n,a=l.querySelectorAll('iframe[data-secret=\"'+t.secret+'\"]'),o=l.querySelectorAll('blockquote[data-secret=\"'+t.secret+'\"]'),c=new RegExp(\"^https?:$\",\"i\"),i=0;i<o.length;i++)o[i].style.display=\"none\";for(i=0;i<a.length;i++)s=a[i],e.source===s.contentWindow&&(s.removeAttribute(\"style\"),\"height\"===t.message?(1e3<(r=parseInt(t.value,10))?r=1e3:~~r<200&&(r=200),s.height=r):\"link\"===t.message&&(r=new URL(s.getAttribute(\"src\")),n=new URL(t.value),c.test(n.protocol))&&n.host===r.host&&l.activeElement===s&&(d.top.location.href=t.value))}},d.addEventListener(\"message\",d.wp.receiveEmbedMessage,!1),l.addEventListener(\"DOMContentLoaded\",function(){for(var e,t,s=l.querySelectorAll(\"iframe.wp-embedded-content\"),r=0;r<s.length;r++)(t=(e=s[r]).getAttribute(\"data-secret\"))||(t=Math.random().toString(36).substring(2,12),e.src+=\"#?secret=\"+t,e.setAttribute(\"data-secret\",t)),e.contentWindow.postMessage({message:\"ready\",secret:t},\"*\")},!1)))}(window,document);\n\/\/# sourceURL=https:\/\/wp.kristdemokraterna.se\/gnesta\/wp-includes\/js\/wp-embed.min.js\n\/* ]]> *\/\n<\/script>\n","thumbnail_url":null,"thumbnail_width":null,"thumbnail_height":null,"description":"M\u00f6jligheterna f\u00f6r politiker att skapa jobb \u00e4r h\u00f6gst begr\u00e4nsade, d\u00e4remot kan vi bidra till att det blir l\u00e4ttare att driva f\u00f6retag. En kommun med v\u00e4lm\u00e5ende och framg\u00e5ngsrika f\u00f6retag har l\u00e4gre arbetsl\u00f6shet, h\u00f6gre tillv\u00e4xt och b\u00e4ttre f\u00f6ruts\u00e4ttningar att finansiera v\u00e4lf\u00e4rden. Den politiska ledningen har ett \u00f6vergripande ansvar att f\u00f6rb\u00e4ttra attityderna till f\u00f6retagande och skapa en f\u00f6rst\u00e5else L\u00e4s mer"}