{"id":554,"date":"2020-03-23T15:29:16","date_gmt":"2020-03-23T14:29:16","guid":{"rendered":"http:\/\/wp.kristdemokraterna.se\/goteborg\/?page_id=554"},"modified":"2022-08-24T15:54:57","modified_gmt":"2022-08-24T13:54:57","slug":"vara-rapporter-for-goteborg","status":"publish","type":"page","link":"https:\/\/wp.kristdemokraterna.se\/goteborg\/i-var-kommun\/vara-rapporter-for-goteborg\/","title":{"rendered":"S\u00e5 tar vi strid f\u00f6r v\u00e4lf\u00e4rden"},"content":{"rendered":"<p>Utforma \u00e4ldreomsorgen med den\u00a0enskildes behov i centrum. Varje\u00a0m\u00e4nniska \u00e4r unik, hela livet.<\/p>\n<p>V\u00e4rna skattebetalarnas pengar &#8211; nej\u00a0till Sveriges dyraste bad och arena\u00a0med \u201dextra allt\u201d.<\/p>\n<p>Bygg en stad som h\u00e5ller samman\u00a0med m\u00f6jlighet f\u00f6r fler barnfamiljer\u00a0att f\u00f6rverkliga husdr\u00f6mmar.<\/p>\n<p>G\u00f6r det riktigt besv\u00e4rligt att vara\u00a0kriminell och st\u00f6tta f\u00f6r\u00e4ldrarna f\u00f6r\u00a0fler trygga familjer och en trygg\u00a0stad.<\/p>\n<p>St\u00e4rk ungas psykiska h\u00e4lsa, erbjud\u00a0h\u00e4lsosamtal med fokus p\u00e5 sociala\u00a0relationer till alla elever.<\/p>\n<p>Skapa mindre barngrupper i\u00a0f\u00f6rskolan f\u00f6r \u00f6kad trygghet och tid\u00a0f\u00f6r relationsbyggande.<\/p>\n","protected":false},"excerpt":{"rendered":"<p>Utforma \u00e4ldreomsorgen med den\u00a0enskildes behov i centrum. Varje\u00a0m\u00e4nniska \u00e4r unik, hela livet. V\u00e4rna skattebetalarnas pengar &#8211; nej\u00a0till Sveriges dyraste bad och arena\u00a0med \u201dextra allt\u201d. Bygg en stad som h\u00e5ller samman\u00a0med m\u00f6jlighet f\u00f6r fler barnfamiljer\u00a0att f\u00f6rverkliga husdr\u00f6mmar. G\u00f6r det riktigt besv\u00e4rligt att vara\u00a0kriminell och st\u00f6tta f\u00f6r\u00e4ldrarna f\u00f6r\u00a0fler trygga familjer och en trygg\u00a0stad. St\u00e4rk ungas psykiska h\u00e4lsa, <a class=\"read-more-link\" href=\"https:\/\/wp.kristdemokraterna.se\/goteborg\/i-var-kommun\/vara-rapporter-for-goteborg\/\">L\u00e4s mer<\/a><\/p>\n","protected":false},"author":860,"featured_media":0,"parent":342,"menu_order":0,"comment_status":"closed","ping_status":"closed","template":"","meta":{"_acf_changed":false,"footnotes":""},"class_list":["post-554","page","type-page","status-publish","hentry"],"acf":[],"yoast_head":"<!-- This site is optimized with the Yoast SEO plugin v27.5 - https:\/\/yoast.com\/product\/yoast-seo-wordpress\/ -->\n<title>S\u00e5 tar vi strid f\u00f6r v\u00e4lf\u00e4rden - Kristdemokraterna | G\u00f6teborg<\/title>\n<meta name=\"robots\" content=\"index, follow, max-snippet:-1, max-image-preview:large, max-video-preview:-1\" \/>\n<link rel=\"canonical\" href=\"https:\/\/wp.kristdemokraterna.se\/goteborg\/i-var-kommun\/vara-rapporter-for-goteborg\/\" \/>\n<meta property=\"og:locale\" content=\"sv_SE\" \/>\n<meta property=\"og:type\" content=\"article\" \/>\n<meta property=\"og:title\" content=\"S\u00e5 tar vi strid f\u00f6r v\u00e4lf\u00e4rden - Kristdemokraterna | G\u00f6teborg\" \/>\n<meta property=\"og:description\" content=\"Utforma \u00e4ldreomsorgen med den\u00a0enskildes behov i centrum. Varje\u00a0m\u00e4nniska \u00e4r unik, hela livet. V\u00e4rna skattebetalarnas pengar &#8211; nej\u00a0till Sveriges dyraste bad och arena\u00a0med \u201dextra allt\u201d. Bygg en stad som h\u00e5ller samman\u00a0med m\u00f6jlighet f\u00f6r fler barnfamiljer\u00a0att f\u00f6rverkliga husdr\u00f6mmar. G\u00f6r det riktigt besv\u00e4rligt att vara\u00a0kriminell och st\u00f6tta f\u00f6r\u00e4ldrarna f\u00f6r\u00a0fler trygga familjer och en trygg\u00a0stad. St\u00e4rk ungas psykiska h\u00e4lsa, L\u00e4s mer\" \/>\n<meta property=\"og:url\" content=\"https:\/\/wp.kristdemokraterna.se\/goteborg\/i-var-kommun\/vara-rapporter-for-goteborg\/\" \/>\n<meta property=\"og:site_name\" content=\"Kristdemokraterna | G\u00f6teborg\" \/>\n<meta property=\"article:modified_time\" content=\"2022-08-24T13:54:57+00:00\" \/>\n<meta name=\"twitter:card\" content=\"summary_large_image\" \/>\n<meta name=\"twitter:label1\" content=\"Ber\u00e4knad l\u00e4stid\" \/>\n\t<meta name=\"twitter:data1\" content=\"1 minut\" \/>\n<script type=\"application\/ld+json\" class=\"yoast-schema-graph\">{\"@context\":\"https:\\\/\\\/schema.org\",\"@graph\":[{\"@type\":\"WebPage\",\"@id\":\"https:\\\/\\\/wp.kristdemokraterna.se\\\/goteborg\\\/i-var-kommun\\\/vara-rapporter-for-goteborg\\\/\",\"url\":\"https:\\\/\\\/wp.kristdemokraterna.se\\\/goteborg\\\/i-var-kommun\\\/vara-rapporter-for-goteborg\\\/\",\"name\":\"S\u00e5 tar vi strid f\u00f6r v\u00e4lf\u00e4rden - Kristdemokraterna | G\u00f6teborg\",\"isPartOf\":{\"@id\":\"https:\\\/\\\/wp.kristdemokraterna.se\\\/goteborg\\\/#website\"},\"datePublished\":\"2020-03-23T14:29:16+00:00\",\"dateModified\":\"2022-08-24T13:54:57+00:00\",\"breadcrumb\":{\"@id\":\"https:\\\/\\\/wp.kristdemokraterna.se\\\/goteborg\\\/i-var-kommun\\\/vara-rapporter-for-goteborg\\\/#breadcrumb\"},\"inLanguage\":\"sv-SE\",\"potentialAction\":[{\"@type\":\"ReadAction\",\"target\":[\"https:\\\/\\\/wp.kristdemokraterna.se\\\/goteborg\\\/i-var-kommun\\\/vara-rapporter-for-goteborg\\\/\"]}]},{\"@type\":\"BreadcrumbList\",\"@id\":\"https:\\\/\\\/wp.kristdemokraterna.se\\\/goteborg\\\/i-var-kommun\\\/vara-rapporter-for-goteborg\\\/#breadcrumb\",\"itemListElement\":[{\"@type\":\"ListItem\",\"position\":1,\"name\":\"Hem\",\"item\":\"https:\\\/\\\/wp.kristdemokraterna.se\\\/goteborg\\\/\"},{\"@type\":\"ListItem\",\"position\":2,\"name\":\"Med omsorg om G\u00f6teborg\",\"item\":\"https:\\\/\\\/wp.kristdemokraterna.se\\\/goteborg\\\/i-var-kommun\\\/\"},{\"@type\":\"ListItem\",\"position\":3,\"name\":\"S\u00e5 tar vi strid f\u00f6r v\u00e4lf\u00e4rden\"}]},{\"@type\":\"WebSite\",\"@id\":\"https:\\\/\\\/wp.kristdemokraterna.se\\\/goteborg\\\/#website\",\"url\":\"https:\\\/\\\/wp.kristdemokraterna.se\\\/goteborg\\\/\",\"name\":\"Kristdemokraterna | G\u00f6teborg\",\"description\":\"Med omsorg om G\u00f6teborg\",\"inLanguage\":\"sv-SE\"}]}<\/script>\n<!-- \/ Yoast SEO plugin. -->","yoast_head_json":{"title":"S\u00e5 tar vi strid f\u00f6r v\u00e4lf\u00e4rden - Kristdemokraterna | G\u00f6teborg","robots":{"index":"index","follow":"follow","max-snippet":"max-snippet:-1","max-image-preview":"max-image-preview:large","max-video-preview":"max-video-preview:-1"},"canonical":"https:\/\/wp.kristdemokraterna.se\/goteborg\/i-var-kommun\/vara-rapporter-for-goteborg\/","og_locale":"sv_SE","og_type":"article","og_title":"S\u00e5 tar vi strid f\u00f6r v\u00e4lf\u00e4rden - Kristdemokraterna | G\u00f6teborg","og_description":"Utforma \u00e4ldreomsorgen med den\u00a0enskildes behov i centrum. Varje\u00a0m\u00e4nniska \u00e4r unik, hela livet. V\u00e4rna skattebetalarnas pengar &#8211; nej\u00a0till Sveriges dyraste bad och arena\u00a0med \u201dextra allt\u201d. Bygg en stad som h\u00e5ller samman\u00a0med m\u00f6jlighet f\u00f6r fler barnfamiljer\u00a0att f\u00f6rverkliga husdr\u00f6mmar. G\u00f6r det riktigt besv\u00e4rligt att vara\u00a0kriminell och st\u00f6tta f\u00f6r\u00e4ldrarna f\u00f6r\u00a0fler trygga familjer och en trygg\u00a0stad. St\u00e4rk ungas psykiska h\u00e4lsa, L\u00e4s mer","og_url":"https:\/\/wp.kristdemokraterna.se\/goteborg\/i-var-kommun\/vara-rapporter-for-goteborg\/","og_site_name":"Kristdemokraterna | G\u00f6teborg","article_modified_time":"2022-08-24T13:54:57+00:00","twitter_card":"summary_large_image","twitter_misc":{"Ber\u00e4knad l\u00e4stid":"1 minut"},"schema":{"@context":"https:\/\/schema.org","@graph":[{"@type":"WebPage","@id":"https:\/\/wp.kristdemokraterna.se\/goteborg\/i-var-kommun\/vara-rapporter-for-goteborg\/","url":"https:\/\/wp.kristdemokraterna.se\/goteborg\/i-var-kommun\/vara-rapporter-for-goteborg\/","name":"S\u00e5 tar vi strid f\u00f6r v\u00e4lf\u00e4rden - Kristdemokraterna | G\u00f6teborg","isPartOf":{"@id":"https:\/\/wp.kristdemokraterna.se\/goteborg\/#website"},"datePublished":"2020-03-23T14:29:16+00:00","dateModified":"2022-08-24T13:54:57+00:00","breadcrumb":{"@id":"https:\/\/wp.kristdemokraterna.se\/goteborg\/i-var-kommun\/vara-rapporter-for-goteborg\/#breadcrumb"},"inLanguage":"sv-SE","potentialAction":[{"@type":"ReadAction","target":["https:\/\/wp.kristdemokraterna.se\/goteborg\/i-var-kommun\/vara-rapporter-for-goteborg\/"]}]},{"@type":"BreadcrumbList","@id":"https:\/\/wp.kristdemokraterna.se\/goteborg\/i-var-kommun\/vara-rapporter-for-goteborg\/#breadcrumb","itemListElement":[{"@type":"ListItem","position":1,"name":"Hem","item":"https:\/\/wp.kristdemokraterna.se\/goteborg\/"},{"@type":"ListItem","position":2,"name":"Med omsorg om G\u00f6teborg","item":"https:\/\/wp.kristdemokraterna.se\/goteborg\/i-var-kommun\/"},{"@type":"ListItem","position":3,"name":"S\u00e5 tar vi strid f\u00f6r v\u00e4lf\u00e4rden"}]},{"@type":"WebSite","@id":"https:\/\/wp.kristdemokraterna.se\/goteborg\/#website","url":"https:\/\/wp.kristdemokraterna.se\/goteborg\/","name":"Kristdemokraterna | G\u00f6teborg","description":"Med omsorg om G\u00f6teborg","inLanguage":"sv-SE"}]}},"_links":{"self":[{"href":"https:\/\/wp.kristdemokraterna.se\/goteborg\/wp-json\/wp\/v2\/pages\/554","targetHints":{"allow":["GET"]}}],"collection":[{"href":"https:\/\/wp.kristdemokraterna.se\/goteborg\/wp-json\/wp\/v2\/pages"}],"about":[{"href":"https:\/\/wp.kristdemokraterna.se\/goteborg\/wp-json\/wp\/v2\/types\/page"}],"author":[{"embeddable":true,"href":"https:\/\/wp.kristdemokraterna.se\/goteborg\/wp-json\/wp\/v2\/users\/860"}],"replies":[{"embeddable":true,"href":"https:\/\/wp.kristdemokraterna.se\/goteborg\/wp-json\/wp\/v2\/comments?post=554"}],"version-history":[{"count":6,"href":"https:\/\/wp.kristdemokraterna.se\/goteborg\/wp-json\/wp\/v2\/pages\/554\/revisions"}],"predecessor-version":[{"id":616,"href":"https:\/\/wp.kristdemokraterna.se\/goteborg\/wp-json\/wp\/v2\/pages\/554\/revisions\/616"}],"up":[{"embeddable":true,"href":"https:\/\/wp.kristdemokraterna.se\/goteborg\/wp-json\/wp\/v2\/pages\/342"}],"wp:attachment":[{"href":"https:\/\/wp.kristdemokraterna.se\/goteborg\/wp-json\/wp\/v2\/media?parent=554"}],"curies":[{"name":"wp","href":"https:\/\/api.w.org\/{rel}","templated":true}]}}