{"version":"1.0","provider_name":"Kristdemokraterna Gotland","provider_url":"https:\/\/wp.kristdemokraterna.se\/gotland","title":"Budget med ansvar och hj\u00e4rta - Kristdemokraterna Gotland","type":"rich","width":600,"height":338,"html":"<blockquote class=\"wp-embedded-content\" data-secret=\"DHVGJ0Jzyu\"><a href=\"https:\/\/wp.kristdemokraterna.se\/gotland\/budget-med-ansvar-och-hjarta\/\">Budget med ansvar och hj\u00e4rta<\/a><\/blockquote><iframe sandbox=\"allow-scripts\" security=\"restricted\" src=\"https:\/\/wp.kristdemokraterna.se\/gotland\/budget-med-ansvar-och-hjarta\/embed\/#?secret=DHVGJ0Jzyu\" width=\"600\" height=\"338\" title=\"\u201dBudget med ansvar och hj\u00e4rta\u201d &ndash; Kristdemokraterna Gotland\" data-secret=\"DHVGJ0Jzyu\" frameborder=\"0\" marginwidth=\"0\" marginheight=\"0\" scrolling=\"no\" class=\"wp-embedded-content\"><\/iframe><script type=\"text\/javascript\">\n\/* <![CDATA[ *\/\n\/*! This file is auto-generated *\/\n!function(d,l){\"use strict\";l.querySelector&&d.addEventListener&&\"undefined\"!=typeof URL&&(d.wp=d.wp||{},d.wp.receiveEmbedMessage||(d.wp.receiveEmbedMessage=function(e){var t=e.data;if((t||t.secret||t.message||t.value)&&!\/[^a-zA-Z0-9]\/.test(t.secret)){for(var s,r,n,a=l.querySelectorAll('iframe[data-secret=\"'+t.secret+'\"]'),o=l.querySelectorAll('blockquote[data-secret=\"'+t.secret+'\"]'),c=new RegExp(\"^https?:$\",\"i\"),i=0;i<o.length;i++)o[i].style.display=\"none\";for(i=0;i<a.length;i++)s=a[i],e.source===s.contentWindow&&(s.removeAttribute(\"style\"),\"height\"===t.message?(1e3<(r=parseInt(t.value,10))?r=1e3:~~r<200&&(r=200),s.height=r):\"link\"===t.message&&(r=new URL(s.getAttribute(\"src\")),n=new URL(t.value),c.test(n.protocol))&&n.host===r.host&&l.activeElement===s&&(d.top.location.href=t.value))}},d.addEventListener(\"message\",d.wp.receiveEmbedMessage,!1),l.addEventListener(\"DOMContentLoaded\",function(){for(var e,t,s=l.querySelectorAll(\"iframe.wp-embedded-content\"),r=0;r<s.length;r++)(t=(e=s[r]).getAttribute(\"data-secret\"))||(t=Math.random().toString(36).substring(2,12),e.src+=\"#?secret=\"+t,e.setAttribute(\"data-secret\",t)),e.contentWindow.postMessage({message:\"ready\",secret:t},\"*\")},!1)))}(window,document);\n\/\/# sourceURL=https:\/\/wp.kristdemokraterna.se\/gotland\/wp-includes\/js\/wp-embed.min.js\n\/* ]]> *\/\n<\/script>\n","description":"Nyligen l\u00e4mnade regeringen sin v\u00e5r\u00e4ndringsbudget till riksdagen. Hela Sverige \u00e4r i en tuff tid, med b\u00e5de l\u00e5gkonjunktur och h\u00f6g inflation, som begr\u00e4nsar handlingsutrymmet. Vi beh\u00f6ver r\u00e4kna med att det blir ytterligare n\u00e5gra sv\u00e5ra \u00e5r. D\u00e4rf\u00f6r \u00e4r det extra viktigt att v\u00e4rna om de allra mest utsatta. Jag \u00e4r stolt att som kristdemokrat se en budget Read More"}