{"version":"1.0","provider_name":"Kristdemokraterna Gotland","provider_url":"https:\/\/wp.kristdemokraterna.se\/gotland","title":"Motion: Motverka v\u00e5ld mot \u00e4ldre - Kristdemokraterna Gotland","type":"rich","width":600,"height":338,"html":"<blockquote class=\"wp-embedded-content\" data-secret=\"ICamrHi4Jf\"><a href=\"https:\/\/wp.kristdemokraterna.se\/gotland\/motion-motverka-vald-mot-aldre\/\">Motion: Motverka v\u00e5ld mot \u00e4ldre<\/a><\/blockquote><iframe sandbox=\"allow-scripts\" security=\"restricted\" src=\"https:\/\/wp.kristdemokraterna.se\/gotland\/motion-motverka-vald-mot-aldre\/embed\/#?secret=ICamrHi4Jf\" width=\"600\" height=\"338\" title=\"\u201dMotion: Motverka v\u00e5ld mot \u00e4ldre\u201d &ndash; Kristdemokraterna Gotland\" data-secret=\"ICamrHi4Jf\" frameborder=\"0\" marginwidth=\"0\" marginheight=\"0\" scrolling=\"no\" class=\"wp-embedded-content\"><\/iframe><script type=\"text\/javascript\">\n\/* <![CDATA[ *\/\n\/*! This file is auto-generated *\/\n!function(d,l){\"use strict\";l.querySelector&&d.addEventListener&&\"undefined\"!=typeof URL&&(d.wp=d.wp||{},d.wp.receiveEmbedMessage||(d.wp.receiveEmbedMessage=function(e){var t=e.data;if((t||t.secret||t.message||t.value)&&!\/[^a-zA-Z0-9]\/.test(t.secret)){for(var s,r,n,a=l.querySelectorAll('iframe[data-secret=\"'+t.secret+'\"]'),o=l.querySelectorAll('blockquote[data-secret=\"'+t.secret+'\"]'),c=new RegExp(\"^https?:$\",\"i\"),i=0;i<o.length;i++)o[i].style.display=\"none\";for(i=0;i<a.length;i++)s=a[i],e.source===s.contentWindow&&(s.removeAttribute(\"style\"),\"height\"===t.message?(1e3<(r=parseInt(t.value,10))?r=1e3:~~r<200&&(r=200),s.height=r):\"link\"===t.message&&(r=new URL(s.getAttribute(\"src\")),n=new URL(t.value),c.test(n.protocol))&&n.host===r.host&&l.activeElement===s&&(d.top.location.href=t.value))}},d.addEventListener(\"message\",d.wp.receiveEmbedMessage,!1),l.addEventListener(\"DOMContentLoaded\",function(){for(var e,t,s=l.querySelectorAll(\"iframe.wp-embedded-content\"),r=0;r<s.length;r++)(t=(e=s[r]).getAttribute(\"data-secret\"))||(t=Math.random().toString(36).substring(2,12),e.src+=\"#?secret=\"+t,e.setAttribute(\"data-secret\",t)),e.contentWindow.postMessage({message:\"ready\",secret:t},\"*\")},!1)))}(window,document);\n\/\/# sourceURL=https:\/\/wp.kristdemokraterna.se\/gotland\/wp-includes\/js\/wp-embed.min.js\n\/* ]]> *\/\n<\/script>\n","description":"MOTION Till fullm\u00e4ktige i Region Gotland, sammantr\u00e4det den 16 februari 2026 Motverka v\u00e5ld mot \u00e4ldre V\u00e5ld mot \u00e4ldre \u00e4r ett samh\u00e4llsproblem som ofta f\u00f6rbises. Psykiska \u00f6vergrepp mot \u00e4ldre personer \u00e4r mest f\u00f6rekommande. Men v\u00e5ldet kan \u00e4ven vara fysiskt, sexuellt, ekonomiskt, eller yttra sig i olika former av kr\u00e4nkningar. N\u00e4r \u00e4ldre uts\u00e4tts f\u00f6r v\u00e5ld i n\u00e5gon Read More"}