{"version":"1.0","provider_name":"Kristdemokraterna Gotland","provider_url":"https:\/\/wp.kristdemokraterna.se\/gotland","title":"Nu r\u00e4ddar vi Gotlands almar! - Kristdemokraterna Gotland","type":"rich","width":600,"height":338,"html":"<blockquote class=\"wp-embedded-content\" data-secret=\"v9tc9NTO8G\"><a href=\"https:\/\/wp.kristdemokraterna.se\/gotland\/nu-raddar-vi-gotlands-almar\/\">Nu r\u00e4ddar vi Gotlands almar!<\/a><\/blockquote><iframe sandbox=\"allow-scripts\" security=\"restricted\" src=\"https:\/\/wp.kristdemokraterna.se\/gotland\/nu-raddar-vi-gotlands-almar\/embed\/#?secret=v9tc9NTO8G\" width=\"600\" height=\"338\" title=\"\u201dNu r\u00e4ddar vi Gotlands almar!\u201d &ndash; Kristdemokraterna Gotland\" data-secret=\"v9tc9NTO8G\" frameborder=\"0\" marginwidth=\"0\" marginheight=\"0\" scrolling=\"no\" class=\"wp-embedded-content\"><\/iframe><script type=\"text\/javascript\">\n\/* <![CDATA[ *\/\n\/*! This file is auto-generated *\/\n!function(d,l){\"use strict\";l.querySelector&&d.addEventListener&&\"undefined\"!=typeof URL&&(d.wp=d.wp||{},d.wp.receiveEmbedMessage||(d.wp.receiveEmbedMessage=function(e){var t=e.data;if((t||t.secret||t.message||t.value)&&!\/[^a-zA-Z0-9]\/.test(t.secret)){for(var s,r,n,a=l.querySelectorAll('iframe[data-secret=\"'+t.secret+'\"]'),o=l.querySelectorAll('blockquote[data-secret=\"'+t.secret+'\"]'),c=new RegExp(\"^https?:$\",\"i\"),i=0;i<o.length;i++)o[i].style.display=\"none\";for(i=0;i<a.length;i++)s=a[i],e.source===s.contentWindow&&(s.removeAttribute(\"style\"),\"height\"===t.message?(1e3<(r=parseInt(t.value,10))?r=1e3:~~r<200&&(r=200),s.height=r):\"link\"===t.message&&(r=new URL(s.getAttribute(\"src\")),n=new URL(t.value),c.test(n.protocol))&&n.host===r.host&&l.activeElement===s&&(d.top.location.href=t.value))}},d.addEventListener(\"message\",d.wp.receiveEmbedMessage,!1),l.addEventListener(\"DOMContentLoaded\",function(){for(var e,t,s=l.querySelectorAll(\"iframe.wp-embedded-content\"),r=0;r<s.length;r++)(t=(e=s[r]).getAttribute(\"data-secret\"))||(t=Math.random().toString(36).substring(2,12),e.src+=\"#?secret=\"+t,e.setAttribute(\"data-secret\",t)),e.contentWindow.postMessage({message:\"ready\",secret:t},\"*\")},!1)))}(window,document);\n\/\/# sourceURL=https:\/\/wp.kristdemokraterna.se\/gotland\/wp-includes\/js\/wp-embed.min.js\n\/* ]]> *\/\n<\/script>\n","description":"F\u00f6r 20 \u00e5r sedan uppt\u00e4cktes almsjukan h\u00e4r p\u00e5 Gotland. Tack vare tidiga och framg\u00e5ngsrika insatser f\u00f6r att bek\u00e4mpa smittan, har vi p\u00e5 Gotland idag Sveriges, och kanske Europas, st\u00f6rsta koncentration av vilda almar. Det ska vi vara stolta och glada \u00f6ver. Almen \u00e4r b\u00e5de ett vackert tr\u00e4d och v\u00e4rd f\u00f6r hundratals olika sm\u00e5kryp, och d\u00e4rmed Read More"}