{"version":"1.0","provider_name":"Kristdemokraterna Gotland","provider_url":"https:\/\/wp.kristdemokraterna.se\/gotland","title":"O\u00e4rligt om budgeten och Arbetsf\u00f6rmedlingen - Kristdemokraterna Gotland","type":"rich","width":600,"height":338,"html":"<blockquote class=\"wp-embedded-content\" data-secret=\"SzwHbJzeMX\"><a href=\"https:\/\/wp.kristdemokraterna.se\/gotland\/oarligt-om-budgeten-och-arbetsformedlingen\/\">O\u00e4rligt om budgeten och Arbetsf\u00f6rmedlingen<\/a><\/blockquote><iframe sandbox=\"allow-scripts\" security=\"restricted\" src=\"https:\/\/wp.kristdemokraterna.se\/gotland\/oarligt-om-budgeten-och-arbetsformedlingen\/embed\/#?secret=SzwHbJzeMX\" width=\"600\" height=\"338\" title=\"\u201dO\u00e4rligt om budgeten och Arbetsf\u00f6rmedlingen\u201d &ndash; Kristdemokraterna Gotland\" data-secret=\"SzwHbJzeMX\" frameborder=\"0\" marginwidth=\"0\" marginheight=\"0\" scrolling=\"no\" class=\"wp-embedded-content\"><\/iframe><script type=\"text\/javascript\">\n\/* <![CDATA[ *\/\n\/*! This file is auto-generated *\/\n!function(d,l){\"use strict\";l.querySelector&&d.addEventListener&&\"undefined\"!=typeof URL&&(d.wp=d.wp||{},d.wp.receiveEmbedMessage||(d.wp.receiveEmbedMessage=function(e){var t=e.data;if((t||t.secret||t.message||t.value)&&!\/[^a-zA-Z0-9]\/.test(t.secret)){for(var s,r,n,a=l.querySelectorAll('iframe[data-secret=\"'+t.secret+'\"]'),o=l.querySelectorAll('blockquote[data-secret=\"'+t.secret+'\"]'),c=new RegExp(\"^https?:$\",\"i\"),i=0;i<o.length;i++)o[i].style.display=\"none\";for(i=0;i<a.length;i++)s=a[i],e.source===s.contentWindow&&(s.removeAttribute(\"style\"),\"height\"===t.message?(1e3<(r=parseInt(t.value,10))?r=1e3:~~r<200&&(r=200),s.height=r):\"link\"===t.message&&(r=new URL(s.getAttribute(\"src\")),n=new URL(t.value),c.test(n.protocol))&&n.host===r.host&&l.activeElement===s&&(d.top.location.href=t.value))}},d.addEventListener(\"message\",d.wp.receiveEmbedMessage,!1),l.addEventListener(\"DOMContentLoaded\",function(){for(var e,t,s=l.querySelectorAll(\"iframe.wp-embedded-content\"),r=0;r<s.length;r++)(t=(e=s[r]).getAttribute(\"data-secret\"))||(t=Math.random().toString(36).substring(2,12),e.src+=\"#?secret=\"+t,e.setAttribute(\"data-secret\",t)),e.contentWindow.postMessage({message:\"ready\",secret:t},\"*\")},!1)))}(window,document);\n\/\/# sourceURL=https:\/\/wp.kristdemokraterna.se\/gotland\/wp-includes\/js\/wp-embed.min.js\n\/* ]]> *\/\n<\/script>\n","description":"I fredagens GT (190208) skriver ledarskribent Erik Fransson om Sveriges statsbudget f\u00f6r 2019. Bland annat g\u00f6r han n\u00e5got som \u00e4r v\u00e4ldigt popul\u00e4rt i v\u00e4nsterkretsar: pratar om Kristdemokraternas och Moderaternas budgetreservation som en ihoprafsad \u201dservettskiss\u201d. Det \u00e4r b\u00e5de oseri\u00f6st och felaktigt. F\u00f6r det f\u00f6rsta \u00e4r det ett dokument p\u00e5 ett tjugotal sidor som delvis \u00e4ndrar de Read More"}