{"version":"1.0","provider_name":"Kristdemokraterna Gotland","provider_url":"https:\/\/wp.kristdemokraterna.se\/gotland","title":"Satsningar p\u00e5 v\u00e4lf\u00e4rden att vara stolt \u00f6ver - Kristdemokraterna Gotland","type":"rich","width":600,"height":338,"html":"<blockquote class=\"wp-embedded-content\" data-secret=\"SA0bTbSiui\"><a href=\"https:\/\/wp.kristdemokraterna.se\/gotland\/satsningar-pa-valfarden-att-vara-stolt-over\/\">Satsningar p\u00e5 v\u00e4lf\u00e4rden att vara stolt \u00f6ver<\/a><\/blockquote><iframe sandbox=\"allow-scripts\" security=\"restricted\" src=\"https:\/\/wp.kristdemokraterna.se\/gotland\/satsningar-pa-valfarden-att-vara-stolt-over\/embed\/#?secret=SA0bTbSiui\" width=\"600\" height=\"338\" title=\"\u201dSatsningar p\u00e5 v\u00e4lf\u00e4rden att vara stolt \u00f6ver\u201d &ndash; Kristdemokraterna Gotland\" data-secret=\"SA0bTbSiui\" frameborder=\"0\" marginwidth=\"0\" marginheight=\"0\" scrolling=\"no\" class=\"wp-embedded-content\"><\/iframe><script type=\"text\/javascript\">\n\/* <![CDATA[ *\/\n\/*! This file is auto-generated *\/\n!function(d,l){\"use strict\";l.querySelector&&d.addEventListener&&\"undefined\"!=typeof URL&&(d.wp=d.wp||{},d.wp.receiveEmbedMessage||(d.wp.receiveEmbedMessage=function(e){var t=e.data;if((t||t.secret||t.message||t.value)&&!\/[^a-zA-Z0-9]\/.test(t.secret)){for(var s,r,n,a=l.querySelectorAll('iframe[data-secret=\"'+t.secret+'\"]'),o=l.querySelectorAll('blockquote[data-secret=\"'+t.secret+'\"]'),c=new RegExp(\"^https?:$\",\"i\"),i=0;i<o.length;i++)o[i].style.display=\"none\";for(i=0;i<a.length;i++)s=a[i],e.source===s.contentWindow&&(s.removeAttribute(\"style\"),\"height\"===t.message?(1e3<(r=parseInt(t.value,10))?r=1e3:~~r<200&&(r=200),s.height=r):\"link\"===t.message&&(r=new URL(s.getAttribute(\"src\")),n=new URL(t.value),c.test(n.protocol))&&n.host===r.host&&l.activeElement===s&&(d.top.location.href=t.value))}},d.addEventListener(\"message\",d.wp.receiveEmbedMessage,!1),l.addEventListener(\"DOMContentLoaded\",function(){for(var e,t,s=l.querySelectorAll(\"iframe.wp-embedded-content\"),r=0;r<s.length;r++)(t=(e=s[r]).getAttribute(\"data-secret\"))||(t=Math.random().toString(36).substring(2,12),e.src+=\"#?secret=\"+t,e.setAttribute(\"data-secret\",t)),e.contentWindow.postMessage({message:\"ready\",secret:t},\"*\")},!1)))}(window,document);\n\/\/# sourceURL=https:\/\/wp.kristdemokraterna.se\/gotland\/wp-includes\/js\/wp-embed.min.js\n\/* ]]> *\/\n<\/script>\n","description":"Den 3 januari skrev Erik Fransson i sin ledare i GT n\u00e5gra meningar om den budget som riksdagen antagit f\u00f6r 2019. Jag f\u00e5r \u00e4rligt talat s\u00e4ga att det f\u00f6rv\u00e5nar mig att Erik och jag har tv\u00e5 s\u00e5 olika bilder av samma sak. N\u00e4r Erik skriver att Moderaterna och Kristdemokraterna i sin gemensamma budgetreservation g\u00f6r inga Read More"}