{"id":1369,"date":"2022-06-17T22:32:40","date_gmt":"2022-06-17T20:32:40","guid":{"rendered":"https:\/\/wp.kristdemokraterna.se\/gotland\/?page_id=1369"},"modified":"2024-04-11T21:43:31","modified_gmt":"2024-04-11T19:43:31","slug":"ett-gotland-som-star-pa-egna-ben-valprogram-2022","status":"publish","type":"page","link":"https:\/\/wp.kristdemokraterna.se\/gotland\/val-2022\/ett-gotland-som-star-pa-egna-ben-valprogram-2022\/","title":{"rendered":"Ett Gotland som st\u00e5r p\u00e5 egna ben &#8211; valprogram 2022"},"content":{"rendered":"<p>Ladda ner valprogrammet h\u00e4r:<br \/>\n<a href=\"http:\/\/wp.kristdemokraterna.se\/gotland\/files\/2022\/08\/valprogram-2022.pdf\" target=\"_blank\" rel=\"noopener\">Ett Gotland som st\u00e5r p\u00e5 egna ben &#8211; valprogram 2022<\/a><\/p>\n<p>&nbsp;<\/p>\n<h1>Gotland \u2013 v\u00e5rt hj\u00e4rtland<\/h1>\n<p>Gotland \u00e4r v\u00e5rt hj\u00e4rtland \u2013 den del av landet d\u00e4r vi har v\u00e5rt hj\u00e4rta. Den \u00f6 som har stort v\u00e4rde f\u00f6r oss som bor h\u00e4r och ger liv \u00e5t andra delar av landet, men som ocks\u00e5 st\u00e5r inf\u00f6r stora utmaningar och m\u00e5ste fungera. H\u00e4r ska det vara m\u00f6jligt att komma till v\u00e4rlden p\u00e5 ett tryggt s\u00e4tt, m\u00f6ta livet och v\u00e4xa upp omgiven av familj, v\u00e4nner och ett samh\u00e4lle som vill ens b\u00e4sta. Det ska finnas utbildning som f\u00f6rbereder f\u00f6r ett yrkesliv, och det ska vara m\u00f6jligt att utvecklas, m\u00e5 bra och leva gott \u00e4nda tills den dag d\u00e5 livet har sitt slut.<\/p>\n<p>Och genom allt detta ska det finnas st\u00f6d, n\u00e4r det beh\u00f6vs och p\u00e5 det s\u00e4tt som passar var och en. Varje m\u00e4nniska har ett absolut och okr\u00e4nkbart v\u00e4rde och \u00e4r samtidigt unik vad g\u00e4ller beg\u00e5vning, intressen och f\u00f6ruts\u00e4ttningar.<\/p>\n<p>Vi beh\u00f6ver sl\u00e5 vakt om det som \u00e4r gott med Gotland, och v\u00e5ga utveckla det som beh\u00f6ver bli b\u00e4ttre.<\/p>\n<h1><\/h1>\n<h1>Vad menar vi med \u201dP\u00e5 egna ben\u201d?<\/h1>\n<p>Gotland \u00e4r en \u00f6, men inte en isolerad s\u00e5dan. Gotland har, och ska ha, f\u00f6rbindelser med resten av Sverige och omv\u00e4rlden p\u00e5 olika s\u00e4tt. Elkablar, b\u00e5t- och flyglinjer och andra kommunikationer \u00e4r livsviktiga f\u00f6r oss. Vi beh\u00f6ver ett nationellt ansvar f\u00f6r sjukv\u00e5rd, r\u00e4ttsv\u00e4sende och m\u00e5nga andra omr\u00e5den. Men vi m\u00e5ste, b\u00e5de som region och som individer, vara beredda att st\u00e5 p\u00e5 egna ben.<\/p>\n<p>Tillg\u00e5ng till vatten, mat, drivmedel och el beh\u00f6ver s\u00e4kras, oavsett om omv\u00e4rlden \u00e4r lugn eller orolig. Lantbruk, skogsbruk, civilsamh\u00e4lle, n\u00e4ringsliv, infrastruktur och f\u00f6rsvar \u00e4r d\u00e5 viktiga pusselbitar. Ekonomisk stabilitet \u00e4r en f\u00f6ruts\u00e4ttning f\u00f6r att kunna ta h\u00f6jd f\u00f6r det v\u00e4ntade eller ov\u00e4ntade.<\/p>\n<p>F\u00f6r var och en, som bor h\u00e4r p\u00e5 Gotland, ska det vara m\u00f6jligt att arbeta eller ha en annan syssels\u00e4ttning utifr\u00e5n den egna f\u00f6rm\u00e5gan. Att ge en m\u00e4nniska ansvar \u00e4r att tro p\u00e5 den m\u00e4nniskan. Att ge en m\u00e4nniska valfrihet \u00e4r att erk\u00e4nna att vi alla \u00e4r olika.<\/p>\n<h1><\/h1>\n<h1>V\u00e5ra viktigaste valfr\u00e5gor 2022<\/h1>\n<h3><\/h3>\n<h3>Bost\u00e4der<\/h3>\n<p>Alla beh\u00f6ver n\u00e5got att kalla hem. Oavsett dina behov och var i livet du \u00e4r. Och oavsett var p\u00e5 Gotland du vill bo. Bost\u00e4der \u00e4r f\u00f6ruts\u00e4ttningen f\u00f6r ett fungerande samh\u00e4lle. F\u00f6r de allra mest utsatta, ska \u201dBostad f\u00f6rst\u201d inf\u00f6ras som modell.<\/p>\n<h3><\/h3>\n<h3>Sj\u00e4lvf\u00f6rs\u00f6rjning<\/h3>\n<p>Vi m\u00e5ste s\u00e4kra tillg\u00e5ngen till drivmedel, el, vatten och mat p\u00e5 Gotland. Den lokala livsmedelsproduktionen m\u00e5ste st\u00e4rkas. Vi beh\u00f6ver ocks\u00e5 inse att v\u00e4derberoende vind- och solenergi inte \u00e4r hela svaret p\u00e5 energi- och klimatutmaningarna.<\/p>\n<h3><\/h3>\n<h3>Trygg \u00e5lderdom<\/h3>\n<p>F\u00f6rloras r\u00e4tten att best\u00e4mma n\u00e4r du blir \u00e4ldre? Naturligtvis inte! Trygghet och omsorg ska finnas d\u00e4r du \u00e4r och vill vara. Samh\u00e4llsservicen ska vara god, och m\u00f6jligheterna att leva ett aktivt liv ska vara m\u00e5nga. Kristdemokraterna v\u00e4grar klumpa ihop \u201d\u00e4ldre\u201d till en homogen grupp.<\/p>\n<h1>Vad vill vi mer?<\/h1>\n<p>Vi lovar inte allt till alla. Vi har ett ansvar att f\u00f6rvalta ekonomiska, milj\u00f6m\u00e4ssiga och sociala v\u00e4rden. Vi har en bild av hur Gotland beh\u00f6ver utvecklas och vi sammanfattar den i f\u00f6ljande punkter:<\/p>\n<h3><\/h3>\n<h3>Barn, familj &amp; skola<\/h3>\n<p>Trygga familjer och andra n\u00e4ra gemenskaper \u00e4r en f\u00f6ruts\u00e4ttning f\u00f6r ett v\u00e4l fungerande samh\u00e4lle. V\u00e5r utg\u00e5ngspunkt \u00e4r att familjen, oavsett hur den ser ut, ska ha makt att utforma sin vardag. Det offentligas uppgift \u00e4r att ge familjen det st\u00f6d som beh\u00f6vs s\u00e5 att stress, tidsbrist och upplevelser av otillr\u00e4cklighet motverkas.<\/p>\n<ul>\n<li>\u00d6ka m\u00f6jligheten f\u00f6r familjedaghem\/pedagogisk omsorg f\u00f6r barn i \u00e5ldrarna 1-12 \u00e5r.<\/li>\n<li>Begr\u00e4nsa grupperna i f\u00f6rskolan till max 12 barn f\u00f6r sm\u00e5barnsgrupper och 15 barn f\u00f6r de \u00e4ldre barnen.<\/li>\n<li>V\u00e4rna lokala skolor.<\/li>\n<li>Forts\u00e4tt med f\u00f6rebyggande satsningar inom elevh\u00e4lsan.<\/li>\n<li>Skapa trygga och flexibla transportv\u00e4gar f\u00f6r skoltid och fritid.<\/li>\n<\/ul>\n<h3><\/h3>\n<h3>Omsorg &amp; v\u00e5rd<\/h3>\n<p>\u00c4ldreomsorg och omsorg om personer med funktionsneds\u00e4ttning ska pr\u00e4glas av trygghet, v\u00e4rdighet och delaktighet. Varje person, oavsett \u00e5lder, k\u00e4nner b\u00e4st sina egna behov. Inflytandet och valfriheten ska d\u00e4rf\u00f6r vara stor. Sjukv\u00e5rden ska erbjuda tillg\u00e4nglig och v\u00e4rdig v\u00e5rd av god kvalitet, d\u00e4r h\u00e4lsofr\u00e4mjande och f\u00f6rebyggande v\u00e5rd \u00e4r en naturlig del.<\/p>\n<ul>\n<li>Inf\u00f6r valfrihet inom s\u00e4rskilt boende f\u00f6r \u00e4ldre och beh\u00e5ll valfrihet inom hemtj\u00e4nst och daglig verksamhet.<\/li>\n<li>V\u00e4xla upp arbetet f\u00f6r motverkande av ofrivillig ensamhet.<\/li>\n<li>M\u00f6jligg\u00f6r st\u00f6d till b\u00e5de kvinnor och m\u00e4n som uts\u00e4tts f\u00f6r hot och v\u00e5ld i n\u00e4ra relationer.<\/li>\n<li>B\u00f6rja planera f\u00f6r ett nytt lasarett.<\/li>\n<li>Flytta huvudmannaskapet f\u00f6r sjukv\u00e5rden till statlig niv\u00e5, avveckla regionerna och st\u00e4rk prim\u00e4rv\u00e5rden.<\/li>\n<\/ul>\n<h3><\/h3>\n<h3>Kultur, fritid &amp; samh\u00e4llsgemenskap<\/h3>\n<p>Vi vill skapa ett samh\u00e4lle, d\u00e4r medborgarna k\u00e4nner tillit till varandra och samh\u00e4llets institutioner. H\u00e4r fyller det civila samh\u00e4llet en betydelsefull roll. I f\u00f6reningsengagemang fostras vi till tillit, ansvarstagande och civilkurage. Idrottsf\u00f6reningar, studief\u00f6rbund, scoutverksamhet, samfund och andra organisationer ska ha en betydande roll i att bedriva kultur- och fritidsverksamhet.<\/p>\n<ul>\n<li>Inf\u00f6r ett fritidskort f\u00f6r barn i \u00e5rskurs 2-9, laddat med pengar f\u00f6r kultur- och fritidsaktiviteter.<\/li>\n<li>\u00d6ka st\u00f6det till f\u00f6reningar som bedriver kultur- och fritidsaktiviteter f\u00f6r barn, ungdomar och \u00e4ldre.<\/li>\n<li>F\u00f6rb\u00e4ttra st\u00f6det f\u00f6r de gotl\u00e4ndska idrottsf\u00f6reningarnas resor till t\u00e4vlingar och utbyten med fastlandet.<\/li>\n<li>G\u00f6r det m\u00f6jligt f\u00f6r fler konstn\u00e4rer att verka utan offentliga bidrag.<\/li>\n<li>St\u00e4rk civilsamh\u00e4llets f\u00f6rm\u00e5ga att bidra till trygghet.<\/li>\n<\/ul>\n<h3><\/h3>\n<h3>Milj\u00f6 &amp; samh\u00e4llsplanering<\/h3>\n<p>Landsbygderna har en viktig roll i samh\u00e4llsbyggandet. V\u00e4gh\u00e5llning, sn\u00f6r\u00f6jning, belysning, skolor, v\u00e5rd, omsorg, bibliotek, kollektivtrafik och annan samh\u00e4llsservice \u00e4r n\u00f6dv\u00e4ndig p\u00e5 hela Gotland.<\/p>\n<ul>\n<li>Reformera parkeringsnormen. Det beh\u00f6vs fler parkeringsplatser i anslutning till bost\u00e4der i Visby.<\/li>\n<li>L\u00e5t Visby v\u00e4xa lite, l\u00e5t \u00f6vriga Gotland utvecklas stort.<\/li>\n<li>S\u00e4kra vattentillg\u00e5ngen p\u00e5 hela Gotland.<\/li>\n<li>Fr\u00e4mja n\u00e4rodlade livsmedel och m\u00f6jlighet f\u00f6r mindre leverant\u00f6rer att delta i upphandlingar.<\/li>\n<li>Inf\u00f6r m\u00f6jlighet till \u00e5terbruk p\u00e5 fler av Gotlands \u00e5tervinningscentraler.<\/li>\n<\/ul>\n<p>&nbsp;<\/p>\n<p>&nbsp;<\/p>\n","protected":false},"excerpt":{"rendered":"<p>Ladda ner valprogrammet h\u00e4r: Ett Gotland som st\u00e5r p\u00e5 egna ben &#8211; valprogram 2022 &nbsp; Gotland \u2013 v\u00e5rt hj\u00e4rtland Gotland \u00e4r v\u00e5rt hj\u00e4rtland \u2013 den del av landet d\u00e4r vi har v\u00e5rt hj\u00e4rta. Den \u00f6 som har stort v\u00e4rde f\u00f6r oss som bor h\u00e4r och ger liv \u00e5t andra delar av landet, men som ocks\u00e5 <a class=\"read-more-link\" href=\"https:\/\/wp.kristdemokraterna.se\/gotland\/val-2022\/ett-gotland-som-star-pa-egna-ben-valprogram-2022\/\">Read More<\/a><\/p>\n","protected":false},"author":408,"featured_media":0,"parent":847,"menu_order":0,"comment_status":"closed","ping_status":"closed","template":"","meta":{"_acf_changed":false,"footnotes":""},"class_list":["post-1369","page","type-page","status-publish","hentry"],"acf":[],"yoast_head":"<!-- This site is optimized with the Yoast SEO plugin v27.4 - https:\/\/yoast.com\/product\/yoast-seo-wordpress\/ -->\n<title>Ett Gotland som st\u00e5r p\u00e5 egna ben - valprogram 2022 - Kristdemokraterna Gotland<\/title>\n<meta name=\"robots\" content=\"index, follow, max-snippet:-1, max-image-preview:large, max-video-preview:-1\" \/>\n<link rel=\"canonical\" href=\"https:\/\/wp.kristdemokraterna.se\/gotland\/val-2022\/ett-gotland-som-star-pa-egna-ben-valprogram-2022\/\" \/>\n<meta property=\"og:locale\" content=\"sv_SE\" \/>\n<meta property=\"og:type\" content=\"article\" \/>\n<meta property=\"og:title\" content=\"Ett Gotland som st\u00e5r p\u00e5 egna ben - valprogram 2022 - Kristdemokraterna Gotland\" \/>\n<meta property=\"og:description\" content=\"Ladda ner valprogrammet h\u00e4r: Ett Gotland som st\u00e5r p\u00e5 egna ben &#8211; valprogram 2022 &nbsp; Gotland \u2013 v\u00e5rt hj\u00e4rtland Gotland \u00e4r v\u00e5rt hj\u00e4rtland \u2013 den del av landet d\u00e4r vi har v\u00e5rt hj\u00e4rta. Den \u00f6 som har stort v\u00e4rde f\u00f6r oss som bor h\u00e4r och ger liv \u00e5t andra delar av landet, men som ocks\u00e5 Read More\" \/>\n<meta property=\"og:url\" content=\"https:\/\/wp.kristdemokraterna.se\/gotland\/val-2022\/ett-gotland-som-star-pa-egna-ben-valprogram-2022\/\" \/>\n<meta property=\"og:site_name\" content=\"Kristdemokraterna Gotland\" \/>\n<meta property=\"article:modified_time\" content=\"2024-04-11T19:43:31+00:00\" \/>\n<meta name=\"twitter:card\" content=\"summary_large_image\" \/>\n<meta name=\"twitter:label1\" content=\"Ber\u00e4knad l\u00e4stid\" \/>\n\t<meta name=\"twitter:data1\" content=\"5 minuter\" \/>\n<script type=\"application\/ld+json\" class=\"yoast-schema-graph\">{\"@context\":\"https:\\\/\\\/schema.org\",\"@graph\":[{\"@type\":\"WebPage\",\"@id\":\"https:\\\/\\\/wp.kristdemokraterna.se\\\/gotland\\\/val-2022\\\/ett-gotland-som-star-pa-egna-ben-valprogram-2022\\\/\",\"url\":\"https:\\\/\\\/wp.kristdemokraterna.se\\\/gotland\\\/val-2022\\\/ett-gotland-som-star-pa-egna-ben-valprogram-2022\\\/\",\"name\":\"Ett Gotland som st\u00e5r p\u00e5 egna ben - valprogram 2022 - Kristdemokraterna Gotland\",\"isPartOf\":{\"@id\":\"https:\\\/\\\/wp.kristdemokraterna.se\\\/gotland\\\/#website\"},\"datePublished\":\"2022-06-17T20:32:40+00:00\",\"dateModified\":\"2024-04-11T19:43:31+00:00\",\"breadcrumb\":{\"@id\":\"https:\\\/\\\/wp.kristdemokraterna.se\\\/gotland\\\/val-2022\\\/ett-gotland-som-star-pa-egna-ben-valprogram-2022\\\/#breadcrumb\"},\"inLanguage\":\"sv-SE\",\"potentialAction\":[{\"@type\":\"ReadAction\",\"target\":[\"https:\\\/\\\/wp.kristdemokraterna.se\\\/gotland\\\/val-2022\\\/ett-gotland-som-star-pa-egna-ben-valprogram-2022\\\/\"]}]},{\"@type\":\"BreadcrumbList\",\"@id\":\"https:\\\/\\\/wp.kristdemokraterna.se\\\/gotland\\\/val-2022\\\/ett-gotland-som-star-pa-egna-ben-valprogram-2022\\\/#breadcrumb\",\"itemListElement\":[{\"@type\":\"ListItem\",\"position\":1,\"name\":\"Hem\",\"item\":\"https:\\\/\\\/wp.kristdemokraterna.se\\\/gotland\\\/\"},{\"@type\":\"ListItem\",\"position\":2,\"name\":\"Val 2022\",\"item\":\"https:\\\/\\\/wp.kristdemokraterna.se\\\/gotland\\\/?page_id=847\"},{\"@type\":\"ListItem\",\"position\":3,\"name\":\"Ett Gotland som st\u00e5r p\u00e5 egna ben &#8211; valprogram 2022\"}]},{\"@type\":\"WebSite\",\"@id\":\"https:\\\/\\\/wp.kristdemokraterna.se\\\/gotland\\\/#website\",\"url\":\"https:\\\/\\\/wp.kristdemokraterna.se\\\/gotland\\\/\",\"name\":\"Kristdemokraterna Gotland\",\"description\":\"Kristdemokraterna p\u00e5 Gotland\",\"inLanguage\":\"sv-SE\"}]}<\/script>\n<!-- \/ Yoast SEO plugin. -->","yoast_head_json":{"title":"Ett Gotland som st\u00e5r p\u00e5 egna ben - valprogram 2022 - Kristdemokraterna Gotland","robots":{"index":"index","follow":"follow","max-snippet":"max-snippet:-1","max-image-preview":"max-image-preview:large","max-video-preview":"max-video-preview:-1"},"canonical":"https:\/\/wp.kristdemokraterna.se\/gotland\/val-2022\/ett-gotland-som-star-pa-egna-ben-valprogram-2022\/","og_locale":"sv_SE","og_type":"article","og_title":"Ett Gotland som st\u00e5r p\u00e5 egna ben - valprogram 2022 - Kristdemokraterna Gotland","og_description":"Ladda ner valprogrammet h\u00e4r: Ett Gotland som st\u00e5r p\u00e5 egna ben &#8211; valprogram 2022 &nbsp; Gotland \u2013 v\u00e5rt hj\u00e4rtland Gotland \u00e4r v\u00e5rt hj\u00e4rtland \u2013 den del av landet d\u00e4r vi har v\u00e5rt hj\u00e4rta. Den \u00f6 som har stort v\u00e4rde f\u00f6r oss som bor h\u00e4r och ger liv \u00e5t andra delar av landet, men som ocks\u00e5 Read More","og_url":"https:\/\/wp.kristdemokraterna.se\/gotland\/val-2022\/ett-gotland-som-star-pa-egna-ben-valprogram-2022\/","og_site_name":"Kristdemokraterna Gotland","article_modified_time":"2024-04-11T19:43:31+00:00","twitter_card":"summary_large_image","twitter_misc":{"Ber\u00e4knad l\u00e4stid":"5 minuter"},"schema":{"@context":"https:\/\/schema.org","@graph":[{"@type":"WebPage","@id":"https:\/\/wp.kristdemokraterna.se\/gotland\/val-2022\/ett-gotland-som-star-pa-egna-ben-valprogram-2022\/","url":"https:\/\/wp.kristdemokraterna.se\/gotland\/val-2022\/ett-gotland-som-star-pa-egna-ben-valprogram-2022\/","name":"Ett Gotland som st\u00e5r p\u00e5 egna ben - valprogram 2022 - Kristdemokraterna Gotland","isPartOf":{"@id":"https:\/\/wp.kristdemokraterna.se\/gotland\/#website"},"datePublished":"2022-06-17T20:32:40+00:00","dateModified":"2024-04-11T19:43:31+00:00","breadcrumb":{"@id":"https:\/\/wp.kristdemokraterna.se\/gotland\/val-2022\/ett-gotland-som-star-pa-egna-ben-valprogram-2022\/#breadcrumb"},"inLanguage":"sv-SE","potentialAction":[{"@type":"ReadAction","target":["https:\/\/wp.kristdemokraterna.se\/gotland\/val-2022\/ett-gotland-som-star-pa-egna-ben-valprogram-2022\/"]}]},{"@type":"BreadcrumbList","@id":"https:\/\/wp.kristdemokraterna.se\/gotland\/val-2022\/ett-gotland-som-star-pa-egna-ben-valprogram-2022\/#breadcrumb","itemListElement":[{"@type":"ListItem","position":1,"name":"Hem","item":"https:\/\/wp.kristdemokraterna.se\/gotland\/"},{"@type":"ListItem","position":2,"name":"Val 2022","item":"https:\/\/wp.kristdemokraterna.se\/gotland\/?page_id=847"},{"@type":"ListItem","position":3,"name":"Ett Gotland som st\u00e5r p\u00e5 egna ben &#8211; valprogram 2022"}]},{"@type":"WebSite","@id":"https:\/\/wp.kristdemokraterna.se\/gotland\/#website","url":"https:\/\/wp.kristdemokraterna.se\/gotland\/","name":"Kristdemokraterna Gotland","description":"Kristdemokraterna p\u00e5 Gotland","inLanguage":"sv-SE"}]}},"_links":{"self":[{"href":"https:\/\/wp.kristdemokraterna.se\/gotland\/wp-json\/wp\/v2\/pages\/1369","targetHints":{"allow":["GET"]}}],"collection":[{"href":"https:\/\/wp.kristdemokraterna.se\/gotland\/wp-json\/wp\/v2\/pages"}],"about":[{"href":"https:\/\/wp.kristdemokraterna.se\/gotland\/wp-json\/wp\/v2\/types\/page"}],"author":[{"embeddable":true,"href":"https:\/\/wp.kristdemokraterna.se\/gotland\/wp-json\/wp\/v2\/users\/408"}],"replies":[{"embeddable":true,"href":"https:\/\/wp.kristdemokraterna.se\/gotland\/wp-json\/wp\/v2\/comments?post=1369"}],"version-history":[{"count":11,"href":"https:\/\/wp.kristdemokraterna.se\/gotland\/wp-json\/wp\/v2\/pages\/1369\/revisions"}],"predecessor-version":[{"id":1735,"href":"https:\/\/wp.kristdemokraterna.se\/gotland\/wp-json\/wp\/v2\/pages\/1369\/revisions\/1735"}],"up":[{"embeddable":true,"href":"https:\/\/wp.kristdemokraterna.se\/gotland\/wp-json\/wp\/v2\/pages\/847"}],"wp:attachment":[{"href":"https:\/\/wp.kristdemokraterna.se\/gotland\/wp-json\/wp\/v2\/media?parent=1369"}],"curies":[{"name":"wp","href":"https:\/\/api.w.org\/{rel}","templated":true}]}}