{"id":1385,"date":"2022-06-18T20:26:06","date_gmt":"2022-06-18T18:26:06","guid":{"rendered":"https:\/\/wp.kristdemokraterna.se\/gotland\/?page_id=1385"},"modified":"2024-05-21T22:32:36","modified_gmt":"2024-05-21T20:32:36","slug":"kultur-fritid-amp-samhallsgemenskap","status":"publish","type":"page","link":"https:\/\/wp.kristdemokraterna.se\/gotland\/val-2022\/ett-gotland-som-star-pa-egna-ben-valprogram-2022\/kultur-fritid-amp-samhallsgemenskap\/","title":{"rendered":"Kultur, fritid &amp; samh\u00e4llsgemenskap"},"content":{"rendered":"<p>Vi vill skapa ett samh\u00e4lle, d\u00e4r medborgarna k\u00e4nner tillit till varandra och samh\u00e4llets institutioner. H\u00e4r fyller det civila samh\u00e4llet en betydelsefull roll. I f\u00f6reningsengagemang fostras vi till tillit, ansvarstagande och civilkurage. Idrottsf\u00f6reningar, studief\u00f6rbund, scoutverksamhet, samfund och andra organisationer ska ha en betydande roll i att bedriva kultur- och fritidsverksamhet.<\/p>\n<ul>\n<li>Inf\u00f6r ett fritidskort f\u00f6r barn i \u00e5rskurs 2-9, laddat med pengar f\u00f6r kultur- och fritidsaktiviteter.<\/li>\n<li>\u00d6ka st\u00f6det till f\u00f6reningar som bedriver kultur- och fritidsaktiviteter f\u00f6r barn, ungdomar och \u00e4ldre.<\/li>\n<li>F\u00f6rb\u00e4ttra st\u00f6det f\u00f6r de gotl\u00e4ndska idrottsf\u00f6reningarnas resor till t\u00e4vlingar och utbyten med fastlandet.<\/li>\n<li>G\u00f6r det m\u00f6jligt f\u00f6r fler konstn\u00e4rer att verka utan offentliga bidrag.<\/li>\n<li>St\u00e4rk civilsamh\u00e4llets f\u00f6rm\u00e5ga att bidra till trygghet.<\/li>\n<\/ul>\n<p><img loading=\"lazy\" decoding=\"async\" class=\"size-medium wp-image-1465 alignnone\" src=\"http:\/\/wp.kristdemokraterna.se\/gotland\/files\/2022\/08\/kulturfritidsamhallsgemenskap-300x298.jpg\" alt=\"\" width=\"300\" height=\"298\" srcset=\"https:\/\/wp.kristdemokraterna.se\/gotland\/files\/2022\/08\/kulturfritidsamhallsgemenskap-300x298.jpg 300w, https:\/\/wp.kristdemokraterna.se\/gotland\/files\/2022\/08\/kulturfritidsamhallsgemenskap-540x536.jpg 540w, https:\/\/wp.kristdemokraterna.se\/gotland\/files\/2022\/08\/kulturfritidsamhallsgemenskap-150x150.jpg 150w, https:\/\/wp.kristdemokraterna.se\/gotland\/files\/2022\/08\/kulturfritidsamhallsgemenskap-201x200.jpg 201w, https:\/\/wp.kristdemokraterna.se\/gotland\/files\/2022\/08\/kulturfritidsamhallsgemenskap-370x368.jpg 370w, https:\/\/wp.kristdemokraterna.se\/gotland\/files\/2022\/08\/kulturfritidsamhallsgemenskap-90x90.jpg 90w, https:\/\/wp.kristdemokraterna.se\/gotland\/files\/2022\/08\/kulturfritidsamhallsgemenskap-450x447.jpg 450w, https:\/\/wp.kristdemokraterna.se\/gotland\/files\/2022\/08\/kulturfritidsamhallsgemenskap-280x278.jpg 280w, https:\/\/wp.kristdemokraterna.se\/gotland\/files\/2022\/08\/kulturfritidsamhallsgemenskap-340x338.jpg 340w, https:\/\/wp.kristdemokraterna.se\/gotland\/files\/2022\/08\/kulturfritidsamhallsgemenskap-200x200.jpg 200w, https:\/\/wp.kristdemokraterna.se\/gotland\/files\/2022\/08\/kulturfritidsamhallsgemenskap-56x56.jpg 56w, https:\/\/wp.kristdemokraterna.se\/gotland\/files\/2022\/08\/kulturfritidsamhallsgemenskap.jpg 603w\" sizes=\"auto, (max-width: 300px) 100vw, 300px\" \/><\/p>\n","protected":false},"excerpt":{"rendered":"<p>Vi vill skapa ett samh\u00e4lle, d\u00e4r medborgarna k\u00e4nner tillit till varandra och samh\u00e4llets institutioner. H\u00e4r fyller det civila samh\u00e4llet en betydelsefull roll. I f\u00f6reningsengagemang fostras vi till tillit, ansvarstagande och civilkurage. Idrottsf\u00f6reningar, studief\u00f6rbund, scoutverksamhet, samfund och andra organisationer ska ha en betydande roll i att bedriva kultur- och fritidsverksamhet. Inf\u00f6r ett fritidskort f\u00f6r barn i <a class=\"read-more-link\" href=\"https:\/\/wp.kristdemokraterna.se\/gotland\/val-2022\/ett-gotland-som-star-pa-egna-ben-valprogram-2022\/kultur-fritid-amp-samhallsgemenskap\/\">Read More<\/a><\/p>\n","protected":false},"author":408,"featured_media":0,"parent":1369,"menu_order":3,"comment_status":"closed","ping_status":"closed","template":"","meta":{"_acf_changed":false,"footnotes":""},"class_list":["post-1385","page","type-page","status-publish","hentry"],"acf":[],"yoast_head":"<!-- This site is optimized with the Yoast SEO plugin v27.4 - https:\/\/yoast.com\/product\/yoast-seo-wordpress\/ -->\n<title>Kultur, fritid &amp; samh\u00e4llsgemenskap - Kristdemokraterna Gotland<\/title>\n<meta name=\"robots\" content=\"index, follow, max-snippet:-1, max-image-preview:large, max-video-preview:-1\" \/>\n<link rel=\"canonical\" href=\"https:\/\/wp.kristdemokraterna.se\/gotland\/val-2022\/ett-gotland-som-star-pa-egna-ben-valprogram-2022\/kultur-fritid-amp-samhallsgemenskap\/\" \/>\n<meta property=\"og:locale\" content=\"sv_SE\" \/>\n<meta property=\"og:type\" content=\"article\" \/>\n<meta property=\"og:title\" content=\"Kultur, fritid &amp; samh\u00e4llsgemenskap - Kristdemokraterna Gotland\" \/>\n<meta property=\"og:description\" content=\"Vi vill skapa ett samh\u00e4lle, d\u00e4r medborgarna k\u00e4nner tillit till varandra och samh\u00e4llets institutioner. H\u00e4r fyller det civila samh\u00e4llet en betydelsefull roll. I f\u00f6reningsengagemang fostras vi till tillit, ansvarstagande och civilkurage. Idrottsf\u00f6reningar, studief\u00f6rbund, scoutverksamhet, samfund och andra organisationer ska ha en betydande roll i att bedriva kultur- och fritidsverksamhet. Inf\u00f6r ett fritidskort f\u00f6r barn i Read More\" \/>\n<meta property=\"og:url\" content=\"https:\/\/wp.kristdemokraterna.se\/gotland\/val-2022\/ett-gotland-som-star-pa-egna-ben-valprogram-2022\/kultur-fritid-amp-samhallsgemenskap\/\" \/>\n<meta property=\"og:site_name\" content=\"Kristdemokraterna Gotland\" \/>\n<meta property=\"article:modified_time\" content=\"2024-05-21T20:32:36+00:00\" \/>\n<meta property=\"og:image\" content=\"http:\/\/wp.kristdemokraterna.se\/gotland\/files\/2022\/08\/kulturfritidsamhallsgemenskap-300x298.jpg\" \/>\n<meta name=\"twitter:card\" content=\"summary_large_image\" \/>\n<meta name=\"twitter:label1\" content=\"Ber\u00e4knad l\u00e4stid\" \/>\n\t<meta name=\"twitter:data1\" content=\"1 minut\" \/>\n<script type=\"application\/ld+json\" class=\"yoast-schema-graph\">{\"@context\":\"https:\\\/\\\/schema.org\",\"@graph\":[{\"@type\":\"WebPage\",\"@id\":\"https:\\\/\\\/wp.kristdemokraterna.se\\\/gotland\\\/val-2022\\\/ett-gotland-som-star-pa-egna-ben-valprogram-2022\\\/kultur-fritid-amp-samhallsgemenskap\\\/\",\"url\":\"https:\\\/\\\/wp.kristdemokraterna.se\\\/gotland\\\/val-2022\\\/ett-gotland-som-star-pa-egna-ben-valprogram-2022\\\/kultur-fritid-amp-samhallsgemenskap\\\/\",\"name\":\"Kultur, fritid &amp; samh\u00e4llsgemenskap - Kristdemokraterna Gotland\",\"isPartOf\":{\"@id\":\"https:\\\/\\\/wp.kristdemokraterna.se\\\/gotland\\\/#website\"},\"primaryImageOfPage\":{\"@id\":\"https:\\\/\\\/wp.kristdemokraterna.se\\\/gotland\\\/val-2022\\\/ett-gotland-som-star-pa-egna-ben-valprogram-2022\\\/kultur-fritid-amp-samhallsgemenskap\\\/#primaryimage\"},\"image\":{\"@id\":\"https:\\\/\\\/wp.kristdemokraterna.se\\\/gotland\\\/val-2022\\\/ett-gotland-som-star-pa-egna-ben-valprogram-2022\\\/kultur-fritid-amp-samhallsgemenskap\\\/#primaryimage\"},\"thumbnailUrl\":\"http:\\\/\\\/wp.kristdemokraterna.se\\\/gotland\\\/files\\\/2022\\\/08\\\/kulturfritidsamhallsgemenskap-300x298.jpg\",\"datePublished\":\"2022-06-18T18:26:06+00:00\",\"dateModified\":\"2024-05-21T20:32:36+00:00\",\"breadcrumb\":{\"@id\":\"https:\\\/\\\/wp.kristdemokraterna.se\\\/gotland\\\/val-2022\\\/ett-gotland-som-star-pa-egna-ben-valprogram-2022\\\/kultur-fritid-amp-samhallsgemenskap\\\/#breadcrumb\"},\"inLanguage\":\"sv-SE\",\"potentialAction\":[{\"@type\":\"ReadAction\",\"target\":[\"https:\\\/\\\/wp.kristdemokraterna.se\\\/gotland\\\/val-2022\\\/ett-gotland-som-star-pa-egna-ben-valprogram-2022\\\/kultur-fritid-amp-samhallsgemenskap\\\/\"]}]},{\"@type\":\"ImageObject\",\"inLanguage\":\"sv-SE\",\"@id\":\"https:\\\/\\\/wp.kristdemokraterna.se\\\/gotland\\\/val-2022\\\/ett-gotland-som-star-pa-egna-ben-valprogram-2022\\\/kultur-fritid-amp-samhallsgemenskap\\\/#primaryimage\",\"url\":\"http:\\\/\\\/wp.kristdemokraterna.se\\\/gotland\\\/files\\\/2022\\\/08\\\/kulturfritidsamhallsgemenskap-300x298.jpg\",\"contentUrl\":\"http:\\\/\\\/wp.kristdemokraterna.se\\\/gotland\\\/files\\\/2022\\\/08\\\/kulturfritidsamhallsgemenskap-300x298.jpg\"},{\"@type\":\"BreadcrumbList\",\"@id\":\"https:\\\/\\\/wp.kristdemokraterna.se\\\/gotland\\\/val-2022\\\/ett-gotland-som-star-pa-egna-ben-valprogram-2022\\\/kultur-fritid-amp-samhallsgemenskap\\\/#breadcrumb\",\"itemListElement\":[{\"@type\":\"ListItem\",\"position\":1,\"name\":\"Hem\",\"item\":\"https:\\\/\\\/wp.kristdemokraterna.se\\\/gotland\\\/\"},{\"@type\":\"ListItem\",\"position\":2,\"name\":\"Val 2022\",\"item\":\"https:\\\/\\\/wp.kristdemokraterna.se\\\/gotland\\\/?page_id=847\"},{\"@type\":\"ListItem\",\"position\":3,\"name\":\"Ett Gotland som st\u00e5r p\u00e5 egna ben &#8211; valprogram 2022\",\"item\":\"https:\\\/\\\/wp.kristdemokraterna.se\\\/gotland\\\/val-2022\\\/ett-gotland-som-star-pa-egna-ben-valprogram-2022\\\/\"},{\"@type\":\"ListItem\",\"position\":4,\"name\":\"Kultur, fritid &amp; samh\u00e4llsgemenskap\"}]},{\"@type\":\"WebSite\",\"@id\":\"https:\\\/\\\/wp.kristdemokraterna.se\\\/gotland\\\/#website\",\"url\":\"https:\\\/\\\/wp.kristdemokraterna.se\\\/gotland\\\/\",\"name\":\"Kristdemokraterna Gotland\",\"description\":\"Kristdemokraterna p\u00e5 Gotland\",\"inLanguage\":\"sv-SE\"}]}<\/script>\n<!-- \/ Yoast SEO plugin. -->","yoast_head_json":{"title":"Kultur, fritid &amp; samh\u00e4llsgemenskap - Kristdemokraterna Gotland","robots":{"index":"index","follow":"follow","max-snippet":"max-snippet:-1","max-image-preview":"max-image-preview:large","max-video-preview":"max-video-preview:-1"},"canonical":"https:\/\/wp.kristdemokraterna.se\/gotland\/val-2022\/ett-gotland-som-star-pa-egna-ben-valprogram-2022\/kultur-fritid-amp-samhallsgemenskap\/","og_locale":"sv_SE","og_type":"article","og_title":"Kultur, fritid &amp; samh\u00e4llsgemenskap - Kristdemokraterna Gotland","og_description":"Vi vill skapa ett samh\u00e4lle, d\u00e4r medborgarna k\u00e4nner tillit till varandra och samh\u00e4llets institutioner. H\u00e4r fyller det civila samh\u00e4llet en betydelsefull roll. I f\u00f6reningsengagemang fostras vi till tillit, ansvarstagande och civilkurage. Idrottsf\u00f6reningar, studief\u00f6rbund, scoutverksamhet, samfund och andra organisationer ska ha en betydande roll i att bedriva kultur- och fritidsverksamhet. Inf\u00f6r ett fritidskort f\u00f6r barn i Read More","og_url":"https:\/\/wp.kristdemokraterna.se\/gotland\/val-2022\/ett-gotland-som-star-pa-egna-ben-valprogram-2022\/kultur-fritid-amp-samhallsgemenskap\/","og_site_name":"Kristdemokraterna Gotland","article_modified_time":"2024-05-21T20:32:36+00:00","og_image":[{"url":"http:\/\/wp.kristdemokraterna.se\/gotland\/files\/2022\/08\/kulturfritidsamhallsgemenskap-300x298.jpg","type":"","width":"","height":""}],"twitter_card":"summary_large_image","twitter_misc":{"Ber\u00e4knad l\u00e4stid":"1 minut"},"schema":{"@context":"https:\/\/schema.org","@graph":[{"@type":"WebPage","@id":"https:\/\/wp.kristdemokraterna.se\/gotland\/val-2022\/ett-gotland-som-star-pa-egna-ben-valprogram-2022\/kultur-fritid-amp-samhallsgemenskap\/","url":"https:\/\/wp.kristdemokraterna.se\/gotland\/val-2022\/ett-gotland-som-star-pa-egna-ben-valprogram-2022\/kultur-fritid-amp-samhallsgemenskap\/","name":"Kultur, fritid &amp; samh\u00e4llsgemenskap - Kristdemokraterna Gotland","isPartOf":{"@id":"https:\/\/wp.kristdemokraterna.se\/gotland\/#website"},"primaryImageOfPage":{"@id":"https:\/\/wp.kristdemokraterna.se\/gotland\/val-2022\/ett-gotland-som-star-pa-egna-ben-valprogram-2022\/kultur-fritid-amp-samhallsgemenskap\/#primaryimage"},"image":{"@id":"https:\/\/wp.kristdemokraterna.se\/gotland\/val-2022\/ett-gotland-som-star-pa-egna-ben-valprogram-2022\/kultur-fritid-amp-samhallsgemenskap\/#primaryimage"},"thumbnailUrl":"http:\/\/wp.kristdemokraterna.se\/gotland\/files\/2022\/08\/kulturfritidsamhallsgemenskap-300x298.jpg","datePublished":"2022-06-18T18:26:06+00:00","dateModified":"2024-05-21T20:32:36+00:00","breadcrumb":{"@id":"https:\/\/wp.kristdemokraterna.se\/gotland\/val-2022\/ett-gotland-som-star-pa-egna-ben-valprogram-2022\/kultur-fritid-amp-samhallsgemenskap\/#breadcrumb"},"inLanguage":"sv-SE","potentialAction":[{"@type":"ReadAction","target":["https:\/\/wp.kristdemokraterna.se\/gotland\/val-2022\/ett-gotland-som-star-pa-egna-ben-valprogram-2022\/kultur-fritid-amp-samhallsgemenskap\/"]}]},{"@type":"ImageObject","inLanguage":"sv-SE","@id":"https:\/\/wp.kristdemokraterna.se\/gotland\/val-2022\/ett-gotland-som-star-pa-egna-ben-valprogram-2022\/kultur-fritid-amp-samhallsgemenskap\/#primaryimage","url":"http:\/\/wp.kristdemokraterna.se\/gotland\/files\/2022\/08\/kulturfritidsamhallsgemenskap-300x298.jpg","contentUrl":"http:\/\/wp.kristdemokraterna.se\/gotland\/files\/2022\/08\/kulturfritidsamhallsgemenskap-300x298.jpg"},{"@type":"BreadcrumbList","@id":"https:\/\/wp.kristdemokraterna.se\/gotland\/val-2022\/ett-gotland-som-star-pa-egna-ben-valprogram-2022\/kultur-fritid-amp-samhallsgemenskap\/#breadcrumb","itemListElement":[{"@type":"ListItem","position":1,"name":"Hem","item":"https:\/\/wp.kristdemokraterna.se\/gotland\/"},{"@type":"ListItem","position":2,"name":"Val 2022","item":"https:\/\/wp.kristdemokraterna.se\/gotland\/?page_id=847"},{"@type":"ListItem","position":3,"name":"Ett Gotland som st\u00e5r p\u00e5 egna ben &#8211; valprogram 2022","item":"https:\/\/wp.kristdemokraterna.se\/gotland\/val-2022\/ett-gotland-som-star-pa-egna-ben-valprogram-2022\/"},{"@type":"ListItem","position":4,"name":"Kultur, fritid &amp; samh\u00e4llsgemenskap"}]},{"@type":"WebSite","@id":"https:\/\/wp.kristdemokraterna.se\/gotland\/#website","url":"https:\/\/wp.kristdemokraterna.se\/gotland\/","name":"Kristdemokraterna Gotland","description":"Kristdemokraterna p\u00e5 Gotland","inLanguage":"sv-SE"}]}},"_links":{"self":[{"href":"https:\/\/wp.kristdemokraterna.se\/gotland\/wp-json\/wp\/v2\/pages\/1385","targetHints":{"allow":["GET"]}}],"collection":[{"href":"https:\/\/wp.kristdemokraterna.se\/gotland\/wp-json\/wp\/v2\/pages"}],"about":[{"href":"https:\/\/wp.kristdemokraterna.se\/gotland\/wp-json\/wp\/v2\/types\/page"}],"author":[{"embeddable":true,"href":"https:\/\/wp.kristdemokraterna.se\/gotland\/wp-json\/wp\/v2\/users\/408"}],"replies":[{"embeddable":true,"href":"https:\/\/wp.kristdemokraterna.se\/gotland\/wp-json\/wp\/v2\/comments?post=1385"}],"version-history":[{"count":2,"href":"https:\/\/wp.kristdemokraterna.se\/gotland\/wp-json\/wp\/v2\/pages\/1385\/revisions"}],"predecessor-version":[{"id":1477,"href":"https:\/\/wp.kristdemokraterna.se\/gotland\/wp-json\/wp\/v2\/pages\/1385\/revisions\/1477"}],"up":[{"embeddable":true,"href":"https:\/\/wp.kristdemokraterna.se\/gotland\/wp-json\/wp\/v2\/pages\/1369"}],"wp:attachment":[{"href":"https:\/\/wp.kristdemokraterna.se\/gotland\/wp-json\/wp\/v2\/media?parent=1385"}],"curies":[{"name":"wp","href":"https:\/\/api.w.org\/{rel}","templated":true}]}}