{"id":1387,"date":"2022-06-18T20:27:04","date_gmt":"2022-06-18T18:27:04","guid":{"rendered":"https:\/\/wp.kristdemokraterna.se\/gotland\/?page_id=1387"},"modified":"2024-05-21T22:32:36","modified_gmt":"2024-05-21T20:32:36","slug":"miljo-amp-samhallsplanering","status":"publish","type":"page","link":"https:\/\/wp.kristdemokraterna.se\/gotland\/val-2022\/ett-gotland-som-star-pa-egna-ben-valprogram-2022\/miljo-amp-samhallsplanering\/","title":{"rendered":"Milj\u00f6 &amp; samh\u00e4llsplanering"},"content":{"rendered":"<p>Landsbygderna har en viktig roll i samh\u00e4llsbyggandet. V\u00e4gh\u00e5llning, sn\u00f6r\u00f6jning, belysning, skolor, v\u00e5rd, omsorg, bibliotek, kollektivtrafik och annan samh\u00e4llsservice \u00e4r n\u00f6dv\u00e4ndig p\u00e5 hela Gotland.<\/p>\n<ul>\n<li>Reformera parkeringsnormen. Det beh\u00f6vs fler parkeringsplatser i anslutning till bost\u00e4der i Visby.<\/li>\n<li>L\u00e5t Visby v\u00e4xa lite, l\u00e5t \u00f6vriga Gotland utvecklas stort.<\/li>\n<li>S\u00e4kra vattentillg\u00e5ngen p\u00e5 hela Gotland.<\/li>\n<li>Fr\u00e4mja n\u00e4rodlade livsmedel och m\u00f6jlighet f\u00f6r mindre leverant\u00f6rer att delta i upphandlingar.<\/li>\n<li>Inf\u00f6r m\u00f6jlighet till \u00e5terbruk p\u00e5 fler av Gotlands \u00e5tervinningscentraler.<\/li>\n<\/ul>\n<p><img loading=\"lazy\" decoding=\"async\" class=\"size-medium wp-image-1466 alignnone\" src=\"http:\/\/wp.kristdemokraterna.se\/gotland\/files\/2022\/08\/miljosamhallsplanering-181x300.jpg\" alt=\"\" width=\"181\" height=\"300\" srcset=\"https:\/\/wp.kristdemokraterna.se\/gotland\/files\/2022\/08\/miljosamhallsplanering-181x300.jpg 181w, https:\/\/wp.kristdemokraterna.se\/gotland\/files\/2022\/08\/miljosamhallsplanering-120x200.jpg 120w, https:\/\/wp.kristdemokraterna.se\/gotland\/files\/2022\/08\/miljosamhallsplanering-242x402.jpg 242w, https:\/\/wp.kristdemokraterna.se\/gotland\/files\/2022\/08\/miljosamhallsplanering-34x56.jpg 34w, https:\/\/wp.kristdemokraterna.se\/gotland\/files\/2022\/08\/miljosamhallsplanering.jpg 284w\" sizes=\"auto, (max-width: 181px) 100vw, 181px\" \/><\/p>\n","protected":false},"excerpt":{"rendered":"<p>Landsbygderna har en viktig roll i samh\u00e4llsbyggandet. V\u00e4gh\u00e5llning, sn\u00f6r\u00f6jning, belysning, skolor, v\u00e5rd, omsorg, bibliotek, kollektivtrafik och annan samh\u00e4llsservice \u00e4r n\u00f6dv\u00e4ndig p\u00e5 hela Gotland. Reformera parkeringsnormen. Det beh\u00f6vs fler parkeringsplatser i anslutning till bost\u00e4der i Visby. L\u00e5t Visby v\u00e4xa lite, l\u00e5t \u00f6vriga Gotland utvecklas stort. S\u00e4kra vattentillg\u00e5ngen p\u00e5 hela Gotland. Fr\u00e4mja n\u00e4rodlade livsmedel och m\u00f6jlighet f\u00f6r <a class=\"read-more-link\" href=\"https:\/\/wp.kristdemokraterna.se\/gotland\/val-2022\/ett-gotland-som-star-pa-egna-ben-valprogram-2022\/miljo-amp-samhallsplanering\/\">Read More<\/a><\/p>\n","protected":false},"author":408,"featured_media":0,"parent":1369,"menu_order":4,"comment_status":"closed","ping_status":"closed","template":"","meta":{"_acf_changed":false,"footnotes":""},"class_list":["post-1387","page","type-page","status-publish","hentry"],"acf":[],"yoast_head":"<!-- This site is optimized with the Yoast SEO plugin v27.5 - https:\/\/yoast.com\/product\/yoast-seo-wordpress\/ -->\n<title>Milj\u00f6 &amp; samh\u00e4llsplanering - Kristdemokraterna Gotland<\/title>\n<meta name=\"robots\" content=\"index, follow, max-snippet:-1, max-image-preview:large, max-video-preview:-1\" \/>\n<link rel=\"canonical\" href=\"https:\/\/wp.kristdemokraterna.se\/gotland\/val-2022\/ett-gotland-som-star-pa-egna-ben-valprogram-2022\/miljo-amp-samhallsplanering\/\" \/>\n<meta property=\"og:locale\" content=\"sv_SE\" \/>\n<meta property=\"og:type\" content=\"article\" \/>\n<meta property=\"og:title\" content=\"Milj\u00f6 &amp; samh\u00e4llsplanering - Kristdemokraterna Gotland\" \/>\n<meta property=\"og:description\" content=\"Landsbygderna har en viktig roll i samh\u00e4llsbyggandet. V\u00e4gh\u00e5llning, sn\u00f6r\u00f6jning, belysning, skolor, v\u00e5rd, omsorg, bibliotek, kollektivtrafik och annan samh\u00e4llsservice \u00e4r n\u00f6dv\u00e4ndig p\u00e5 hela Gotland. Reformera parkeringsnormen. Det beh\u00f6vs fler parkeringsplatser i anslutning till bost\u00e4der i Visby. L\u00e5t Visby v\u00e4xa lite, l\u00e5t \u00f6vriga Gotland utvecklas stort. S\u00e4kra vattentillg\u00e5ngen p\u00e5 hela Gotland. Fr\u00e4mja n\u00e4rodlade livsmedel och m\u00f6jlighet f\u00f6r Read More\" \/>\n<meta property=\"og:url\" content=\"https:\/\/wp.kristdemokraterna.se\/gotland\/val-2022\/ett-gotland-som-star-pa-egna-ben-valprogram-2022\/miljo-amp-samhallsplanering\/\" \/>\n<meta property=\"og:site_name\" content=\"Kristdemokraterna Gotland\" \/>\n<meta property=\"article:modified_time\" content=\"2024-05-21T20:32:36+00:00\" \/>\n<meta property=\"og:image\" content=\"http:\/\/wp.kristdemokraterna.se\/gotland\/files\/2022\/08\/miljosamhallsplanering-181x300.jpg\" \/>\n<meta name=\"twitter:card\" content=\"summary_large_image\" \/>\n<meta name=\"twitter:label1\" content=\"Ber\u00e4knad l\u00e4stid\" \/>\n\t<meta name=\"twitter:data1\" content=\"1 minut\" \/>\n<script type=\"application\/ld+json\" class=\"yoast-schema-graph\">{\"@context\":\"https:\\\/\\\/schema.org\",\"@graph\":[{\"@type\":\"WebPage\",\"@id\":\"https:\\\/\\\/wp.kristdemokraterna.se\\\/gotland\\\/val-2022\\\/ett-gotland-som-star-pa-egna-ben-valprogram-2022\\\/miljo-amp-samhallsplanering\\\/\",\"url\":\"https:\\\/\\\/wp.kristdemokraterna.se\\\/gotland\\\/val-2022\\\/ett-gotland-som-star-pa-egna-ben-valprogram-2022\\\/miljo-amp-samhallsplanering\\\/\",\"name\":\"Milj\u00f6 &amp; samh\u00e4llsplanering - Kristdemokraterna Gotland\",\"isPartOf\":{\"@id\":\"https:\\\/\\\/wp.kristdemokraterna.se\\\/gotland\\\/#website\"},\"primaryImageOfPage\":{\"@id\":\"https:\\\/\\\/wp.kristdemokraterna.se\\\/gotland\\\/val-2022\\\/ett-gotland-som-star-pa-egna-ben-valprogram-2022\\\/miljo-amp-samhallsplanering\\\/#primaryimage\"},\"image\":{\"@id\":\"https:\\\/\\\/wp.kristdemokraterna.se\\\/gotland\\\/val-2022\\\/ett-gotland-som-star-pa-egna-ben-valprogram-2022\\\/miljo-amp-samhallsplanering\\\/#primaryimage\"},\"thumbnailUrl\":\"http:\\\/\\\/wp.kristdemokraterna.se\\\/gotland\\\/files\\\/2022\\\/08\\\/miljosamhallsplanering-181x300.jpg\",\"datePublished\":\"2022-06-18T18:27:04+00:00\",\"dateModified\":\"2024-05-21T20:32:36+00:00\",\"breadcrumb\":{\"@id\":\"https:\\\/\\\/wp.kristdemokraterna.se\\\/gotland\\\/val-2022\\\/ett-gotland-som-star-pa-egna-ben-valprogram-2022\\\/miljo-amp-samhallsplanering\\\/#breadcrumb\"},\"inLanguage\":\"sv-SE\",\"potentialAction\":[{\"@type\":\"ReadAction\",\"target\":[\"https:\\\/\\\/wp.kristdemokraterna.se\\\/gotland\\\/val-2022\\\/ett-gotland-som-star-pa-egna-ben-valprogram-2022\\\/miljo-amp-samhallsplanering\\\/\"]}]},{\"@type\":\"ImageObject\",\"inLanguage\":\"sv-SE\",\"@id\":\"https:\\\/\\\/wp.kristdemokraterna.se\\\/gotland\\\/val-2022\\\/ett-gotland-som-star-pa-egna-ben-valprogram-2022\\\/miljo-amp-samhallsplanering\\\/#primaryimage\",\"url\":\"http:\\\/\\\/wp.kristdemokraterna.se\\\/gotland\\\/files\\\/2022\\\/08\\\/miljosamhallsplanering-181x300.jpg\",\"contentUrl\":\"http:\\\/\\\/wp.kristdemokraterna.se\\\/gotland\\\/files\\\/2022\\\/08\\\/miljosamhallsplanering-181x300.jpg\"},{\"@type\":\"BreadcrumbList\",\"@id\":\"https:\\\/\\\/wp.kristdemokraterna.se\\\/gotland\\\/val-2022\\\/ett-gotland-som-star-pa-egna-ben-valprogram-2022\\\/miljo-amp-samhallsplanering\\\/#breadcrumb\",\"itemListElement\":[{\"@type\":\"ListItem\",\"position\":1,\"name\":\"Hem\",\"item\":\"https:\\\/\\\/wp.kristdemokraterna.se\\\/gotland\\\/\"},{\"@type\":\"ListItem\",\"position\":2,\"name\":\"Val 2022\",\"item\":\"https:\\\/\\\/wp.kristdemokraterna.se\\\/gotland\\\/?page_id=847\"},{\"@type\":\"ListItem\",\"position\":3,\"name\":\"Ett Gotland som st\u00e5r p\u00e5 egna ben &#8211; valprogram 2022\",\"item\":\"https:\\\/\\\/wp.kristdemokraterna.se\\\/gotland\\\/val-2022\\\/ett-gotland-som-star-pa-egna-ben-valprogram-2022\\\/\"},{\"@type\":\"ListItem\",\"position\":4,\"name\":\"Milj\u00f6 &amp; samh\u00e4llsplanering\"}]},{\"@type\":\"WebSite\",\"@id\":\"https:\\\/\\\/wp.kristdemokraterna.se\\\/gotland\\\/#website\",\"url\":\"https:\\\/\\\/wp.kristdemokraterna.se\\\/gotland\\\/\",\"name\":\"Kristdemokraterna Gotland\",\"description\":\"Kristdemokraterna p\u00e5 Gotland\",\"inLanguage\":\"sv-SE\"}]}<\/script>\n<!-- \/ Yoast SEO plugin. -->","yoast_head_json":{"title":"Milj\u00f6 &amp; samh\u00e4llsplanering - Kristdemokraterna Gotland","robots":{"index":"index","follow":"follow","max-snippet":"max-snippet:-1","max-image-preview":"max-image-preview:large","max-video-preview":"max-video-preview:-1"},"canonical":"https:\/\/wp.kristdemokraterna.se\/gotland\/val-2022\/ett-gotland-som-star-pa-egna-ben-valprogram-2022\/miljo-amp-samhallsplanering\/","og_locale":"sv_SE","og_type":"article","og_title":"Milj\u00f6 &amp; samh\u00e4llsplanering - Kristdemokraterna Gotland","og_description":"Landsbygderna har en viktig roll i samh\u00e4llsbyggandet. V\u00e4gh\u00e5llning, sn\u00f6r\u00f6jning, belysning, skolor, v\u00e5rd, omsorg, bibliotek, kollektivtrafik och annan samh\u00e4llsservice \u00e4r n\u00f6dv\u00e4ndig p\u00e5 hela Gotland. Reformera parkeringsnormen. Det beh\u00f6vs fler parkeringsplatser i anslutning till bost\u00e4der i Visby. L\u00e5t Visby v\u00e4xa lite, l\u00e5t \u00f6vriga Gotland utvecklas stort. S\u00e4kra vattentillg\u00e5ngen p\u00e5 hela Gotland. Fr\u00e4mja n\u00e4rodlade livsmedel och m\u00f6jlighet f\u00f6r Read More","og_url":"https:\/\/wp.kristdemokraterna.se\/gotland\/val-2022\/ett-gotland-som-star-pa-egna-ben-valprogram-2022\/miljo-amp-samhallsplanering\/","og_site_name":"Kristdemokraterna Gotland","article_modified_time":"2024-05-21T20:32:36+00:00","og_image":[{"url":"http:\/\/wp.kristdemokraterna.se\/gotland\/files\/2022\/08\/miljosamhallsplanering-181x300.jpg","type":"","width":"","height":""}],"twitter_card":"summary_large_image","twitter_misc":{"Ber\u00e4knad l\u00e4stid":"1 minut"},"schema":{"@context":"https:\/\/schema.org","@graph":[{"@type":"WebPage","@id":"https:\/\/wp.kristdemokraterna.se\/gotland\/val-2022\/ett-gotland-som-star-pa-egna-ben-valprogram-2022\/miljo-amp-samhallsplanering\/","url":"https:\/\/wp.kristdemokraterna.se\/gotland\/val-2022\/ett-gotland-som-star-pa-egna-ben-valprogram-2022\/miljo-amp-samhallsplanering\/","name":"Milj\u00f6 &amp; samh\u00e4llsplanering - Kristdemokraterna Gotland","isPartOf":{"@id":"https:\/\/wp.kristdemokraterna.se\/gotland\/#website"},"primaryImageOfPage":{"@id":"https:\/\/wp.kristdemokraterna.se\/gotland\/val-2022\/ett-gotland-som-star-pa-egna-ben-valprogram-2022\/miljo-amp-samhallsplanering\/#primaryimage"},"image":{"@id":"https:\/\/wp.kristdemokraterna.se\/gotland\/val-2022\/ett-gotland-som-star-pa-egna-ben-valprogram-2022\/miljo-amp-samhallsplanering\/#primaryimage"},"thumbnailUrl":"http:\/\/wp.kristdemokraterna.se\/gotland\/files\/2022\/08\/miljosamhallsplanering-181x300.jpg","datePublished":"2022-06-18T18:27:04+00:00","dateModified":"2024-05-21T20:32:36+00:00","breadcrumb":{"@id":"https:\/\/wp.kristdemokraterna.se\/gotland\/val-2022\/ett-gotland-som-star-pa-egna-ben-valprogram-2022\/miljo-amp-samhallsplanering\/#breadcrumb"},"inLanguage":"sv-SE","potentialAction":[{"@type":"ReadAction","target":["https:\/\/wp.kristdemokraterna.se\/gotland\/val-2022\/ett-gotland-som-star-pa-egna-ben-valprogram-2022\/miljo-amp-samhallsplanering\/"]}]},{"@type":"ImageObject","inLanguage":"sv-SE","@id":"https:\/\/wp.kristdemokraterna.se\/gotland\/val-2022\/ett-gotland-som-star-pa-egna-ben-valprogram-2022\/miljo-amp-samhallsplanering\/#primaryimage","url":"http:\/\/wp.kristdemokraterna.se\/gotland\/files\/2022\/08\/miljosamhallsplanering-181x300.jpg","contentUrl":"http:\/\/wp.kristdemokraterna.se\/gotland\/files\/2022\/08\/miljosamhallsplanering-181x300.jpg"},{"@type":"BreadcrumbList","@id":"https:\/\/wp.kristdemokraterna.se\/gotland\/val-2022\/ett-gotland-som-star-pa-egna-ben-valprogram-2022\/miljo-amp-samhallsplanering\/#breadcrumb","itemListElement":[{"@type":"ListItem","position":1,"name":"Hem","item":"https:\/\/wp.kristdemokraterna.se\/gotland\/"},{"@type":"ListItem","position":2,"name":"Val 2022","item":"https:\/\/wp.kristdemokraterna.se\/gotland\/?page_id=847"},{"@type":"ListItem","position":3,"name":"Ett Gotland som st\u00e5r p\u00e5 egna ben &#8211; valprogram 2022","item":"https:\/\/wp.kristdemokraterna.se\/gotland\/val-2022\/ett-gotland-som-star-pa-egna-ben-valprogram-2022\/"},{"@type":"ListItem","position":4,"name":"Milj\u00f6 &amp; samh\u00e4llsplanering"}]},{"@type":"WebSite","@id":"https:\/\/wp.kristdemokraterna.se\/gotland\/#website","url":"https:\/\/wp.kristdemokraterna.se\/gotland\/","name":"Kristdemokraterna Gotland","description":"Kristdemokraterna p\u00e5 Gotland","inLanguage":"sv-SE"}]}},"_links":{"self":[{"href":"https:\/\/wp.kristdemokraterna.se\/gotland\/wp-json\/wp\/v2\/pages\/1387","targetHints":{"allow":["GET"]}}],"collection":[{"href":"https:\/\/wp.kristdemokraterna.se\/gotland\/wp-json\/wp\/v2\/pages"}],"about":[{"href":"https:\/\/wp.kristdemokraterna.se\/gotland\/wp-json\/wp\/v2\/types\/page"}],"author":[{"embeddable":true,"href":"https:\/\/wp.kristdemokraterna.se\/gotland\/wp-json\/wp\/v2\/users\/408"}],"replies":[{"embeddable":true,"href":"https:\/\/wp.kristdemokraterna.se\/gotland\/wp-json\/wp\/v2\/comments?post=1387"}],"version-history":[{"count":2,"href":"https:\/\/wp.kristdemokraterna.se\/gotland\/wp-json\/wp\/v2\/pages\/1387\/revisions"}],"predecessor-version":[{"id":1478,"href":"https:\/\/wp.kristdemokraterna.se\/gotland\/wp-json\/wp\/v2\/pages\/1387\/revisions\/1478"}],"up":[{"embeddable":true,"href":"https:\/\/wp.kristdemokraterna.se\/gotland\/wp-json\/wp\/v2\/pages\/1369"}],"wp:attachment":[{"href":"https:\/\/wp.kristdemokraterna.se\/gotland\/wp-json\/wp\/v2\/media?parent=1387"}],"curies":[{"name":"wp","href":"https:\/\/api.w.org\/{rel}","templated":true}]}}