{"version":"1.0","provider_name":"V\u00e4lkommen till KD i Habo","provider_url":"https:\/\/wp.kristdemokraterna.se\/habo","title":"Jakob Forssmed om regeringens budget: F\u00f6rlorade \u00e5r - V\u00e4lkommen till KD i Habo","type":"rich","width":600,"height":338,"html":"<blockquote class=\"wp-embedded-content\" data-secret=\"ktmYgjaWox\"><a href=\"https:\/\/wp.kristdemokraterna.se\/habo\/jakob-forssmed-om-regeringens-budget-forlorade-ar\/\">Jakob Forssmed om regeringens budget: F\u00f6rlorade \u00e5r<\/a><\/blockquote><iframe sandbox=\"allow-scripts\" security=\"restricted\" src=\"https:\/\/wp.kristdemokraterna.se\/habo\/jakob-forssmed-om-regeringens-budget-forlorade-ar\/embed\/#?secret=ktmYgjaWox\" width=\"600\" height=\"338\" title=\"\u201dJakob Forssmed om regeringens budget: F\u00f6rlorade \u00e5r\u201d &ndash; V\u00e4lkommen till KD i Habo\" data-secret=\"ktmYgjaWox\" frameborder=\"0\" marginwidth=\"0\" marginheight=\"0\" scrolling=\"no\" class=\"wp-embedded-content\"><\/iframe><script type=\"text\/javascript\">\n\/* <![CDATA[ *\/\n\/*! This file is auto-generated *\/\n!function(d,l){\"use strict\";l.querySelector&&d.addEventListener&&\"undefined\"!=typeof URL&&(d.wp=d.wp||{},d.wp.receiveEmbedMessage||(d.wp.receiveEmbedMessage=function(e){var t=e.data;if((t||t.secret||t.message||t.value)&&!\/[^a-zA-Z0-9]\/.test(t.secret)){for(var s,r,n,a=l.querySelectorAll('iframe[data-secret=\"'+t.secret+'\"]'),o=l.querySelectorAll('blockquote[data-secret=\"'+t.secret+'\"]'),c=new RegExp(\"^https?:$\",\"i\"),i=0;i<o.length;i++)o[i].style.display=\"none\";for(i=0;i<a.length;i++)s=a[i],e.source===s.contentWindow&&(s.removeAttribute(\"style\"),\"height\"===t.message?(1e3<(r=parseInt(t.value,10))?r=1e3:~~r<200&&(r=200),s.height=r):\"link\"===t.message&&(r=new URL(s.getAttribute(\"src\")),n=new URL(t.value),c.test(n.protocol))&&n.host===r.host&&l.activeElement===s&&(d.top.location.href=t.value))}},d.addEventListener(\"message\",d.wp.receiveEmbedMessage,!1),l.addEventListener(\"DOMContentLoaded\",function(){for(var e,t,s=l.querySelectorAll(\"iframe.wp-embedded-content\"),r=0;r<s.length;r++)(t=(e=s[r]).getAttribute(\"data-secret\"))||(t=Math.random().toString(36).substring(2,12),e.src+=\"#?secret=\"+t,e.setAttribute(\"data-secret\",t)),e.contentWindow.postMessage({message:\"ready\",secret:t},\"*\")},!1)))}(window,document);\n\/\/# sourceURL=https:\/\/wp.kristdemokraterna.se\/habo\/wp-includes\/js\/wp-embed.min.js\n\/* ]]> *\/\n<\/script>\n","description":"V\u00e5rdk\u00f6erna v\u00e4xer och bristen p\u00e5 \u00e4ldreomsorgsplatser tilltar, tudelningen p\u00e5 arbetsmarknaden forts\u00e4tter \u00f6ka och pension\u00e4rerna har ingen stark r\u00f6st vid regeringsbordet. Budgeten saknar viktiga reformer som bygger Sverige starkare fram\u00e5t.\u00a0Vi\u00a0ser f\u00f6rlorade \u00e5r f\u00f6r Sverige.\u00a0Det \u00e4r ett v\u00e4lf\u00e4rdssvek. Vi Kristdemokrater vill \u00e5teruppr\u00e4tta v\u00e4lf\u00e4rdsl\u00f6ftet, s\u00e4ger Jakob Forssmed. L\u00e4s mer om det h\u00e4r.","thumbnail_url":"http:\/\/wp.kristdemokraterna.se\/habo\/files\/2017\/09\/20170920_114051_1.jpg"}