{"version":"1.0","provider_name":"H\u00e5kan Johansson, KD","provider_url":"https:\/\/wp.kristdemokraterna.se\/hakanjohansson","title":"Hur jag v\u00e4nde Rikstinget - H\u00e5kan Johansson, KD","type":"rich","width":600,"height":338,"html":"<blockquote class=\"wp-embedded-content\" data-secret=\"0I2ywebbKo\"><a href=\"https:\/\/wp.kristdemokraterna.se\/hakanjohansson\/2013\/09\/27\/hur-jag-vande-rikstinget\/\">Hur jag v\u00e4nde Rikstinget<\/a><\/blockquote><iframe sandbox=\"allow-scripts\" security=\"restricted\" src=\"https:\/\/wp.kristdemokraterna.se\/hakanjohansson\/2013\/09\/27\/hur-jag-vande-rikstinget\/embed\/#?secret=0I2ywebbKo\" width=\"600\" height=\"338\" title=\"\u201dHur jag v\u00e4nde Rikstinget\u201d &ndash; H\u00e5kan Johansson, KD\" data-secret=\"0I2ywebbKo\" frameborder=\"0\" marginwidth=\"0\" marginheight=\"0\" scrolling=\"no\" class=\"wp-embedded-content\"><\/iframe><script type=\"text\/javascript\">\n\/* <![CDATA[ *\/\n\/*! This file is auto-generated *\/\n!function(d,l){\"use strict\";l.querySelector&&d.addEventListener&&\"undefined\"!=typeof URL&&(d.wp=d.wp||{},d.wp.receiveEmbedMessage||(d.wp.receiveEmbedMessage=function(e){var t=e.data;if((t||t.secret||t.message||t.value)&&!\/[^a-zA-Z0-9]\/.test(t.secret)){for(var s,r,n,a=l.querySelectorAll('iframe[data-secret=\"'+t.secret+'\"]'),o=l.querySelectorAll('blockquote[data-secret=\"'+t.secret+'\"]'),c=new RegExp(\"^https?:$\",\"i\"),i=0;i<o.length;i++)o[i].style.display=\"none\";for(i=0;i<a.length;i++)s=a[i],e.source===s.contentWindow&&(s.removeAttribute(\"style\"),\"height\"===t.message?(1e3<(r=parseInt(t.value,10))?r=1e3:~~r<200&&(r=200),s.height=r):\"link\"===t.message&&(r=new URL(s.getAttribute(\"src\")),n=new URL(t.value),c.test(n.protocol))&&n.host===r.host&&l.activeElement===s&&(d.top.location.href=t.value))}},d.addEventListener(\"message\",d.wp.receiveEmbedMessage,!1),l.addEventListener(\"DOMContentLoaded\",function(){for(var e,t,s=l.querySelectorAll(\"iframe.wp-embedded-content\"),r=0;r<s.length;r++)(t=(e=s[r]).getAttribute(\"data-secret\"))||(t=Math.random().toString(36).substring(2,12),e.src+=\"#?secret=\"+t,e.setAttribute(\"data-secret\",t)),e.contentWindow.postMessage({message:\"ready\",secret:t},\"*\")},!1)))}(window,document);\n\/\/# sourceURL=https:\/\/wp.kristdemokraterna.se\/hakanjohansson\/wp-includes\/js\/wp-embed.min.js\n\/* ]]> *\/\n<\/script>\n","thumbnail_url":"https:\/\/wp.kristdemokraterna.se\/hakanjohansson\/files\/2014\/07\/framsidart2013.jpg","thumbnail_width":200,"thumbnail_height":283,"description":"Andra dagen av Rikstinget b\u00f6rjade med val av partiordf\u00f6rande och partistyrelse.\u00a0Som v\u00e4ntat valdes j\u00f6nk\u00f6pingsdistriktarna G\u00f6ran H\u00e4gglund\u00a0och Maria Larsson enh\u00e4lligt\u00a0till partiordf\u00f6rande respektive\u00a01 vice ordf\u00f6rande. Distriktets ordf\u00f6rande Andreas Carlson valdes till ordinarie ledamot i partistyrelsen."}