{"version":"1.0","provider_name":"H\u00e5kan Johansson, KD","provider_url":"https:\/\/wp.kristdemokraterna.se\/hakanjohansson","title":"Kompade Camilla i K\u00e4rda - H\u00e5kan Johansson, KD","type":"rich","width":600,"height":338,"html":"<blockquote class=\"wp-embedded-content\" data-secret=\"4sH28Xjiby\"><a href=\"https:\/\/wp.kristdemokraterna.se\/hakanjohansson\/2014\/08\/11\/kompade-camilla-i-karda\/\">Kompade Camilla i K\u00e4rda<\/a><\/blockquote><iframe sandbox=\"allow-scripts\" security=\"restricted\" src=\"https:\/\/wp.kristdemokraterna.se\/hakanjohansson\/2014\/08\/11\/kompade-camilla-i-karda\/embed\/#?secret=4sH28Xjiby\" width=\"600\" height=\"338\" title=\"\u201dKompade Camilla i K\u00e4rda\u201d &ndash; H\u00e5kan Johansson, KD\" data-secret=\"4sH28Xjiby\" frameborder=\"0\" marginwidth=\"0\" marginheight=\"0\" scrolling=\"no\" class=\"wp-embedded-content\"><\/iframe><script type=\"text\/javascript\">\n\/* <![CDATA[ *\/\n\/*! This file is auto-generated *\/\n!function(d,l){\"use strict\";l.querySelector&&d.addEventListener&&\"undefined\"!=typeof URL&&(d.wp=d.wp||{},d.wp.receiveEmbedMessage||(d.wp.receiveEmbedMessage=function(e){var t=e.data;if((t||t.secret||t.message||t.value)&&!\/[^a-zA-Z0-9]\/.test(t.secret)){for(var s,r,n,a=l.querySelectorAll('iframe[data-secret=\"'+t.secret+'\"]'),o=l.querySelectorAll('blockquote[data-secret=\"'+t.secret+'\"]'),c=new RegExp(\"^https?:$\",\"i\"),i=0;i<o.length;i++)o[i].style.display=\"none\";for(i=0;i<a.length;i++)s=a[i],e.source===s.contentWindow&&(s.removeAttribute(\"style\"),\"height\"===t.message?(1e3<(r=parseInt(t.value,10))?r=1e3:~~r<200&&(r=200),s.height=r):\"link\"===t.message&&(r=new URL(s.getAttribute(\"src\")),n=new URL(t.value),c.test(n.protocol))&&n.host===r.host&&l.activeElement===s&&(d.top.location.href=t.value))}},d.addEventListener(\"message\",d.wp.receiveEmbedMessage,!1),l.addEventListener(\"DOMContentLoaded\",function(){for(var e,t,s=l.querySelectorAll(\"iframe.wp-embedded-content\"),r=0;r<s.length;r++)(t=(e=s[r]).getAttribute(\"data-secret\"))||(t=Math.random().toString(36).substring(2,12),e.src+=\"#?secret=\"+t,e.setAttribute(\"data-secret\",t)),e.contentWindow.postMessage({message:\"ready\",secret:t},\"*\")},!1)))}(window,document);\n\/\/# sourceURL=https:\/\/wp.kristdemokraterna.se\/hakanjohansson\/wp-includes\/js\/wp-embed.min.js\n\/* ]]> *\/\n<\/script>\n","thumbnail_url":"https:\/\/wp.kristdemokraterna.se\/hakanjohansson\/files\/2014\/09\/20140811_seniorforbundet_karda.jpg","thumbnail_width":504,"thumbnail_height":378,"description":"\u2013 Kan du kompa mig p\u00e5 Seniorf\u00f6rbundets valm\u00f6te i K\u00e4rda? fr\u00e5gade Camilla Rinaldo Miller. Jag svarade ja f\u00f6rst\u00e5s och hamnade p\u00e5 ett trevligt valm\u00f6te och fick chansen att dela ut mina kandidatfoldrar f\u00f6r f\u00f6rsta g\u00e5ngen. Naturligtvis passade jag p\u00e5 att skriva lite till hemsidan ocks\u00e5: [Uppskattat m\u00f6te i K\u00e4rda]"}