{"version":"1.0","provider_name":"H\u00e5kan Johansson, KD","provider_url":"https:\/\/wp.kristdemokraterna.se\/hakanjohansson","title":"Diskuterat kommunens visioner och m\u00e5l - H\u00e5kan Johansson, KD","type":"rich","width":600,"height":338,"html":"<blockquote class=\"wp-embedded-content\" data-secret=\"BNryfmwxzI\"><a href=\"https:\/\/wp.kristdemokraterna.se\/hakanjohansson\/2015\/02\/23\/diskuterat-kommunens-visioner-och-mal\/\">Diskuterat kommunens visioner och m\u00e5l<\/a><\/blockquote><iframe sandbox=\"allow-scripts\" security=\"restricted\" src=\"https:\/\/wp.kristdemokraterna.se\/hakanjohansson\/2015\/02\/23\/diskuterat-kommunens-visioner-och-mal\/embed\/#?secret=BNryfmwxzI\" width=\"600\" height=\"338\" title=\"\u201dDiskuterat kommunens visioner och m\u00e5l\u201d &ndash; H\u00e5kan Johansson, KD\" data-secret=\"BNryfmwxzI\" frameborder=\"0\" marginwidth=\"0\" marginheight=\"0\" scrolling=\"no\" class=\"wp-embedded-content\"><\/iframe><script type=\"text\/javascript\">\n\/* <![CDATA[ *\/\n\/*! This file is auto-generated *\/\n!function(d,l){\"use strict\";l.querySelector&&d.addEventListener&&\"undefined\"!=typeof URL&&(d.wp=d.wp||{},d.wp.receiveEmbedMessage||(d.wp.receiveEmbedMessage=function(e){var t=e.data;if((t||t.secret||t.message||t.value)&&!\/[^a-zA-Z0-9]\/.test(t.secret)){for(var s,r,n,a=l.querySelectorAll('iframe[data-secret=\"'+t.secret+'\"]'),o=l.querySelectorAll('blockquote[data-secret=\"'+t.secret+'\"]'),c=new RegExp(\"^https?:$\",\"i\"),i=0;i<o.length;i++)o[i].style.display=\"none\";for(i=0;i<a.length;i++)s=a[i],e.source===s.contentWindow&&(s.removeAttribute(\"style\"),\"height\"===t.message?(1e3<(r=parseInt(t.value,10))?r=1e3:~~r<200&&(r=200),s.height=r):\"link\"===t.message&&(r=new URL(s.getAttribute(\"src\")),n=new URL(t.value),c.test(n.protocol))&&n.host===r.host&&l.activeElement===s&&(d.top.location.href=t.value))}},d.addEventListener(\"message\",d.wp.receiveEmbedMessage,!1),l.addEventListener(\"DOMContentLoaded\",function(){for(var e,t,s=l.querySelectorAll(\"iframe.wp-embedded-content\"),r=0;r<s.length;r++)(t=(e=s[r]).getAttribute(\"data-secret\"))||(t=Math.random().toString(36).substring(2,12),e.src+=\"#?secret=\"+t,e.setAttribute(\"data-secret\",t)),e.contentWindow.postMessage({message:\"ready\",secret:t},\"*\")},!1)))}(window,document);\n\/\/# sourceURL=https:\/\/wp.kristdemokraterna.se\/hakanjohansson\/wp-includes\/js\/wp-embed.min.js\n\/* ]]> *\/\n<\/script>\n","thumbnail_url":"https:\/\/wp.kristdemokraterna.se\/hakanjohansson\/files\/2014\/06\/hakan_johansson_2013.png","thumbnail_width":256,"thumbnail_height":300,"description":"Att diskutera kring kommunens visioner och m\u00e5l fram till 2020 en hel eftermiddag\u00a0\u2013 kan man t\u00e4nka sig n\u00e5got mer sp\u00e4nnande? Diskussionen var\u00a0startskottet f\u00f6r arbetet med att ta fram ett nytt bostadsf\u00f6rs\u00f6rjningsprogram f\u00f6r V\u00e4rnamo kommun\u00a0och den\u00a0b\u00f6rjade med inspel fr\u00e5n olika h\u00e5ll.\u00a0Hans-G\u00f6ran Johansson talade om kommunens \u00f6vergripande m\u00e5l idag och i morgon,\u00a0Stina Gof\u00a0presenterade befolkningsstatistik f\u00f6r 2014 och\u00a0Lars&hellip; Forts\u00e4tt l\u00e4sa"}