{"version":"1.0","provider_name":"H\u00e5kan Johansson, KD","provider_url":"https:\/\/wp.kristdemokraterna.se\/hakanjohansson","title":"Mer r\u00e4ddningstj\u00e4nst i hela kommunen - H\u00e5kan Johansson, KD","type":"rich","width":600,"height":338,"html":"<blockquote class=\"wp-embedded-content\" data-secret=\"bNkpp9WnKl\"><a href=\"https:\/\/wp.kristdemokraterna.se\/hakanjohansson\/2015\/07\/23\/mer-raddningstjanst-i-hela-kommunen\/\">Mer r\u00e4ddningstj\u00e4nst i hela kommunen<\/a><\/blockquote><iframe sandbox=\"allow-scripts\" security=\"restricted\" src=\"https:\/\/wp.kristdemokraterna.se\/hakanjohansson\/2015\/07\/23\/mer-raddningstjanst-i-hela-kommunen\/embed\/#?secret=bNkpp9WnKl\" width=\"600\" height=\"338\" title=\"\u201dMer r\u00e4ddningstj\u00e4nst i hela kommunen\u201d &ndash; H\u00e5kan Johansson, KD\" data-secret=\"bNkpp9WnKl\" frameborder=\"0\" marginwidth=\"0\" marginheight=\"0\" scrolling=\"no\" class=\"wp-embedded-content\"><\/iframe><script type=\"text\/javascript\">\n\/* <![CDATA[ *\/\n\/*! This file is auto-generated *\/\n!function(d,l){\"use strict\";l.querySelector&&d.addEventListener&&\"undefined\"!=typeof URL&&(d.wp=d.wp||{},d.wp.receiveEmbedMessage||(d.wp.receiveEmbedMessage=function(e){var t=e.data;if((t||t.secret||t.message||t.value)&&!\/[^a-zA-Z0-9]\/.test(t.secret)){for(var s,r,n,a=l.querySelectorAll('iframe[data-secret=\"'+t.secret+'\"]'),o=l.querySelectorAll('blockquote[data-secret=\"'+t.secret+'\"]'),c=new RegExp(\"^https?:$\",\"i\"),i=0;i<o.length;i++)o[i].style.display=\"none\";for(i=0;i<a.length;i++)s=a[i],e.source===s.contentWindow&&(s.removeAttribute(\"style\"),\"height\"===t.message?(1e3<(r=parseInt(t.value,10))?r=1e3:~~r<200&&(r=200),s.height=r):\"link\"===t.message&&(r=new URL(s.getAttribute(\"src\")),n=new URL(t.value),c.test(n.protocol))&&n.host===r.host&&l.activeElement===s&&(d.top.location.href=t.value))}},d.addEventListener(\"message\",d.wp.receiveEmbedMessage,!1),l.addEventListener(\"DOMContentLoaded\",function(){for(var e,t,s=l.querySelectorAll(\"iframe.wp-embedded-content\"),r=0;r<s.length;r++)(t=(e=s[r]).getAttribute(\"data-secret\"))||(t=Math.random().toString(36).substring(2,12),e.src+=\"#?secret=\"+t,e.setAttribute(\"data-secret\",t)),e.contentWindow.postMessage({message:\"ready\",secret:t},\"*\")},!1)))}(window,document);\n\/\/# sourceURL=https:\/\/wp.kristdemokraterna.se\/hakanjohansson\/wp-includes\/js\/wp-embed.min.js\n\/* ]]> *\/\n<\/script>\n","thumbnail_url":"https:\/\/wp.kristdemokraterna.se\/hakanjohansson\/files\/2014\/06\/hakan_johansson_2013.png","thumbnail_width":256,"thumbnail_height":300,"description":"N\u00e4r jag reflekterade \u00f6ver TV-intervjun om R\u00e4ddningstj\u00e4nsten\u00a0ins\u00e5g jag att vi\u00a0beh\u00f6ver ta tillbaka initiativet. Allm\u00e4nheten\u00a0m\u00e5ste f\u00e5 en bakgrund till och perspektiv\u00a0p\u00e5 det utvecklingsarbete som p\u00e5g\u00e5r. Det \u00e4r viktigt att utmana mediebilden s\u00e5 att inte den s\u00e4tter\u00a0agendan och sn\u00e4var in debatten. Jag kontaktade mina kollegor i Milj\u00f6- och stadsbyggnadsn\u00e4mndens presidium, G\u00f6ran Andersson (C), 1 v ordf\u00f6rande och\u00a0Bo&hellip; Forts\u00e4tt l\u00e4sa"}