{"id":2568,"date":"2018-08-27T12:31:07","date_gmt":"2018-08-27T10:31:07","guid":{"rendered":"http:\/\/wp.kristdemokraterna.se\/hakanjohansson\/?page_id=2568"},"modified":"2022-09-06T00:18:55","modified_gmt":"2022-09-05T22:18:55","slug":"startsida","status":"publish","type":"page","link":"https:\/\/wp.kristdemokraterna.se\/hakanjohansson\/","title":{"rendered":"H\u00e5kan Johansson (KD)"},"content":{"rendered":"<p>H\u00e5kan Johansson (KD): Jag \u00e4r gruppledare f\u00f6r Kristdemokraterna i V\u00e4rnamo kommun och representerar partiet i Kommunfullm\u00e4ktige och Kommunstyrelsen. Vidare \u00e4r jag 1 vice ordf\u00f6rande i Tekniska utskottet. Sedan april 2020 \u00e4r jag \u00e4ven ers\u00e4ttare i Regionfullm\u00e4ktige i Region J\u00f6nk\u00f6pings l\u00e4n. Under <em>Mina tre ord <\/em>kan du l\u00e4sa mer om mig och grunden f\u00f6r mitt politiska engagemang.<\/p>\n","protected":false},"excerpt":{"rendered":"<p>H\u00e5kan Johansson (KD): Jag \u00e4r gruppledare f\u00f6r Kristdemokraterna i V\u00e4rnamo kommun och representerar partiet i Kommunfullm\u00e4ktige och Kommunstyrelsen. Vidare \u00e4r jag 1 vice ordf\u00f6rande i Tekniska utskottet. Sedan april 2020 \u00e4r jag \u00e4ven ers\u00e4ttare i Regionfullm\u00e4ktige i Region J\u00f6nk\u00f6pings l\u00e4n. Under Mina tre ord kan du l\u00e4sa mer om mig och grunden f\u00f6r mitt politiska&hellip; <a class=\"read-more-link\" href=\"https:\/\/wp.kristdemokraterna.se\/hakanjohansson\/\">Forts\u00e4tt l\u00e4sa<\/a><\/p>\n","protected":false},"author":507,"featured_media":0,"parent":0,"menu_order":0,"comment_status":"closed","ping_status":"closed","template":"index.php","meta":{"_acf_changed":false,"footnotes":""},"class_list":["post-2568","page","type-page","status-publish","hentry"],"acf":[],"yoast_head":"<!-- This site is optimized with the Yoast SEO plugin v27.4 - https:\/\/yoast.com\/product\/yoast-seo-wordpress\/ -->\n<title>H\u00e5kan Johansson (KD) - H\u00e5kan Johansson, KD<\/title>\n<meta name=\"description\" content=\"H\u00e5kan Johansson - Kristdemokraterna V\u00e4rnamo. Jag \u00e4r gruppledare och representerar partiet i Kommunfullm\u00e4ktige och Kommunstyrelsen.\" \/>\n<meta name=\"robots\" content=\"index, follow, max-snippet:-1, max-image-preview:large, max-video-preview:-1\" \/>\n<link rel=\"canonical\" href=\"https:\/\/wp.kristdemokraterna.se\/hakanjohansson\/\" \/>\n<meta property=\"og:locale\" content=\"sv_SE\" \/>\n<meta property=\"og:type\" content=\"article\" \/>\n<meta property=\"og:title\" content=\"H\u00e5kan Johansson (KD) - H\u00e5kan Johansson, KD\" \/>\n<meta property=\"og:description\" content=\"H\u00e5kan Johansson - Kristdemokraterna V\u00e4rnamo. Jag \u00e4r gruppledare och representerar partiet i Kommunfullm\u00e4ktige och Kommunstyrelsen.\" \/>\n<meta property=\"og:url\" content=\"https:\/\/wp.kristdemokraterna.se\/hakanjohansson\/\" \/>\n<meta property=\"og:site_name\" content=\"H\u00e5kan Johansson, KD\" \/>\n<meta property=\"article:modified_time\" content=\"2022-09-05T22:18:55+00:00\" \/>\n<meta property=\"og:image\" content=\"http:\/\/wp.kristdemokraterna.se\/hakanjohansson\/files\/2020\/09\/2018_hakan_inlaggsbild.jpg\" \/>\n\t<meta property=\"og:image:width\" content=\"478\" \/>\n\t<meta property=\"og:image:height\" content=\"262\" \/>\n\t<meta property=\"og:image:type\" content=\"image\/jpeg\" \/>\n<meta name=\"twitter:card\" content=\"summary_large_image\" \/>\n<meta name=\"twitter:image\" content=\"https:\/\/wp.kristdemokraterna.se\/hakanjohansson\/files\/2020\/09\/2018_hakan_inlaggsbild.jpg\" \/>\n<meta name=\"twitter:label1\" content=\"Ber\u00e4knad l\u00e4stid\" \/>\n\t<meta name=\"twitter:data1\" content=\"1 minut\" \/>\n<script type=\"application\/ld+json\" class=\"yoast-schema-graph\">{\"@context\":\"https:\\\/\\\/schema.org\",\"@graph\":[{\"@type\":\"WebPage\",\"@id\":\"https:\\\/\\\/wp.kristdemokraterna.se\\\/hakanjohansson\\\/\",\"url\":\"https:\\\/\\\/wp.kristdemokraterna.se\\\/hakanjohansson\\\/\",\"name\":\"H\u00e5kan Johansson (KD) - H\u00e5kan Johansson, KD\",\"isPartOf\":{\"@id\":\"https:\\\/\\\/wp.kristdemokraterna.se\\\/hakanjohansson\\\/#website\"},\"datePublished\":\"2018-08-27T10:31:07+00:00\",\"dateModified\":\"2022-09-05T22:18:55+00:00\",\"description\":\"H\u00e5kan Johansson - Kristdemokraterna V\u00e4rnamo. Jag \u00e4r gruppledare och representerar partiet i Kommunfullm\u00e4ktige och Kommunstyrelsen.\",\"breadcrumb\":{\"@id\":\"https:\\\/\\\/wp.kristdemokraterna.se\\\/hakanjohansson\\\/#breadcrumb\"},\"inLanguage\":\"sv-SE\",\"potentialAction\":[{\"@type\":\"ReadAction\",\"target\":[\"https:\\\/\\\/wp.kristdemokraterna.se\\\/hakanjohansson\\\/\"]}]},{\"@type\":\"BreadcrumbList\",\"@id\":\"https:\\\/\\\/wp.kristdemokraterna.se\\\/hakanjohansson\\\/#breadcrumb\",\"itemListElement\":[{\"@type\":\"ListItem\",\"position\":1,\"name\":\"Hem\",\"item\":\"https:\\\/\\\/wp.kristdemokraterna.se\\\/hakanjohansson\\\/\"},{\"@type\":\"ListItem\",\"position\":2,\"name\":\"H\u00e5kan Johansson (KD)\"}]},{\"@type\":\"WebSite\",\"@id\":\"https:\\\/\\\/wp.kristdemokraterna.se\\\/hakanjohansson\\\/#website\",\"url\":\"https:\\\/\\\/wp.kristdemokraterna.se\\\/hakanjohansson\\\/\",\"name\":\"H\u00e5kan Johansson, KD\",\"description\":\"Politik, musik och teknik...\",\"inLanguage\":\"sv-SE\"}]}<\/script>\n<!-- \/ Yoast SEO plugin. -->","yoast_head_json":{"title":"H\u00e5kan Johansson (KD) - H\u00e5kan Johansson, KD","description":"H\u00e5kan Johansson - Kristdemokraterna V\u00e4rnamo. Jag \u00e4r gruppledare och representerar partiet i Kommunfullm\u00e4ktige och Kommunstyrelsen.","robots":{"index":"index","follow":"follow","max-snippet":"max-snippet:-1","max-image-preview":"max-image-preview:large","max-video-preview":"max-video-preview:-1"},"canonical":"https:\/\/wp.kristdemokraterna.se\/hakanjohansson\/","og_locale":"sv_SE","og_type":"article","og_title":"H\u00e5kan Johansson (KD) - H\u00e5kan Johansson, KD","og_description":"H\u00e5kan Johansson - Kristdemokraterna V\u00e4rnamo. Jag \u00e4r gruppledare och representerar partiet i Kommunfullm\u00e4ktige och Kommunstyrelsen.","og_url":"https:\/\/wp.kristdemokraterna.se\/hakanjohansson\/","og_site_name":"H\u00e5kan Johansson, KD","article_modified_time":"2022-09-05T22:18:55+00:00","og_image":[{"width":478,"height":262,"url":"http:\/\/wp.kristdemokraterna.se\/hakanjohansson\/files\/2020\/09\/2018_hakan_inlaggsbild.jpg","type":"image\/jpeg"}],"twitter_card":"summary_large_image","twitter_image":"https:\/\/wp.kristdemokraterna.se\/hakanjohansson\/files\/2020\/09\/2018_hakan_inlaggsbild.jpg","twitter_misc":{"Ber\u00e4knad l\u00e4stid":"1 minut"},"schema":{"@context":"https:\/\/schema.org","@graph":[{"@type":"WebPage","@id":"https:\/\/wp.kristdemokraterna.se\/hakanjohansson\/","url":"https:\/\/wp.kristdemokraterna.se\/hakanjohansson\/","name":"H\u00e5kan Johansson (KD) - H\u00e5kan Johansson, KD","isPartOf":{"@id":"https:\/\/wp.kristdemokraterna.se\/hakanjohansson\/#website"},"datePublished":"2018-08-27T10:31:07+00:00","dateModified":"2022-09-05T22:18:55+00:00","description":"H\u00e5kan Johansson - Kristdemokraterna V\u00e4rnamo. Jag \u00e4r gruppledare och representerar partiet i Kommunfullm\u00e4ktige och Kommunstyrelsen.","breadcrumb":{"@id":"https:\/\/wp.kristdemokraterna.se\/hakanjohansson\/#breadcrumb"},"inLanguage":"sv-SE","potentialAction":[{"@type":"ReadAction","target":["https:\/\/wp.kristdemokraterna.se\/hakanjohansson\/"]}]},{"@type":"BreadcrumbList","@id":"https:\/\/wp.kristdemokraterna.se\/hakanjohansson\/#breadcrumb","itemListElement":[{"@type":"ListItem","position":1,"name":"Hem","item":"https:\/\/wp.kristdemokraterna.se\/hakanjohansson\/"},{"@type":"ListItem","position":2,"name":"H\u00e5kan Johansson (KD)"}]},{"@type":"WebSite","@id":"https:\/\/wp.kristdemokraterna.se\/hakanjohansson\/#website","url":"https:\/\/wp.kristdemokraterna.se\/hakanjohansson\/","name":"H\u00e5kan Johansson, KD","description":"Politik, musik och teknik...","inLanguage":"sv-SE"}]}},"_links":{"self":[{"href":"https:\/\/wp.kristdemokraterna.se\/hakanjohansson\/wp-json\/wp\/v2\/pages\/2568","targetHints":{"allow":["GET"]}}],"collection":[{"href":"https:\/\/wp.kristdemokraterna.se\/hakanjohansson\/wp-json\/wp\/v2\/pages"}],"about":[{"href":"https:\/\/wp.kristdemokraterna.se\/hakanjohansson\/wp-json\/wp\/v2\/types\/page"}],"author":[{"embeddable":true,"href":"https:\/\/wp.kristdemokraterna.se\/hakanjohansson\/wp-json\/wp\/v2\/users\/507"}],"replies":[{"embeddable":true,"href":"https:\/\/wp.kristdemokraterna.se\/hakanjohansson\/wp-json\/wp\/v2\/comments?post=2568"}],"version-history":[{"count":33,"href":"https:\/\/wp.kristdemokraterna.se\/hakanjohansson\/wp-json\/wp\/v2\/pages\/2568\/revisions"}],"predecessor-version":[{"id":2844,"href":"https:\/\/wp.kristdemokraterna.se\/hakanjohansson\/wp-json\/wp\/v2\/pages\/2568\/revisions\/2844"}],"wp:attachment":[{"href":"https:\/\/wp.kristdemokraterna.se\/hakanjohansson\/wp-json\/wp\/v2\/media?parent=2568"}],"curies":[{"name":"wp","href":"https:\/\/api.w.org\/{rel}","templated":true}]}}