{"id":887,"date":"2022-03-01T17:35:14","date_gmt":"2022-03-01T16:35:14","guid":{"rendered":"https:\/\/wp.kristdemokraterna.se\/haninge\/?page_id=887"},"modified":"2026-02-26T14:27:35","modified_gmt":"2026-02-26T13:27:35","slug":"grund-och-gymnasieutbildning","status":"publish","type":"page","link":"https:\/\/wp.kristdemokraterna.se\/haninge\/politik-for-haninge\/grund-och-gymnasieutbildning\/","title":{"rendered":"Grund- och gymnasieutbildning"},"content":{"rendered":"<p>Skolans uppdrag \u00e4r tydligt \u2013 den ska ge eleverna b\u00e5de de kunskaper som kr\u00e4vs f\u00f6r arbetslivet och den bildning som utvecklar kritiskt t\u00e4nkande och ansvarstagande medborgare. V\u00e5r m\u00e5ls\u00e4ttning \u00e4r sj\u00e4lvklar: alla elever i Haninge ska n\u00e5 gymnasiebeh\u00f6righet.<\/p>\n<p>F\u00f6r att lyckas m\u00e5ste vi prioritera ordning och studiero i klassrummen. Kunskap ska st\u00e5 i centrum och undervisningen bygga p\u00e5 l\u00e4romedel av h\u00f6g kvalitet. L\u00e4rare ska f\u00e5 vara l\u00e4rare, d\u00e4rf\u00f6r vill vi minska administrationen genom fler l\u00e4rarassistenter.<\/p>\n<p>Ingen elev ska l\u00e4mnas efter. Vi vill satsa p\u00e5 fler specialpedagoger, erbjuda lovskola och s\u00e4kerst\u00e4lla att st\u00f6d s\u00e4tts in i tid. En stark elevh\u00e4lsa med fler kuratorer, psykologer och skolsk\u00f6terskor \u00e4r avg\u00f6rande.<\/p>\n<p><img loading=\"lazy\" decoding=\"async\" class=\"aligncenter wp-image-988\" src=\"http:\/\/wp.kristdemokraterna.se\/haninge\/files\/2022\/02\/barn-i-klassrum-1024x683.png\" alt=\"grund- och gymnasieskola\" width=\"639\" height=\"426\" srcset=\"https:\/\/wp.kristdemokraterna.se\/haninge\/files\/2022\/02\/barn-i-klassrum-1024x683.png 1024w, https:\/\/wp.kristdemokraterna.se\/haninge\/files\/2022\/02\/barn-i-klassrum-300x200.png 300w, https:\/\/wp.kristdemokraterna.se\/haninge\/files\/2022\/02\/barn-i-klassrum-768x512.png 768w, https:\/\/wp.kristdemokraterna.se\/haninge\/files\/2022\/02\/barn-i-klassrum-1536x1024.png 1536w, https:\/\/wp.kristdemokraterna.se\/haninge\/files\/2022\/02\/barn-i-klassrum-370x247.png 370w, https:\/\/wp.kristdemokraterna.se\/haninge\/files\/2022\/02\/barn-i-klassrum-770x513.png 770w, https:\/\/wp.kristdemokraterna.se\/haninge\/files\/2022\/02\/barn-i-klassrum-450x300.png 450w, https:\/\/wp.kristdemokraterna.se\/haninge\/files\/2022\/02\/barn-i-klassrum-280x187.png 280w, https:\/\/wp.kristdemokraterna.se\/haninge\/files\/2022\/02\/barn-i-klassrum-340x227.png 340w, https:\/\/wp.kristdemokraterna.se\/haninge\/files\/2022\/02\/barn-i-klassrum-200x133.png 200w, https:\/\/wp.kristdemokraterna.se\/haninge\/files\/2022\/02\/barn-i-klassrum-84x56.png 84w, https:\/\/wp.kristdemokraterna.se\/haninge\/files\/2022\/02\/barn-i-klassrum.png 1707w\" sizes=\"auto, (max-width: 639px) 100vw, 639px\" \/><\/p>\n<p>Trygghet \u00e4r en f\u00f6ruts\u00e4ttning f\u00f6r l\u00e4rande. Skolorna ska pr\u00e4glas av tydliga krav, sunda normer och respekt. Skola och hem m\u00e5ste ta gemensamt ansvar. Skolk och otrygghet ska konsekvent motverkas genom tydliga ordningsregler.<\/p>\n<p>Vi vill st\u00e4rka kopplingen mellan skola och arbetsliv. Skolan ska samarbeta med n\u00e4ringslivet genom prao och l\u00e4rlingsutbildningar. Den arbetsplatsf\u00f6rlagda utbildningen p\u00e5 gymnasiets yrkesprogram ska utvecklas och kommunen ska prioritera utbildningar som leder till bristyrken.<\/p>\n<h3><strong>Kristdemokraterna i Haninge vill:<\/strong><\/h3>\n<ul>\n<li><strong>H\u00f6ja skolresultaten:<\/strong> Fler elever ska bli beh\u00f6riga och antagna till gymnasiet.<\/li>\n<li><strong>\u00d6ka tryggheten:<\/strong> Tryggheten f\u00f6r l\u00e4rare, elever och skolpersonal ska st\u00e4rkas.<\/li>\n<li><strong>St\u00e4rka kunskapen om NPF:<\/strong> Skolorna ska arbeta f\u00f6r b\u00e4ttre kunskap om neuropsykiatriska funktionsneds\u00e4ttningar.<\/li>\n<li><strong>Ha tryggare skolv\u00e4gar:<\/strong> Hastigheten runt skolor ska vara 30 km\/h och kompletteras med farthinder, tydliga \u00f6verg\u00e5ngsst\u00e4llen och b\u00e4ttre belysning.<\/li>\n<li><strong>Ut\u00f6ka samarbetet:<\/strong> Samverkan mellan skola, socialtj\u00e4nst, f\u00e4ltassistenter, polis och ordningsvakter ska st\u00e4rkas.<\/li>\n<li><strong>St\u00e4rka elevh\u00e4lsan:<\/strong> Fler kuratorer, psykologer, skolsk\u00f6terskor, socionomer och specialpedagoger. Elever som m\u00e5r d\u00e5ligt eller har inl\u00e4rningssv\u00e5righeter ska snabbt f\u00e5 hj\u00e4lp.<\/li>\n<li><strong>Ge st\u00f6d till s\u00e4rskilt beg\u00e5vade elever:<\/strong> Elever som beh\u00f6ver extra stimulans och v\u00e4gledning ska f\u00e5 det.<\/li>\n<li><strong>Ha starkare koppling till arbetslivet:<\/strong> Skolan ska samarbeta med n\u00e4ringslivet genom prao och l\u00e4rlingsutbildningar.<\/li>\n<li><strong>Utveckla yrkesutbildningar:<\/strong> Den arbetsplatsf\u00f6rlagda utbildningen p\u00e5 gymnasiets yrkesprogram ska st\u00e4rkas och kommunen ska prioritera utbildningar mot bristyrken.<\/li>\n<li><strong>Ha en m\u00e5ngfald av akt\u00f6rer:<\/strong> Fler akt\u00f6rer ska kunna etablera och driva skolor f\u00f6r att h\u00f6ja kvaliteten och st\u00e4rka valfriheten.<\/li>\n<\/ul>\n<p>Vill du l\u00e4sa mer om v\u00e5r politik f\u00f6r Haninge? <a href=\"http:\/\/wp.kristdemokraterna.se\/haninge\/files\/2022\/02\/kommunpolitisk-program-2022-2026.pdf\">L\u00e4s v\u00e5rt kommunpolitiska program h\u00e4r<\/a><\/p>\n","protected":false},"excerpt":{"rendered":"<p>Skolans uppdrag \u00e4r tydligt \u2013 den ska ge eleverna b\u00e5de de kunskaper som kr\u00e4vs f\u00f6r arbetslivet och den bildning som utvecklar kritiskt t\u00e4nkande och ansvarstagande medborgare. V\u00e5r m\u00e5ls\u00e4ttning \u00e4r sj\u00e4lvklar: alla elever i Haninge ska n\u00e5 gymnasiebeh\u00f6righet. F\u00f6r att lyckas m\u00e5ste vi prioritera ordning och studiero i klassrummen. Kunskap ska st\u00e5 i centrum och undervisningen <a class=\"read-more-link\" href=\"https:\/\/wp.kristdemokraterna.se\/haninge\/politik-for-haninge\/grund-och-gymnasieutbildning\/\">L\u00e4s mer<\/a><\/p>\n","protected":false},"author":1000,"featured_media":880,"parent":342,"menu_order":7,"comment_status":"closed","ping_status":"closed","template":"","meta":{"_acf_changed":false,"footnotes":""},"class_list":["post-887","page","type-page","status-publish","hentry"],"acf":[],"yoast_head":"<!-- This site is optimized with the Yoast SEO plugin v27.5 - https:\/\/yoast.com\/product\/yoast-seo-wordpress\/ -->\n<title>Grund- och gymnasieutbildning &#8211; Kristdemokraterna i Haninge |<\/title>\n<meta name=\"description\" content=\"Kristdemokraterna i Haninge vill se en grund- och gymnasieutbildning d\u00e4r ingen h\u00e5lls tillbaka, och ingen l\u00e4mnas efter.\" \/>\n<meta name=\"robots\" content=\"index, follow, max-snippet:-1, max-image-preview:large, max-video-preview:-1\" \/>\n<link rel=\"canonical\" href=\"https:\/\/wp.kristdemokraterna.se\/haninge\/politik-for-haninge\/grund-och-gymnasieutbildning\/\" \/>\n<meta property=\"og:locale\" content=\"sv_SE\" \/>\n<meta property=\"og:type\" content=\"article\" \/>\n<meta property=\"og:title\" content=\"Grund- och gymnasieutbildning &#8211; Kristdemokraterna i Haninge |\" \/>\n<meta property=\"og:description\" content=\"Kristdemokraterna i Haninge vill se en grund- och gymnasieutbildning d\u00e4r ingen h\u00e5lls tillbaka, och ingen l\u00e4mnas efter.\" \/>\n<meta property=\"og:url\" content=\"https:\/\/wp.kristdemokraterna.se\/haninge\/politik-for-haninge\/grund-och-gymnasieutbildning\/\" \/>\n<meta property=\"og:site_name\" content=\"Kristdemokraterna i Haninge |\" \/>\n<meta property=\"article:modified_time\" content=\"2026-02-26T13:27:35+00:00\" \/>\n<meta property=\"og:image\" content=\"https:\/\/wp.kristdemokraterna.se\/haninge\/files\/2022\/02\/barn-i-klassrum-1024x683.png\" \/>\n\t<meta property=\"og:image:width\" content=\"1024\" \/>\n\t<meta property=\"og:image:height\" content=\"683\" \/>\n\t<meta property=\"og:image:type\" content=\"image\/png\" \/>\n<meta name=\"twitter:card\" content=\"summary_large_image\" \/>\n<meta name=\"twitter:label1\" content=\"Ber\u00e4knad l\u00e4stid\" \/>\n\t<meta name=\"twitter:data1\" content=\"2 minuter\" \/>\n<script type=\"application\/ld+json\" class=\"yoast-schema-graph\">{\"@context\":\"https:\\\/\\\/schema.org\",\"@graph\":[{\"@type\":\"WebPage\",\"@id\":\"https:\\\/\\\/wp.kristdemokraterna.se\\\/haninge\\\/politik-for-haninge\\\/grund-och-gymnasieutbildning\\\/\",\"url\":\"https:\\\/\\\/wp.kristdemokraterna.se\\\/haninge\\\/politik-for-haninge\\\/grund-och-gymnasieutbildning\\\/\",\"name\":\"Grund- och gymnasieutbildning &#8211; Kristdemokraterna i Haninge |\",\"isPartOf\":{\"@id\":\"https:\\\/\\\/wp.kristdemokraterna.se\\\/haninge\\\/#website\"},\"primaryImageOfPage\":{\"@id\":\"https:\\\/\\\/wp.kristdemokraterna.se\\\/haninge\\\/politik-for-haninge\\\/grund-och-gymnasieutbildning\\\/#primaryimage\"},\"image\":{\"@id\":\"https:\\\/\\\/wp.kristdemokraterna.se\\\/haninge\\\/politik-for-haninge\\\/grund-och-gymnasieutbildning\\\/#primaryimage\"},\"thumbnailUrl\":\"https:\\\/\\\/wp.kristdemokraterna.se\\\/haninge\\\/files\\\/2022\\\/01\\\/kd-logo-bla\u2560e.png\",\"datePublished\":\"2022-03-01T16:35:14+00:00\",\"dateModified\":\"2026-02-26T13:27:35+00:00\",\"description\":\"Kristdemokraterna i Haninge vill se en grund- och gymnasieutbildning d\u00e4r ingen h\u00e5lls tillbaka, och ingen l\u00e4mnas efter.\",\"breadcrumb\":{\"@id\":\"https:\\\/\\\/wp.kristdemokraterna.se\\\/haninge\\\/politik-for-haninge\\\/grund-och-gymnasieutbildning\\\/#breadcrumb\"},\"inLanguage\":\"sv-SE\",\"potentialAction\":[{\"@type\":\"ReadAction\",\"target\":[\"https:\\\/\\\/wp.kristdemokraterna.se\\\/haninge\\\/politik-for-haninge\\\/grund-och-gymnasieutbildning\\\/\"]}]},{\"@type\":\"ImageObject\",\"inLanguage\":\"sv-SE\",\"@id\":\"https:\\\/\\\/wp.kristdemokraterna.se\\\/haninge\\\/politik-for-haninge\\\/grund-och-gymnasieutbildning\\\/#primaryimage\",\"url\":\"https:\\\/\\\/wp.kristdemokraterna.se\\\/haninge\\\/files\\\/2022\\\/01\\\/kd-logo-bla\u2560e.png\",\"contentUrl\":\"https:\\\/\\\/wp.kristdemokraterna.se\\\/haninge\\\/files\\\/2022\\\/01\\\/kd-logo-bla\u2560e.png\",\"width\":2032,\"height\":2031,\"caption\":\"Kristdemokraterna\"},{\"@type\":\"BreadcrumbList\",\"@id\":\"https:\\\/\\\/wp.kristdemokraterna.se\\\/haninge\\\/politik-for-haninge\\\/grund-och-gymnasieutbildning\\\/#breadcrumb\",\"itemListElement\":[{\"@type\":\"ListItem\",\"position\":1,\"name\":\"Hem\",\"item\":\"https:\\\/\\\/wp.kristdemokraterna.se\\\/haninge\\\/\"},{\"@type\":\"ListItem\",\"position\":2,\"name\":\"V\u00e5r politik f\u00f6r Haninge\",\"item\":\"https:\\\/\\\/wp.kristdemokraterna.se\\\/haninge\\\/politik-for-haninge\\\/\"},{\"@type\":\"ListItem\",\"position\":3,\"name\":\"Grund- och gymnasieutbildning\"}]},{\"@type\":\"WebSite\",\"@id\":\"https:\\\/\\\/wp.kristdemokraterna.se\\\/haninge\\\/#website\",\"url\":\"https:\\\/\\\/wp.kristdemokraterna.se\\\/haninge\\\/\",\"name\":\"Kristdemokraterna i Haninge |\",\"description\":\"Det trygga alternativet\",\"publisher\":{\"@id\":\"https:\\\/\\\/wp.kristdemokraterna.se\\\/haninge\\\/#organization\"},\"inLanguage\":\"sv-SE\"},{\"@type\":\"Organization\",\"@id\":\"https:\\\/\\\/wp.kristdemokraterna.se\\\/haninge\\\/#organization\",\"name\":\"Kristdemokraterna i Haninge\",\"url\":\"https:\\\/\\\/wp.kristdemokraterna.se\\\/haninge\\\/\",\"logo\":{\"@type\":\"ImageObject\",\"inLanguage\":\"sv-SE\",\"@id\":\"https:\\\/\\\/wp.kristdemokraterna.se\\\/haninge\\\/#\\\/schema\\\/logo\\\/image\\\/\",\"url\":\"https:\\\/\\\/wp.kristdemokraterna.se\\\/haninge\\\/files\\\/2022\\\/01\\\/kd-logo-bla\u2560e.png\",\"contentUrl\":\"https:\\\/\\\/wp.kristdemokraterna.se\\\/haninge\\\/files\\\/2022\\\/01\\\/kd-logo-bla\u2560e.png\",\"width\":2032,\"height\":2031,\"caption\":\"Kristdemokraterna i Haninge\"},\"image\":{\"@id\":\"https:\\\/\\\/wp.kristdemokraterna.se\\\/haninge\\\/#\\\/schema\\\/logo\\\/image\\\/\"}}]}<\/script>\n<!-- \/ Yoast SEO plugin. -->","yoast_head_json":{"title":"Grund- och gymnasieutbildning &#8211; Kristdemokraterna i Haninge |","description":"Kristdemokraterna i Haninge vill se en grund- och gymnasieutbildning d\u00e4r ingen h\u00e5lls tillbaka, och ingen l\u00e4mnas efter.","robots":{"index":"index","follow":"follow","max-snippet":"max-snippet:-1","max-image-preview":"max-image-preview:large","max-video-preview":"max-video-preview:-1"},"canonical":"https:\/\/wp.kristdemokraterna.se\/haninge\/politik-for-haninge\/grund-och-gymnasieutbildning\/","og_locale":"sv_SE","og_type":"article","og_title":"Grund- och gymnasieutbildning &#8211; Kristdemokraterna i Haninge |","og_description":"Kristdemokraterna i Haninge vill se en grund- och gymnasieutbildning d\u00e4r ingen h\u00e5lls tillbaka, och ingen l\u00e4mnas efter.","og_url":"https:\/\/wp.kristdemokraterna.se\/haninge\/politik-for-haninge\/grund-och-gymnasieutbildning\/","og_site_name":"Kristdemokraterna i Haninge |","article_modified_time":"2026-02-26T13:27:35+00:00","og_image":[{"width":1024,"height":683,"url":"https:\/\/wp.kristdemokraterna.se\/haninge\/files\/2022\/02\/barn-i-klassrum-1024x683.png","type":"image\/png"}],"twitter_card":"summary_large_image","twitter_misc":{"Ber\u00e4knad l\u00e4stid":"2 minuter"},"schema":{"@context":"https:\/\/schema.org","@graph":[{"@type":"WebPage","@id":"https:\/\/wp.kristdemokraterna.se\/haninge\/politik-for-haninge\/grund-och-gymnasieutbildning\/","url":"https:\/\/wp.kristdemokraterna.se\/haninge\/politik-for-haninge\/grund-och-gymnasieutbildning\/","name":"Grund- och gymnasieutbildning &#8211; Kristdemokraterna i Haninge |","isPartOf":{"@id":"https:\/\/wp.kristdemokraterna.se\/haninge\/#website"},"primaryImageOfPage":{"@id":"https:\/\/wp.kristdemokraterna.se\/haninge\/politik-for-haninge\/grund-och-gymnasieutbildning\/#primaryimage"},"image":{"@id":"https:\/\/wp.kristdemokraterna.se\/haninge\/politik-for-haninge\/grund-och-gymnasieutbildning\/#primaryimage"},"thumbnailUrl":"https:\/\/wp.kristdemokraterna.se\/haninge\/files\/2022\/01\/kd-logo-bla\u2560e.png","datePublished":"2022-03-01T16:35:14+00:00","dateModified":"2026-02-26T13:27:35+00:00","description":"Kristdemokraterna i Haninge vill se en grund- och gymnasieutbildning d\u00e4r ingen h\u00e5lls tillbaka, och ingen l\u00e4mnas efter.","breadcrumb":{"@id":"https:\/\/wp.kristdemokraterna.se\/haninge\/politik-for-haninge\/grund-och-gymnasieutbildning\/#breadcrumb"},"inLanguage":"sv-SE","potentialAction":[{"@type":"ReadAction","target":["https:\/\/wp.kristdemokraterna.se\/haninge\/politik-for-haninge\/grund-och-gymnasieutbildning\/"]}]},{"@type":"ImageObject","inLanguage":"sv-SE","@id":"https:\/\/wp.kristdemokraterna.se\/haninge\/politik-for-haninge\/grund-och-gymnasieutbildning\/#primaryimage","url":"https:\/\/wp.kristdemokraterna.se\/haninge\/files\/2022\/01\/kd-logo-bla\u2560e.png","contentUrl":"https:\/\/wp.kristdemokraterna.se\/haninge\/files\/2022\/01\/kd-logo-bla\u2560e.png","width":2032,"height":2031,"caption":"Kristdemokraterna"},{"@type":"BreadcrumbList","@id":"https:\/\/wp.kristdemokraterna.se\/haninge\/politik-for-haninge\/grund-och-gymnasieutbildning\/#breadcrumb","itemListElement":[{"@type":"ListItem","position":1,"name":"Hem","item":"https:\/\/wp.kristdemokraterna.se\/haninge\/"},{"@type":"ListItem","position":2,"name":"V\u00e5r politik f\u00f6r Haninge","item":"https:\/\/wp.kristdemokraterna.se\/haninge\/politik-for-haninge\/"},{"@type":"ListItem","position":3,"name":"Grund- och gymnasieutbildning"}]},{"@type":"WebSite","@id":"https:\/\/wp.kristdemokraterna.se\/haninge\/#website","url":"https:\/\/wp.kristdemokraterna.se\/haninge\/","name":"Kristdemokraterna i Haninge |","description":"Det trygga alternativet","publisher":{"@id":"https:\/\/wp.kristdemokraterna.se\/haninge\/#organization"},"inLanguage":"sv-SE"},{"@type":"Organization","@id":"https:\/\/wp.kristdemokraterna.se\/haninge\/#organization","name":"Kristdemokraterna i Haninge","url":"https:\/\/wp.kristdemokraterna.se\/haninge\/","logo":{"@type":"ImageObject","inLanguage":"sv-SE","@id":"https:\/\/wp.kristdemokraterna.se\/haninge\/#\/schema\/logo\/image\/","url":"https:\/\/wp.kristdemokraterna.se\/haninge\/files\/2022\/01\/kd-logo-bla\u2560e.png","contentUrl":"https:\/\/wp.kristdemokraterna.se\/haninge\/files\/2022\/01\/kd-logo-bla\u2560e.png","width":2032,"height":2031,"caption":"Kristdemokraterna i Haninge"},"image":{"@id":"https:\/\/wp.kristdemokraterna.se\/haninge\/#\/schema\/logo\/image\/"}}]}},"_links":{"self":[{"href":"https:\/\/wp.kristdemokraterna.se\/haninge\/wp-json\/wp\/v2\/pages\/887","targetHints":{"allow":["GET"]}}],"collection":[{"href":"https:\/\/wp.kristdemokraterna.se\/haninge\/wp-json\/wp\/v2\/pages"}],"about":[{"href":"https:\/\/wp.kristdemokraterna.se\/haninge\/wp-json\/wp\/v2\/types\/page"}],"author":[{"embeddable":true,"href":"https:\/\/wp.kristdemokraterna.se\/haninge\/wp-json\/wp\/v2\/users\/1000"}],"replies":[{"embeddable":true,"href":"https:\/\/wp.kristdemokraterna.se\/haninge\/wp-json\/wp\/v2\/comments?post=887"}],"version-history":[{"count":14,"href":"https:\/\/wp.kristdemokraterna.se\/haninge\/wp-json\/wp\/v2\/pages\/887\/revisions"}],"predecessor-version":[{"id":1329,"href":"https:\/\/wp.kristdemokraterna.se\/haninge\/wp-json\/wp\/v2\/pages\/887\/revisions\/1329"}],"up":[{"embeddable":true,"href":"https:\/\/wp.kristdemokraterna.se\/haninge\/wp-json\/wp\/v2\/pages\/342"}],"wp:featuredmedia":[{"embeddable":true,"href":"https:\/\/wp.kristdemokraterna.se\/haninge\/wp-json\/wp\/v2\/media\/880"}],"wp:attachment":[{"href":"https:\/\/wp.kristdemokraterna.se\/haninge\/wp-json\/wp\/v2\/media?parent=887"}],"curies":[{"name":"wp","href":"https:\/\/api.w.org\/{rel}","templated":true}]}}