{"id":891,"date":"2022-01-27T13:43:33","date_gmt":"2022-01-27T12:43:33","guid":{"rendered":"https:\/\/wp.kristdemokraterna.se\/haninge\/?page_id=891"},"modified":"2026-02-27T10:50:40","modified_gmt":"2026-02-27T09:50:40","slug":"barnomsorg-och-forskola","status":"publish","type":"page","link":"https:\/\/wp.kristdemokraterna.se\/haninge\/politik-for-haninge\/barnomsorg-och-forskola\/","title":{"rendered":"Barnomsorg och f\u00f6rskola"},"content":{"rendered":"<p>Kristdemokraterna \u00e4r partiet som s\u00e4tter barnen i centrum. F\u00f6r oss \u00e4r kvaliteten i f\u00f6rskolan och familjernas valfrihet de viktigaste byggstenarna f\u00f6r ett tryggt Haninge. Vi vill skapa en milj\u00f6 d\u00e4r varje barn blir sett, h\u00f6rt och bekr\u00e4ftat.<\/p>\n<p>Under mandatperioden 2022\u20132026 har vi tagit viktiga steg genom att \u00f6ka antalet beh\u00f6riga pedagoger och minska barngrupperna f\u00f6r de yngsta. Men vi \u00e4r inte n\u00f6jda. Vi str\u00e4var efter att minska barngrupperna ytterligare samt att ha fler pedagoger per barn.<\/p>\n<p>Barnets f\u00f6rsta \u00e5r \u00e4r avg\u00f6rande. Genom principen \u201d<em>V\u00e5ga se, h\u00f6ra och g\u00f6ra<\/em>\u201d ska vi tidigt uppt\u00e4cka och st\u00f6tta utsatta barn. Vi vill \u00e4ven st\u00e4rka f\u00f6r\u00e4ldrarna genom att erbjuda f\u00f6r\u00e4ldraskapsprogram med fokus p\u00e5 st\u00f6d, kunskap och gemenskap redan fr\u00e5n tidig \u00e5lder.<\/p>\n<p style=\"text-align: center\"><img loading=\"lazy\" decoding=\"async\" class=\"wp-image-989 aligncenter\" src=\"http:\/\/wp.kristdemokraterna.se\/haninge\/files\/2022\/02\/barn-runt-bord-1024x731.png\" alt=\"Barnomsorg och f\u00f6rskola\" width=\"460\" height=\"328\" srcset=\"https:\/\/wp.kristdemokraterna.se\/haninge\/files\/2022\/02\/barn-runt-bord-1024x731.png 1024w, https:\/\/wp.kristdemokraterna.se\/haninge\/files\/2022\/02\/barn-runt-bord-300x214.png 300w, https:\/\/wp.kristdemokraterna.se\/haninge\/files\/2022\/02\/barn-runt-bord-768x549.png 768w, https:\/\/wp.kristdemokraterna.se\/haninge\/files\/2022\/02\/barn-runt-bord-1536x1097.png 1536w, https:\/\/wp.kristdemokraterna.se\/haninge\/files\/2022\/02\/barn-runt-bord-280x200.png 280w, https:\/\/wp.kristdemokraterna.se\/haninge\/files\/2022\/02\/barn-runt-bord-370x264.png 370w, https:\/\/wp.kristdemokraterna.se\/haninge\/files\/2022\/02\/barn-runt-bord-770x550.png 770w, https:\/\/wp.kristdemokraterna.se\/haninge\/files\/2022\/02\/barn-runt-bord-450x321.png 450w, https:\/\/wp.kristdemokraterna.se\/haninge\/files\/2022\/02\/barn-runt-bord-340x243.png 340w, https:\/\/wp.kristdemokraterna.se\/haninge\/files\/2022\/02\/barn-runt-bord-200x143.png 200w, https:\/\/wp.kristdemokraterna.se\/haninge\/files\/2022\/02\/barn-runt-bord-78x56.png 78w, https:\/\/wp.kristdemokraterna.se\/haninge\/files\/2022\/02\/barn-runt-bord.png 1606w\" sizes=\"auto, (max-width: 460px) 100vw, 460px\" \/><\/p>\n<p>En f\u00f6rskola med h\u00f6g kvalitet \u00e4r avg\u00f6rande f\u00f6r barns utveckling. Det handlar om mer \u00e4n bara pedagogik &#8211; det handlar om k\u00e4rlek, omsorg och vuxna som har tid att lyssna, tr\u00f6sta och b\u00e4ra. Leken \u00e4r grunden f\u00f6r l\u00e4rande, och milj\u00f6n ska stimulera barnets utveckling inom s\u00e5v\u00e4l spr\u00e5ket som matematiken.<\/p>\n<p>Vi v\u00e4rnar om familjens r\u00e4tt att sj\u00e4lva v\u00e4lja den omsorgsform som passar dem b\u00e4st. Oavsett om man v\u00e4ljer kommunal f\u00f6rskola, privat alternativ eller familjedaghem ska villkoren vara r\u00e4ttvisa och likv\u00e4rdiga.<\/p>\n<h3><strong>Kristdemokraterna i Haninge vill:<\/strong><\/h3>\n<ul>\n<li><strong>S\u00e4kra dubbel bemanning:<\/strong> F\u00f6r barnens trygghet ska alla f\u00f6rskolor i Haninge ha dubbel bemanning.<\/li>\n<li><strong>Satsa p\u00e5 kompetens:<\/strong> Vi vill \u00f6ka andelen utbildade f\u00f6rskoll\u00e4rare och st\u00e4rka kunskapen om neuropsykiatriska funktionsneds\u00e4ttningar (NPF).<\/li>\n<li><strong>Ha tydliga spr\u00e5kkrav:<\/strong> F\u00f6r att s\u00e4kra en god spr\u00e5kutveckling ska all personal i barnomsorgen uppfylla krav p\u00e5 god svenska.<\/li>\n<li><strong>Ha r\u00e4ttvisa och likv\u00e4rdiga villkor<\/strong> f\u00f6r alla utf\u00f6rare av f\u00f6rskoleverksamhet och pedagogisk omsorg.<\/li>\n<li><strong>Att syskonf\u00f6rtur ska g\u00e4lla vid val av f\u00f6rskola:<\/strong> F\u00f6r\u00e4ldrars \u00f6nskem\u00e5l om barnomsorg ska i st\u00f6rsta m\u00f6jliga m\u00e5n styra utbudet, exempelvis f\u00f6rskola och familjedaghem.<\/li>\n<li><strong>Barnomsorg p\u00e5 obekv\u00e4m arbetstid: <\/strong>Dvs &#8221;nattis&#8221;, ska kunna erbjudas av en n\u00e4rst\u00e5ende i det egna hemmet.<\/li>\n<li><strong>Inte ha religi\u00f6s p\u00e5verkan: <\/strong>F\u00f6rskolan ska bedrivas utan religi\u00f6s p\u00e5verkan av Haninges yngsta.<\/li>\n<\/ul>\n<p>&nbsp;<\/p>\n<p>Vill du l\u00e4sa mer om v\u00e5r politik f\u00f6r Haninge? <a href=\"http:\/\/wp.kristdemokraterna.se\/haninge\/files\/2022\/02\/kommunpolitisk-program-2022-2026.pdf\">L\u00e4s v\u00e5rt kommunpolitiska program h\u00e4r<\/a><\/p>\n","protected":false},"excerpt":{"rendered":"<p>Kristdemokraterna \u00e4r partiet som s\u00e4tter barnen i centrum. F\u00f6r oss \u00e4r kvaliteten i f\u00f6rskolan och familjernas valfrihet de viktigaste byggstenarna f\u00f6r ett tryggt Haninge. Vi vill skapa en milj\u00f6 d\u00e4r varje barn blir sett, h\u00f6rt och bekr\u00e4ftat. Under mandatperioden 2022\u20132026 har vi tagit viktiga steg genom att \u00f6ka antalet beh\u00f6riga pedagoger och minska barngrupperna f\u00f6r <a class=\"read-more-link\" href=\"https:\/\/wp.kristdemokraterna.se\/haninge\/politik-for-haninge\/barnomsorg-och-forskola\/\">L\u00e4s mer<\/a><\/p>\n","protected":false},"author":1000,"featured_media":880,"parent":342,"menu_order":1,"comment_status":"closed","ping_status":"closed","template":"","meta":{"_acf_changed":false,"footnotes":""},"class_list":["post-891","page","type-page","status-publish","hentry"],"acf":[],"yoast_head":"<!-- This site is optimized with the Yoast SEO plugin v27.5 - https:\/\/yoast.com\/product\/yoast-seo-wordpress\/ -->\n<title>Barnomsorg och f\u00f6rskola &#8211; Kristdemokraterna i Haninge |<\/title>\n<meta name=\"description\" content=\"En r\u00f6st p\u00e5 Kristdemokraterna \u00e4r en r\u00f6st f\u00f6r mindre barngrupper i barnomsorg och f\u00f6rskola men ocks\u00e5 fler vuxna som har mer tid f\u00f6r barnen.\" \/>\n<meta name=\"robots\" content=\"index, follow, max-snippet:-1, max-image-preview:large, max-video-preview:-1\" \/>\n<link rel=\"canonical\" href=\"https:\/\/wp.kristdemokraterna.se\/haninge\/politik-for-haninge\/barnomsorg-och-forskola\/\" \/>\n<meta property=\"og:locale\" content=\"sv_SE\" \/>\n<meta property=\"og:type\" content=\"article\" \/>\n<meta property=\"og:title\" content=\"Barnomsorg och f\u00f6rskola &#8211; Kristdemokraterna i Haninge |\" \/>\n<meta property=\"og:description\" content=\"En r\u00f6st p\u00e5 Kristdemokraterna \u00e4r en r\u00f6st f\u00f6r mindre barngrupper i barnomsorg och f\u00f6rskola men ocks\u00e5 fler vuxna som har mer tid f\u00f6r barnen.\" \/>\n<meta property=\"og:url\" content=\"https:\/\/wp.kristdemokraterna.se\/haninge\/politik-for-haninge\/barnomsorg-och-forskola\/\" \/>\n<meta property=\"og:site_name\" content=\"Kristdemokraterna i Haninge |\" \/>\n<meta property=\"article:modified_time\" content=\"2026-02-27T09:50:40+00:00\" \/>\n<meta property=\"og:image\" content=\"https:\/\/wp.kristdemokraterna.se\/haninge\/files\/2022\/02\/barn-runt-bord-1024x731.png\" \/>\n\t<meta property=\"og:image:width\" content=\"1024\" \/>\n\t<meta property=\"og:image:height\" content=\"731\" \/>\n\t<meta property=\"og:image:type\" content=\"image\/png\" \/>\n<meta name=\"twitter:card\" content=\"summary_large_image\" \/>\n<meta name=\"twitter:label1\" content=\"Ber\u00e4knad l\u00e4stid\" \/>\n\t<meta name=\"twitter:data1\" content=\"2 minuter\" \/>\n<script type=\"application\/ld+json\" class=\"yoast-schema-graph\">{\"@context\":\"https:\\\/\\\/schema.org\",\"@graph\":[{\"@type\":\"WebPage\",\"@id\":\"https:\\\/\\\/wp.kristdemokraterna.se\\\/haninge\\\/politik-for-haninge\\\/barnomsorg-och-forskola\\\/\",\"url\":\"https:\\\/\\\/wp.kristdemokraterna.se\\\/haninge\\\/politik-for-haninge\\\/barnomsorg-och-forskola\\\/\",\"name\":\"Barnomsorg och f\u00f6rskola &#8211; Kristdemokraterna i Haninge |\",\"isPartOf\":{\"@id\":\"https:\\\/\\\/wp.kristdemokraterna.se\\\/haninge\\\/#website\"},\"primaryImageOfPage\":{\"@id\":\"https:\\\/\\\/wp.kristdemokraterna.se\\\/haninge\\\/politik-for-haninge\\\/barnomsorg-och-forskola\\\/#primaryimage\"},\"image\":{\"@id\":\"https:\\\/\\\/wp.kristdemokraterna.se\\\/haninge\\\/politik-for-haninge\\\/barnomsorg-och-forskola\\\/#primaryimage\"},\"thumbnailUrl\":\"https:\\\/\\\/wp.kristdemokraterna.se\\\/haninge\\\/files\\\/2022\\\/01\\\/kd-logo-bla\u2560e.png\",\"datePublished\":\"2022-01-27T12:43:33+00:00\",\"dateModified\":\"2026-02-27T09:50:40+00:00\",\"description\":\"En r\u00f6st p\u00e5 Kristdemokraterna \u00e4r en r\u00f6st f\u00f6r mindre barngrupper i barnomsorg och f\u00f6rskola men ocks\u00e5 fler vuxna som har mer tid f\u00f6r barnen.\",\"breadcrumb\":{\"@id\":\"https:\\\/\\\/wp.kristdemokraterna.se\\\/haninge\\\/politik-for-haninge\\\/barnomsorg-och-forskola\\\/#breadcrumb\"},\"inLanguage\":\"sv-SE\",\"potentialAction\":[{\"@type\":\"ReadAction\",\"target\":[\"https:\\\/\\\/wp.kristdemokraterna.se\\\/haninge\\\/politik-for-haninge\\\/barnomsorg-och-forskola\\\/\"]}]},{\"@type\":\"ImageObject\",\"inLanguage\":\"sv-SE\",\"@id\":\"https:\\\/\\\/wp.kristdemokraterna.se\\\/haninge\\\/politik-for-haninge\\\/barnomsorg-och-forskola\\\/#primaryimage\",\"url\":\"https:\\\/\\\/wp.kristdemokraterna.se\\\/haninge\\\/files\\\/2022\\\/01\\\/kd-logo-bla\u2560e.png\",\"contentUrl\":\"https:\\\/\\\/wp.kristdemokraterna.se\\\/haninge\\\/files\\\/2022\\\/01\\\/kd-logo-bla\u2560e.png\",\"width\":2032,\"height\":2031,\"caption\":\"Kristdemokraterna\"},{\"@type\":\"BreadcrumbList\",\"@id\":\"https:\\\/\\\/wp.kristdemokraterna.se\\\/haninge\\\/politik-for-haninge\\\/barnomsorg-och-forskola\\\/#breadcrumb\",\"itemListElement\":[{\"@type\":\"ListItem\",\"position\":1,\"name\":\"Hem\",\"item\":\"https:\\\/\\\/wp.kristdemokraterna.se\\\/haninge\\\/\"},{\"@type\":\"ListItem\",\"position\":2,\"name\":\"V\u00e5r politik f\u00f6r Haninge\",\"item\":\"https:\\\/\\\/wp.kristdemokraterna.se\\\/haninge\\\/politik-for-haninge\\\/\"},{\"@type\":\"ListItem\",\"position\":3,\"name\":\"Barnomsorg och f\u00f6rskola\"}]},{\"@type\":\"WebSite\",\"@id\":\"https:\\\/\\\/wp.kristdemokraterna.se\\\/haninge\\\/#website\",\"url\":\"https:\\\/\\\/wp.kristdemokraterna.se\\\/haninge\\\/\",\"name\":\"Kristdemokraterna i Haninge |\",\"description\":\"Det trygga alternativet\",\"publisher\":{\"@id\":\"https:\\\/\\\/wp.kristdemokraterna.se\\\/haninge\\\/#organization\"},\"inLanguage\":\"sv-SE\"},{\"@type\":\"Organization\",\"@id\":\"https:\\\/\\\/wp.kristdemokraterna.se\\\/haninge\\\/#organization\",\"name\":\"Kristdemokraterna i Haninge\",\"url\":\"https:\\\/\\\/wp.kristdemokraterna.se\\\/haninge\\\/\",\"logo\":{\"@type\":\"ImageObject\",\"inLanguage\":\"sv-SE\",\"@id\":\"https:\\\/\\\/wp.kristdemokraterna.se\\\/haninge\\\/#\\\/schema\\\/logo\\\/image\\\/\",\"url\":\"https:\\\/\\\/wp.kristdemokraterna.se\\\/haninge\\\/files\\\/2022\\\/01\\\/kd-logo-bla\u2560e.png\",\"contentUrl\":\"https:\\\/\\\/wp.kristdemokraterna.se\\\/haninge\\\/files\\\/2022\\\/01\\\/kd-logo-bla\u2560e.png\",\"width\":2032,\"height\":2031,\"caption\":\"Kristdemokraterna i Haninge\"},\"image\":{\"@id\":\"https:\\\/\\\/wp.kristdemokraterna.se\\\/haninge\\\/#\\\/schema\\\/logo\\\/image\\\/\"}}]}<\/script>\n<!-- \/ Yoast SEO plugin. -->","yoast_head_json":{"title":"Barnomsorg och f\u00f6rskola &#8211; Kristdemokraterna i Haninge |","description":"En r\u00f6st p\u00e5 Kristdemokraterna \u00e4r en r\u00f6st f\u00f6r mindre barngrupper i barnomsorg och f\u00f6rskola men ocks\u00e5 fler vuxna som har mer tid f\u00f6r barnen.","robots":{"index":"index","follow":"follow","max-snippet":"max-snippet:-1","max-image-preview":"max-image-preview:large","max-video-preview":"max-video-preview:-1"},"canonical":"https:\/\/wp.kristdemokraterna.se\/haninge\/politik-for-haninge\/barnomsorg-och-forskola\/","og_locale":"sv_SE","og_type":"article","og_title":"Barnomsorg och f\u00f6rskola &#8211; Kristdemokraterna i Haninge |","og_description":"En r\u00f6st p\u00e5 Kristdemokraterna \u00e4r en r\u00f6st f\u00f6r mindre barngrupper i barnomsorg och f\u00f6rskola men ocks\u00e5 fler vuxna som har mer tid f\u00f6r barnen.","og_url":"https:\/\/wp.kristdemokraterna.se\/haninge\/politik-for-haninge\/barnomsorg-och-forskola\/","og_site_name":"Kristdemokraterna i Haninge |","article_modified_time":"2026-02-27T09:50:40+00:00","og_image":[{"width":1024,"height":731,"url":"https:\/\/wp.kristdemokraterna.se\/haninge\/files\/2022\/02\/barn-runt-bord-1024x731.png","type":"image\/png"}],"twitter_card":"summary_large_image","twitter_misc":{"Ber\u00e4knad l\u00e4stid":"2 minuter"},"schema":{"@context":"https:\/\/schema.org","@graph":[{"@type":"WebPage","@id":"https:\/\/wp.kristdemokraterna.se\/haninge\/politik-for-haninge\/barnomsorg-och-forskola\/","url":"https:\/\/wp.kristdemokraterna.se\/haninge\/politik-for-haninge\/barnomsorg-och-forskola\/","name":"Barnomsorg och f\u00f6rskola &#8211; Kristdemokraterna i Haninge |","isPartOf":{"@id":"https:\/\/wp.kristdemokraterna.se\/haninge\/#website"},"primaryImageOfPage":{"@id":"https:\/\/wp.kristdemokraterna.se\/haninge\/politik-for-haninge\/barnomsorg-och-forskola\/#primaryimage"},"image":{"@id":"https:\/\/wp.kristdemokraterna.se\/haninge\/politik-for-haninge\/barnomsorg-och-forskola\/#primaryimage"},"thumbnailUrl":"https:\/\/wp.kristdemokraterna.se\/haninge\/files\/2022\/01\/kd-logo-bla\u2560e.png","datePublished":"2022-01-27T12:43:33+00:00","dateModified":"2026-02-27T09:50:40+00:00","description":"En r\u00f6st p\u00e5 Kristdemokraterna \u00e4r en r\u00f6st f\u00f6r mindre barngrupper i barnomsorg och f\u00f6rskola men ocks\u00e5 fler vuxna som har mer tid f\u00f6r barnen.","breadcrumb":{"@id":"https:\/\/wp.kristdemokraterna.se\/haninge\/politik-for-haninge\/barnomsorg-och-forskola\/#breadcrumb"},"inLanguage":"sv-SE","potentialAction":[{"@type":"ReadAction","target":["https:\/\/wp.kristdemokraterna.se\/haninge\/politik-for-haninge\/barnomsorg-och-forskola\/"]}]},{"@type":"ImageObject","inLanguage":"sv-SE","@id":"https:\/\/wp.kristdemokraterna.se\/haninge\/politik-for-haninge\/barnomsorg-och-forskola\/#primaryimage","url":"https:\/\/wp.kristdemokraterna.se\/haninge\/files\/2022\/01\/kd-logo-bla\u2560e.png","contentUrl":"https:\/\/wp.kristdemokraterna.se\/haninge\/files\/2022\/01\/kd-logo-bla\u2560e.png","width":2032,"height":2031,"caption":"Kristdemokraterna"},{"@type":"BreadcrumbList","@id":"https:\/\/wp.kristdemokraterna.se\/haninge\/politik-for-haninge\/barnomsorg-och-forskola\/#breadcrumb","itemListElement":[{"@type":"ListItem","position":1,"name":"Hem","item":"https:\/\/wp.kristdemokraterna.se\/haninge\/"},{"@type":"ListItem","position":2,"name":"V\u00e5r politik f\u00f6r Haninge","item":"https:\/\/wp.kristdemokraterna.se\/haninge\/politik-for-haninge\/"},{"@type":"ListItem","position":3,"name":"Barnomsorg och f\u00f6rskola"}]},{"@type":"WebSite","@id":"https:\/\/wp.kristdemokraterna.se\/haninge\/#website","url":"https:\/\/wp.kristdemokraterna.se\/haninge\/","name":"Kristdemokraterna i Haninge |","description":"Det trygga alternativet","publisher":{"@id":"https:\/\/wp.kristdemokraterna.se\/haninge\/#organization"},"inLanguage":"sv-SE"},{"@type":"Organization","@id":"https:\/\/wp.kristdemokraterna.se\/haninge\/#organization","name":"Kristdemokraterna i Haninge","url":"https:\/\/wp.kristdemokraterna.se\/haninge\/","logo":{"@type":"ImageObject","inLanguage":"sv-SE","@id":"https:\/\/wp.kristdemokraterna.se\/haninge\/#\/schema\/logo\/image\/","url":"https:\/\/wp.kristdemokraterna.se\/haninge\/files\/2022\/01\/kd-logo-bla\u2560e.png","contentUrl":"https:\/\/wp.kristdemokraterna.se\/haninge\/files\/2022\/01\/kd-logo-bla\u2560e.png","width":2032,"height":2031,"caption":"Kristdemokraterna i Haninge"},"image":{"@id":"https:\/\/wp.kristdemokraterna.se\/haninge\/#\/schema\/logo\/image\/"}}]}},"_links":{"self":[{"href":"https:\/\/wp.kristdemokraterna.se\/haninge\/wp-json\/wp\/v2\/pages\/891","targetHints":{"allow":["GET"]}}],"collection":[{"href":"https:\/\/wp.kristdemokraterna.se\/haninge\/wp-json\/wp\/v2\/pages"}],"about":[{"href":"https:\/\/wp.kristdemokraterna.se\/haninge\/wp-json\/wp\/v2\/types\/page"}],"author":[{"embeddable":true,"href":"https:\/\/wp.kristdemokraterna.se\/haninge\/wp-json\/wp\/v2\/users\/1000"}],"replies":[{"embeddable":true,"href":"https:\/\/wp.kristdemokraterna.se\/haninge\/wp-json\/wp\/v2\/comments?post=891"}],"version-history":[{"count":30,"href":"https:\/\/wp.kristdemokraterna.se\/haninge\/wp-json\/wp\/v2\/pages\/891\/revisions"}],"predecessor-version":[{"id":1336,"href":"https:\/\/wp.kristdemokraterna.se\/haninge\/wp-json\/wp\/v2\/pages\/891\/revisions\/1336"}],"up":[{"embeddable":true,"href":"https:\/\/wp.kristdemokraterna.se\/haninge\/wp-json\/wp\/v2\/pages\/342"}],"wp:featuredmedia":[{"embeddable":true,"href":"https:\/\/wp.kristdemokraterna.se\/haninge\/wp-json\/wp\/v2\/media\/880"}],"wp:attachment":[{"href":"https:\/\/wp.kristdemokraterna.se\/haninge\/wp-json\/wp\/v2\/media?parent=891"}],"curies":[{"name":"wp","href":"https:\/\/api.w.org\/{rel}","templated":true}]}}