{"id":602,"date":"2021-05-05T12:26:09","date_gmt":"2021-05-05T10:26:09","guid":{"rendered":"https:\/\/wp.kristdemokraterna.se\/hofors\/?page_id=602"},"modified":"2026-03-11T13:35:33","modified_gmt":"2026-03-11T12:35:33","slug":"interpellationer","status":"publish","type":"page","link":"https:\/\/wp.kristdemokraterna.se\/hofors\/textsida-fullbredd\/var-politik-i-kommunen\/interpellationer\/","title":{"rendered":"Interpellationer"},"content":{"rendered":"<p>H\u00e4r \u00e4r de interpellationer som vi har lagt fram under mandatperioden. H\u00e4r kan du l\u00e4sa en kortare sammanfattning och p\u00e5 respektive l\u00e4nk finns interpellationen i sin helhet.<\/p>\n<h1>\u00c5r 2023<\/h1>\n<h3><a href=\"http:\/\/wp.kristdemokraterna.se\/hofors\/files\/2026\/03\/interpellation-inte-ett-liv-till-om-akutstod-vid-suicid.pdf\">Inte ett liv till<\/a><\/h3>\n<p>Kristdemokraterna och Hoforspartiet vill att kommunen ska arbeta mot en nollvision f\u00f6r suicid och s\u00e4kerst\u00e4lla att det finns ett tydligt och fungerande akutst\u00f6d. Vi st\u00e4llde d\u00e4rf\u00f6r fr\u00e5gor om det idag finns ett s\u00e5dant st\u00f6d i kommunen, och om inte, om kommunen planerar att inf\u00f6ra det.<\/p>\n<p>Interpellationen riktas till socialn\u00e4mndens ordf\u00f6rande och handlar om behovet av b\u00e4ttre st\u00f6d till efterlevande vid suicid. F\u00f6rlust genom sj\u00e4lvmord beskrivs som s\u00e4rskilt traumatisk och ofta f\u00f6rknippad med stigma, skuld och skam. Efterlevande l\u00f6per dessutom \u00f6kad risk f\u00f6r egen psykisk oh\u00e4lsa och suicid, vilket g\u00f6r tillg\u00e5ngen till st\u00f6d s\u00e4rskilt viktig.<\/p>\n<p>Cirka 1 200 personer tar sitt liv varje \u00e5r i Sverige, och Hofors \u00e4r en av de kommuner som \u00e4r h\u00e5rdast drabbade. \u00c4ven om det finns l\u00e5ngsiktigt st\u00f6d genom organisationen SPES saknas akut krisst\u00f6d n\u00e4r ett suicid intr\u00e4ffar. Polisen och anh\u00f6rigf\u00f6reningar uppger att det inte finns n\u00e5gon tydlig ansvarig akt\u00f6r som tar hand om de anh\u00f6riga i det akuta skedet, och de l\u00e4mnas ofta ensamma i sin sorg.<\/p>\n<h3><a href=\"http:\/\/wp.kristdemokraterna.se\/hofors\/files\/2026\/03\/interpellation-dyslexi.pdf\">Dyslexiutredningar<\/a><\/h3>\n<p>Interpellation till Barn- och utbildningsn\u00e4mndens ordf\u00f6rande i Hofors kommun handlar om att Region G\u00e4vleborg i b\u00f6rjan av 2020 beslutade att sluta utreda minder\u00e5riga med misst\u00e4nkt dyslexi, utan dialog med kommunerna. Beslutet innebar att kommunerna f\u00f6rlorade ett viktigt st\u00f6d f\u00f6r att kunna fastst\u00e4lla orsaken till elevers l\u00e4s- och skrivsv\u00e5righeter. Detta anses ha f\u00f6rsv\u00e5rat skolornas m\u00f6jligheter att uppfylla sitt ansvar enligt skollagen att ge r\u00e4tt st\u00f6d till elever som riskerar att inte n\u00e5 kunskapsm\u00e5len, s\u00e4rskilt de med funktionsneds\u00e4ttning.<\/p>\n<p>Kristdemokraterna i Hofors vill d\u00e4rf\u00f6r f\u00e5 klarhet i hur situationen ser ut i kommunens skolor. De efterfr\u00e5gar svar p\u00e5 hur m\u00e5nga elever som har l\u00e4s- och skrivsv\u00e5righeter, hur m\u00e5nga som beh\u00f6ver en dyslexiutredning, hur skolan s\u00e4kerst\u00e4ller att eleverna f\u00e5r r\u00e4tt st\u00f6d samt vilka sv\u00e5righeter som uppst\u00e5tt efter regionens beslut.<\/p>\n<h3><a href=\"http:\/\/wp.kristdemokraterna.se\/hofors\/files\/2026\/03\/interpellation-om-hemloshet-i-hofors-kommun.pdf\">Heml\u00f6shet i Hofors kommun<\/a><\/h3>\n<p>Interpellation om heml\u00f6shet i Hofors kommun. Den betonar att heml\u00f6shet inte enbart handlar om att sakna tak \u00f6ver huvudet, utan \u00e4ven inkluderar personer som tillf\u00e4lligt bor hos v\u00e4nner eller har sociala kontrakt och d\u00e4rmed saknar tillg\u00e5ng till den ordinarie bostadsmarknaden. Texten lyfter ocks\u00e5 sambandet mellan heml\u00f6shet och problem som missbruk och psykisk oh\u00e4lsa samt framh\u00e5ller att en egen bostad \u00e4r en grundl\u00e4ggande m\u00e4nsklig r\u00e4ttighet och ofta en f\u00f6ruts\u00e4ttning f\u00f6r att kunna hantera andra livsproblem.<\/p>\n<p>Mot denna bakgrund st\u00e4lls fr\u00e5gor till socialn\u00e4mndens ordf\u00f6rande om kommunen har gjort en aktuell uppskattning av antalet heml\u00f6sa samt om Hofors kommun anv\u00e4nder n\u00e5gon s\u00e4rskild eller evidensbaserad metod f\u00f6r att hj\u00e4lpa heml\u00f6sa personer att f\u00e5 ett eget hyreskontrakt.<\/p>\n<p>&nbsp;<\/p>\n","protected":false},"excerpt":{"rendered":"<p>H\u00e4r \u00e4r de interpellationer som vi har lagt fram under mandatperioden. H\u00e4r kan du l\u00e4sa en kortare sammanfattning och p\u00e5 respektive l\u00e4nk finns interpellationen i sin helhet. \u00c5r 2023 Inte ett liv till Kristdemokraterna och Hoforspartiet vill att kommunen ska arbeta mot en nollvision f\u00f6r suicid och s\u00e4kerst\u00e4lla att det finns ett tydligt och fungerande <a class=\"read-more-link\" href=\"https:\/\/wp.kristdemokraterna.se\/hofors\/textsida-fullbredd\/var-politik-i-kommunen\/interpellationer\/\">L\u00e4s mer<\/a><\/p>\n","protected":false},"author":906,"featured_media":619,"parent":373,"menu_order":0,"comment_status":"closed","ping_status":"closed","template":"","meta":{"_acf_changed":false,"footnotes":""},"class_list":["post-602","page","type-page","status-publish","hentry"],"acf":[],"yoast_head":"<!-- This site is optimized with the Yoast SEO plugin v27.4 - https:\/\/yoast.com\/product\/yoast-seo-wordpress\/ -->\n<title>Interpellationer - Kristdemokraterna i Hofors\/Tors\u00e5ker<\/title>\n<meta name=\"robots\" content=\"index, follow, max-snippet:-1, max-image-preview:large, max-video-preview:-1\" \/>\n<link rel=\"canonical\" href=\"https:\/\/wp.kristdemokraterna.se\/hofors\/textsida-fullbredd\/var-politik-i-kommunen\/interpellationer\/\" \/>\n<meta property=\"og:locale\" content=\"sv_SE\" \/>\n<meta property=\"og:type\" content=\"article\" \/>\n<meta property=\"og:title\" content=\"Interpellationer - Kristdemokraterna i Hofors\/Tors\u00e5ker\" \/>\n<meta property=\"og:description\" content=\"H\u00e4r \u00e4r de interpellationer som vi har lagt fram under mandatperioden. H\u00e4r kan du l\u00e4sa en kortare sammanfattning och p\u00e5 respektive l\u00e4nk finns interpellationen i sin helhet. \u00c5r 2023 Inte ett liv till Kristdemokraterna och Hoforspartiet vill att kommunen ska arbeta mot en nollvision f\u00f6r suicid och s\u00e4kerst\u00e4lla att det finns ett tydligt och fungerande L\u00e4s mer\" \/>\n<meta property=\"og:url\" content=\"https:\/\/wp.kristdemokraterna.se\/hofors\/textsida-fullbredd\/var-politik-i-kommunen\/interpellationer\/\" \/>\n<meta property=\"og:site_name\" content=\"Kristdemokraterna i Hofors\/Tors\u00e5ker\" \/>\n<meta property=\"article:modified_time\" content=\"2026-03-11T12:35:33+00:00\" \/>\n<meta name=\"twitter:card\" content=\"summary_large_image\" \/>\n<meta name=\"twitter:label1\" content=\"Ber\u00e4knad l\u00e4stid\" \/>\n\t<meta name=\"twitter:data1\" content=\"3 minuter\" \/>\n<script type=\"application\/ld+json\" class=\"yoast-schema-graph\">{\"@context\":\"https:\\\/\\\/schema.org\",\"@graph\":[{\"@type\":\"WebPage\",\"@id\":\"https:\\\/\\\/wp.kristdemokraterna.se\\\/hofors\\\/textsida-fullbredd\\\/var-politik-i-kommunen\\\/interpellationer\\\/\",\"url\":\"https:\\\/\\\/wp.kristdemokraterna.se\\\/hofors\\\/textsida-fullbredd\\\/var-politik-i-kommunen\\\/interpellationer\\\/\",\"name\":\"Interpellationer - Kristdemokraterna i Hofors\\\/Tors\u00e5ker\",\"isPartOf\":{\"@id\":\"https:\\\/\\\/wp.kristdemokraterna.se\\\/hofors\\\/#website\"},\"primaryImageOfPage\":{\"@id\":\"https:\\\/\\\/wp.kristdemokraterna.se\\\/hofors\\\/textsida-fullbredd\\\/var-politik-i-kommunen\\\/interpellationer\\\/#primaryimage\"},\"image\":{\"@id\":\"https:\\\/\\\/wp.kristdemokraterna.se\\\/hofors\\\/textsida-fullbredd\\\/var-politik-i-kommunen\\\/interpellationer\\\/#primaryimage\"},\"thumbnailUrl\":\"https:\\\/\\\/wp.kristdemokraterna.se\\\/hofors\\\/files\\\/2021\\\/05\\\/flower.png\",\"datePublished\":\"2021-05-05T10:26:09+00:00\",\"dateModified\":\"2026-03-11T12:35:33+00:00\",\"breadcrumb\":{\"@id\":\"https:\\\/\\\/wp.kristdemokraterna.se\\\/hofors\\\/textsida-fullbredd\\\/var-politik-i-kommunen\\\/interpellationer\\\/#breadcrumb\"},\"inLanguage\":\"sv-SE\",\"potentialAction\":[{\"@type\":\"ReadAction\",\"target\":[\"https:\\\/\\\/wp.kristdemokraterna.se\\\/hofors\\\/textsida-fullbredd\\\/var-politik-i-kommunen\\\/interpellationer\\\/\"]}]},{\"@type\":\"ImageObject\",\"inLanguage\":\"sv-SE\",\"@id\":\"https:\\\/\\\/wp.kristdemokraterna.se\\\/hofors\\\/textsida-fullbredd\\\/var-politik-i-kommunen\\\/interpellationer\\\/#primaryimage\",\"url\":\"https:\\\/\\\/wp.kristdemokraterna.se\\\/hofors\\\/files\\\/2021\\\/05\\\/flower.png\",\"contentUrl\":\"https:\\\/\\\/wp.kristdemokraterna.se\\\/hofors\\\/files\\\/2021\\\/05\\\/flower.png\",\"width\":478,\"height\":262},{\"@type\":\"BreadcrumbList\",\"@id\":\"https:\\\/\\\/wp.kristdemokraterna.se\\\/hofors\\\/textsida-fullbredd\\\/var-politik-i-kommunen\\\/interpellationer\\\/#breadcrumb\",\"itemListElement\":[{\"@type\":\"ListItem\",\"position\":1,\"name\":\"Hem\",\"item\":\"https:\\\/\\\/wp.kristdemokraterna.se\\\/hofors\\\/\"},{\"@type\":\"ListItem\",\"position\":2,\"name\":\"Vad vi st\u00e5r f\u00f6r!\",\"item\":\"https:\\\/\\\/wp.kristdemokraterna.se\\\/hofors\\\/textsida-fullbredd\\\/\"},{\"@type\":\"ListItem\",\"position\":3,\"name\":\"V\u00e5r politik i kommunen\",\"item\":\"https:\\\/\\\/wp.kristdemokraterna.se\\\/hofors\\\/textsida-fullbredd\\\/var-politik-i-kommunen\\\/\"},{\"@type\":\"ListItem\",\"position\":4,\"name\":\"Interpellationer\"}]},{\"@type\":\"WebSite\",\"@id\":\"https:\\\/\\\/wp.kristdemokraterna.se\\\/hofors\\\/#website\",\"url\":\"https:\\\/\\\/wp.kristdemokraterna.se\\\/hofors\\\/\",\"name\":\"Kristdemokraterna i Hofors\\\/Tors\u00e5ker\",\"description\":\"En till Kristdemokraterna webbplats\",\"inLanguage\":\"sv-SE\"}]}<\/script>\n<!-- \/ Yoast SEO plugin. -->","yoast_head_json":{"title":"Interpellationer - Kristdemokraterna i Hofors\/Tors\u00e5ker","robots":{"index":"index","follow":"follow","max-snippet":"max-snippet:-1","max-image-preview":"max-image-preview:large","max-video-preview":"max-video-preview:-1"},"canonical":"https:\/\/wp.kristdemokraterna.se\/hofors\/textsida-fullbredd\/var-politik-i-kommunen\/interpellationer\/","og_locale":"sv_SE","og_type":"article","og_title":"Interpellationer - Kristdemokraterna i Hofors\/Tors\u00e5ker","og_description":"H\u00e4r \u00e4r de interpellationer som vi har lagt fram under mandatperioden. H\u00e4r kan du l\u00e4sa en kortare sammanfattning och p\u00e5 respektive l\u00e4nk finns interpellationen i sin helhet. \u00c5r 2023 Inte ett liv till Kristdemokraterna och Hoforspartiet vill att kommunen ska arbeta mot en nollvision f\u00f6r suicid och s\u00e4kerst\u00e4lla att det finns ett tydligt och fungerande L\u00e4s mer","og_url":"https:\/\/wp.kristdemokraterna.se\/hofors\/textsida-fullbredd\/var-politik-i-kommunen\/interpellationer\/","og_site_name":"Kristdemokraterna i Hofors\/Tors\u00e5ker","article_modified_time":"2026-03-11T12:35:33+00:00","twitter_card":"summary_large_image","twitter_misc":{"Ber\u00e4knad l\u00e4stid":"3 minuter"},"schema":{"@context":"https:\/\/schema.org","@graph":[{"@type":"WebPage","@id":"https:\/\/wp.kristdemokraterna.se\/hofors\/textsida-fullbredd\/var-politik-i-kommunen\/interpellationer\/","url":"https:\/\/wp.kristdemokraterna.se\/hofors\/textsida-fullbredd\/var-politik-i-kommunen\/interpellationer\/","name":"Interpellationer - Kristdemokraterna i Hofors\/Tors\u00e5ker","isPartOf":{"@id":"https:\/\/wp.kristdemokraterna.se\/hofors\/#website"},"primaryImageOfPage":{"@id":"https:\/\/wp.kristdemokraterna.se\/hofors\/textsida-fullbredd\/var-politik-i-kommunen\/interpellationer\/#primaryimage"},"image":{"@id":"https:\/\/wp.kristdemokraterna.se\/hofors\/textsida-fullbredd\/var-politik-i-kommunen\/interpellationer\/#primaryimage"},"thumbnailUrl":"https:\/\/wp.kristdemokraterna.se\/hofors\/files\/2021\/05\/flower.png","datePublished":"2021-05-05T10:26:09+00:00","dateModified":"2026-03-11T12:35:33+00:00","breadcrumb":{"@id":"https:\/\/wp.kristdemokraterna.se\/hofors\/textsida-fullbredd\/var-politik-i-kommunen\/interpellationer\/#breadcrumb"},"inLanguage":"sv-SE","potentialAction":[{"@type":"ReadAction","target":["https:\/\/wp.kristdemokraterna.se\/hofors\/textsida-fullbredd\/var-politik-i-kommunen\/interpellationer\/"]}]},{"@type":"ImageObject","inLanguage":"sv-SE","@id":"https:\/\/wp.kristdemokraterna.se\/hofors\/textsida-fullbredd\/var-politik-i-kommunen\/interpellationer\/#primaryimage","url":"https:\/\/wp.kristdemokraterna.se\/hofors\/files\/2021\/05\/flower.png","contentUrl":"https:\/\/wp.kristdemokraterna.se\/hofors\/files\/2021\/05\/flower.png","width":478,"height":262},{"@type":"BreadcrumbList","@id":"https:\/\/wp.kristdemokraterna.se\/hofors\/textsida-fullbredd\/var-politik-i-kommunen\/interpellationer\/#breadcrumb","itemListElement":[{"@type":"ListItem","position":1,"name":"Hem","item":"https:\/\/wp.kristdemokraterna.se\/hofors\/"},{"@type":"ListItem","position":2,"name":"Vad vi st\u00e5r f\u00f6r!","item":"https:\/\/wp.kristdemokraterna.se\/hofors\/textsida-fullbredd\/"},{"@type":"ListItem","position":3,"name":"V\u00e5r politik i kommunen","item":"https:\/\/wp.kristdemokraterna.se\/hofors\/textsida-fullbredd\/var-politik-i-kommunen\/"},{"@type":"ListItem","position":4,"name":"Interpellationer"}]},{"@type":"WebSite","@id":"https:\/\/wp.kristdemokraterna.se\/hofors\/#website","url":"https:\/\/wp.kristdemokraterna.se\/hofors\/","name":"Kristdemokraterna i Hofors\/Tors\u00e5ker","description":"En till Kristdemokraterna webbplats","inLanguage":"sv-SE"}]}},"_links":{"self":[{"href":"https:\/\/wp.kristdemokraterna.se\/hofors\/wp-json\/wp\/v2\/pages\/602","targetHints":{"allow":["GET"]}}],"collection":[{"href":"https:\/\/wp.kristdemokraterna.se\/hofors\/wp-json\/wp\/v2\/pages"}],"about":[{"href":"https:\/\/wp.kristdemokraterna.se\/hofors\/wp-json\/wp\/v2\/types\/page"}],"author":[{"embeddable":true,"href":"https:\/\/wp.kristdemokraterna.se\/hofors\/wp-json\/wp\/v2\/users\/906"}],"replies":[{"embeddable":true,"href":"https:\/\/wp.kristdemokraterna.se\/hofors\/wp-json\/wp\/v2\/comments?post=602"}],"version-history":[{"count":6,"href":"https:\/\/wp.kristdemokraterna.se\/hofors\/wp-json\/wp\/v2\/pages\/602\/revisions"}],"predecessor-version":[{"id":752,"href":"https:\/\/wp.kristdemokraterna.se\/hofors\/wp-json\/wp\/v2\/pages\/602\/revisions\/752"}],"up":[{"embeddable":true,"href":"https:\/\/wp.kristdemokraterna.se\/hofors\/wp-json\/wp\/v2\/pages\/373"}],"wp:featuredmedia":[{"embeddable":true,"href":"https:\/\/wp.kristdemokraterna.se\/hofors\/wp-json\/wp\/v2\/media\/619"}],"wp:attachment":[{"href":"https:\/\/wp.kristdemokraterna.se\/hofors\/wp-json\/wp\/v2\/media?parent=602"}],"curies":[{"name":"wp","href":"https:\/\/api.w.org\/{rel}","templated":true}]}}