{"id":368,"date":"2017-12-04T16:44:15","date_gmt":"2017-12-04T15:44:15","guid":{"rendered":"http:\/\/wp.kristdemokraterna.se\/hoganas\/?page_id=368"},"modified":"2020-05-11T10:51:13","modified_gmt":"2020-05-11T08:51:13","slug":"om-kristdemokraterna","status":"publish","type":"page","link":"https:\/\/wp.kristdemokraterna.se\/hoganas\/textsida-fullbredd\/om-kristdemokraterna\/","title":{"rendered":"Om Kristdemokraterna"},"content":{"rendered":"<h4>V\u00e4lkommen till Kristdemokraterna i H\u00f6gan\u00e4s hemsida! Vi \u00e4r Familjens r\u00f6st i H\u00f6gan\u00e4s kommun.<\/h4>\n<p>Vi vill se ett H\u00f6gan\u00e4s d\u00e4r det finns m\u00f6jlighet f\u00f6r alla att vara med i ett sammanhang och d\u00e4r fler f\u00f6retag kan skapas och utvecklas. I H\u00f6gan\u00e4s ska det finnas plats f\u00f6r alla att v\u00e4xa i takt med \u00e5lder och erfarenhet. Det ska vara tryggt och s\u00e4kert att vandra och cykla p\u00e5 fler upplysta str\u00e5k. Vi vill verka f\u00f6r en station\u00e4r polis. Kommunens servicetj\u00e4nster ska pr\u00e4glas av delaktighet och valfrihet.<\/p>\n<p>V\u00e5ra viktigaste fr\u00e5gor:<\/p>\n<ul>\n<li>Maxtak f\u00f6r barngrupper i f\u00f6rskolan<\/li>\n<li>\u00d6kad valfrihet-fler familjedaghem<\/li>\n<li>R\u00e4tt till \u00e4ldreboende vid 85+<\/li>\n<li>Fler volont\u00e4rer i skolan och f\u00f6r \u00e4ldre<\/li>\n<li>Polis som inger s\u00e4kerhet och trygghet<\/li>\n<\/ul>\n<p><strong>Vi vill starta<\/strong>\u00a0en familjecentral med \u00f6ppen f\u00f6rskola, BVC, MVC, ungdomsmottagning, familjer\u00e5dgivning samt socialtj\u00e4nst. Vi \u00e4r \u00f6vertygade om att det f\u00f6rebyggande arbetet underl\u00e4ttas om verksamheterna finns samlade under samma tak. Starta ett nattis.<\/p>\n<p>Ungdomars bruk av droger \u00e4r oroande. Vi vill d\u00e4rf\u00f6r \u00f6ka kunskap om droger och alkohol genom att inf\u00f6ra en utbildningsdag per \u00e5r f\u00f6r elever i h\u00f6gstadiet och gymnasiet.<\/p>\n<p><strong>Personer som \u00e4r 85+<\/strong>\u00a0ska ges r\u00e4tt till plats p\u00e5 \u00e4ldreboende utan bist\u00e5ndsbeslut. Vi vill begr\u00e4nsa antalet olika personal som bes\u00f6ker den \u00e4ldre i hemtj\u00e4nsten. Vi vill se fler v\u00e4ntj\u00e4nster och volont\u00e4rer f\u00f6r att \u00f6ka delaktigheten samt minska k\u00e4nslan av ensamhet.<\/p>\n<p><strong>2015 hade Kristdemokraterna i Sverige:<\/strong><\/p>\n<p>\u2013 Ca 21 000 medlemmar<br \/>\n\u2013 26 distrikt. Ett distrikt omfattar oftast ett l\u00e4n.<br \/>\n\u2013 16 riksdagsledam\u00f6ter. Riksdagen best\u00e5r totalt av 349 ledam\u00f6ter.<br \/>\n\u2013 I partiet finns ocks\u00e5 ett kvinnof\u00f6rbund, ett ungdomsf\u00f6rbund, ett studentf\u00f6rbund och ett\u00a0seniorf\u00f6rbund.<\/p>\n<p><strong>Ytterligare statistik och information:<\/strong><\/p>\n<p>\u2013 Kristdemokraterna i Sverige bildades 1964.<br \/>\n\u2013 Alf Svensson var partiledare mellan \u00e5ren 1973-2004.<br \/>\n\u2013 G\u00f6ran H\u00e4gglund valdes till partiledare 3 april 2004.I januari 2015 meddelade han sin avg\u00e5ng.<br \/>\n\u2013 Ebba Busch Thor valdes till partiledare den 25 april 2015.<br \/>\n\u2013 I det senaste riksdagsvalet fick Kristdemokraterna 4,6 % av r\u00f6sterna.<\/p>\n<p>Kristdemokraterna kom in i Riksdagen f\u00f6r f\u00f6rsta g\u00e5ngen 1985. D\u00e5 var partiledaren Alf Svensson ensam riksdagsledamot f\u00f6r Kristdemokraterna. 1991 \u2013 1994 satt Kristdemokraterna i regeringen tillsammans med Moderaterna, Folkpartiet och Centern. Mandatperioderna 2006-2010 och 2010-2014 hade Kristdemokraterna regeringsmakten tillsammans med Moderaterna, Folkpartiet och Centern under namnet Alliansen. Under den mandatperiodien var G\u00f6ran H\u00e4gglund socialminister med ansvar f\u00f6r bland annat familjepolitik. Maria Larsson \u00e4ldre- och folkh\u00e4lsominister och Stefan Attefall Civil- och bostadsminister.<\/p>\n<p>Kristdemokraterna \u00e4r representerat i EU-parlamentet av Sara Skyttedal och David Lega.<\/p>\n","protected":false},"excerpt":{"rendered":"<p>V\u00e4lkommen till Kristdemokraterna i H\u00f6gan\u00e4s hemsida! Vi \u00e4r Familjens r\u00f6st i H\u00f6gan\u00e4s kommun. Vi vill se ett H\u00f6gan\u00e4s d\u00e4r det finns m\u00f6jlighet f\u00f6r alla att vara med i ett sammanhang och d\u00e4r fler f\u00f6retag kan skapas och utvecklas. I H\u00f6gan\u00e4s ska det finnas plats f\u00f6r alla att v\u00e4xa i takt med \u00e5lder och erfarenhet. Det <a class=\"read-more-link\" href=\"https:\/\/wp.kristdemokraterna.se\/hoganas\/textsida-fullbredd\/om-kristdemokraterna\/\">L\u00e4s mer<\/a><\/p>\n","protected":false},"author":879,"featured_media":0,"parent":272,"menu_order":0,"comment_status":"closed","ping_status":"closed","template":"page.php","meta":{"_acf_changed":false,"footnotes":""},"class_list":["post-368","page","type-page","status-publish","hentry"],"acf":[],"yoast_head":"<!-- This site is optimized with the Yoast SEO plugin v27.5 - https:\/\/yoast.com\/product\/yoast-seo-wordpress\/ -->\n<title>Om Kristdemokraterna - Kristdemokraterna | H\u00f6gan\u00e4s<\/title>\n<meta name=\"robots\" content=\"index, follow, max-snippet:-1, max-image-preview:large, max-video-preview:-1\" \/>\n<link rel=\"canonical\" href=\"https:\/\/wp.kristdemokraterna.se\/hoganas\/textsida-fullbredd\/om-kristdemokraterna\/\" \/>\n<meta property=\"og:locale\" content=\"sv_SE\" \/>\n<meta property=\"og:type\" content=\"article\" \/>\n<meta property=\"og:title\" content=\"Om Kristdemokraterna - Kristdemokraterna | H\u00f6gan\u00e4s\" \/>\n<meta property=\"og:description\" content=\"V\u00e4lkommen till Kristdemokraterna i H\u00f6gan\u00e4s hemsida! Vi \u00e4r Familjens r\u00f6st i H\u00f6gan\u00e4s kommun. Vi vill se ett H\u00f6gan\u00e4s d\u00e4r det finns m\u00f6jlighet f\u00f6r alla att vara med i ett sammanhang och d\u00e4r fler f\u00f6retag kan skapas och utvecklas. I H\u00f6gan\u00e4s ska det finnas plats f\u00f6r alla att v\u00e4xa i takt med \u00e5lder och erfarenhet. Det L\u00e4s mer\" \/>\n<meta property=\"og:url\" content=\"https:\/\/wp.kristdemokraterna.se\/hoganas\/textsida-fullbredd\/om-kristdemokraterna\/\" \/>\n<meta property=\"og:site_name\" content=\"Kristdemokraterna | H\u00f6gan\u00e4s\" \/>\n<meta property=\"article:modified_time\" content=\"2020-05-11T08:51:13+00:00\" \/>\n<meta name=\"twitter:card\" content=\"summary_large_image\" \/>\n<meta name=\"twitter:label1\" content=\"Ber\u00e4knad l\u00e4stid\" \/>\n\t<meta name=\"twitter:data1\" content=\"2 minuter\" \/>\n<script type=\"application\/ld+json\" class=\"yoast-schema-graph\">{\"@context\":\"https:\\\/\\\/schema.org\",\"@graph\":[{\"@type\":\"WebPage\",\"@id\":\"https:\\\/\\\/wp.kristdemokraterna.se\\\/hoganas\\\/textsida-fullbredd\\\/om-kristdemokraterna\\\/\",\"url\":\"https:\\\/\\\/wp.kristdemokraterna.se\\\/hoganas\\\/textsida-fullbredd\\\/om-kristdemokraterna\\\/\",\"name\":\"Om Kristdemokraterna - Kristdemokraterna | H\u00f6gan\u00e4s\",\"isPartOf\":{\"@id\":\"https:\\\/\\\/wp.kristdemokraterna.se\\\/hoganas\\\/#website\"},\"datePublished\":\"2017-12-04T15:44:15+00:00\",\"dateModified\":\"2020-05-11T08:51:13+00:00\",\"breadcrumb\":{\"@id\":\"https:\\\/\\\/wp.kristdemokraterna.se\\\/hoganas\\\/textsida-fullbredd\\\/om-kristdemokraterna\\\/#breadcrumb\"},\"inLanguage\":\"sv-SE\",\"potentialAction\":[{\"@type\":\"ReadAction\",\"target\":[\"https:\\\/\\\/wp.kristdemokraterna.se\\\/hoganas\\\/textsida-fullbredd\\\/om-kristdemokraterna\\\/\"]}]},{\"@type\":\"BreadcrumbList\",\"@id\":\"https:\\\/\\\/wp.kristdemokraterna.se\\\/hoganas\\\/textsida-fullbredd\\\/om-kristdemokraterna\\\/#breadcrumb\",\"itemListElement\":[{\"@type\":\"ListItem\",\"position\":1,\"name\":\"Hem\",\"item\":\"https:\\\/\\\/wp.kristdemokraterna.se\\\/hoganas\\\/\"},{\"@type\":\"ListItem\",\"position\":2,\"name\":\"Vad vi st\u00e5r f\u00f6r!\",\"item\":\"https:\\\/\\\/wp.kristdemokraterna.se\\\/hoganas\\\/textsida-fullbredd\\\/\"},{\"@type\":\"ListItem\",\"position\":3,\"name\":\"Om Kristdemokraterna\"}]},{\"@type\":\"WebSite\",\"@id\":\"https:\\\/\\\/wp.kristdemokraterna.se\\\/hoganas\\\/#website\",\"url\":\"https:\\\/\\\/wp.kristdemokraterna.se\\\/hoganas\\\/\",\"name\":\"Kristdemokraterna | H\u00f6gan\u00e4s\",\"description\":\"En till Kristdemokraterna webbplats\",\"inLanguage\":\"sv-SE\"}]}<\/script>\n<!-- \/ Yoast SEO plugin. -->","yoast_head_json":{"title":"Om Kristdemokraterna - Kristdemokraterna | H\u00f6gan\u00e4s","robots":{"index":"index","follow":"follow","max-snippet":"max-snippet:-1","max-image-preview":"max-image-preview:large","max-video-preview":"max-video-preview:-1"},"canonical":"https:\/\/wp.kristdemokraterna.se\/hoganas\/textsida-fullbredd\/om-kristdemokraterna\/","og_locale":"sv_SE","og_type":"article","og_title":"Om Kristdemokraterna - Kristdemokraterna | H\u00f6gan\u00e4s","og_description":"V\u00e4lkommen till Kristdemokraterna i H\u00f6gan\u00e4s hemsida! Vi \u00e4r Familjens r\u00f6st i H\u00f6gan\u00e4s kommun. Vi vill se ett H\u00f6gan\u00e4s d\u00e4r det finns m\u00f6jlighet f\u00f6r alla att vara med i ett sammanhang och d\u00e4r fler f\u00f6retag kan skapas och utvecklas. I H\u00f6gan\u00e4s ska det finnas plats f\u00f6r alla att v\u00e4xa i takt med \u00e5lder och erfarenhet. Det L\u00e4s mer","og_url":"https:\/\/wp.kristdemokraterna.se\/hoganas\/textsida-fullbredd\/om-kristdemokraterna\/","og_site_name":"Kristdemokraterna | H\u00f6gan\u00e4s","article_modified_time":"2020-05-11T08:51:13+00:00","twitter_card":"summary_large_image","twitter_misc":{"Ber\u00e4knad l\u00e4stid":"2 minuter"},"schema":{"@context":"https:\/\/schema.org","@graph":[{"@type":"WebPage","@id":"https:\/\/wp.kristdemokraterna.se\/hoganas\/textsida-fullbredd\/om-kristdemokraterna\/","url":"https:\/\/wp.kristdemokraterna.se\/hoganas\/textsida-fullbredd\/om-kristdemokraterna\/","name":"Om Kristdemokraterna - Kristdemokraterna | H\u00f6gan\u00e4s","isPartOf":{"@id":"https:\/\/wp.kristdemokraterna.se\/hoganas\/#website"},"datePublished":"2017-12-04T15:44:15+00:00","dateModified":"2020-05-11T08:51:13+00:00","breadcrumb":{"@id":"https:\/\/wp.kristdemokraterna.se\/hoganas\/textsida-fullbredd\/om-kristdemokraterna\/#breadcrumb"},"inLanguage":"sv-SE","potentialAction":[{"@type":"ReadAction","target":["https:\/\/wp.kristdemokraterna.se\/hoganas\/textsida-fullbredd\/om-kristdemokraterna\/"]}]},{"@type":"BreadcrumbList","@id":"https:\/\/wp.kristdemokraterna.se\/hoganas\/textsida-fullbredd\/om-kristdemokraterna\/#breadcrumb","itemListElement":[{"@type":"ListItem","position":1,"name":"Hem","item":"https:\/\/wp.kristdemokraterna.se\/hoganas\/"},{"@type":"ListItem","position":2,"name":"Vad vi st\u00e5r f\u00f6r!","item":"https:\/\/wp.kristdemokraterna.se\/hoganas\/textsida-fullbredd\/"},{"@type":"ListItem","position":3,"name":"Om Kristdemokraterna"}]},{"@type":"WebSite","@id":"https:\/\/wp.kristdemokraterna.se\/hoganas\/#website","url":"https:\/\/wp.kristdemokraterna.se\/hoganas\/","name":"Kristdemokraterna | H\u00f6gan\u00e4s","description":"En till Kristdemokraterna webbplats","inLanguage":"sv-SE"}]}},"_links":{"self":[{"href":"https:\/\/wp.kristdemokraterna.se\/hoganas\/wp-json\/wp\/v2\/pages\/368","targetHints":{"allow":["GET"]}}],"collection":[{"href":"https:\/\/wp.kristdemokraterna.se\/hoganas\/wp-json\/wp\/v2\/pages"}],"about":[{"href":"https:\/\/wp.kristdemokraterna.se\/hoganas\/wp-json\/wp\/v2\/types\/page"}],"author":[{"embeddable":true,"href":"https:\/\/wp.kristdemokraterna.se\/hoganas\/wp-json\/wp\/v2\/users\/879"}],"replies":[{"embeddable":true,"href":"https:\/\/wp.kristdemokraterna.se\/hoganas\/wp-json\/wp\/v2\/comments?post=368"}],"version-history":[{"count":5,"href":"https:\/\/wp.kristdemokraterna.se\/hoganas\/wp-json\/wp\/v2\/pages\/368\/revisions"}],"predecessor-version":[{"id":524,"href":"https:\/\/wp.kristdemokraterna.se\/hoganas\/wp-json\/wp\/v2\/pages\/368\/revisions\/524"}],"up":[{"embeddable":true,"href":"https:\/\/wp.kristdemokraterna.se\/hoganas\/wp-json\/wp\/v2\/pages\/272"}],"wp:attachment":[{"href":"https:\/\/wp.kristdemokraterna.se\/hoganas\/wp-json\/wp\/v2\/media?parent=368"}],"curies":[{"name":"wp","href":"https:\/\/api.w.org\/{rel}","templated":true}]}}