{"version":"1.0","provider_name":"Hultsfred","provider_url":"https:\/\/wp.kristdemokraterna.se\/hultsfred","title":"Vi har presenterat v\u00e5r valsedel f\u00f6r pressen - Hultsfred","type":"rich","width":600,"height":338,"html":"<blockquote class=\"wp-embedded-content\" data-secret=\"R3xFwuqc1g\"><a href=\"https:\/\/wp.kristdemokraterna.se\/hultsfred\/vi-har-presenterat-var-valsedel-for-pressen\/\">Vi har presenterat v\u00e5r valsedel f\u00f6r pressen<\/a><\/blockquote><iframe sandbox=\"allow-scripts\" security=\"restricted\" src=\"https:\/\/wp.kristdemokraterna.se\/hultsfred\/vi-har-presenterat-var-valsedel-for-pressen\/embed\/#?secret=R3xFwuqc1g\" width=\"600\" height=\"338\" title=\"\u201dVi har presenterat v\u00e5r valsedel f\u00f6r pressen\u201d &ndash; Hultsfred\" data-secret=\"R3xFwuqc1g\" frameborder=\"0\" marginwidth=\"0\" marginheight=\"0\" scrolling=\"no\" class=\"wp-embedded-content\"><\/iframe><script type=\"text\/javascript\">\n\/* <![CDATA[ *\/\n\/*! This file is auto-generated *\/\n!function(d,l){\"use strict\";l.querySelector&&d.addEventListener&&\"undefined\"!=typeof URL&&(d.wp=d.wp||{},d.wp.receiveEmbedMessage||(d.wp.receiveEmbedMessage=function(e){var t=e.data;if((t||t.secret||t.message||t.value)&&!\/[^a-zA-Z0-9]\/.test(t.secret)){for(var s,r,n,a=l.querySelectorAll('iframe[data-secret=\"'+t.secret+'\"]'),o=l.querySelectorAll('blockquote[data-secret=\"'+t.secret+'\"]'),c=new RegExp(\"^https?:$\",\"i\"),i=0;i<o.length;i++)o[i].style.display=\"none\";for(i=0;i<a.length;i++)s=a[i],e.source===s.contentWindow&&(s.removeAttribute(\"style\"),\"height\"===t.message?(1e3<(r=parseInt(t.value,10))?r=1e3:~~r<200&&(r=200),s.height=r):\"link\"===t.message&&(r=new URL(s.getAttribute(\"src\")),n=new URL(t.value),c.test(n.protocol))&&n.host===r.host&&l.activeElement===s&&(d.top.location.href=t.value))}},d.addEventListener(\"message\",d.wp.receiveEmbedMessage,!1),l.addEventListener(\"DOMContentLoaded\",function(){for(var e,t,s=l.querySelectorAll(\"iframe.wp-embedded-content\"),r=0;r<s.length;r++)(t=(e=s[r]).getAttribute(\"data-secret\"))||(t=Math.random().toString(36).substring(2,12),e.src+=\"#?secret=\"+t,e.setAttribute(\"data-secret\",t)),e.contentWindow.postMessage({message:\"ready\",secret:t},\"*\")},!1)))}(window,document);\n\/\/# sourceURL=https:\/\/wp.kristdemokraterna.se\/hultsfred\/wp-includes\/js\/wp-embed.min.js\n\/* ]]> *\/\n<\/script>\n","description":"KD presenterar valsedel f\u00f6r kommunvalet! KD toppar med erfarenhet och har \u00c5ke Nilsson som etta p\u00e5 valsedeln till kommunvalet. Han \u00e4r idag 1:e vice ordf\u00f6rande i kommunstyrelsen och dessutom ordf\u00f6rande i \u00d6SK och Hultsfreds Bost\u00e4der. I \u00f6vrigt finns i toppen p\u00e5 valsedeln k\u00e4nda namn som idag ofta g\u00f6r sin r\u00f6st h\u00f6rd i kommunfullm\u00e4ktige genom motioner Read More","thumbnail_url":"http:\/\/wp.kristdemokraterna.se\/hultsfred\/files\/2018\/03\/62fbd511-c278-40a3-b288-b48800eb9e97-540x397.jpeg"}