{"id":149,"date":"2014-08-11T14:02:01","date_gmt":"2014-08-11T12:02:01","guid":{"rendered":"http:\/\/wp.kristdemokraterna.se\/hultsfred\/?page_id=149"},"modified":"2022-08-29T18:46:00","modified_gmt":"2022-08-29T16:46:00","slug":"var-politik","status":"publish","type":"page","link":"https:\/\/wp.kristdemokraterna.se\/hultsfred\/var-politik\/","title":{"rendered":"V\u00e5r politik"},"content":{"rendered":"<p>Det h\u00e4r vill Kristdemokraterna g\u00f6ra i Hultsfreds kommun:<\/p>\n<p>\u2022 Minska barngruppernas storlek i<br \/>\nf\u00f6rskola, f\u00f6rslagsvis 12 barn p\u00e5 tre<br \/>\nvuxna f\u00f6r de minsta barnen<\/p>\n<p>\u2022 Vi vill ha f\u00f6rskola och skola p\u00e5<br \/>\nvarje ort i v\u00e5r kommun<\/p>\n<p>\u2022 \u00c4ldreboendegaranti, alla som \u00e4r \u00f6ver 85 \u00e5r ska garanteras en plats i n\u00e5gon form av anpassat boende.<\/p>\n<p>\u2022 Skapa m\u00e5ngfald av<br \/>\nm\u00e5ltidsalternativ f\u00f6r \u00e4ldre, b\u00f6rja<br \/>\nnyttja de lokala restaurangerna<\/p>\n<p>\u2022 Inred tredje v\u00e5ningen i<br \/>\nkommunhuset till &#8221;v\u00e4xthus&#8221; f\u00f6r<br \/>\nunga entrepren\u00f6rer<\/p>\n<p>\u2022 G\u00f6r kommunen attraktiv<br \/>\ngenom att erbjuda mer byggande i<br \/>\nsj\u00f6n\u00e4ra l\u00e4ge.<\/p>\n<p><img loading=\"lazy\" decoding=\"async\" class=\"alignnone wp-image-560\" src=\"http:\/\/wp.kristdemokraterna.se\/hultsfred\/files\/2018\/09\/img_07501003-300x225.jpg\" alt=\"\" width=\"395\" height=\"297\" srcset=\"https:\/\/wp.kristdemokraterna.se\/hultsfred\/files\/2018\/09\/img_07501003-300x225.jpg 300w, https:\/\/wp.kristdemokraterna.se\/hultsfred\/files\/2018\/09\/img_07501003-768x576.jpg 768w, https:\/\/wp.kristdemokraterna.se\/hultsfred\/files\/2018\/09\/img_07501003-540x405.jpg 540w, https:\/\/wp.kristdemokraterna.se\/hultsfred\/files\/2018\/09\/img_07501003-267x200.jpg 267w, https:\/\/wp.kristdemokraterna.se\/hultsfred\/files\/2018\/09\/img_07501003-370x278.jpg 370w, https:\/\/wp.kristdemokraterna.se\/hultsfred\/files\/2018\/09\/img_07501003-770x578.jpg 770w, https:\/\/wp.kristdemokraterna.se\/hultsfred\/files\/2018\/09\/img_07501003-450x338.jpg 450w, https:\/\/wp.kristdemokraterna.se\/hultsfred\/files\/2018\/09\/img_07501003-280x210.jpg 280w, https:\/\/wp.kristdemokraterna.se\/hultsfred\/files\/2018\/09\/img_07501003-340x255.jpg 340w, https:\/\/wp.kristdemokraterna.se\/hultsfred\/files\/2018\/09\/img_07501003-200x150.jpg 200w, https:\/\/wp.kristdemokraterna.se\/hultsfred\/files\/2018\/09\/img_07501003-75x56.jpg 75w, https:\/\/wp.kristdemokraterna.se\/hultsfred\/files\/2018\/09\/img_07501003.jpg 1024w\" sizes=\"auto, (max-width: 395px) 100vw, 395px\" \/><\/p>\n<p>Lennart Davidsson M\u00f6rlunda, Monica Bergh Virserum, \u00c5ke Nilsson Silverdalen, Anders Andersson J\u00e4rnforsen<\/p>\n<p>N\u00e4r vi blir \u00e4ldre blir kr\u00e4mporna fler. Kroppen s\u00e4ger ifr\u00e5n efter \u00e5r av arbete och<br \/>\naktivitet. Men vi \u00e4r fortfarande de vi \u00e4r, oavsett \u00e5lder, och vi har r\u00e4tt att<br \/>\nbest\u00e4mma \u00f6ver v\u00e5ra egna liv. Vi vill att alla ska kunna leva ett aktivt liv<br \/>\nutifr\u00e5n sina f\u00f6ruts\u00e4ttningar, med\u00a0 inflytande i samh\u00e4llet och \u00f6ver den egna<br \/>\nvardagen. Det kan handla om att kunna\u00a0 p\u00e5verka tiderna f\u00f6r hemtj\u00e4nst och vem<br \/>\nsom ska utf\u00f6ra den. Det ska finnas\u00a0 trygghetsboende f\u00f6r dem som \u00f6nskar.<br \/>\nVi st\u00e4ller h\u00f6ga krav p\u00e5 en trygg och\u00a0 v\u00e4rdig \u00e4ldreomsorg. Personalen ska ha<br \/>\ngoda arbetsvillkor och kunna ge den\u00a0 hj\u00e4lp som beh\u00f6vs, utan att f\u00f6r m\u00e5nga<br \/>\nolika hj\u00e4lper den \u00e4ldre. Det ska serveras\u00a0 bra mat och finnas tid f\u00f6r en stunds<br \/>\ngemenskap kring middagsbordet. \u00c4ven insatser som g\u00f6rs av familj, v\u00e4nner,<br \/>\nkyrkor och andra ideella krafter \u00e4r viktiga, inte minst f\u00f6r att fylla\u00a0 m\u00e4nniskors behov av n\u00e4rhet och\u00a0 gemenskap. Vi lovar att forts\u00e4tta att\u00a0arbeta f\u00f6r att vi ska kunna leva livet, hela livet.<\/p>\n<p>En skola p\u00e5 varje ort!\u00a0 Goda villkor f\u00f6r familjerna ger v\u00e5ra<br \/>\nbarn en bra start i livet. Genom att\u00a0 satsa p\u00e5 de minsta bygger vi ett gott<br \/>\nsamh\u00e4lle och en b\u00e4ttre framtid f\u00f6r\u00a0 oss alla.\u00a0 B\u00e5de f\u00f6r\u00e4ldrar och barn beh\u00f6ver<br \/>\ntid med varandra. D\u00e4rf\u00f6r m\u00e5ste\u00a0 familjer sj\u00e4lva kunna v\u00e4lja. Vi n\u00f6jer<br \/>\noss aldrig med mindre \u00e4n riktigt\u00a0 bra barnomsorg och skola. Vi<br \/>\nkristdemokrater vill ocks\u00e5 i\u00a0 framtiden ha en skola p\u00e5 varje ort i<br \/>\nv\u00e5r kommun.\u00a0 Kvaliteten i f\u00f6rskolan \u00e4r viktig,\u00a0 f\u00f6r b\u00e5de barn och f\u00f6r\u00e4ldrar. F\u00f6r de<br \/>\nminsta \u00e4r tryggheten i den lilla\u00a0 gruppen viktigast. D\u00e4rf\u00f6r vill vi ha<br \/>\nsm\u00e5 barngrupper i f\u00f6rskolan och\u00a0 att det inf\u00f6rs ett maxtak f\u00f6r<br \/>\ngruppernas storlek, f\u00f6rslagsvis 12\u00a0 barn p\u00e5 tre vuxna f\u00f6r de minsta<br \/>\nbarnen. F\u00f6r\u00e4ldrar ska k\u00e4nna sig\u00a0 trygga med att deras barn f\u00e5r<br \/>\nomsorg i en bra verksamhet.<br \/>\nVi vill ocks\u00e5 lyfta skolan och\u00a0 l\u00e4rarna. Varje elev ska f\u00e5 m\u00f6jlighet<br \/>\natt utvecklas utifr\u00e5n sina egna\u00a0 f\u00f6ruts\u00e4ttningar. Duktiga l\u00e4rare ska<br \/>\nges goda utvecklingsm\u00f6jligheter\u00a0 och bra l\u00f6n. Skolan ska ge<br \/>\nkunskap och bildning f\u00f6r hela\u00a0 livet. Nolltolerans mot mobbning,<br \/>\nkr\u00e4nkande behandling och d\u00e5lig\u00a0 skolmilj\u00f6 \u00e4r n\u00f6dv\u00e4ndig.<br \/>\nF\u00f6r att Hultsfred ska utvecklas\u00a0 och bli attraktivt beh\u00f6vs fler jobb.<br \/>\nVi vill skapa ett n\u00e4ringslivsklimat\u00a0 som underl\u00e4ttar f\u00f6r entrepren\u00f6rskap<br \/>\noch f\u00f6retag. Ett f\u00f6rslag \u00e4r att\u00a0 g\u00f6ra tredje v\u00e5ningen p\u00e5<br \/>\nkommunhuset till ett &#8221;v\u00e4xthus&#8221;.\u00a0 Det hj\u00e4lper \u00e4ven v\u00e5ra unga in p\u00e5<br \/>\narbetsmarknaden.<\/p>\n<p>&nbsp;<\/p>\n<p>&nbsp;<\/p>\n","protected":false},"excerpt":{"rendered":"<p>Det h\u00e4r vill Kristdemokraterna g\u00f6ra i Hultsfreds kommun: \u2022 Minska barngruppernas storlek i f\u00f6rskola, f\u00f6rslagsvis 12 barn p\u00e5 tre vuxna f\u00f6r de minsta barnen \u2022 Vi vill ha f\u00f6rskola och skola p\u00e5 varje ort i v\u00e5r kommun \u2022 \u00c4ldreboendegaranti, alla som \u00e4r \u00f6ver 85 \u00e5r ska garanteras en plats i n\u00e5gon form av anpassat boende. <a class=\"read-more-link\" href=\"https:\/\/wp.kristdemokraterna.se\/hultsfred\/var-politik\/\">Read More<\/a><\/p>\n","protected":false},"author":442,"featured_media":0,"parent":0,"menu_order":0,"comment_status":"closed","ping_status":"closed","template":"","meta":{"_acf_changed":false,"footnotes":""},"class_list":["post-149","page","type-page","status-publish","hentry"],"acf":[],"yoast_head":"<!-- This site is optimized with the Yoast SEO plugin v27.4 - https:\/\/yoast.com\/product\/yoast-seo-wordpress\/ -->\n<title>V\u00e5r politik - Hultsfred<\/title>\n<meta name=\"robots\" content=\"index, follow, max-snippet:-1, max-image-preview:large, max-video-preview:-1\" \/>\n<link rel=\"canonical\" href=\"https:\/\/wp.kristdemokraterna.se\/hultsfred\/var-politik\/\" \/>\n<meta property=\"og:locale\" content=\"sv_SE\" \/>\n<meta property=\"og:type\" content=\"article\" \/>\n<meta property=\"og:title\" content=\"V\u00e5r politik - Hultsfred\" \/>\n<meta property=\"og:description\" content=\"Det h\u00e4r vill Kristdemokraterna g\u00f6ra i Hultsfreds kommun: \u2022 Minska barngruppernas storlek i f\u00f6rskola, f\u00f6rslagsvis 12 barn p\u00e5 tre vuxna f\u00f6r de minsta barnen \u2022 Vi vill ha f\u00f6rskola och skola p\u00e5 varje ort i v\u00e5r kommun \u2022 \u00c4ldreboendegaranti, alla som \u00e4r \u00f6ver 85 \u00e5r ska garanteras en plats i n\u00e5gon form av anpassat boende. Read More\" \/>\n<meta property=\"og:url\" content=\"https:\/\/wp.kristdemokraterna.se\/hultsfred\/var-politik\/\" \/>\n<meta property=\"og:site_name\" content=\"Hultsfred\" \/>\n<meta property=\"article:modified_time\" content=\"2022-08-29T16:46:00+00:00\" \/>\n<meta property=\"og:image\" content=\"http:\/\/wp.kristdemokraterna.se\/hultsfred\/files\/2018\/09\/img_07501003-300x225.jpg\" \/>\n<meta name=\"twitter:card\" content=\"summary_large_image\" \/>\n<meta name=\"twitter:label1\" content=\"Ber\u00e4knad l\u00e4stid\" \/>\n\t<meta name=\"twitter:data1\" content=\"2 minuter\" \/>\n<script type=\"application\/ld+json\" class=\"yoast-schema-graph\">{\"@context\":\"https:\\\/\\\/schema.org\",\"@graph\":[{\"@type\":\"WebPage\",\"@id\":\"https:\\\/\\\/wp.kristdemokraterna.se\\\/hultsfred\\\/var-politik\\\/\",\"url\":\"https:\\\/\\\/wp.kristdemokraterna.se\\\/hultsfred\\\/var-politik\\\/\",\"name\":\"V\u00e5r politik - Hultsfred\",\"isPartOf\":{\"@id\":\"https:\\\/\\\/wp.kristdemokraterna.se\\\/hultsfred\\\/#website\"},\"primaryImageOfPage\":{\"@id\":\"https:\\\/\\\/wp.kristdemokraterna.se\\\/hultsfred\\\/var-politik\\\/#primaryimage\"},\"image\":{\"@id\":\"https:\\\/\\\/wp.kristdemokraterna.se\\\/hultsfred\\\/var-politik\\\/#primaryimage\"},\"thumbnailUrl\":\"http:\\\/\\\/wp.kristdemokraterna.se\\\/hultsfred\\\/files\\\/2018\\\/09\\\/img_07501003-300x225.jpg\",\"datePublished\":\"2014-08-11T12:02:01+00:00\",\"dateModified\":\"2022-08-29T16:46:00+00:00\",\"breadcrumb\":{\"@id\":\"https:\\\/\\\/wp.kristdemokraterna.se\\\/hultsfred\\\/var-politik\\\/#breadcrumb\"},\"inLanguage\":\"sv-SE\",\"potentialAction\":[{\"@type\":\"ReadAction\",\"target\":[\"https:\\\/\\\/wp.kristdemokraterna.se\\\/hultsfred\\\/var-politik\\\/\"]}]},{\"@type\":\"ImageObject\",\"inLanguage\":\"sv-SE\",\"@id\":\"https:\\\/\\\/wp.kristdemokraterna.se\\\/hultsfred\\\/var-politik\\\/#primaryimage\",\"url\":\"http:\\\/\\\/wp.kristdemokraterna.se\\\/hultsfred\\\/files\\\/2018\\\/09\\\/img_07501003-300x225.jpg\",\"contentUrl\":\"http:\\\/\\\/wp.kristdemokraterna.se\\\/hultsfred\\\/files\\\/2018\\\/09\\\/img_07501003-300x225.jpg\"},{\"@type\":\"BreadcrumbList\",\"@id\":\"https:\\\/\\\/wp.kristdemokraterna.se\\\/hultsfred\\\/var-politik\\\/#breadcrumb\",\"itemListElement\":[{\"@type\":\"ListItem\",\"position\":1,\"name\":\"Hem\",\"item\":\"https:\\\/\\\/wp.kristdemokraterna.se\\\/hultsfred\\\/\"},{\"@type\":\"ListItem\",\"position\":2,\"name\":\"V\u00e5r politik\"}]},{\"@type\":\"WebSite\",\"@id\":\"https:\\\/\\\/wp.kristdemokraterna.se\\\/hultsfred\\\/#website\",\"url\":\"https:\\\/\\\/wp.kristdemokraterna.se\\\/hultsfred\\\/\",\"name\":\"Hultsfred\",\"description\":\"En till Kristdemokraterna webbplats\",\"inLanguage\":\"sv-SE\"}]}<\/script>\n<!-- \/ Yoast SEO plugin. -->","yoast_head_json":{"title":"V\u00e5r politik - Hultsfred","robots":{"index":"index","follow":"follow","max-snippet":"max-snippet:-1","max-image-preview":"max-image-preview:large","max-video-preview":"max-video-preview:-1"},"canonical":"https:\/\/wp.kristdemokraterna.se\/hultsfred\/var-politik\/","og_locale":"sv_SE","og_type":"article","og_title":"V\u00e5r politik - Hultsfred","og_description":"Det h\u00e4r vill Kristdemokraterna g\u00f6ra i Hultsfreds kommun: \u2022 Minska barngruppernas storlek i f\u00f6rskola, f\u00f6rslagsvis 12 barn p\u00e5 tre vuxna f\u00f6r de minsta barnen \u2022 Vi vill ha f\u00f6rskola och skola p\u00e5 varje ort i v\u00e5r kommun \u2022 \u00c4ldreboendegaranti, alla som \u00e4r \u00f6ver 85 \u00e5r ska garanteras en plats i n\u00e5gon form av anpassat boende. Read More","og_url":"https:\/\/wp.kristdemokraterna.se\/hultsfred\/var-politik\/","og_site_name":"Hultsfred","article_modified_time":"2022-08-29T16:46:00+00:00","og_image":[{"url":"http:\/\/wp.kristdemokraterna.se\/hultsfred\/files\/2018\/09\/img_07501003-300x225.jpg","type":"","width":"","height":""}],"twitter_card":"summary_large_image","twitter_misc":{"Ber\u00e4knad l\u00e4stid":"2 minuter"},"schema":{"@context":"https:\/\/schema.org","@graph":[{"@type":"WebPage","@id":"https:\/\/wp.kristdemokraterna.se\/hultsfred\/var-politik\/","url":"https:\/\/wp.kristdemokraterna.se\/hultsfred\/var-politik\/","name":"V\u00e5r politik - Hultsfred","isPartOf":{"@id":"https:\/\/wp.kristdemokraterna.se\/hultsfred\/#website"},"primaryImageOfPage":{"@id":"https:\/\/wp.kristdemokraterna.se\/hultsfred\/var-politik\/#primaryimage"},"image":{"@id":"https:\/\/wp.kristdemokraterna.se\/hultsfred\/var-politik\/#primaryimage"},"thumbnailUrl":"http:\/\/wp.kristdemokraterna.se\/hultsfred\/files\/2018\/09\/img_07501003-300x225.jpg","datePublished":"2014-08-11T12:02:01+00:00","dateModified":"2022-08-29T16:46:00+00:00","breadcrumb":{"@id":"https:\/\/wp.kristdemokraterna.se\/hultsfred\/var-politik\/#breadcrumb"},"inLanguage":"sv-SE","potentialAction":[{"@type":"ReadAction","target":["https:\/\/wp.kristdemokraterna.se\/hultsfred\/var-politik\/"]}]},{"@type":"ImageObject","inLanguage":"sv-SE","@id":"https:\/\/wp.kristdemokraterna.se\/hultsfred\/var-politik\/#primaryimage","url":"http:\/\/wp.kristdemokraterna.se\/hultsfred\/files\/2018\/09\/img_07501003-300x225.jpg","contentUrl":"http:\/\/wp.kristdemokraterna.se\/hultsfred\/files\/2018\/09\/img_07501003-300x225.jpg"},{"@type":"BreadcrumbList","@id":"https:\/\/wp.kristdemokraterna.se\/hultsfred\/var-politik\/#breadcrumb","itemListElement":[{"@type":"ListItem","position":1,"name":"Hem","item":"https:\/\/wp.kristdemokraterna.se\/hultsfred\/"},{"@type":"ListItem","position":2,"name":"V\u00e5r politik"}]},{"@type":"WebSite","@id":"https:\/\/wp.kristdemokraterna.se\/hultsfred\/#website","url":"https:\/\/wp.kristdemokraterna.se\/hultsfred\/","name":"Hultsfred","description":"En till Kristdemokraterna webbplats","inLanguage":"sv-SE"}]}},"_links":{"self":[{"href":"https:\/\/wp.kristdemokraterna.se\/hultsfred\/wp-json\/wp\/v2\/pages\/149","targetHints":{"allow":["GET"]}}],"collection":[{"href":"https:\/\/wp.kristdemokraterna.se\/hultsfred\/wp-json\/wp\/v2\/pages"}],"about":[{"href":"https:\/\/wp.kristdemokraterna.se\/hultsfred\/wp-json\/wp\/v2\/types\/page"}],"author":[{"embeddable":true,"href":"https:\/\/wp.kristdemokraterna.se\/hultsfred\/wp-json\/wp\/v2\/users\/442"}],"replies":[{"embeddable":true,"href":"https:\/\/wp.kristdemokraterna.se\/hultsfred\/wp-json\/wp\/v2\/comments?post=149"}],"version-history":[{"count":8,"href":"https:\/\/wp.kristdemokraterna.se\/hultsfred\/wp-json\/wp\/v2\/pages\/149\/revisions"}],"predecessor-version":[{"id":156,"href":"https:\/\/wp.kristdemokraterna.se\/hultsfred\/wp-json\/wp\/v2\/pages\/149\/revisions\/156"}],"wp:attachment":[{"href":"https:\/\/wp.kristdemokraterna.se\/hultsfred\/wp-json\/wp\/v2\/media?parent=149"}],"curies":[{"name":"wp","href":"https:\/\/api.w.org\/{rel}","templated":true}]}}