{"version":"1.0","provider_name":"Jan Stefanson","provider_url":"https:\/\/wp.kristdemokraterna.se\/janstefanson","title":"Att bryta mot bos\u00e4ttningslagen - Jan Stefanson","type":"rich","width":600,"height":338,"html":"<blockquote class=\"wp-embedded-content\" data-secret=\"u1EnfOYJ9A\"><a href=\"https:\/\/wp.kristdemokraterna.se\/janstefanson\/att-bryta-mot-bosattningslagen\/\">Att bryta mot bos\u00e4ttningslagen<\/a><\/blockquote><iframe sandbox=\"allow-scripts\" security=\"restricted\" src=\"https:\/\/wp.kristdemokraterna.se\/janstefanson\/att-bryta-mot-bosattningslagen\/embed\/#?secret=u1EnfOYJ9A\" width=\"600\" height=\"338\" title=\"\u201dAtt bryta mot bos\u00e4ttningslagen\u201d &ndash; Jan Stefanson\" data-secret=\"u1EnfOYJ9A\" frameborder=\"0\" marginwidth=\"0\" marginheight=\"0\" scrolling=\"no\" class=\"wp-embedded-content\"><\/iframe><script type=\"text\/javascript\">\n\/* <![CDATA[ *\/\n\/*! This file is auto-generated *\/\n!function(d,l){\"use strict\";l.querySelector&&d.addEventListener&&\"undefined\"!=typeof URL&&(d.wp=d.wp||{},d.wp.receiveEmbedMessage||(d.wp.receiveEmbedMessage=function(e){var t=e.data;if((t||t.secret||t.message||t.value)&&!\/[^a-zA-Z0-9]\/.test(t.secret)){for(var s,r,n,a=l.querySelectorAll('iframe[data-secret=\"'+t.secret+'\"]'),o=l.querySelectorAll('blockquote[data-secret=\"'+t.secret+'\"]'),c=new RegExp(\"^https?:$\",\"i\"),i=0;i<o.length;i++)o[i].style.display=\"none\";for(i=0;i<a.length;i++)s=a[i],e.source===s.contentWindow&&(s.removeAttribute(\"style\"),\"height\"===t.message?(1e3<(r=parseInt(t.value,10))?r=1e3:~~r<200&&(r=200),s.height=r):\"link\"===t.message&&(r=new URL(s.getAttribute(\"src\")),n=new URL(t.value),c.test(n.protocol))&&n.host===r.host&&l.activeElement===s&&(d.top.location.href=t.value))}},d.addEventListener(\"message\",d.wp.receiveEmbedMessage,!1),l.addEventListener(\"DOMContentLoaded\",function(){for(var e,t,s=l.querySelectorAll(\"iframe.wp-embedded-content\"),r=0;r<s.length;r++)(t=(e=s[r]).getAttribute(\"data-secret\"))||(t=Math.random().toString(36).substring(2,12),e.src+=\"#?secret=\"+t,e.setAttribute(\"data-secret\",t)),e.contentWindow.postMessage({message:\"ready\",secret:t},\"*\")},!1)))}(window,document);\n\/\/# sourceURL=https:\/\/wp.kristdemokraterna.se\/janstefanson\/wp-includes\/js\/wp-embed.min.js\n\/* ]]> *\/\n<\/script>\n","description":"Det p\u00e5g\u00e5r n\u00e5got m\u00e4rkligt p\u00e5 vissa h\u00e5ll. Trots att det svenska flyktingmottagandet i antal \u00e4r \u00f6verenskommet p\u00e5 riksniv\u00e5 och f\u00e5tt en bos\u00e4ttningslag som tydligg\u00f6r vad kommunerna ska g\u00f6ra, s\u00e5 inv\u00e4nder vissa etablerade partif\u00f6retr\u00e4dare och s\u00e4ger ja men inte nu! Ett f\u00f6rs\u00f6k fr\u00e5n moderaterna i kommunf\u00f6rbundet Stockholms l\u00e4n, KSL, att f\u00e5 med sig \u00f6vriga partier p\u00e5 Read More"}