{"version":"1.0","provider_name":"Jan Stefanson","provider_url":"https:\/\/wp.kristdemokraterna.se\/janstefanson","title":"Brexit p\u00e5minner om v\u00e5r s\u00e5rbarhet - Jan Stefanson","type":"rich","width":600,"height":338,"html":"<blockquote class=\"wp-embedded-content\" data-secret=\"UXm9o2tZZM\"><a href=\"https:\/\/wp.kristdemokraterna.se\/janstefanson\/brexit-paminner-om-var-sarbarhet\/\">Brexit p\u00e5minner om v\u00e5r s\u00e5rbarhet<\/a><\/blockquote><iframe sandbox=\"allow-scripts\" security=\"restricted\" src=\"https:\/\/wp.kristdemokraterna.se\/janstefanson\/brexit-paminner-om-var-sarbarhet\/embed\/#?secret=UXm9o2tZZM\" width=\"600\" height=\"338\" title=\"\u201dBrexit p\u00e5minner om v\u00e5r s\u00e5rbarhet\u201d &ndash; Jan Stefanson\" data-secret=\"UXm9o2tZZM\" frameborder=\"0\" marginwidth=\"0\" marginheight=\"0\" scrolling=\"no\" class=\"wp-embedded-content\"><\/iframe><script type=\"text\/javascript\">\n\/* <![CDATA[ *\/\n\/*! This file is auto-generated *\/\n!function(d,l){\"use strict\";l.querySelector&&d.addEventListener&&\"undefined\"!=typeof URL&&(d.wp=d.wp||{},d.wp.receiveEmbedMessage||(d.wp.receiveEmbedMessage=function(e){var t=e.data;if((t||t.secret||t.message||t.value)&&!\/[^a-zA-Z0-9]\/.test(t.secret)){for(var s,r,n,a=l.querySelectorAll('iframe[data-secret=\"'+t.secret+'\"]'),o=l.querySelectorAll('blockquote[data-secret=\"'+t.secret+'\"]'),c=new RegExp(\"^https?:$\",\"i\"),i=0;i<o.length;i++)o[i].style.display=\"none\";for(i=0;i<a.length;i++)s=a[i],e.source===s.contentWindow&&(s.removeAttribute(\"style\"),\"height\"===t.message?(1e3<(r=parseInt(t.value,10))?r=1e3:~~r<200&&(r=200),s.height=r):\"link\"===t.message&&(r=new URL(s.getAttribute(\"src\")),n=new URL(t.value),c.test(n.protocol))&&n.host===r.host&&l.activeElement===s&&(d.top.location.href=t.value))}},d.addEventListener(\"message\",d.wp.receiveEmbedMessage,!1),l.addEventListener(\"DOMContentLoaded\",function(){for(var e,t,s=l.querySelectorAll(\"iframe.wp-embedded-content\"),r=0;r<s.length;r++)(t=(e=s[r]).getAttribute(\"data-secret\"))||(t=Math.random().toString(36).substring(2,12),e.src+=\"#?secret=\"+t,e.setAttribute(\"data-secret\",t)),e.contentWindow.postMessage({message:\"ready\",secret:t},\"*\")},!1)))}(window,document);\n\/\/# sourceURL=https:\/\/wp.kristdemokraterna.se\/janstefanson\/wp-includes\/js\/wp-embed.min.js\n\/* ]]> *\/\n<\/script>\n","description":"Brexit har skapat en oro p\u00e5 b\u00f6rserna och i relationen till EU projektet och l\u00e4nder emellan. Ingen vet utg\u00e5ngen! Det st\u00f6rsta kaoset tycks finns i det egna landet som folkomr\u00f6stat. Cameron avg\u00e5r och ers\u00e4ttaren kan inte st\u00e5 honom f\u00f6r n\u00e4ra ej heller vara f\u00f6r mycket f\u00f6rknippad med Brexit kampanjen. Ungef\u00e4r detsamma g\u00e4ller Labours ledare som Read More"}