{"version":"1.0","provider_name":"Jan Stefanson","provider_url":"https:\/\/wp.kristdemokraterna.se\/janstefanson","title":"Kunskap, v\u00e4rden och bildning - Jan Stefanson","type":"rich","width":600,"height":338,"html":"<blockquote class=\"wp-embedded-content\" data-secret=\"QzcZdtzBF7\"><a href=\"https:\/\/wp.kristdemokraterna.se\/janstefanson\/kunskap-varden-och-bildning\/\">Kunskap, v\u00e4rden och bildning<\/a><\/blockquote><iframe sandbox=\"allow-scripts\" security=\"restricted\" src=\"https:\/\/wp.kristdemokraterna.se\/janstefanson\/kunskap-varden-och-bildning\/embed\/#?secret=QzcZdtzBF7\" width=\"600\" height=\"338\" title=\"\u201dKunskap, v\u00e4rden och bildning\u201d &ndash; Jan Stefanson\" data-secret=\"QzcZdtzBF7\" frameborder=\"0\" marginwidth=\"0\" marginheight=\"0\" scrolling=\"no\" class=\"wp-embedded-content\"><\/iframe><script type=\"text\/javascript\">\n\/* <![CDATA[ *\/\n\/*! This file is auto-generated *\/\n!function(d,l){\"use strict\";l.querySelector&&d.addEventListener&&\"undefined\"!=typeof URL&&(d.wp=d.wp||{},d.wp.receiveEmbedMessage||(d.wp.receiveEmbedMessage=function(e){var t=e.data;if((t||t.secret||t.message||t.value)&&!\/[^a-zA-Z0-9]\/.test(t.secret)){for(var s,r,n,a=l.querySelectorAll('iframe[data-secret=\"'+t.secret+'\"]'),o=l.querySelectorAll('blockquote[data-secret=\"'+t.secret+'\"]'),c=new RegExp(\"^https?:$\",\"i\"),i=0;i<o.length;i++)o[i].style.display=\"none\";for(i=0;i<a.length;i++)s=a[i],e.source===s.contentWindow&&(s.removeAttribute(\"style\"),\"height\"===t.message?(1e3<(r=parseInt(t.value,10))?r=1e3:~~r<200&&(r=200),s.height=r):\"link\"===t.message&&(r=new URL(s.getAttribute(\"src\")),n=new URL(t.value),c.test(n.protocol))&&n.host===r.host&&l.activeElement===s&&(d.top.location.href=t.value))}},d.addEventListener(\"message\",d.wp.receiveEmbedMessage,!1),l.addEventListener(\"DOMContentLoaded\",function(){for(var e,t,s=l.querySelectorAll(\"iframe.wp-embedded-content\"),r=0;r<s.length;r++)(t=(e=s[r]).getAttribute(\"data-secret\"))||(t=Math.random().toString(36).substring(2,12),e.src+=\"#?secret=\"+t,e.setAttribute(\"data-secret\",t)),e.contentWindow.postMessage({message:\"ready\",secret:t},\"*\")},!1)))}(window,document);\n\/\/# sourceURL=https:\/\/wp.kristdemokraterna.se\/janstefanson\/wp-includes\/js\/wp-embed.min.js\n\/* ]]> *\/\n<\/script>\n","description":"Ett seminarium om skolan h\u00f6lls i Almedalen och Visbys Museum. Mitt bland runstenar avhandlades dagens skola och de utmaningar som finns. Varje deltagare i panelen fick betygs\u00e4tta dagens skola i en femgradig skala. Alla gav omd\u00f6met trea utom en som gav en fyra! Allts\u00e5 godk\u00e4nt! Panelen bestod av Utbildningsministern, L\u00e4raf\u00f6rbundet, L\u00e4rarnas Riksf\u00f6rbund, skolpolitiker fr\u00e5n M Read More","thumbnail_url":"http:\/\/wp.kristdemokraterna.se\/janstefanson\/files\/2017\/07\/img_0661-225x300.jpg"}