{"version":"1.0","provider_name":"Jan Stefanson","provider_url":"https:\/\/wp.kristdemokraterna.se\/janstefanson","title":"Uppkl\u00e4dd och stolt! - Jan Stefanson","type":"rich","width":600,"height":338,"html":"<blockquote class=\"wp-embedded-content\" data-secret=\"qzoq9D3yXR\"><a href=\"https:\/\/wp.kristdemokraterna.se\/janstefanson\/uppkladd-och-stolt\/\">Uppkl\u00e4dd och stolt!<\/a><\/blockquote><iframe sandbox=\"allow-scripts\" security=\"restricted\" src=\"https:\/\/wp.kristdemokraterna.se\/janstefanson\/uppkladd-och-stolt\/embed\/#?secret=qzoq9D3yXR\" width=\"600\" height=\"338\" title=\"\u201dUppkl\u00e4dd och stolt!\u201d &ndash; Jan Stefanson\" data-secret=\"qzoq9D3yXR\" frameborder=\"0\" marginwidth=\"0\" marginheight=\"0\" scrolling=\"no\" class=\"wp-embedded-content\"><\/iframe><script type=\"text\/javascript\">\n\/* <![CDATA[ *\/\n\/*! This file is auto-generated *\/\n!function(d,l){\"use strict\";l.querySelector&&d.addEventListener&&\"undefined\"!=typeof URL&&(d.wp=d.wp||{},d.wp.receiveEmbedMessage||(d.wp.receiveEmbedMessage=function(e){var t=e.data;if((t||t.secret||t.message||t.value)&&!\/[^a-zA-Z0-9]\/.test(t.secret)){for(var s,r,n,a=l.querySelectorAll('iframe[data-secret=\"'+t.secret+'\"]'),o=l.querySelectorAll('blockquote[data-secret=\"'+t.secret+'\"]'),c=new RegExp(\"^https?:$\",\"i\"),i=0;i<o.length;i++)o[i].style.display=\"none\";for(i=0;i<a.length;i++)s=a[i],e.source===s.contentWindow&&(s.removeAttribute(\"style\"),\"height\"===t.message?(1e3<(r=parseInt(t.value,10))?r=1e3:~~r<200&&(r=200),s.height=r):\"link\"===t.message&&(r=new URL(s.getAttribute(\"src\")),n=new URL(t.value),c.test(n.protocol))&&n.host===r.host&&l.activeElement===s&&(d.top.location.href=t.value))}},d.addEventListener(\"message\",d.wp.receiveEmbedMessage,!1),l.addEventListener(\"DOMContentLoaded\",function(){for(var e,t,s=l.querySelectorAll(\"iframe.wp-embedded-content\"),r=0;r<s.length;r++)(t=(e=s[r]).getAttribute(\"data-secret\"))||(t=Math.random().toString(36).substring(2,12),e.src+=\"#?secret=\"+t,e.setAttribute(\"data-secret\",t)),e.contentWindow.postMessage({message:\"ready\",secret:t},\"*\")},!1)))}(window,document);\n\/\/# sourceURL=https:\/\/wp.kristdemokraterna.se\/janstefanson\/wp-includes\/js\/wp-embed.min.js\n\/* ]]> *\/\n<\/script>\n","description":"Svenska flaggans dag eller nationaldagen- kan vara lite f\u00f6rvirrande men visst \u00e4r det n\u00e5got s\u00e4rskilt. En ganska ny tradition d\u00e5 dagen \u00e4r r\u00f6dmarkerad och f\u00f6r m\u00e5nga en ledig dag. Dagen kan \u00e4n s\u00e5 l\u00e4nge inte konkurrera med vare sig julafton eller midsommarafton. B\u00e5da dessa dagar har dock en grund analys av m\u00e5nga av oss som Read More","thumbnail_url":"http:\/\/wp.kristdemokraterna.se\/janstefanson\/files\/2016\/06\/img_0104-e1465289789192-300x300.jpg"}